{"id":98523,"date":"2026-04-17T13:33:49","date_gmt":"2026-04-17T11:33:49","guid":{"rendered":"https:\/\/www.dolomitiprealpi.it\/event\/vivaio-letterario-valbelluna-sudamerica-andata-e-ritorno-seguendo-il-cacao\/"},"modified":"2026-04-23T18:18:01","modified_gmt":"2026-04-23T16:18:01","slug":"vivaio-letterario-valbelluna-sudamerica-andata-e-ritorno-seguendo-il-cacao","status":"publish","type":"tribe_events","link":"https:\/\/www.dolomitiprealpi.it\/de\/event\/vivaio-letterario-valbelluna-sudamerica-andata-e-ritorno-seguendo-il-cacao\/","title":{"rendered":"Vivaio Letterario &#8211; Valbelluna-SudAmerica andata e ritorno, seguendo il cacao"},"content":{"rendered":"<p>Verf\u00fcgbare Pl\u00e4tze: 14 <\/p>\n<p>Kosten: 40 Euro, alles inklusive <\/p>\n<p>Wo: la Serra, via Frontin 94a, Borgo Valbelluna (Belluno) <\/p>\n<p>Wie man ankommt: <\/p>\n<ul>\n<li>mit dem Zug (meditativer Reise), Bahnhof Sedico-Bribano oder Belluno <\/li>\n<li>mit dem Auto, Autobahn A27 von Mestre nach Belluno<\/li>\n<\/ul>\n<p>Abendessen mit Angela De Luca und Alessio De Bona<\/p>\n<p>Wir denken f\u00fcr Sie nach. Men\u00fc und Kosten werden wir so schnell wie m\u00f6glich entscheiden, aber die Pl\u00e4tze sind begrenzt, ohne Ausnahmen (wir wollen es bequem haben und genie\u00dfen): Warten Sie nicht zu lange mit der Buchung.<\/p>\n<p>Am <b>Donnerstag um 20 Uhr<\/b>&nbsp;bereiten Sie sich auf ein berauschendes, einzigartiges, unvergessliches, un\u00fcbertroffenes, immenses Erlebnis vor. F\u00fcgen Sie gerne weiterhin Adjektive hinzu.<\/p>\n<p>Zusammen mit:<\/p>\n<ul>\n<li><b>Angela De Luca<\/b>&nbsp;gibt ihr Medizinstudium auf und beginnt im Food-Bereich zu arbeiten, zun\u00e4chst als K\u00fcchenhilfe und dann als Chef-P\u00e2tissi\u00e8re. Sie hat Angst vor der Routine, k\u00fcndigt und reist nach Ecuador, um zu studieren und zu entdecken, wie Kakao entsteht; zur\u00fcck in Italien er\u00f6ffnet sie Quinta Forma, eine Schule, die sich der Ausbildung von Meister-Schokoladiers widmet. Neben der Ausbildung organisiert sie Studienreisen zu Plantagen und pflegt die Beziehungen zu s\u00fcdamerikanischen Kleinbauern, um den Kauf von gutem und ethischem Kakao zu f\u00f6rdern.<\/li>\n<li><b>Alessio De Bona<\/b>, geboren 1991 in Belluno, beschlie\u00dft sehr fr\u00fch, dass er sein Leben am Herd verbringen m\u00f6chte; deshalb besucht er die D. Dolomieu Hotelfachschule in Longarone und beginnt sofort, sich zu beweisen. Das erste Mal ist er im Restaurant Tivoli in Cortina, in einer der besten K\u00fcchen der Provinz. Nach der Schule beschlie\u00dft er, seiner angeborenen Neugier zu folgen, zieht nach London und dann nach Barcelona, wo er f\u00fcnf Jahre bleibt. Er kehrt nach einem kurzen Aufenthalt in der Schweiz nach Italien zur\u00fcck und gelangt in die K\u00fcche von Lorenzo Cogo im El Coq in Marano Vicentino, eine Erfahrung, die er als eine der wertvollsten seiner Karriere erachtet. 2019 kehrt er nach Belluno zur\u00fcck und er\u00f6ffnet das Restaurant Primo, das 2024 zu Exprimo wird, und jetzt bereichert es sich mit einem neuen Angebot mit der Er\u00f6ffnung von Expiloni, einer zeitgen\u00f6ssischen Imbissbude.<\/li>\n<\/ul>\n<p><\/p><\/p>\n","protected":false},"excerpt":{"rendered":"<p>Verf\u00fcgbare Pl\u00e4tze: 14 Kosten: 40 Euro, alles inklusive Wo: la Serra, via Frontin 94a, Borgo Valbelluna (Belluno) Wie man ankommt: mit dem Zug (meditativer Reise), Bahnhof Sedico-Bribano oder Belluno mit<\/p>\n","protected":false},"author":0,"featured_media":0,"template":"","meta":{"_acf_changed":false,"inline_featured_image":false,"_tribe_events_status":"","_tribe_events_status_reason":"","footnotes":""},"tags":[259],"tribe_events_cat":[],"class_list":["post-98523","tribe_events","type-tribe_events","status-publish","hentry","tag-eventi-feratel"],"acf":[],"yoast_head":"<!-- This site is optimized with the Yoast SEO plugin v25.7 - https:\/\/yoast.com\/wordpress\/plugins\/seo\/ -->\n<title>Vivaio Letterario - Valbelluna-SudAmerica andata e ritorno, seguendo il cacao - Dolomiti Prealpi<\/title>\n<meta name=\"robots\" content=\"index, follow, max-snippet:-1, max-image-preview:large, max-video-preview:-1\" \/>\n<link rel=\"canonical\" href=\"https:\/\/www.dolomitiprealpi.it\/de\/event\/vivaio-letterario-valbelluna-sudamerica-andata-e-ritorno-seguendo-il-cacao\/\" \/>\n<meta property=\"og:locale\" content=\"de_DE\" \/>\n<meta property=\"og:type\" content=\"article\" \/>\n<meta property=\"og:title\" content=\"Vivaio Letterario - Valbelluna-SudAmerica andata e ritorno, seguendo il cacao - Dolomiti Prealpi\" \/>\n<meta property=\"og:description\" content=\"Verf\u00fcgbare Pl\u00e4tze: 14 Kosten: 40 Euro, alles inklusive Wo: la Serra, via Frontin 94a, Borgo Valbelluna (Belluno) Wie man ankommt: mit dem Zug (meditativer Reise), Bahnhof Sedico-Bribano oder Belluno mit\" \/>\n<meta property=\"og:url\" content=\"https:\/\/www.dolomitiprealpi.it\/de\/event\/vivaio-letterario-valbelluna-sudamerica-andata-e-ritorno-seguendo-il-cacao\/\" \/>\n<meta property=\"og:site_name\" content=\"Dolomiti Prealpi\" \/>\n<meta property=\"article:publisher\" content=\"https:\/\/www.facebook.com\/dolomitiprealpi.it\/\" \/>\n<meta property=\"article:modified_time\" content=\"2026-04-23T16:18:01+00:00\" \/>\n<meta property=\"og:image\" content=\"https:\/\/www.dolomitiprealpi.it\/wp-content\/uploads\/2022\/11\/C.-Timpone-Foto-archivio-Consorzio-turistico-Dolomiti-Prealpi-Nevegal-Belluno-Bike-18-2.jpg\" \/>\n\t<meta property=\"og:image:width\" content=\"2048\" \/>\n\t<meta property=\"og:image:height\" content=\"1888\" \/>\n\t<meta property=\"og:image:type\" content=\"image\/jpeg\" \/>\n<meta name=\"twitter:card\" content=\"summary_large_image\" \/>\n<meta name=\"twitter:label1\" content=\"Est. reading time\" \/>\n\t<meta name=\"twitter:data1\" content=\"2 minutes\" \/>\n<script type=\"application\/ld+json\" class=\"yoast-schema-graph\">{\"@context\":\"https:\/\/schema.org\",\"@graph\":[{\"@type\":\"WebPage\",\"@id\":\"https:\/\/www.dolomitiprealpi.it\/de\/event\/vivaio-letterario-valbelluna-sudamerica-andata-e-ritorno-seguendo-il-cacao\/\",\"url\":\"https:\/\/www.dolomitiprealpi.it\/de\/event\/vivaio-letterario-valbelluna-sudamerica-andata-e-ritorno-seguendo-il-cacao\/\",\"name\":\"Vivaio Letterario - Valbelluna-SudAmerica andata e ritorno, seguendo il cacao - Dolomiti Prealpi\",\"isPartOf\":{\"@id\":\"https:\/\/www.dolomitiprealpi.it\/de\/#website\"},\"datePublished\":\"2026-04-17T11:33:49+00:00\",\"dateModified\":\"2026-04-23T16:18:01+00:00\",\"breadcrumb\":{\"@id\":\"https:\/\/www.dolomitiprealpi.it\/de\/event\/vivaio-letterario-valbelluna-sudamerica-andata-e-ritorno-seguendo-il-cacao\/#breadcrumb\"},\"inLanguage\":\"de-DE\",\"potentialAction\":[{\"@type\":\"ReadAction\",\"target\":[\"https:\/\/www.dolomitiprealpi.it\/de\/event\/vivaio-letterario-valbelluna-sudamerica-andata-e-ritorno-seguendo-il-cacao\/\"]}]},{\"@type\":\"BreadcrumbList\",\"@id\":\"https:\/\/www.dolomitiprealpi.it\/de\/event\/vivaio-letterario-valbelluna-sudamerica-andata-e-ritorno-seguendo-il-cacao\/#breadcrumb\",\"itemListElement\":[{\"@type\":\"ListItem\",\"position\":1,\"name\":\"Home\",\"item\":\"https:\/\/www.dolomitiprealpi.it\/de\/\"},{\"@type\":\"ListItem\",\"position\":2,\"name\":\"Veranstaltungen\",\"item\":\"https:\/\/www.dolomitiprealpi.it\/de\/events\/\"},{\"@type\":\"ListItem\",\"position\":3,\"name\":\"Vivaio Letterario &#8211; Valbelluna-SudAmerica andata e ritorno, seguendo il cacao\"}]},{\"@type\":\"WebSite\",\"@id\":\"https:\/\/www.dolomitiprealpi.it\/de\/#website\",\"url\":\"https:\/\/www.dolomitiprealpi.it\/de\/\",\"name\":\"Dolomiti Prealpi\",\"description\":\"\",\"publisher\":{\"@id\":\"https:\/\/www.dolomitiprealpi.it\/de\/#organization\"},\"potentialAction\":[{\"@type\":\"SearchAction\",\"target\":{\"@type\":\"EntryPoint\",\"urlTemplate\":\"https:\/\/www.dolomitiprealpi.it\/de\/?s={search_term_string}\"},\"query-input\":{\"@type\":\"PropertyValueSpecification\",\"valueRequired\":true,\"valueName\":\"search_term_string\"}}],\"inLanguage\":\"de-DE\"},{\"@type\":\"Organization\",\"@id\":\"https:\/\/www.dolomitiprealpi.it\/de\/#organization\",\"name\":\"Consorzio Dolomiti Prealpi\",\"url\":\"https:\/\/www.dolomitiprealpi.it\/de\/\",\"logo\":{\"@type\":\"ImageObject\",\"inLanguage\":\"de-DE\",\"@id\":\"https:\/\/www.dolomitiprealpi.it\/de\/#\/schema\/logo\/image\/\",\"url\":\"https:\/\/www.dolomitiprealpi.it\/wp-content\/uploads\/2023\/03\/dolomitiprealpi-favicon.jpg\",\"contentUrl\":\"https:\/\/www.dolomitiprealpi.it\/wp-content\/uploads\/2023\/03\/dolomitiprealpi-favicon.jpg\",\"width\":512,\"height\":512,\"caption\":\"Consorzio Dolomiti Prealpi\"},\"image\":{\"@id\":\"https:\/\/www.dolomitiprealpi.it\/de\/#\/schema\/logo\/image\/\"},\"sameAs\":[\"https:\/\/www.facebook.com\/dolomitiprealpi.it\/\",\"https:\/\/www.instagram.com\/dolomitiprealpi\/\"]}]}<\/script>\n<!-- \/ Yoast SEO plugin. -->","yoast_head_json":{"title":"Vivaio Letterario - Valbelluna-SudAmerica andata e ritorno, seguendo il cacao - Dolomiti Prealpi","robots":{"index":"index","follow":"follow","max-snippet":"max-snippet:-1","max-image-preview":"max-image-preview:large","max-video-preview":"max-video-preview:-1"},"canonical":"https:\/\/www.dolomitiprealpi.it\/de\/event\/vivaio-letterario-valbelluna-sudamerica-andata-e-ritorno-seguendo-il-cacao\/","og_locale":"de_DE","og_type":"article","og_title":"Vivaio Letterario - Valbelluna-SudAmerica andata e ritorno, seguendo il cacao - Dolomiti Prealpi","og_description":"Verf\u00fcgbare Pl\u00e4tze: 14 Kosten: 40 Euro, alles inklusive Wo: la Serra, via Frontin 94a, Borgo Valbelluna (Belluno) Wie man ankommt: mit dem Zug (meditativer Reise), Bahnhof Sedico-Bribano oder Belluno mit","og_url":"https:\/\/www.dolomitiprealpi.it\/de\/event\/vivaio-letterario-valbelluna-sudamerica-andata-e-ritorno-seguendo-il-cacao\/","og_site_name":"Dolomiti Prealpi","article_publisher":"https:\/\/www.facebook.com\/dolomitiprealpi.it\/","article_modified_time":"2026-04-23T16:18:01+00:00","og_image":[{"width":2048,"height":1888,"url":"https:\/\/www.dolomitiprealpi.it\/wp-content\/uploads\/2022\/11\/C.-Timpone-Foto-archivio-Consorzio-turistico-Dolomiti-Prealpi-Nevegal-Belluno-Bike-18-2.jpg","type":"image\/jpeg"}],"twitter_card":"summary_large_image","twitter_misc":{"Est. reading time":"2 minutes"},"schema":{"@context":"https:\/\/schema.org","@graph":[{"@type":"WebPage","@id":"https:\/\/www.dolomitiprealpi.it\/de\/event\/vivaio-letterario-valbelluna-sudamerica-andata-e-ritorno-seguendo-il-cacao\/","url":"https:\/\/www.dolomitiprealpi.it\/de\/event\/vivaio-letterario-valbelluna-sudamerica-andata-e-ritorno-seguendo-il-cacao\/","name":"Vivaio Letterario - Valbelluna-SudAmerica andata e ritorno, seguendo il cacao - Dolomiti Prealpi","isPartOf":{"@id":"https:\/\/www.dolomitiprealpi.it\/de\/#website"},"datePublished":"2026-04-17T11:33:49+00:00","dateModified":"2026-04-23T16:18:01+00:00","breadcrumb":{"@id":"https:\/\/www.dolomitiprealpi.it\/de\/event\/vivaio-letterario-valbelluna-sudamerica-andata-e-ritorno-seguendo-il-cacao\/#breadcrumb"},"inLanguage":"de-DE","potentialAction":[{"@type":"ReadAction","target":["https:\/\/www.dolomitiprealpi.it\/de\/event\/vivaio-letterario-valbelluna-sudamerica-andata-e-ritorno-seguendo-il-cacao\/"]}]},{"@type":"BreadcrumbList","@id":"https:\/\/www.dolomitiprealpi.it\/de\/event\/vivaio-letterario-valbelluna-sudamerica-andata-e-ritorno-seguendo-il-cacao\/#breadcrumb","itemListElement":[{"@type":"ListItem","position":1,"name":"Home","item":"https:\/\/www.dolomitiprealpi.it\/de\/"},{"@type":"ListItem","position":2,"name":"Veranstaltungen","item":"https:\/\/www.dolomitiprealpi.it\/de\/events\/"},{"@type":"ListItem","position":3,"name":"Vivaio Letterario &#8211; Valbelluna-SudAmerica andata e ritorno, seguendo il cacao"}]},{"@type":"WebSite","@id":"https:\/\/www.dolomitiprealpi.it\/de\/#website","url":"https:\/\/www.dolomitiprealpi.it\/de\/","name":"Dolomiti Prealpi","description":"","publisher":{"@id":"https:\/\/www.dolomitiprealpi.it\/de\/#organization"},"potentialAction":[{"@type":"SearchAction","target":{"@type":"EntryPoint","urlTemplate":"https:\/\/www.dolomitiprealpi.it\/de\/?s={search_term_string}"},"query-input":{"@type":"PropertyValueSpecification","valueRequired":true,"valueName":"search_term_string"}}],"inLanguage":"de-DE"},{"@type":"Organization","@id":"https:\/\/www.dolomitiprealpi.it\/de\/#organization","name":"Consorzio Dolomiti Prealpi","url":"https:\/\/www.dolomitiprealpi.it\/de\/","logo":{"@type":"ImageObject","inLanguage":"de-DE","@id":"https:\/\/www.dolomitiprealpi.it\/de\/#\/schema\/logo\/image\/","url":"https:\/\/www.dolomitiprealpi.it\/wp-content\/uploads\/2023\/03\/dolomitiprealpi-favicon.jpg","contentUrl":"https:\/\/www.dolomitiprealpi.it\/wp-content\/uploads\/2023\/03\/dolomitiprealpi-favicon.jpg","width":512,"height":512,"caption":"Consorzio Dolomiti Prealpi"},"image":{"@id":"https:\/\/www.dolomitiprealpi.it\/de\/#\/schema\/logo\/image\/"},"sameAs":["https:\/\/www.facebook.com\/dolomitiprealpi.it\/","https:\/\/www.instagram.com\/dolomitiprealpi\/"]}]}},"_links":{"self":[{"href":"https:\/\/www.dolomitiprealpi.it\/de\/wp-json\/wp\/v2\/tribe_events\/98523","targetHints":{"allow":["GET"]}}],"collection":[{"href":"https:\/\/www.dolomitiprealpi.it\/de\/wp-json\/wp\/v2\/tribe_events"}],"about":[{"href":"https:\/\/www.dolomitiprealpi.it\/de\/wp-json\/wp\/v2\/types\/tribe_events"}],"version-history":[{"count":1,"href":"https:\/\/www.dolomitiprealpi.it\/de\/wp-json\/wp\/v2\/tribe_events\/98523\/revisions"}],"predecessor-version":[{"id":99045,"href":"https:\/\/www.dolomitiprealpi.it\/de\/wp-json\/wp\/v2\/tribe_events\/98523\/revisions\/99045"}],"wp:attachment":[{"href":"https:\/\/www.dolomitiprealpi.it\/de\/wp-json\/wp\/v2\/media?parent=98523"}],"wp:term":[{"taxonomy":"post_tag","embeddable":true,"href":"https:\/\/www.dolomitiprealpi.it\/de\/wp-json\/wp\/v2\/tags?post=98523"},{"taxonomy":"tribe_events_cat","embeddable":true,"href":"https:\/\/www.dolomitiprealpi.it\/de\/wp-json\/wp\/v2\/tribe_events_cat?post=98523"}],"curies":[{"name":"wp","href":"https:\/\/api.w.org\/{rel}","templated":true}]}}