{"id":98263,"date":"2026-04-17T12:50:21","date_gmt":"2026-04-17T10:50:21","guid":{"rendered":"https:\/\/www.dolomitiprealpi.it\/event\/altrove-di-gabriele-canu-cera-una-volta-ad-est-di-alessandro-demilia\/"},"modified":"2026-04-23T17:37:51","modified_gmt":"2026-04-23T15:37:51","slug":"altrove-di-gabriele-canu-cera-una-volta-ad-est-di-alessandro-demilia","status":"publish","type":"tribe_events","link":"https:\/\/www.dolomitiprealpi.it\/de\/event\/altrove-di-gabriele-canu-cera-una-volta-ad-est-di-alessandro-demilia\/","title":{"rendered":"Altrove, di Gabriele Canu &#8211; C&#8217;era una volta ad Est, di Alessandro D&#8217;Emilia"},"content":{"rendered":"<p>Alle Veranstaltungen von Oltre Le Vette sind <b>kostenlos mit freiwilliger und bewusster Spende<\/b>.<br \/>Eine <b>Reservierung wird immer empfohlen<\/b> und in einigen F\u00e4llen ist sie verpflichtend, wo im Programm angegeben<br \/>Die Pl\u00e4tze k\u00f6nnen \u00fcber folgenden Link reserviert werden: <b>www.eventbrite.it<\/b><\/p>\n<p>Kehre zur\u00fcck \u00fcber die Gipfel, vom 9. bis 18. Januar 2026. Das Thema der 29. Ausgabe lautet &#8220;Schnee?&#8221;. Ein reichhaltiges Programm an Veranstaltungen erwartet Sie!<\/p>\n<p>Am Dienstag, den 13. Januar um 21:00 Uhr, wird im Cinema Italia die Vorf\u00fchrung der Filme &#8220;<b>Anderswo<\/b>&#8221; von Gabriele Canu und &#8220;<b>Es war einmal im Osten<\/b>&#8221; von Alessandro D&#8217;Emilia stattfinden.<\/p>\n<p>Wo ist das Anderswo? Tausende von Kilometern entfernt oder in der N\u00e4he? Ist es mit dem Raum oder mit einer tiefergehenden Dimension verbunden? Filme \u00fcber Klettern und Freundschaft, \u00fcber Einfachheit und St\u00e4rke, zeigen uns die Aktivit\u00e4ten von Alessandro Beber und seinen Freunden in einem undefinierten Anderswo, und genau deshalb vielleicht noch weiter entfernt.<\/p>\n<p>Der Film wird vom Regisseur vorgestellt.<\/p>\n<p><i><b><b>Es war einmal im Osten,<\/b><\/b><\/i>&nbsp;von&nbsp;<b><b>Alessandro D\u2019Emilia<\/b><\/b>, Italien, 25\u2019<\/p>\n<p>Der Bergf\u00fchrer&nbsp;<b><b>Alessandro Beber<\/b><\/b>&nbsp;f\u00fchrt uns zum Klettern an die Sandstein-T\u00fcrme der Tschechischen Republik, ein schwieriges Klettergel\u00e4nde mit einer faszinierenden Geschichte. An diesen fast sandigen Felsw\u00e4nden, wo es schwer ist, sich zu sch\u00fctzen, fanden die jungen Menschen unter dem sowjetischen Regime einen Ausweg aus der Realit\u00e4t ihres Landes. Heute sind sie ein schwieriges und faszinierendes Spielgel\u00e4nde f\u00fcr Kletterer aus der ganzen Welt. Der Film wird vom Regisseur vorgestellt.<\/p>\n<p>Der Abend wird in Zusammenarbeit mit der Firma&nbsp;<b><b>Montura.<\/b><\/b><\/p>\n<p>Eine Reservierung wird empfohlen unter folgendem Link: <a href=\"https:\/\/www.eventbrite.it\/e\/olv-proiezione-dei-film-altrove-e-cera-una-volta-ad-est-tickets-1977994546936?aff=ebdsoporgprofile&amp;_gl=1*x22fcv*_up*MQ..*_ga*MjA4NzUzNjIwOS4xNzY3NDUzMDI0*_ga_TQVES5V6SH*czE3Njc0NTMwMjQkbzEkZzAkdDE3Njc0NTMwMjQkajYwJGwwJGgw\">www.eventbrite.com<\/a><\/p>\n<p>Filmvorf\u00fchrung mit der Firma Montura<\/p>\n","protected":false},"excerpt":{"rendered":"<p>Alle Veranstaltungen von Oltre Le Vette sind kostenlos mit freiwilliger und bewusster Spende.Eine Reservierung wird immer empfohlen und in einigen F\u00e4llen ist sie verpflichtend, wo im Programm angegebenDie Pl\u00e4tze k\u00f6nnen<\/p>\n","protected":false},"author":0,"featured_media":0,"template":"","meta":{"_acf_changed":false,"inline_featured_image":false,"_tribe_events_status":"","_tribe_events_status_reason":"","footnotes":""},"tags":[259],"tribe_events_cat":[],"class_list":["post-98263","tribe_events","type-tribe_events","status-publish","hentry","tag-eventi-feratel"],"acf":[],"yoast_head":"<!-- This site is optimized with the Yoast SEO plugin v25.7 - https:\/\/yoast.com\/wordpress\/plugins\/seo\/ -->\n<title>Altrove, di Gabriele Canu - C&#039;era una volta ad Est, di Alessandro D&#039;Emilia - Dolomiti Prealpi<\/title>\n<meta name=\"robots\" content=\"index, follow, max-snippet:-1, max-image-preview:large, max-video-preview:-1\" \/>\n<link rel=\"canonical\" href=\"https:\/\/www.dolomitiprealpi.it\/de\/event\/altrove-di-gabriele-canu-cera-una-volta-ad-est-di-alessandro-demilia\/\" \/>\n<meta property=\"og:locale\" content=\"de_DE\" \/>\n<meta property=\"og:type\" content=\"article\" \/>\n<meta property=\"og:title\" content=\"Altrove, di Gabriele Canu - C&#039;era una volta ad Est, di Alessandro D&#039;Emilia - Dolomiti Prealpi\" \/>\n<meta property=\"og:description\" content=\"Alle Veranstaltungen von Oltre Le Vette sind kostenlos mit freiwilliger und bewusster Spende.Eine Reservierung wird immer empfohlen und in einigen F\u00e4llen ist sie verpflichtend, wo im Programm angegebenDie Pl\u00e4tze k\u00f6nnen\" \/>\n<meta property=\"og:url\" content=\"https:\/\/www.dolomitiprealpi.it\/de\/event\/altrove-di-gabriele-canu-cera-una-volta-ad-est-di-alessandro-demilia\/\" \/>\n<meta property=\"og:site_name\" content=\"Dolomiti Prealpi\" \/>\n<meta property=\"article:publisher\" content=\"https:\/\/www.facebook.com\/dolomitiprealpi.it\/\" \/>\n<meta property=\"article:modified_time\" content=\"2026-04-23T15:37:51+00:00\" \/>\n<meta property=\"og:image\" content=\"https:\/\/www.dolomitiprealpi.it\/wp-content\/uploads\/2022\/11\/C.-Timpone-Foto-archivio-Consorzio-turistico-Dolomiti-Prealpi-Nevegal-Belluno-Bike-18-2.jpg\" \/>\n\t<meta property=\"og:image:width\" content=\"2048\" \/>\n\t<meta property=\"og:image:height\" content=\"1888\" \/>\n\t<meta property=\"og:image:type\" content=\"image\/jpeg\" \/>\n<meta name=\"twitter:card\" content=\"summary_large_image\" \/>\n<meta name=\"twitter:label1\" content=\"Est. reading time\" \/>\n\t<meta name=\"twitter:data1\" content=\"1 minute\" \/>\n<script type=\"application\/ld+json\" class=\"yoast-schema-graph\">{\"@context\":\"https:\/\/schema.org\",\"@graph\":[{\"@type\":\"WebPage\",\"@id\":\"https:\/\/www.dolomitiprealpi.it\/de\/event\/altrove-di-gabriele-canu-cera-una-volta-ad-est-di-alessandro-demilia\/\",\"url\":\"https:\/\/www.dolomitiprealpi.it\/de\/event\/altrove-di-gabriele-canu-cera-una-volta-ad-est-di-alessandro-demilia\/\",\"name\":\"Altrove, di Gabriele Canu - C'era una volta ad Est, di Alessandro D'Emilia - Dolomiti Prealpi\",\"isPartOf\":{\"@id\":\"https:\/\/www.dolomitiprealpi.it\/de\/#website\"},\"datePublished\":\"2026-04-17T10:50:21+00:00\",\"dateModified\":\"2026-04-23T15:37:51+00:00\",\"breadcrumb\":{\"@id\":\"https:\/\/www.dolomitiprealpi.it\/de\/event\/altrove-di-gabriele-canu-cera-una-volta-ad-est-di-alessandro-demilia\/#breadcrumb\"},\"inLanguage\":\"de-DE\",\"potentialAction\":[{\"@type\":\"ReadAction\",\"target\":[\"https:\/\/www.dolomitiprealpi.it\/de\/event\/altrove-di-gabriele-canu-cera-una-volta-ad-est-di-alessandro-demilia\/\"]}]},{\"@type\":\"BreadcrumbList\",\"@id\":\"https:\/\/www.dolomitiprealpi.it\/de\/event\/altrove-di-gabriele-canu-cera-una-volta-ad-est-di-alessandro-demilia\/#breadcrumb\",\"itemListElement\":[{\"@type\":\"ListItem\",\"position\":1,\"name\":\"Home\",\"item\":\"https:\/\/www.dolomitiprealpi.it\/de\/\"},{\"@type\":\"ListItem\",\"position\":2,\"name\":\"Veranstaltungen\",\"item\":\"https:\/\/www.dolomitiprealpi.it\/de\/events\/\"},{\"@type\":\"ListItem\",\"position\":3,\"name\":\"Altrove, di Gabriele Canu &#8211; C&#8217;era una volta ad Est, di Alessandro D&#8217;Emilia\"}]},{\"@type\":\"WebSite\",\"@id\":\"https:\/\/www.dolomitiprealpi.it\/de\/#website\",\"url\":\"https:\/\/www.dolomitiprealpi.it\/de\/\",\"name\":\"Dolomiti Prealpi\",\"description\":\"\",\"publisher\":{\"@id\":\"https:\/\/www.dolomitiprealpi.it\/de\/#organization\"},\"potentialAction\":[{\"@type\":\"SearchAction\",\"target\":{\"@type\":\"EntryPoint\",\"urlTemplate\":\"https:\/\/www.dolomitiprealpi.it\/de\/?s={search_term_string}\"},\"query-input\":{\"@type\":\"PropertyValueSpecification\",\"valueRequired\":true,\"valueName\":\"search_term_string\"}}],\"inLanguage\":\"de-DE\"},{\"@type\":\"Organization\",\"@id\":\"https:\/\/www.dolomitiprealpi.it\/de\/#organization\",\"name\":\"Consorzio Dolomiti Prealpi\",\"url\":\"https:\/\/www.dolomitiprealpi.it\/de\/\",\"logo\":{\"@type\":\"ImageObject\",\"inLanguage\":\"de-DE\",\"@id\":\"https:\/\/www.dolomitiprealpi.it\/de\/#\/schema\/logo\/image\/\",\"url\":\"https:\/\/www.dolomitiprealpi.it\/wp-content\/uploads\/2023\/03\/dolomitiprealpi-favicon.jpg\",\"contentUrl\":\"https:\/\/www.dolomitiprealpi.it\/wp-content\/uploads\/2023\/03\/dolomitiprealpi-favicon.jpg\",\"width\":512,\"height\":512,\"caption\":\"Consorzio Dolomiti Prealpi\"},\"image\":{\"@id\":\"https:\/\/www.dolomitiprealpi.it\/de\/#\/schema\/logo\/image\/\"},\"sameAs\":[\"https:\/\/www.facebook.com\/dolomitiprealpi.it\/\",\"https:\/\/www.instagram.com\/dolomitiprealpi\/\"]}]}<\/script>\n<!-- \/ Yoast SEO plugin. -->","yoast_head_json":{"title":"Altrove, di Gabriele Canu - C'era una volta ad Est, di Alessandro D'Emilia - Dolomiti Prealpi","robots":{"index":"index","follow":"follow","max-snippet":"max-snippet:-1","max-image-preview":"max-image-preview:large","max-video-preview":"max-video-preview:-1"},"canonical":"https:\/\/www.dolomitiprealpi.it\/de\/event\/altrove-di-gabriele-canu-cera-una-volta-ad-est-di-alessandro-demilia\/","og_locale":"de_DE","og_type":"article","og_title":"Altrove, di Gabriele Canu - C'era una volta ad Est, di Alessandro D'Emilia - Dolomiti Prealpi","og_description":"Alle Veranstaltungen von Oltre Le Vette sind kostenlos mit freiwilliger und bewusster Spende.Eine Reservierung wird immer empfohlen und in einigen F\u00e4llen ist sie verpflichtend, wo im Programm angegebenDie Pl\u00e4tze k\u00f6nnen","og_url":"https:\/\/www.dolomitiprealpi.it\/de\/event\/altrove-di-gabriele-canu-cera-una-volta-ad-est-di-alessandro-demilia\/","og_site_name":"Dolomiti Prealpi","article_publisher":"https:\/\/www.facebook.com\/dolomitiprealpi.it\/","article_modified_time":"2026-04-23T15:37:51+00:00","og_image":[{"width":2048,"height":1888,"url":"https:\/\/www.dolomitiprealpi.it\/wp-content\/uploads\/2022\/11\/C.-Timpone-Foto-archivio-Consorzio-turistico-Dolomiti-Prealpi-Nevegal-Belluno-Bike-18-2.jpg","type":"image\/jpeg"}],"twitter_card":"summary_large_image","twitter_misc":{"Est. reading time":"1 minute"},"schema":{"@context":"https:\/\/schema.org","@graph":[{"@type":"WebPage","@id":"https:\/\/www.dolomitiprealpi.it\/de\/event\/altrove-di-gabriele-canu-cera-una-volta-ad-est-di-alessandro-demilia\/","url":"https:\/\/www.dolomitiprealpi.it\/de\/event\/altrove-di-gabriele-canu-cera-una-volta-ad-est-di-alessandro-demilia\/","name":"Altrove, di Gabriele Canu - C'era una volta ad Est, di Alessandro D'Emilia - Dolomiti Prealpi","isPartOf":{"@id":"https:\/\/www.dolomitiprealpi.it\/de\/#website"},"datePublished":"2026-04-17T10:50:21+00:00","dateModified":"2026-04-23T15:37:51+00:00","breadcrumb":{"@id":"https:\/\/www.dolomitiprealpi.it\/de\/event\/altrove-di-gabriele-canu-cera-una-volta-ad-est-di-alessandro-demilia\/#breadcrumb"},"inLanguage":"de-DE","potentialAction":[{"@type":"ReadAction","target":["https:\/\/www.dolomitiprealpi.it\/de\/event\/altrove-di-gabriele-canu-cera-una-volta-ad-est-di-alessandro-demilia\/"]}]},{"@type":"BreadcrumbList","@id":"https:\/\/www.dolomitiprealpi.it\/de\/event\/altrove-di-gabriele-canu-cera-una-volta-ad-est-di-alessandro-demilia\/#breadcrumb","itemListElement":[{"@type":"ListItem","position":1,"name":"Home","item":"https:\/\/www.dolomitiprealpi.it\/de\/"},{"@type":"ListItem","position":2,"name":"Veranstaltungen","item":"https:\/\/www.dolomitiprealpi.it\/de\/events\/"},{"@type":"ListItem","position":3,"name":"Altrove, di Gabriele Canu &#8211; C&#8217;era una volta ad Est, di Alessandro D&#8217;Emilia"}]},{"@type":"WebSite","@id":"https:\/\/www.dolomitiprealpi.it\/de\/#website","url":"https:\/\/www.dolomitiprealpi.it\/de\/","name":"Dolomiti Prealpi","description":"","publisher":{"@id":"https:\/\/www.dolomitiprealpi.it\/de\/#organization"},"potentialAction":[{"@type":"SearchAction","target":{"@type":"EntryPoint","urlTemplate":"https:\/\/www.dolomitiprealpi.it\/de\/?s={search_term_string}"},"query-input":{"@type":"PropertyValueSpecification","valueRequired":true,"valueName":"search_term_string"}}],"inLanguage":"de-DE"},{"@type":"Organization","@id":"https:\/\/www.dolomitiprealpi.it\/de\/#organization","name":"Consorzio Dolomiti Prealpi","url":"https:\/\/www.dolomitiprealpi.it\/de\/","logo":{"@type":"ImageObject","inLanguage":"de-DE","@id":"https:\/\/www.dolomitiprealpi.it\/de\/#\/schema\/logo\/image\/","url":"https:\/\/www.dolomitiprealpi.it\/wp-content\/uploads\/2023\/03\/dolomitiprealpi-favicon.jpg","contentUrl":"https:\/\/www.dolomitiprealpi.it\/wp-content\/uploads\/2023\/03\/dolomitiprealpi-favicon.jpg","width":512,"height":512,"caption":"Consorzio Dolomiti Prealpi"},"image":{"@id":"https:\/\/www.dolomitiprealpi.it\/de\/#\/schema\/logo\/image\/"},"sameAs":["https:\/\/www.facebook.com\/dolomitiprealpi.it\/","https:\/\/www.instagram.com\/dolomitiprealpi\/"]}]}},"_links":{"self":[{"href":"https:\/\/www.dolomitiprealpi.it\/de\/wp-json\/wp\/v2\/tribe_events\/98263","targetHints":{"allow":["GET"]}}],"collection":[{"href":"https:\/\/www.dolomitiprealpi.it\/de\/wp-json\/wp\/v2\/tribe_events"}],"about":[{"href":"https:\/\/www.dolomitiprealpi.it\/de\/wp-json\/wp\/v2\/types\/tribe_events"}],"version-history":[{"count":1,"href":"https:\/\/www.dolomitiprealpi.it\/de\/wp-json\/wp\/v2\/tribe_events\/98263\/revisions"}],"predecessor-version":[{"id":98723,"href":"https:\/\/www.dolomitiprealpi.it\/de\/wp-json\/wp\/v2\/tribe_events\/98263\/revisions\/98723"}],"wp:attachment":[{"href":"https:\/\/www.dolomitiprealpi.it\/de\/wp-json\/wp\/v2\/media?parent=98263"}],"wp:term":[{"taxonomy":"post_tag","embeddable":true,"href":"https:\/\/www.dolomitiprealpi.it\/de\/wp-json\/wp\/v2\/tags?post=98263"},{"taxonomy":"tribe_events_cat","embeddable":true,"href":"https:\/\/www.dolomitiprealpi.it\/de\/wp-json\/wp\/v2\/tribe_events_cat?post=98263"}],"curies":[{"name":"wp","href":"https:\/\/api.w.org\/{rel}","templated":true}]}}