{"id":91752,"date":"2026-04-17T13:26:52","date_gmt":"2026-04-17T11:26:52","guid":{"rendered":"https:\/\/www.dolomitiprealpi.it\/event\/premio-san-martino-2025\/"},"modified":"2026-04-23T18:11:20","modified_gmt":"2026-04-23T16:11:20","slug":"premio-san-martino-2025","status":"publish","type":"tribe_events","link":"https:\/\/www.dolomitiprealpi.it\/de\/event\/premio-san-martino-2025\/","title":{"rendered":"Premio San Martino 2025"},"content":{"rendered":"<p>\u00dcberreichung der Auszeichnung<\/p>\n<p>Am Dienstag, dem 11. November&nbsp;um 11:30 Uhr, im Palazzo Crepadona&nbsp;findet die <b>Verleihung des San Martino Preises<\/b> statt, der 1972 ins Leben gerufen wurde, um diejenigen zu w\u00fcrdigen und zu ehren, die sich durch konkrete Werke und Aktionen in den Bereichen Wissenschaft, Literatur, Kunst, Musik, Produktion, Arbeit, Schule, Sport, Umwelt sowie durch soziale, unterst\u00fctzende und philanthropische Initiativen hervorgetan haben.<\/p>\n<p>Seit 2021 kann der Preis an eine vollj\u00e4hrige nat\u00fcrliche Person oder an einen Verein\/eine Organisation des Dritten Sektors vergeben werden, au\u00dferdem auch an minderj\u00e4hrige Personen. Die Gemeindeverwaltung verleiht im Jahr 2025 den Preis an Pater <b>Roberto Rizzato<\/b> in der Kategorie der Erwachsenen und an <b>Leonardo D\u2019Inc\u00e0<\/b>, einen jungen Minderj\u00e4hrigen.<\/p>\n<p>Pater Roberto Rizzato, in Vicenza geboren, ist seit Jahren ein fester Bestandteil der Gemeinde Belluno. Schon in seiner Jugend hat er sich entschieden, sein Leben in den Dienst anderer zu stellen, zun\u00e4chst als Missionar in Angola und dann in Italien, wo er sich in der Unterst\u00fctzung und im freiwilligen Engagement f\u00fcr die verletzlicheren Menschen engagiert. Sein Zeugnis der konkreten N\u00e4chstenliebe, das er mit Diskretion und Kontinuit\u00e4t lebt, spiegelt den Geist des sich Selbstgebens an andere wider, der auch von dem heiligen Schutzpatron verk\u00f6rpert wird.<\/p>\n<p>Leonardo D\u2019Inc\u00e0, geboren 2009 und wohnhaft in Belluno, Sch\u00fcler des Sportgymnasiums, hat sich durch sein Engagement, seine Entschlossenheit und seine Ergebnisse im alpinen Skilauf ausgezeichnet, einer Disziplin, in der er bedeutende Erfolge auf regionaler und nationaler Ebene erzielt hat. Seine sportlichen Leistungen und die Ernsthaftigkeit, mit der er Training und Wettk\u00e4mpfe angeht, machen ihn zu einem positiven Beispiel f\u00fcr Gleichaltrige, abgesehen davon, dass er ein junger Athlet ist, der dazu beitr\u00e4gt, den Namen Belluno auf italienischen und internationalen Pisten zu repr\u00e4sentieren.<\/p>\n","protected":false},"excerpt":{"rendered":"<p>\u00dcberreichung der Auszeichnung Am Dienstag, dem 11. November&nbsp;um 11:30 Uhr, im Palazzo Crepadona&nbsp;findet die Verleihung des San Martino Preises statt, der 1972 ins Leben gerufen wurde, um diejenigen zu w\u00fcrdigen<\/p>\n","protected":false},"author":0,"featured_media":0,"template":"","meta":{"_acf_changed":false,"inline_featured_image":false,"_tribe_events_status":"","_tribe_events_status_reason":"","footnotes":""},"tags":[259],"tribe_events_cat":[],"class_list":["post-91752","tribe_events","type-tribe_events","status-publish","hentry","tag-eventi-feratel"],"acf":[],"yoast_head":"<!-- This site is optimized with the Yoast SEO plugin v25.7 - https:\/\/yoast.com\/wordpress\/plugins\/seo\/ -->\n<title>Premio San Martino 2025 - Dolomiti Prealpi<\/title>\n<meta name=\"robots\" content=\"index, follow, max-snippet:-1, max-image-preview:large, max-video-preview:-1\" \/>\n<link rel=\"canonical\" href=\"https:\/\/www.dolomitiprealpi.it\/de\/event\/premio-san-martino-2025\/\" \/>\n<meta property=\"og:locale\" content=\"de_DE\" \/>\n<meta property=\"og:type\" content=\"article\" \/>\n<meta property=\"og:title\" content=\"Premio San Martino 2025 - Dolomiti Prealpi\" \/>\n<meta property=\"og:description\" content=\"\u00dcberreichung der Auszeichnung Am Dienstag, dem 11. November&nbsp;um 11:30 Uhr, im Palazzo Crepadona&nbsp;findet die Verleihung des San Martino Preises statt, der 1972 ins Leben gerufen wurde, um diejenigen zu w\u00fcrdigen\" \/>\n<meta property=\"og:url\" content=\"https:\/\/www.dolomitiprealpi.it\/de\/event\/premio-san-martino-2025\/\" \/>\n<meta property=\"og:site_name\" content=\"Dolomiti Prealpi\" \/>\n<meta property=\"article:publisher\" content=\"https:\/\/www.facebook.com\/dolomitiprealpi.it\/\" \/>\n<meta property=\"article:modified_time\" content=\"2026-04-23T16:11:20+00:00\" \/>\n<meta property=\"og:image\" content=\"https:\/\/www.dolomitiprealpi.it\/wp-content\/uploads\/2022\/11\/C.-Timpone-Foto-archivio-Consorzio-turistico-Dolomiti-Prealpi-Nevegal-Belluno-Bike-18-2.jpg\" \/>\n\t<meta property=\"og:image:width\" content=\"2048\" \/>\n\t<meta property=\"og:image:height\" content=\"1888\" \/>\n\t<meta property=\"og:image:type\" content=\"image\/jpeg\" \/>\n<meta name=\"twitter:card\" content=\"summary_large_image\" \/>\n<meta name=\"twitter:label1\" content=\"Est. reading time\" \/>\n\t<meta name=\"twitter:data1\" content=\"1 minute\" \/>\n<script type=\"application\/ld+json\" class=\"yoast-schema-graph\">{\"@context\":\"https:\/\/schema.org\",\"@graph\":[{\"@type\":\"WebPage\",\"@id\":\"https:\/\/www.dolomitiprealpi.it\/de\/event\/premio-san-martino-2025\/\",\"url\":\"https:\/\/www.dolomitiprealpi.it\/de\/event\/premio-san-martino-2025\/\",\"name\":\"Premio San Martino 2025 - Dolomiti Prealpi\",\"isPartOf\":{\"@id\":\"https:\/\/www.dolomitiprealpi.it\/de\/#website\"},\"datePublished\":\"2026-04-17T11:26:52+00:00\",\"dateModified\":\"2026-04-23T16:11:20+00:00\",\"breadcrumb\":{\"@id\":\"https:\/\/www.dolomitiprealpi.it\/de\/event\/premio-san-martino-2025\/#breadcrumb\"},\"inLanguage\":\"de-DE\",\"potentialAction\":[{\"@type\":\"ReadAction\",\"target\":[\"https:\/\/www.dolomitiprealpi.it\/de\/event\/premio-san-martino-2025\/\"]}]},{\"@type\":\"BreadcrumbList\",\"@id\":\"https:\/\/www.dolomitiprealpi.it\/de\/event\/premio-san-martino-2025\/#breadcrumb\",\"itemListElement\":[{\"@type\":\"ListItem\",\"position\":1,\"name\":\"Home\",\"item\":\"https:\/\/www.dolomitiprealpi.it\/de\/\"},{\"@type\":\"ListItem\",\"position\":2,\"name\":\"Veranstaltungen\",\"item\":\"https:\/\/www.dolomitiprealpi.it\/de\/events\/\"},{\"@type\":\"ListItem\",\"position\":3,\"name\":\"Premio San Martino 2025\"}]},{\"@type\":\"WebSite\",\"@id\":\"https:\/\/www.dolomitiprealpi.it\/de\/#website\",\"url\":\"https:\/\/www.dolomitiprealpi.it\/de\/\",\"name\":\"Dolomiti Prealpi\",\"description\":\"\",\"publisher\":{\"@id\":\"https:\/\/www.dolomitiprealpi.it\/de\/#organization\"},\"potentialAction\":[{\"@type\":\"SearchAction\",\"target\":{\"@type\":\"EntryPoint\",\"urlTemplate\":\"https:\/\/www.dolomitiprealpi.it\/de\/?s={search_term_string}\"},\"query-input\":{\"@type\":\"PropertyValueSpecification\",\"valueRequired\":true,\"valueName\":\"search_term_string\"}}],\"inLanguage\":\"de-DE\"},{\"@type\":\"Organization\",\"@id\":\"https:\/\/www.dolomitiprealpi.it\/de\/#organization\",\"name\":\"Consorzio Dolomiti Prealpi\",\"url\":\"https:\/\/www.dolomitiprealpi.it\/de\/\",\"logo\":{\"@type\":\"ImageObject\",\"inLanguage\":\"de-DE\",\"@id\":\"https:\/\/www.dolomitiprealpi.it\/de\/#\/schema\/logo\/image\/\",\"url\":\"https:\/\/www.dolomitiprealpi.it\/wp-content\/uploads\/2023\/03\/dolomitiprealpi-favicon.jpg\",\"contentUrl\":\"https:\/\/www.dolomitiprealpi.it\/wp-content\/uploads\/2023\/03\/dolomitiprealpi-favicon.jpg\",\"width\":512,\"height\":512,\"caption\":\"Consorzio Dolomiti Prealpi\"},\"image\":{\"@id\":\"https:\/\/www.dolomitiprealpi.it\/de\/#\/schema\/logo\/image\/\"},\"sameAs\":[\"https:\/\/www.facebook.com\/dolomitiprealpi.it\/\",\"https:\/\/www.instagram.com\/dolomitiprealpi\/\"]}]}<\/script>\n<!-- \/ Yoast SEO plugin. -->","yoast_head_json":{"title":"Premio San Martino 2025 - Dolomiti Prealpi","robots":{"index":"index","follow":"follow","max-snippet":"max-snippet:-1","max-image-preview":"max-image-preview:large","max-video-preview":"max-video-preview:-1"},"canonical":"https:\/\/www.dolomitiprealpi.it\/de\/event\/premio-san-martino-2025\/","og_locale":"de_DE","og_type":"article","og_title":"Premio San Martino 2025 - Dolomiti Prealpi","og_description":"\u00dcberreichung der Auszeichnung Am Dienstag, dem 11. November&nbsp;um 11:30 Uhr, im Palazzo Crepadona&nbsp;findet die Verleihung des San Martino Preises statt, der 1972 ins Leben gerufen wurde, um diejenigen zu w\u00fcrdigen","og_url":"https:\/\/www.dolomitiprealpi.it\/de\/event\/premio-san-martino-2025\/","og_site_name":"Dolomiti Prealpi","article_publisher":"https:\/\/www.facebook.com\/dolomitiprealpi.it\/","article_modified_time":"2026-04-23T16:11:20+00:00","og_image":[{"width":2048,"height":1888,"url":"https:\/\/www.dolomitiprealpi.it\/wp-content\/uploads\/2022\/11\/C.-Timpone-Foto-archivio-Consorzio-turistico-Dolomiti-Prealpi-Nevegal-Belluno-Bike-18-2.jpg","type":"image\/jpeg"}],"twitter_card":"summary_large_image","twitter_misc":{"Est. reading time":"1 minute"},"schema":{"@context":"https:\/\/schema.org","@graph":[{"@type":"WebPage","@id":"https:\/\/www.dolomitiprealpi.it\/de\/event\/premio-san-martino-2025\/","url":"https:\/\/www.dolomitiprealpi.it\/de\/event\/premio-san-martino-2025\/","name":"Premio San Martino 2025 - Dolomiti Prealpi","isPartOf":{"@id":"https:\/\/www.dolomitiprealpi.it\/de\/#website"},"datePublished":"2026-04-17T11:26:52+00:00","dateModified":"2026-04-23T16:11:20+00:00","breadcrumb":{"@id":"https:\/\/www.dolomitiprealpi.it\/de\/event\/premio-san-martino-2025\/#breadcrumb"},"inLanguage":"de-DE","potentialAction":[{"@type":"ReadAction","target":["https:\/\/www.dolomitiprealpi.it\/de\/event\/premio-san-martino-2025\/"]}]},{"@type":"BreadcrumbList","@id":"https:\/\/www.dolomitiprealpi.it\/de\/event\/premio-san-martino-2025\/#breadcrumb","itemListElement":[{"@type":"ListItem","position":1,"name":"Home","item":"https:\/\/www.dolomitiprealpi.it\/de\/"},{"@type":"ListItem","position":2,"name":"Veranstaltungen","item":"https:\/\/www.dolomitiprealpi.it\/de\/events\/"},{"@type":"ListItem","position":3,"name":"Premio San Martino 2025"}]},{"@type":"WebSite","@id":"https:\/\/www.dolomitiprealpi.it\/de\/#website","url":"https:\/\/www.dolomitiprealpi.it\/de\/","name":"Dolomiti Prealpi","description":"","publisher":{"@id":"https:\/\/www.dolomitiprealpi.it\/de\/#organization"},"potentialAction":[{"@type":"SearchAction","target":{"@type":"EntryPoint","urlTemplate":"https:\/\/www.dolomitiprealpi.it\/de\/?s={search_term_string}"},"query-input":{"@type":"PropertyValueSpecification","valueRequired":true,"valueName":"search_term_string"}}],"inLanguage":"de-DE"},{"@type":"Organization","@id":"https:\/\/www.dolomitiprealpi.it\/de\/#organization","name":"Consorzio Dolomiti Prealpi","url":"https:\/\/www.dolomitiprealpi.it\/de\/","logo":{"@type":"ImageObject","inLanguage":"de-DE","@id":"https:\/\/www.dolomitiprealpi.it\/de\/#\/schema\/logo\/image\/","url":"https:\/\/www.dolomitiprealpi.it\/wp-content\/uploads\/2023\/03\/dolomitiprealpi-favicon.jpg","contentUrl":"https:\/\/www.dolomitiprealpi.it\/wp-content\/uploads\/2023\/03\/dolomitiprealpi-favicon.jpg","width":512,"height":512,"caption":"Consorzio Dolomiti Prealpi"},"image":{"@id":"https:\/\/www.dolomitiprealpi.it\/de\/#\/schema\/logo\/image\/"},"sameAs":["https:\/\/www.facebook.com\/dolomitiprealpi.it\/","https:\/\/www.instagram.com\/dolomitiprealpi\/"]}]}},"_links":{"self":[{"href":"https:\/\/www.dolomitiprealpi.it\/de\/wp-json\/wp\/v2\/tribe_events\/91752","targetHints":{"allow":["GET"]}}],"collection":[{"href":"https:\/\/www.dolomitiprealpi.it\/de\/wp-json\/wp\/v2\/tribe_events"}],"about":[{"href":"https:\/\/www.dolomitiprealpi.it\/de\/wp-json\/wp\/v2\/types\/tribe_events"}],"version-history":[{"count":1,"href":"https:\/\/www.dolomitiprealpi.it\/de\/wp-json\/wp\/v2\/tribe_events\/91752\/revisions"}],"predecessor-version":[{"id":92609,"href":"https:\/\/www.dolomitiprealpi.it\/de\/wp-json\/wp\/v2\/tribe_events\/91752\/revisions\/92609"}],"wp:attachment":[{"href":"https:\/\/www.dolomitiprealpi.it\/de\/wp-json\/wp\/v2\/media?parent=91752"}],"wp:term":[{"taxonomy":"post_tag","embeddable":true,"href":"https:\/\/www.dolomitiprealpi.it\/de\/wp-json\/wp\/v2\/tags?post=91752"},{"taxonomy":"tribe_events_cat","embeddable":true,"href":"https:\/\/www.dolomitiprealpi.it\/de\/wp-json\/wp\/v2\/tribe_events_cat?post=91752"}],"curies":[{"name":"wp","href":"https:\/\/api.w.org\/{rel}","templated":true}]}}