{"id":90890,"date":"2026-04-17T12:46:38","date_gmt":"2026-04-17T10:46:38","guid":{"rendered":"https:\/\/www.dolomitiprealpi.it\/event\/tutto-il-turchese-del-lago-di-senaiga-con-elisa\/"},"modified":"2026-04-23T17:34:21","modified_gmt":"2026-04-23T15:34:21","slug":"tutto-il-turchese-del-lago-di-senaiga-con-elisa","status":"publish","type":"tribe_events","link":"https:\/\/www.dolomitiprealpi.it\/de\/event\/tutto-il-turchese-del-lago-di-senaiga-con-elisa\/","title":{"rendered":"Tutto il turchese del Lago di Senaiga con Elisa"},"content":{"rendered":"<p>Mittlere bis niedrige Schwierigkeit, ca. 6 Stunden einschlie\u00dflich Pausen Ein Ausflug f\u00fcr jedermann, um dieses versteckte Juwel in der N\u00e4he von Lamon zu entdecken.Sonntag, 16. November \u2013 ALLES TURQUOISE DES SENAIGA-SEE mit ELISA Ausflug f\u00fcr alle, um dieses versteckte Juwel in der N\u00e4he von Lamon zu entdecken. Wir wandern auf  mittel-niedrigen H\u00f6henlagen, die f\u00fcr die Saison geeignet sind, \u00fcberwiegend entlang  bequemer und fahrbarer Forststra\u00dfen. Wir passieren sowohl den Staudamm, der  das Wasserbecken bildet, als auch eine beeindruckende H\u00e4ngebr\u00fccke. Zahlreiche  Interessenpunkte, sowohl aus historischer als auch aus landschaftlicher Sicht,  mit sch\u00f6nen Ausblicken auf die Feltriner Gipfel und den See. Picknick. L\u00e4nge und H\u00f6henunterschied: 11 km &#8211; 500 m Schwierigkeitsgrad und Dauer: MITTEL\/NIEDRIG &#8211; ca. 6 Stunden einschlie\u00dflich Pausen Kosten pro Person: \u20ac 25 bei min. 4 und max. 15 Teilnehmern Treffpunkt: 9.00 Uhr bei der Bar-Restaurant La Fenadora in Fonzaso<\/p>\n","protected":false},"excerpt":{"rendered":"<p>Mittlere bis niedrige Schwierigkeit, ca. 6 Stunden einschlie\u00dflich Pausen Ein Ausflug f\u00fcr jedermann, um dieses versteckte Juwel in der N\u00e4he von Lamon zu entdecken.Sonntag, 16. November \u2013 ALLES TURQUOISE DES<\/p>\n","protected":false},"author":0,"featured_media":0,"template":"","meta":{"_acf_changed":false,"inline_featured_image":false,"_tribe_events_status":"","_tribe_events_status_reason":"","footnotes":""},"tags":[259],"tribe_events_cat":[],"class_list":["post-90890","tribe_events","type-tribe_events","status-publish","hentry","tag-eventi-feratel"],"acf":[],"yoast_head":"<!-- This site is optimized with the Yoast SEO plugin v25.7 - https:\/\/yoast.com\/wordpress\/plugins\/seo\/ -->\n<title>Tutto il turchese del Lago di Senaiga con Elisa - Dolomiti Prealpi<\/title>\n<meta name=\"robots\" content=\"index, follow, max-snippet:-1, max-image-preview:large, max-video-preview:-1\" \/>\n<link rel=\"canonical\" href=\"https:\/\/www.dolomitiprealpi.it\/de\/event\/tutto-il-turchese-del-lago-di-senaiga-con-elisa\/\" \/>\n<meta property=\"og:locale\" content=\"de_DE\" \/>\n<meta property=\"og:type\" content=\"article\" \/>\n<meta property=\"og:title\" content=\"Tutto il turchese del Lago di Senaiga con Elisa - Dolomiti Prealpi\" \/>\n<meta property=\"og:description\" content=\"Mittlere bis niedrige Schwierigkeit, ca. 6 Stunden einschlie\u00dflich Pausen Ein Ausflug f\u00fcr jedermann, um dieses versteckte Juwel in der N\u00e4he von Lamon zu entdecken.Sonntag, 16. November \u2013 ALLES TURQUOISE DES\" \/>\n<meta property=\"og:url\" content=\"https:\/\/www.dolomitiprealpi.it\/de\/event\/tutto-il-turchese-del-lago-di-senaiga-con-elisa\/\" \/>\n<meta property=\"og:site_name\" content=\"Dolomiti Prealpi\" \/>\n<meta property=\"article:publisher\" content=\"https:\/\/www.facebook.com\/dolomitiprealpi.it\/\" \/>\n<meta property=\"article:modified_time\" content=\"2026-04-23T15:34:21+00:00\" \/>\n<meta property=\"og:image\" content=\"https:\/\/www.dolomitiprealpi.it\/wp-content\/uploads\/2022\/11\/C.-Timpone-Foto-archivio-Consorzio-turistico-Dolomiti-Prealpi-Nevegal-Belluno-Bike-18-2.jpg\" \/>\n\t<meta property=\"og:image:width\" content=\"2048\" \/>\n\t<meta property=\"og:image:height\" content=\"1888\" \/>\n\t<meta property=\"og:image:type\" content=\"image\/jpeg\" \/>\n<meta name=\"twitter:card\" content=\"summary_large_image\" \/>\n<meta name=\"twitter:label1\" content=\"Est. reading time\" \/>\n\t<meta name=\"twitter:data1\" content=\"1 minute\" \/>\n<script type=\"application\/ld+json\" class=\"yoast-schema-graph\">{\"@context\":\"https:\/\/schema.org\",\"@graph\":[{\"@type\":\"WebPage\",\"@id\":\"https:\/\/www.dolomitiprealpi.it\/de\/event\/tutto-il-turchese-del-lago-di-senaiga-con-elisa\/\",\"url\":\"https:\/\/www.dolomitiprealpi.it\/de\/event\/tutto-il-turchese-del-lago-di-senaiga-con-elisa\/\",\"name\":\"Tutto il turchese del Lago di Senaiga con Elisa - Dolomiti Prealpi\",\"isPartOf\":{\"@id\":\"https:\/\/www.dolomitiprealpi.it\/de\/#website\"},\"datePublished\":\"2026-04-17T10:46:38+00:00\",\"dateModified\":\"2026-04-23T15:34:21+00:00\",\"breadcrumb\":{\"@id\":\"https:\/\/www.dolomitiprealpi.it\/de\/event\/tutto-il-turchese-del-lago-di-senaiga-con-elisa\/#breadcrumb\"},\"inLanguage\":\"de-DE\",\"potentialAction\":[{\"@type\":\"ReadAction\",\"target\":[\"https:\/\/www.dolomitiprealpi.it\/de\/event\/tutto-il-turchese-del-lago-di-senaiga-con-elisa\/\"]}]},{\"@type\":\"BreadcrumbList\",\"@id\":\"https:\/\/www.dolomitiprealpi.it\/de\/event\/tutto-il-turchese-del-lago-di-senaiga-con-elisa\/#breadcrumb\",\"itemListElement\":[{\"@type\":\"ListItem\",\"position\":1,\"name\":\"Home\",\"item\":\"https:\/\/www.dolomitiprealpi.it\/de\/\"},{\"@type\":\"ListItem\",\"position\":2,\"name\":\"Veranstaltungen\",\"item\":\"https:\/\/www.dolomitiprealpi.it\/de\/events\/\"},{\"@type\":\"ListItem\",\"position\":3,\"name\":\"Tutto il turchese del Lago di Senaiga con Elisa\"}]},{\"@type\":\"WebSite\",\"@id\":\"https:\/\/www.dolomitiprealpi.it\/de\/#website\",\"url\":\"https:\/\/www.dolomitiprealpi.it\/de\/\",\"name\":\"Dolomiti Prealpi\",\"description\":\"\",\"publisher\":{\"@id\":\"https:\/\/www.dolomitiprealpi.it\/de\/#organization\"},\"potentialAction\":[{\"@type\":\"SearchAction\",\"target\":{\"@type\":\"EntryPoint\",\"urlTemplate\":\"https:\/\/www.dolomitiprealpi.it\/de\/?s={search_term_string}\"},\"query-input\":{\"@type\":\"PropertyValueSpecification\",\"valueRequired\":true,\"valueName\":\"search_term_string\"}}],\"inLanguage\":\"de-DE\"},{\"@type\":\"Organization\",\"@id\":\"https:\/\/www.dolomitiprealpi.it\/de\/#organization\",\"name\":\"Consorzio Dolomiti Prealpi\",\"url\":\"https:\/\/www.dolomitiprealpi.it\/de\/\",\"logo\":{\"@type\":\"ImageObject\",\"inLanguage\":\"de-DE\",\"@id\":\"https:\/\/www.dolomitiprealpi.it\/de\/#\/schema\/logo\/image\/\",\"url\":\"https:\/\/www.dolomitiprealpi.it\/wp-content\/uploads\/2023\/03\/dolomitiprealpi-favicon.jpg\",\"contentUrl\":\"https:\/\/www.dolomitiprealpi.it\/wp-content\/uploads\/2023\/03\/dolomitiprealpi-favicon.jpg\",\"width\":512,\"height\":512,\"caption\":\"Consorzio Dolomiti Prealpi\"},\"image\":{\"@id\":\"https:\/\/www.dolomitiprealpi.it\/de\/#\/schema\/logo\/image\/\"},\"sameAs\":[\"https:\/\/www.facebook.com\/dolomitiprealpi.it\/\",\"https:\/\/www.instagram.com\/dolomitiprealpi\/\"]}]}<\/script>\n<!-- \/ Yoast SEO plugin. -->","yoast_head_json":{"title":"Tutto il turchese del Lago di Senaiga con Elisa - Dolomiti Prealpi","robots":{"index":"index","follow":"follow","max-snippet":"max-snippet:-1","max-image-preview":"max-image-preview:large","max-video-preview":"max-video-preview:-1"},"canonical":"https:\/\/www.dolomitiprealpi.it\/de\/event\/tutto-il-turchese-del-lago-di-senaiga-con-elisa\/","og_locale":"de_DE","og_type":"article","og_title":"Tutto il turchese del Lago di Senaiga con Elisa - Dolomiti Prealpi","og_description":"Mittlere bis niedrige Schwierigkeit, ca. 6 Stunden einschlie\u00dflich Pausen Ein Ausflug f\u00fcr jedermann, um dieses versteckte Juwel in der N\u00e4he von Lamon zu entdecken.Sonntag, 16. November \u2013 ALLES TURQUOISE DES","og_url":"https:\/\/www.dolomitiprealpi.it\/de\/event\/tutto-il-turchese-del-lago-di-senaiga-con-elisa\/","og_site_name":"Dolomiti Prealpi","article_publisher":"https:\/\/www.facebook.com\/dolomitiprealpi.it\/","article_modified_time":"2026-04-23T15:34:21+00:00","og_image":[{"width":2048,"height":1888,"url":"https:\/\/www.dolomitiprealpi.it\/wp-content\/uploads\/2022\/11\/C.-Timpone-Foto-archivio-Consorzio-turistico-Dolomiti-Prealpi-Nevegal-Belluno-Bike-18-2.jpg","type":"image\/jpeg"}],"twitter_card":"summary_large_image","twitter_misc":{"Est. reading time":"1 minute"},"schema":{"@context":"https:\/\/schema.org","@graph":[{"@type":"WebPage","@id":"https:\/\/www.dolomitiprealpi.it\/de\/event\/tutto-il-turchese-del-lago-di-senaiga-con-elisa\/","url":"https:\/\/www.dolomitiprealpi.it\/de\/event\/tutto-il-turchese-del-lago-di-senaiga-con-elisa\/","name":"Tutto il turchese del Lago di Senaiga con Elisa - Dolomiti Prealpi","isPartOf":{"@id":"https:\/\/www.dolomitiprealpi.it\/de\/#website"},"datePublished":"2026-04-17T10:46:38+00:00","dateModified":"2026-04-23T15:34:21+00:00","breadcrumb":{"@id":"https:\/\/www.dolomitiprealpi.it\/de\/event\/tutto-il-turchese-del-lago-di-senaiga-con-elisa\/#breadcrumb"},"inLanguage":"de-DE","potentialAction":[{"@type":"ReadAction","target":["https:\/\/www.dolomitiprealpi.it\/de\/event\/tutto-il-turchese-del-lago-di-senaiga-con-elisa\/"]}]},{"@type":"BreadcrumbList","@id":"https:\/\/www.dolomitiprealpi.it\/de\/event\/tutto-il-turchese-del-lago-di-senaiga-con-elisa\/#breadcrumb","itemListElement":[{"@type":"ListItem","position":1,"name":"Home","item":"https:\/\/www.dolomitiprealpi.it\/de\/"},{"@type":"ListItem","position":2,"name":"Veranstaltungen","item":"https:\/\/www.dolomitiprealpi.it\/de\/events\/"},{"@type":"ListItem","position":3,"name":"Tutto il turchese del Lago di Senaiga con Elisa"}]},{"@type":"WebSite","@id":"https:\/\/www.dolomitiprealpi.it\/de\/#website","url":"https:\/\/www.dolomitiprealpi.it\/de\/","name":"Dolomiti Prealpi","description":"","publisher":{"@id":"https:\/\/www.dolomitiprealpi.it\/de\/#organization"},"potentialAction":[{"@type":"SearchAction","target":{"@type":"EntryPoint","urlTemplate":"https:\/\/www.dolomitiprealpi.it\/de\/?s={search_term_string}"},"query-input":{"@type":"PropertyValueSpecification","valueRequired":true,"valueName":"search_term_string"}}],"inLanguage":"de-DE"},{"@type":"Organization","@id":"https:\/\/www.dolomitiprealpi.it\/de\/#organization","name":"Consorzio Dolomiti Prealpi","url":"https:\/\/www.dolomitiprealpi.it\/de\/","logo":{"@type":"ImageObject","inLanguage":"de-DE","@id":"https:\/\/www.dolomitiprealpi.it\/de\/#\/schema\/logo\/image\/","url":"https:\/\/www.dolomitiprealpi.it\/wp-content\/uploads\/2023\/03\/dolomitiprealpi-favicon.jpg","contentUrl":"https:\/\/www.dolomitiprealpi.it\/wp-content\/uploads\/2023\/03\/dolomitiprealpi-favicon.jpg","width":512,"height":512,"caption":"Consorzio Dolomiti Prealpi"},"image":{"@id":"https:\/\/www.dolomitiprealpi.it\/de\/#\/schema\/logo\/image\/"},"sameAs":["https:\/\/www.facebook.com\/dolomitiprealpi.it\/","https:\/\/www.instagram.com\/dolomitiprealpi\/"]}]}},"_links":{"self":[{"href":"https:\/\/www.dolomitiprealpi.it\/de\/wp-json\/wp\/v2\/tribe_events\/90890","targetHints":{"allow":["GET"]}}],"collection":[{"href":"https:\/\/www.dolomitiprealpi.it\/de\/wp-json\/wp\/v2\/tribe_events"}],"about":[{"href":"https:\/\/www.dolomitiprealpi.it\/de\/wp-json\/wp\/v2\/types\/tribe_events"}],"version-history":[{"count":1,"href":"https:\/\/www.dolomitiprealpi.it\/de\/wp-json\/wp\/v2\/tribe_events\/90890\/revisions"}],"predecessor-version":[{"id":92054,"href":"https:\/\/www.dolomitiprealpi.it\/de\/wp-json\/wp\/v2\/tribe_events\/90890\/revisions\/92054"}],"wp:attachment":[{"href":"https:\/\/www.dolomitiprealpi.it\/de\/wp-json\/wp\/v2\/media?parent=90890"}],"wp:term":[{"taxonomy":"post_tag","embeddable":true,"href":"https:\/\/www.dolomitiprealpi.it\/de\/wp-json\/wp\/v2\/tags?post=90890"},{"taxonomy":"tribe_events_cat","embeddable":true,"href":"https:\/\/www.dolomitiprealpi.it\/de\/wp-json\/wp\/v2\/tribe_events_cat?post=90890"}],"curies":[{"name":"wp","href":"https:\/\/api.w.org\/{rel}","templated":true}]}}