{"id":90741,"date":"2026-04-17T12:40:40","date_gmt":"2026-04-17T10:40:40","guid":{"rendered":"https:\/\/www.dolomitiprealpi.it\/event\/belluno-youth-map-scopriamo-la-citta-attraverso-gli-occhi-dei-giovani\/"},"modified":"2026-04-23T17:29:04","modified_gmt":"2026-04-23T15:29:04","slug":"belluno-youth-map-scopriamo-la-citta-attraverso-gli-occhi-dei-giovani","status":"publish","type":"tribe_events","link":"https:\/\/www.dolomitiprealpi.it\/de\/event\/belluno-youth-map-scopriamo-la-citta-attraverso-gli-occhi-dei-giovani\/","title":{"rendered":"Belluno Youth Map: scopriamo la citt\u00e0 attraverso gli occhi dei giovani"},"content":{"rendered":"<p>Visuelle Erz\u00e4hlung<\/p>\n<p>Am Mittwoch, den 17. Dezember, findet &#8220;<b>Belluno Youth Map: entdecken wir die Stadt durch die Augen der Jugend<\/b>&#8221; statt, eine visuelle Erz\u00e4hlung \u00fcber bedeutende Orte f\u00fcr die Jugendlichen von Belluno, kuratiert von der Universit\u00e4t von Padua \u2013 Abteilung f\u00fcr Philosophie, Soziologie, Erziehung und Angewandte Psychologie FISPPA und dem Verein B\u00fcrger f\u00fcr die Wiederherstellung der Schule Gabelli sowie mit der Schirmherrschaft der Stadtgemeinde Belluno. <\/p>\n<p> Begr\u00fc\u00dfung und Einf\u00fchrung durch: Sara Serbati, Andrea Petrella, Gaia Burlon &#8211; Universit\u00e4t Padua. P<br \/>r\u00e4sentation der Belluno Youth Map: M\u00e4dchen und Jungen enth\u00fcllen ihre interaktive Karte der am h\u00e4ufigsten besuchten und geliebten Orte in der Stadt, mit Ideen zu deren Verbesserung.<\/p>\n<p><u>Veranstaltung kostenlos und f\u00fcr alle zug\u00e4nglich.<\/u> F\u00fcr Informationen: sara.serbati@unipd.it<\/p>\n","protected":false},"excerpt":{"rendered":"<p>Visuelle Erz\u00e4hlung Am Mittwoch, den 17. Dezember, findet &#8220;Belluno Youth Map: entdecken wir die Stadt durch die Augen der Jugend&#8221; statt, eine visuelle Erz\u00e4hlung \u00fcber bedeutende Orte f\u00fcr die Jugendlichen<\/p>\n","protected":false},"author":0,"featured_media":0,"template":"","meta":{"_acf_changed":false,"inline_featured_image":false,"_tribe_events_status":"","_tribe_events_status_reason":"","footnotes":""},"tags":[259],"tribe_events_cat":[],"class_list":["post-90741","tribe_events","type-tribe_events","status-publish","hentry","tag-eventi-feratel"],"acf":[],"yoast_head":"<!-- This site is optimized with the Yoast SEO plugin v25.7 - https:\/\/yoast.com\/wordpress\/plugins\/seo\/ -->\n<title>Belluno Youth Map: scopriamo la citt\u00e0 attraverso gli occhi dei giovani - Dolomiti Prealpi<\/title>\n<meta name=\"robots\" content=\"index, follow, max-snippet:-1, max-image-preview:large, max-video-preview:-1\" \/>\n<link rel=\"canonical\" href=\"https:\/\/www.dolomitiprealpi.it\/de\/event\/belluno-youth-map-scopriamo-la-citta-attraverso-gli-occhi-dei-giovani\/\" \/>\n<meta property=\"og:locale\" content=\"de_DE\" \/>\n<meta property=\"og:type\" content=\"article\" \/>\n<meta property=\"og:title\" content=\"Belluno Youth Map: scopriamo la citt\u00e0 attraverso gli occhi dei giovani - Dolomiti Prealpi\" \/>\n<meta property=\"og:description\" content=\"Visuelle Erz\u00e4hlung Am Mittwoch, den 17. Dezember, findet &#8220;Belluno Youth Map: entdecken wir die Stadt durch die Augen der Jugend&#8221; statt, eine visuelle Erz\u00e4hlung \u00fcber bedeutende Orte f\u00fcr die Jugendlichen\" \/>\n<meta property=\"og:url\" content=\"https:\/\/www.dolomitiprealpi.it\/de\/event\/belluno-youth-map-scopriamo-la-citta-attraverso-gli-occhi-dei-giovani\/\" \/>\n<meta property=\"og:site_name\" content=\"Dolomiti Prealpi\" \/>\n<meta property=\"article:publisher\" content=\"https:\/\/www.facebook.com\/dolomitiprealpi.it\/\" \/>\n<meta property=\"article:modified_time\" content=\"2026-04-23T15:29:04+00:00\" \/>\n<meta property=\"og:image\" content=\"https:\/\/www.dolomitiprealpi.it\/wp-content\/uploads\/2022\/11\/C.-Timpone-Foto-archivio-Consorzio-turistico-Dolomiti-Prealpi-Nevegal-Belluno-Bike-18-2.jpg\" \/>\n\t<meta property=\"og:image:width\" content=\"2048\" \/>\n\t<meta property=\"og:image:height\" content=\"1888\" \/>\n\t<meta property=\"og:image:type\" content=\"image\/jpeg\" \/>\n<meta name=\"twitter:card\" content=\"summary_large_image\" \/>\n<meta name=\"twitter:label1\" content=\"Est. reading time\" \/>\n\t<meta name=\"twitter:data1\" content=\"1 minute\" \/>\n<script type=\"application\/ld+json\" class=\"yoast-schema-graph\">{\"@context\":\"https:\/\/schema.org\",\"@graph\":[{\"@type\":\"WebPage\",\"@id\":\"https:\/\/www.dolomitiprealpi.it\/de\/event\/belluno-youth-map-scopriamo-la-citta-attraverso-gli-occhi-dei-giovani\/\",\"url\":\"https:\/\/www.dolomitiprealpi.it\/de\/event\/belluno-youth-map-scopriamo-la-citta-attraverso-gli-occhi-dei-giovani\/\",\"name\":\"Belluno Youth Map: scopriamo la citt\u00e0 attraverso gli occhi dei giovani - Dolomiti Prealpi\",\"isPartOf\":{\"@id\":\"https:\/\/www.dolomitiprealpi.it\/de\/#website\"},\"datePublished\":\"2026-04-17T10:40:40+00:00\",\"dateModified\":\"2026-04-23T15:29:04+00:00\",\"breadcrumb\":{\"@id\":\"https:\/\/www.dolomitiprealpi.it\/de\/event\/belluno-youth-map-scopriamo-la-citta-attraverso-gli-occhi-dei-giovani\/#breadcrumb\"},\"inLanguage\":\"de-DE\",\"potentialAction\":[{\"@type\":\"ReadAction\",\"target\":[\"https:\/\/www.dolomitiprealpi.it\/de\/event\/belluno-youth-map-scopriamo-la-citta-attraverso-gli-occhi-dei-giovani\/\"]}]},{\"@type\":\"BreadcrumbList\",\"@id\":\"https:\/\/www.dolomitiprealpi.it\/de\/event\/belluno-youth-map-scopriamo-la-citta-attraverso-gli-occhi-dei-giovani\/#breadcrumb\",\"itemListElement\":[{\"@type\":\"ListItem\",\"position\":1,\"name\":\"Home\",\"item\":\"https:\/\/www.dolomitiprealpi.it\/de\/\"},{\"@type\":\"ListItem\",\"position\":2,\"name\":\"Veranstaltungen\",\"item\":\"https:\/\/www.dolomitiprealpi.it\/de\/events\/\"},{\"@type\":\"ListItem\",\"position\":3,\"name\":\"Belluno Youth Map: scopriamo la citt\u00e0 attraverso gli occhi dei giovani\"}]},{\"@type\":\"WebSite\",\"@id\":\"https:\/\/www.dolomitiprealpi.it\/de\/#website\",\"url\":\"https:\/\/www.dolomitiprealpi.it\/de\/\",\"name\":\"Dolomiti Prealpi\",\"description\":\"\",\"publisher\":{\"@id\":\"https:\/\/www.dolomitiprealpi.it\/de\/#organization\"},\"potentialAction\":[{\"@type\":\"SearchAction\",\"target\":{\"@type\":\"EntryPoint\",\"urlTemplate\":\"https:\/\/www.dolomitiprealpi.it\/de\/?s={search_term_string}\"},\"query-input\":{\"@type\":\"PropertyValueSpecification\",\"valueRequired\":true,\"valueName\":\"search_term_string\"}}],\"inLanguage\":\"de-DE\"},{\"@type\":\"Organization\",\"@id\":\"https:\/\/www.dolomitiprealpi.it\/de\/#organization\",\"name\":\"Consorzio Dolomiti Prealpi\",\"url\":\"https:\/\/www.dolomitiprealpi.it\/de\/\",\"logo\":{\"@type\":\"ImageObject\",\"inLanguage\":\"de-DE\",\"@id\":\"https:\/\/www.dolomitiprealpi.it\/de\/#\/schema\/logo\/image\/\",\"url\":\"https:\/\/www.dolomitiprealpi.it\/wp-content\/uploads\/2023\/03\/dolomitiprealpi-favicon.jpg\",\"contentUrl\":\"https:\/\/www.dolomitiprealpi.it\/wp-content\/uploads\/2023\/03\/dolomitiprealpi-favicon.jpg\",\"width\":512,\"height\":512,\"caption\":\"Consorzio Dolomiti Prealpi\"},\"image\":{\"@id\":\"https:\/\/www.dolomitiprealpi.it\/de\/#\/schema\/logo\/image\/\"},\"sameAs\":[\"https:\/\/www.facebook.com\/dolomitiprealpi.it\/\",\"https:\/\/www.instagram.com\/dolomitiprealpi\/\"]}]}<\/script>\n<!-- \/ Yoast SEO plugin. -->","yoast_head_json":{"title":"Belluno Youth Map: scopriamo la citt\u00e0 attraverso gli occhi dei giovani - Dolomiti Prealpi","robots":{"index":"index","follow":"follow","max-snippet":"max-snippet:-1","max-image-preview":"max-image-preview:large","max-video-preview":"max-video-preview:-1"},"canonical":"https:\/\/www.dolomitiprealpi.it\/de\/event\/belluno-youth-map-scopriamo-la-citta-attraverso-gli-occhi-dei-giovani\/","og_locale":"de_DE","og_type":"article","og_title":"Belluno Youth Map: scopriamo la citt\u00e0 attraverso gli occhi dei giovani - Dolomiti Prealpi","og_description":"Visuelle Erz\u00e4hlung Am Mittwoch, den 17. Dezember, findet &#8220;Belluno Youth Map: entdecken wir die Stadt durch die Augen der Jugend&#8221; statt, eine visuelle Erz\u00e4hlung \u00fcber bedeutende Orte f\u00fcr die Jugendlichen","og_url":"https:\/\/www.dolomitiprealpi.it\/de\/event\/belluno-youth-map-scopriamo-la-citta-attraverso-gli-occhi-dei-giovani\/","og_site_name":"Dolomiti Prealpi","article_publisher":"https:\/\/www.facebook.com\/dolomitiprealpi.it\/","article_modified_time":"2026-04-23T15:29:04+00:00","og_image":[{"width":2048,"height":1888,"url":"https:\/\/www.dolomitiprealpi.it\/wp-content\/uploads\/2022\/11\/C.-Timpone-Foto-archivio-Consorzio-turistico-Dolomiti-Prealpi-Nevegal-Belluno-Bike-18-2.jpg","type":"image\/jpeg"}],"twitter_card":"summary_large_image","twitter_misc":{"Est. reading time":"1 minute"},"schema":{"@context":"https:\/\/schema.org","@graph":[{"@type":"WebPage","@id":"https:\/\/www.dolomitiprealpi.it\/de\/event\/belluno-youth-map-scopriamo-la-citta-attraverso-gli-occhi-dei-giovani\/","url":"https:\/\/www.dolomitiprealpi.it\/de\/event\/belluno-youth-map-scopriamo-la-citta-attraverso-gli-occhi-dei-giovani\/","name":"Belluno Youth Map: scopriamo la citt\u00e0 attraverso gli occhi dei giovani - Dolomiti Prealpi","isPartOf":{"@id":"https:\/\/www.dolomitiprealpi.it\/de\/#website"},"datePublished":"2026-04-17T10:40:40+00:00","dateModified":"2026-04-23T15:29:04+00:00","breadcrumb":{"@id":"https:\/\/www.dolomitiprealpi.it\/de\/event\/belluno-youth-map-scopriamo-la-citta-attraverso-gli-occhi-dei-giovani\/#breadcrumb"},"inLanguage":"de-DE","potentialAction":[{"@type":"ReadAction","target":["https:\/\/www.dolomitiprealpi.it\/de\/event\/belluno-youth-map-scopriamo-la-citta-attraverso-gli-occhi-dei-giovani\/"]}]},{"@type":"BreadcrumbList","@id":"https:\/\/www.dolomitiprealpi.it\/de\/event\/belluno-youth-map-scopriamo-la-citta-attraverso-gli-occhi-dei-giovani\/#breadcrumb","itemListElement":[{"@type":"ListItem","position":1,"name":"Home","item":"https:\/\/www.dolomitiprealpi.it\/de\/"},{"@type":"ListItem","position":2,"name":"Veranstaltungen","item":"https:\/\/www.dolomitiprealpi.it\/de\/events\/"},{"@type":"ListItem","position":3,"name":"Belluno Youth Map: scopriamo la citt\u00e0 attraverso gli occhi dei giovani"}]},{"@type":"WebSite","@id":"https:\/\/www.dolomitiprealpi.it\/de\/#website","url":"https:\/\/www.dolomitiprealpi.it\/de\/","name":"Dolomiti Prealpi","description":"","publisher":{"@id":"https:\/\/www.dolomitiprealpi.it\/de\/#organization"},"potentialAction":[{"@type":"SearchAction","target":{"@type":"EntryPoint","urlTemplate":"https:\/\/www.dolomitiprealpi.it\/de\/?s={search_term_string}"},"query-input":{"@type":"PropertyValueSpecification","valueRequired":true,"valueName":"search_term_string"}}],"inLanguage":"de-DE"},{"@type":"Organization","@id":"https:\/\/www.dolomitiprealpi.it\/de\/#organization","name":"Consorzio Dolomiti Prealpi","url":"https:\/\/www.dolomitiprealpi.it\/de\/","logo":{"@type":"ImageObject","inLanguage":"de-DE","@id":"https:\/\/www.dolomitiprealpi.it\/de\/#\/schema\/logo\/image\/","url":"https:\/\/www.dolomitiprealpi.it\/wp-content\/uploads\/2023\/03\/dolomitiprealpi-favicon.jpg","contentUrl":"https:\/\/www.dolomitiprealpi.it\/wp-content\/uploads\/2023\/03\/dolomitiprealpi-favicon.jpg","width":512,"height":512,"caption":"Consorzio Dolomiti Prealpi"},"image":{"@id":"https:\/\/www.dolomitiprealpi.it\/de\/#\/schema\/logo\/image\/"},"sameAs":["https:\/\/www.facebook.com\/dolomitiprealpi.it\/","https:\/\/www.instagram.com\/dolomitiprealpi\/"]}]}},"_links":{"self":[{"href":"https:\/\/www.dolomitiprealpi.it\/de\/wp-json\/wp\/v2\/tribe_events\/90741","targetHints":{"allow":["GET"]}}],"collection":[{"href":"https:\/\/www.dolomitiprealpi.it\/de\/wp-json\/wp\/v2\/tribe_events"}],"about":[{"href":"https:\/\/www.dolomitiprealpi.it\/de\/wp-json\/wp\/v2\/types\/tribe_events"}],"version-history":[{"count":1,"href":"https:\/\/www.dolomitiprealpi.it\/de\/wp-json\/wp\/v2\/tribe_events\/90741\/revisions"}],"predecessor-version":[{"id":91953,"href":"https:\/\/www.dolomitiprealpi.it\/de\/wp-json\/wp\/v2\/tribe_events\/90741\/revisions\/91953"}],"wp:attachment":[{"href":"https:\/\/www.dolomitiprealpi.it\/de\/wp-json\/wp\/v2\/media?parent=90741"}],"wp:term":[{"taxonomy":"post_tag","embeddable":true,"href":"https:\/\/www.dolomitiprealpi.it\/de\/wp-json\/wp\/v2\/tags?post=90741"},{"taxonomy":"tribe_events_cat","embeddable":true,"href":"https:\/\/www.dolomitiprealpi.it\/de\/wp-json\/wp\/v2\/tribe_events_cat?post=90741"}],"curies":[{"name":"wp","href":"https:\/\/api.w.org\/{rel}","templated":true}]}}