{"id":90550,"date":"2026-04-17T13:33:44","date_gmt":"2026-04-17T11:33:44","guid":{"rendered":"https:\/\/www.dolomitiprealpi.it\/event\/la-creazione-di-maria-antonia-fedon\/"},"modified":"2026-04-23T18:17:57","modified_gmt":"2026-04-23T16:17:57","slug":"la-creazione-di-maria-antonia-fedon","status":"publish","type":"tribe_events","link":"https:\/\/www.dolomitiprealpi.it\/de\/event\/la-creazione-di-maria-antonia-fedon\/","title":{"rendered":"&#8220;La Creazione&#8221; di Maria Antonia Fedon"},"content":{"rendered":"<p>Einweihung des installierten Werks<\/p>\n<p>Am Freitag, den 7. November, findet die Er\u00f6ffnungsveranstaltung des Werks &#8220;<b>Die Sch\u00f6pfung<\/b>&#8221; statt, gespendet von Maria Antonia Fedon f\u00fcr das Teatro Comunale Dino Buzzati, genau im Eingangsfoyer.<\/p>\n<p>Das Werk, das aus drei Teilen mit einer Gesamtgr\u00f6\u00dfe von 75\u00d7280 cm besteht, wurde 1995\/1996 mit \u00d6lfarbe gemalt und ist inspiriert von der Lekt\u00fcre der gleichnamigen Erz\u00e4hlung des bellunischen Schriftstellers Dino Buzzati. In diesen Jahren \u00fcberarbeitete Maria Antonia Fedon alle literarischen Werke von Buzzati in malerischer und traumhafter Weise und schuf daraus 19 \u00d6lgem\u00e4lde, inspiriert von ausgew\u00e4hlten Passagen aus den Romanen und Erz\u00e4hlungen des bellunischen Schriftstellers.<br \/>Die Einf\u00fchrung in das Werk und die k\u00fcnstlerische Pers\u00f6nlichkeit von Maria Antonia Fedon wird der bekannte Kritiker <b>Erminio Mazzucco<\/b> \u00fcbernehmen.<\/p>\n<p>Nach der Er\u00f6ffnung verlagert sich die Veranstaltung in den nahegelegenen Palazzo Crepadona, wo ein kurzes Konzert stattfinden wird, mit dem Gast <b>Duo Synaulia<\/b>, bestehend aus <b>Raffaella De Col Tana<\/b> Fl\u00f6te und <b>Elisabetta Marino<\/b> Harfe, die Musik von <i>Bernard Andr\u00e8s, Claude Debussy, Marcel Granjany, Jaques Ibert<\/i> darbieten. Der Ort des Konzerts ist nicht zuf\u00e4llig, denn 1996 wurde im Palazzo Crepadona die gesamte Sammlung, die Buzzati gewidmet ist, der \u00d6ffentlichkeit und der Kritik in der gro\u00dfen Einzelausstellung \u201c<b><i>Maria Antonia Fedon. Literarische Werke von Dino Buzzati neu interpretiert in malerischer und traumhafter Weise<\/i>\u201d<\/b> vorgestellt, die im selben Jahr mit gro\u00dfem Erfolg in <b>Ischia<\/b> (NA), Palazzo dell\u2019Orologio, wiederholt wurde.<\/p>\n<p><\/p>\n","protected":false},"excerpt":{"rendered":"<p>Einweihung des installierten Werks Am Freitag, den 7. November, findet die Er\u00f6ffnungsveranstaltung des Werks &#8220;Die Sch\u00f6pfung&#8221; statt, gespendet von Maria Antonia Fedon f\u00fcr das Teatro Comunale Dino Buzzati, genau im<\/p>\n","protected":false},"author":0,"featured_media":0,"template":"","meta":{"_acf_changed":false,"inline_featured_image":false,"_tribe_events_status":"","_tribe_events_status_reason":"","footnotes":""},"tags":[259],"tribe_events_cat":[],"class_list":["post-90550","tribe_events","type-tribe_events","status-publish","hentry","tag-eventi-feratel"],"acf":[],"yoast_head":"<!-- This site is optimized with the Yoast SEO plugin v25.7 - https:\/\/yoast.com\/wordpress\/plugins\/seo\/ -->\n<title>&quot;La Creazione&quot; di Maria Antonia Fedon - Dolomiti Prealpi<\/title>\n<meta name=\"robots\" content=\"index, follow, max-snippet:-1, max-image-preview:large, max-video-preview:-1\" \/>\n<link rel=\"canonical\" href=\"https:\/\/www.dolomitiprealpi.it\/de\/event\/la-creazione-di-maria-antonia-fedon\/\" \/>\n<meta property=\"og:locale\" content=\"de_DE\" \/>\n<meta property=\"og:type\" content=\"article\" \/>\n<meta property=\"og:title\" content=\"&quot;La Creazione&quot; di Maria Antonia Fedon - Dolomiti Prealpi\" \/>\n<meta property=\"og:description\" content=\"Einweihung des installierten Werks Am Freitag, den 7. November, findet die Er\u00f6ffnungsveranstaltung des Werks &#8220;Die Sch\u00f6pfung&#8221; statt, gespendet von Maria Antonia Fedon f\u00fcr das Teatro Comunale Dino Buzzati, genau im\" \/>\n<meta property=\"og:url\" content=\"https:\/\/www.dolomitiprealpi.it\/de\/event\/la-creazione-di-maria-antonia-fedon\/\" \/>\n<meta property=\"og:site_name\" content=\"Dolomiti Prealpi\" \/>\n<meta property=\"article:publisher\" content=\"https:\/\/www.facebook.com\/dolomitiprealpi.it\/\" \/>\n<meta property=\"article:modified_time\" content=\"2026-04-23T16:17:57+00:00\" \/>\n<meta property=\"og:image\" content=\"https:\/\/www.dolomitiprealpi.it\/wp-content\/uploads\/2022\/11\/C.-Timpone-Foto-archivio-Consorzio-turistico-Dolomiti-Prealpi-Nevegal-Belluno-Bike-18-2.jpg\" \/>\n\t<meta property=\"og:image:width\" content=\"2048\" \/>\n\t<meta property=\"og:image:height\" content=\"1888\" \/>\n\t<meta property=\"og:image:type\" content=\"image\/jpeg\" \/>\n<meta name=\"twitter:card\" content=\"summary_large_image\" \/>\n<meta name=\"twitter:label1\" content=\"Est. reading time\" \/>\n\t<meta name=\"twitter:data1\" content=\"1 minute\" \/>\n<script type=\"application\/ld+json\" class=\"yoast-schema-graph\">{\"@context\":\"https:\/\/schema.org\",\"@graph\":[{\"@type\":\"WebPage\",\"@id\":\"https:\/\/www.dolomitiprealpi.it\/de\/event\/la-creazione-di-maria-antonia-fedon\/\",\"url\":\"https:\/\/www.dolomitiprealpi.it\/de\/event\/la-creazione-di-maria-antonia-fedon\/\",\"name\":\"\\\"La Creazione\\\" di Maria Antonia Fedon - Dolomiti Prealpi\",\"isPartOf\":{\"@id\":\"https:\/\/www.dolomitiprealpi.it\/de\/#website\"},\"datePublished\":\"2026-04-17T11:33:44+00:00\",\"dateModified\":\"2026-04-23T16:17:57+00:00\",\"breadcrumb\":{\"@id\":\"https:\/\/www.dolomitiprealpi.it\/de\/event\/la-creazione-di-maria-antonia-fedon\/#breadcrumb\"},\"inLanguage\":\"de-DE\",\"potentialAction\":[{\"@type\":\"ReadAction\",\"target\":[\"https:\/\/www.dolomitiprealpi.it\/de\/event\/la-creazione-di-maria-antonia-fedon\/\"]}]},{\"@type\":\"BreadcrumbList\",\"@id\":\"https:\/\/www.dolomitiprealpi.it\/de\/event\/la-creazione-di-maria-antonia-fedon\/#breadcrumb\",\"itemListElement\":[{\"@type\":\"ListItem\",\"position\":1,\"name\":\"Home\",\"item\":\"https:\/\/www.dolomitiprealpi.it\/de\/\"},{\"@type\":\"ListItem\",\"position\":2,\"name\":\"Veranstaltungen\",\"item\":\"https:\/\/www.dolomitiprealpi.it\/de\/events\/\"},{\"@type\":\"ListItem\",\"position\":3,\"name\":\"&#8220;La Creazione&#8221; di Maria Antonia Fedon\"}]},{\"@type\":\"WebSite\",\"@id\":\"https:\/\/www.dolomitiprealpi.it\/de\/#website\",\"url\":\"https:\/\/www.dolomitiprealpi.it\/de\/\",\"name\":\"Dolomiti Prealpi\",\"description\":\"\",\"publisher\":{\"@id\":\"https:\/\/www.dolomitiprealpi.it\/de\/#organization\"},\"potentialAction\":[{\"@type\":\"SearchAction\",\"target\":{\"@type\":\"EntryPoint\",\"urlTemplate\":\"https:\/\/www.dolomitiprealpi.it\/de\/?s={search_term_string}\"},\"query-input\":{\"@type\":\"PropertyValueSpecification\",\"valueRequired\":true,\"valueName\":\"search_term_string\"}}],\"inLanguage\":\"de-DE\"},{\"@type\":\"Organization\",\"@id\":\"https:\/\/www.dolomitiprealpi.it\/de\/#organization\",\"name\":\"Consorzio Dolomiti Prealpi\",\"url\":\"https:\/\/www.dolomitiprealpi.it\/de\/\",\"logo\":{\"@type\":\"ImageObject\",\"inLanguage\":\"de-DE\",\"@id\":\"https:\/\/www.dolomitiprealpi.it\/de\/#\/schema\/logo\/image\/\",\"url\":\"https:\/\/www.dolomitiprealpi.it\/wp-content\/uploads\/2023\/03\/dolomitiprealpi-favicon.jpg\",\"contentUrl\":\"https:\/\/www.dolomitiprealpi.it\/wp-content\/uploads\/2023\/03\/dolomitiprealpi-favicon.jpg\",\"width\":512,\"height\":512,\"caption\":\"Consorzio Dolomiti Prealpi\"},\"image\":{\"@id\":\"https:\/\/www.dolomitiprealpi.it\/de\/#\/schema\/logo\/image\/\"},\"sameAs\":[\"https:\/\/www.facebook.com\/dolomitiprealpi.it\/\",\"https:\/\/www.instagram.com\/dolomitiprealpi\/\"]}]}<\/script>\n<!-- \/ Yoast SEO plugin. -->","yoast_head_json":{"title":"\"La Creazione\" di Maria Antonia Fedon - Dolomiti Prealpi","robots":{"index":"index","follow":"follow","max-snippet":"max-snippet:-1","max-image-preview":"max-image-preview:large","max-video-preview":"max-video-preview:-1"},"canonical":"https:\/\/www.dolomitiprealpi.it\/de\/event\/la-creazione-di-maria-antonia-fedon\/","og_locale":"de_DE","og_type":"article","og_title":"\"La Creazione\" di Maria Antonia Fedon - Dolomiti Prealpi","og_description":"Einweihung des installierten Werks Am Freitag, den 7. November, findet die Er\u00f6ffnungsveranstaltung des Werks &#8220;Die Sch\u00f6pfung&#8221; statt, gespendet von Maria Antonia Fedon f\u00fcr das Teatro Comunale Dino Buzzati, genau im","og_url":"https:\/\/www.dolomitiprealpi.it\/de\/event\/la-creazione-di-maria-antonia-fedon\/","og_site_name":"Dolomiti Prealpi","article_publisher":"https:\/\/www.facebook.com\/dolomitiprealpi.it\/","article_modified_time":"2026-04-23T16:17:57+00:00","og_image":[{"width":2048,"height":1888,"url":"https:\/\/www.dolomitiprealpi.it\/wp-content\/uploads\/2022\/11\/C.-Timpone-Foto-archivio-Consorzio-turistico-Dolomiti-Prealpi-Nevegal-Belluno-Bike-18-2.jpg","type":"image\/jpeg"}],"twitter_card":"summary_large_image","twitter_misc":{"Est. reading time":"1 minute"},"schema":{"@context":"https:\/\/schema.org","@graph":[{"@type":"WebPage","@id":"https:\/\/www.dolomitiprealpi.it\/de\/event\/la-creazione-di-maria-antonia-fedon\/","url":"https:\/\/www.dolomitiprealpi.it\/de\/event\/la-creazione-di-maria-antonia-fedon\/","name":"\"La Creazione\" di Maria Antonia Fedon - Dolomiti Prealpi","isPartOf":{"@id":"https:\/\/www.dolomitiprealpi.it\/de\/#website"},"datePublished":"2026-04-17T11:33:44+00:00","dateModified":"2026-04-23T16:17:57+00:00","breadcrumb":{"@id":"https:\/\/www.dolomitiprealpi.it\/de\/event\/la-creazione-di-maria-antonia-fedon\/#breadcrumb"},"inLanguage":"de-DE","potentialAction":[{"@type":"ReadAction","target":["https:\/\/www.dolomitiprealpi.it\/de\/event\/la-creazione-di-maria-antonia-fedon\/"]}]},{"@type":"BreadcrumbList","@id":"https:\/\/www.dolomitiprealpi.it\/de\/event\/la-creazione-di-maria-antonia-fedon\/#breadcrumb","itemListElement":[{"@type":"ListItem","position":1,"name":"Home","item":"https:\/\/www.dolomitiprealpi.it\/de\/"},{"@type":"ListItem","position":2,"name":"Veranstaltungen","item":"https:\/\/www.dolomitiprealpi.it\/de\/events\/"},{"@type":"ListItem","position":3,"name":"&#8220;La Creazione&#8221; di Maria Antonia Fedon"}]},{"@type":"WebSite","@id":"https:\/\/www.dolomitiprealpi.it\/de\/#website","url":"https:\/\/www.dolomitiprealpi.it\/de\/","name":"Dolomiti Prealpi","description":"","publisher":{"@id":"https:\/\/www.dolomitiprealpi.it\/de\/#organization"},"potentialAction":[{"@type":"SearchAction","target":{"@type":"EntryPoint","urlTemplate":"https:\/\/www.dolomitiprealpi.it\/de\/?s={search_term_string}"},"query-input":{"@type":"PropertyValueSpecification","valueRequired":true,"valueName":"search_term_string"}}],"inLanguage":"de-DE"},{"@type":"Organization","@id":"https:\/\/www.dolomitiprealpi.it\/de\/#organization","name":"Consorzio Dolomiti Prealpi","url":"https:\/\/www.dolomitiprealpi.it\/de\/","logo":{"@type":"ImageObject","inLanguage":"de-DE","@id":"https:\/\/www.dolomitiprealpi.it\/de\/#\/schema\/logo\/image\/","url":"https:\/\/www.dolomitiprealpi.it\/wp-content\/uploads\/2023\/03\/dolomitiprealpi-favicon.jpg","contentUrl":"https:\/\/www.dolomitiprealpi.it\/wp-content\/uploads\/2023\/03\/dolomitiprealpi-favicon.jpg","width":512,"height":512,"caption":"Consorzio Dolomiti Prealpi"},"image":{"@id":"https:\/\/www.dolomitiprealpi.it\/de\/#\/schema\/logo\/image\/"},"sameAs":["https:\/\/www.facebook.com\/dolomitiprealpi.it\/","https:\/\/www.instagram.com\/dolomitiprealpi\/"]}]}},"_links":{"self":[{"href":"https:\/\/www.dolomitiprealpi.it\/de\/wp-json\/wp\/v2\/tribe_events\/90550","targetHints":{"allow":["GET"]}}],"collection":[{"href":"https:\/\/www.dolomitiprealpi.it\/de\/wp-json\/wp\/v2\/tribe_events"}],"about":[{"href":"https:\/\/www.dolomitiprealpi.it\/de\/wp-json\/wp\/v2\/types\/tribe_events"}],"version-history":[{"count":1,"href":"https:\/\/www.dolomitiprealpi.it\/de\/wp-json\/wp\/v2\/tribe_events\/90550\/revisions"}],"predecessor-version":[{"id":91846,"href":"https:\/\/www.dolomitiprealpi.it\/de\/wp-json\/wp\/v2\/tribe_events\/90550\/revisions\/91846"}],"wp:attachment":[{"href":"https:\/\/www.dolomitiprealpi.it\/de\/wp-json\/wp\/v2\/media?parent=90550"}],"wp:term":[{"taxonomy":"post_tag","embeddable":true,"href":"https:\/\/www.dolomitiprealpi.it\/de\/wp-json\/wp\/v2\/tags?post=90550"},{"taxonomy":"tribe_events_cat","embeddable":true,"href":"https:\/\/www.dolomitiprealpi.it\/de\/wp-json\/wp\/v2\/tribe_events_cat?post=90550"}],"curies":[{"name":"wp","href":"https:\/\/api.w.org\/{rel}","templated":true}]}}