{"id":90341,"date":"2026-04-17T13:16:47","date_gmt":"2026-04-17T11:16:47","guid":{"rendered":"https:\/\/www.dolomitiprealpi.it\/event\/inaugurazione-belluno-citta-del-legno\/"},"modified":"2026-04-23T18:02:31","modified_gmt":"2026-04-23T16:02:31","slug":"inaugurazione-belluno-citta-del-legno","status":"publish","type":"tribe_events","link":"https:\/\/www.dolomitiprealpi.it\/de\/event\/inaugurazione-belluno-citta-del-legno\/","title":{"rendered":"Inaugurazione &#8220;Belluno citt\u00e0 del legno&#8221;"},"content":{"rendered":"<p>Kursiv von Popularit\u00e4t und Tradition<\/p>\n<p>Der <b>Ex Tempore f\u00fcr Holzskulpturen<\/b>&nbsp;ist ein Wettbewerb, organisiert vom&nbsp;<b>Consorzio Belluno Centro Storico<\/b>, der seit Jahren das am meisten erwartete Ereignis des Herbstes in Belluno darstellt, in der Zeit vor dem so geliebten Fest des Patrons San Martino (11. November).<\/p>\n<p>Gegr\u00fcndet im inzwischen entfernten&nbsp;<b>1986<\/b>, ist die Veranstaltung eine der wichtigsten nationalen Ausstellungen in Bezug auf Popularit\u00e4t und Tradition: Die Teilnehmer des Symposiums kommen tats\u00e4chlich aus ganz Italien.<\/p>\n<p>Tag f\u00fcr Tag, zwischen dem Duft von Zirbenholz und dem Klang von Mei\u00dfeln und Kettens\u00e4gen, beleben die Bildhauer die Stra\u00dfen und Pl\u00e4tze der Altstadt und formen ihre Werke unter dem neugierigen Blick der gro\u00dfen und kleinen Passanten.<\/p>\n<p>Die <b>Er\u00f6ffnung<\/b> des Festivals <b>Belluno Citt\u00e0 del Legno<\/b> und des <b>XXXVIII Ex Tempore f\u00fcr Kultur auf Holz<\/b> findet am Dienstag, den 4. November, im Salone Nobile des Museums Fulcis um 11:30 Uhr statt.<\/p>\n<p>Es wird die Gelegenheit sein, zu betonen, wie wichtig Holz f\u00fcr die Stadt und die Provinz Belluno ist: was es f\u00fcr unsere Identit\u00e4t als Bergbewohner bedeutet, sowie f\u00fcr unsere Gegenwart und die Zukunft, die wir uns vorstellen.<\/p>\n<p>Es ist ein Material, das im Zentrum zahlreicher Herausforderungen steht, von denen viele in der Vergangenheit bereits von den H\u00e4nden erfahrener Handwerker gemeistert wurden.<\/p>\n<p>Mit dieser Ausstellung soll das breite Publikum in die Entdeckung dieses Materials einbezogen werden, das Protagonist unserer Vergangenheit, Gegenwart und Zukunft ist.<\/p>\n<p><\/p>\n","protected":false},"excerpt":{"rendered":"<p>Kursiv von Popularit\u00e4t und Tradition Der Ex Tempore f\u00fcr Holzskulpturen&nbsp;ist ein Wettbewerb, organisiert vom&nbsp;Consorzio Belluno Centro Storico, der seit Jahren das am meisten erwartete Ereignis des Herbstes in Belluno darstellt,<\/p>\n","protected":false},"author":0,"featured_media":0,"template":"","meta":{"_acf_changed":false,"inline_featured_image":false,"_tribe_events_status":"","_tribe_events_status_reason":"","footnotes":""},"tags":[259],"tribe_events_cat":[],"class_list":["post-90341","tribe_events","type-tribe_events","status-publish","hentry","tag-eventi-feratel"],"acf":[],"yoast_head":"<!-- This site is optimized with the Yoast SEO plugin v25.7 - https:\/\/yoast.com\/wordpress\/plugins\/seo\/ -->\n<title>Inaugurazione &quot;Belluno citt\u00e0 del legno&quot; - Dolomiti Prealpi<\/title>\n<meta name=\"robots\" content=\"index, follow, max-snippet:-1, max-image-preview:large, max-video-preview:-1\" \/>\n<link rel=\"canonical\" href=\"https:\/\/www.dolomitiprealpi.it\/de\/event\/inaugurazione-belluno-citta-del-legno\/\" \/>\n<meta property=\"og:locale\" content=\"de_DE\" \/>\n<meta property=\"og:type\" content=\"article\" \/>\n<meta property=\"og:title\" content=\"Inaugurazione &quot;Belluno citt\u00e0 del legno&quot; - Dolomiti Prealpi\" \/>\n<meta property=\"og:description\" content=\"Kursiv von Popularit\u00e4t und Tradition Der Ex Tempore f\u00fcr Holzskulpturen&nbsp;ist ein Wettbewerb, organisiert vom&nbsp;Consorzio Belluno Centro Storico, der seit Jahren das am meisten erwartete Ereignis des Herbstes in Belluno darstellt,\" \/>\n<meta property=\"og:url\" content=\"https:\/\/www.dolomitiprealpi.it\/de\/event\/inaugurazione-belluno-citta-del-legno\/\" \/>\n<meta property=\"og:site_name\" content=\"Dolomiti Prealpi\" \/>\n<meta property=\"article:publisher\" content=\"https:\/\/www.facebook.com\/dolomitiprealpi.it\/\" \/>\n<meta property=\"article:modified_time\" content=\"2026-04-23T16:02:31+00:00\" \/>\n<meta property=\"og:image\" content=\"https:\/\/www.dolomitiprealpi.it\/wp-content\/uploads\/2022\/11\/C.-Timpone-Foto-archivio-Consorzio-turistico-Dolomiti-Prealpi-Nevegal-Belluno-Bike-18-2.jpg\" \/>\n\t<meta property=\"og:image:width\" content=\"2048\" \/>\n\t<meta property=\"og:image:height\" content=\"1888\" \/>\n\t<meta property=\"og:image:type\" content=\"image\/jpeg\" \/>\n<meta name=\"twitter:card\" content=\"summary_large_image\" \/>\n<meta name=\"twitter:label1\" content=\"Est. reading time\" \/>\n\t<meta name=\"twitter:data1\" content=\"1 minute\" \/>\n<script type=\"application\/ld+json\" class=\"yoast-schema-graph\">{\"@context\":\"https:\/\/schema.org\",\"@graph\":[{\"@type\":\"WebPage\",\"@id\":\"https:\/\/www.dolomitiprealpi.it\/de\/event\/inaugurazione-belluno-citta-del-legno\/\",\"url\":\"https:\/\/www.dolomitiprealpi.it\/de\/event\/inaugurazione-belluno-citta-del-legno\/\",\"name\":\"Inaugurazione \\\"Belluno citt\u00e0 del legno\\\" - Dolomiti Prealpi\",\"isPartOf\":{\"@id\":\"https:\/\/www.dolomitiprealpi.it\/de\/#website\"},\"datePublished\":\"2026-04-17T11:16:47+00:00\",\"dateModified\":\"2026-04-23T16:02:31+00:00\",\"breadcrumb\":{\"@id\":\"https:\/\/www.dolomitiprealpi.it\/de\/event\/inaugurazione-belluno-citta-del-legno\/#breadcrumb\"},\"inLanguage\":\"de-DE\",\"potentialAction\":[{\"@type\":\"ReadAction\",\"target\":[\"https:\/\/www.dolomitiprealpi.it\/de\/event\/inaugurazione-belluno-citta-del-legno\/\"]}]},{\"@type\":\"BreadcrumbList\",\"@id\":\"https:\/\/www.dolomitiprealpi.it\/de\/event\/inaugurazione-belluno-citta-del-legno\/#breadcrumb\",\"itemListElement\":[{\"@type\":\"ListItem\",\"position\":1,\"name\":\"Home\",\"item\":\"https:\/\/www.dolomitiprealpi.it\/de\/\"},{\"@type\":\"ListItem\",\"position\":2,\"name\":\"Veranstaltungen\",\"item\":\"https:\/\/www.dolomitiprealpi.it\/de\/events\/\"},{\"@type\":\"ListItem\",\"position\":3,\"name\":\"Inaugurazione &#8220;Belluno citt\u00e0 del legno&#8221;\"}]},{\"@type\":\"WebSite\",\"@id\":\"https:\/\/www.dolomitiprealpi.it\/de\/#website\",\"url\":\"https:\/\/www.dolomitiprealpi.it\/de\/\",\"name\":\"Dolomiti Prealpi\",\"description\":\"\",\"publisher\":{\"@id\":\"https:\/\/www.dolomitiprealpi.it\/de\/#organization\"},\"potentialAction\":[{\"@type\":\"SearchAction\",\"target\":{\"@type\":\"EntryPoint\",\"urlTemplate\":\"https:\/\/www.dolomitiprealpi.it\/de\/?s={search_term_string}\"},\"query-input\":{\"@type\":\"PropertyValueSpecification\",\"valueRequired\":true,\"valueName\":\"search_term_string\"}}],\"inLanguage\":\"de-DE\"},{\"@type\":\"Organization\",\"@id\":\"https:\/\/www.dolomitiprealpi.it\/de\/#organization\",\"name\":\"Consorzio Dolomiti Prealpi\",\"url\":\"https:\/\/www.dolomitiprealpi.it\/de\/\",\"logo\":{\"@type\":\"ImageObject\",\"inLanguage\":\"de-DE\",\"@id\":\"https:\/\/www.dolomitiprealpi.it\/de\/#\/schema\/logo\/image\/\",\"url\":\"https:\/\/www.dolomitiprealpi.it\/wp-content\/uploads\/2023\/03\/dolomitiprealpi-favicon.jpg\",\"contentUrl\":\"https:\/\/www.dolomitiprealpi.it\/wp-content\/uploads\/2023\/03\/dolomitiprealpi-favicon.jpg\",\"width\":512,\"height\":512,\"caption\":\"Consorzio Dolomiti Prealpi\"},\"image\":{\"@id\":\"https:\/\/www.dolomitiprealpi.it\/de\/#\/schema\/logo\/image\/\"},\"sameAs\":[\"https:\/\/www.facebook.com\/dolomitiprealpi.it\/\",\"https:\/\/www.instagram.com\/dolomitiprealpi\/\"]}]}<\/script>\n<!-- \/ Yoast SEO plugin. -->","yoast_head_json":{"title":"Inaugurazione \"Belluno citt\u00e0 del legno\" - Dolomiti Prealpi","robots":{"index":"index","follow":"follow","max-snippet":"max-snippet:-1","max-image-preview":"max-image-preview:large","max-video-preview":"max-video-preview:-1"},"canonical":"https:\/\/www.dolomitiprealpi.it\/de\/event\/inaugurazione-belluno-citta-del-legno\/","og_locale":"de_DE","og_type":"article","og_title":"Inaugurazione \"Belluno citt\u00e0 del legno\" - Dolomiti Prealpi","og_description":"Kursiv von Popularit\u00e4t und Tradition Der Ex Tempore f\u00fcr Holzskulpturen&nbsp;ist ein Wettbewerb, organisiert vom&nbsp;Consorzio Belluno Centro Storico, der seit Jahren das am meisten erwartete Ereignis des Herbstes in Belluno darstellt,","og_url":"https:\/\/www.dolomitiprealpi.it\/de\/event\/inaugurazione-belluno-citta-del-legno\/","og_site_name":"Dolomiti Prealpi","article_publisher":"https:\/\/www.facebook.com\/dolomitiprealpi.it\/","article_modified_time":"2026-04-23T16:02:31+00:00","og_image":[{"width":2048,"height":1888,"url":"https:\/\/www.dolomitiprealpi.it\/wp-content\/uploads\/2022\/11\/C.-Timpone-Foto-archivio-Consorzio-turistico-Dolomiti-Prealpi-Nevegal-Belluno-Bike-18-2.jpg","type":"image\/jpeg"}],"twitter_card":"summary_large_image","twitter_misc":{"Est. reading time":"1 minute"},"schema":{"@context":"https:\/\/schema.org","@graph":[{"@type":"WebPage","@id":"https:\/\/www.dolomitiprealpi.it\/de\/event\/inaugurazione-belluno-citta-del-legno\/","url":"https:\/\/www.dolomitiprealpi.it\/de\/event\/inaugurazione-belluno-citta-del-legno\/","name":"Inaugurazione \"Belluno citt\u00e0 del legno\" - Dolomiti Prealpi","isPartOf":{"@id":"https:\/\/www.dolomitiprealpi.it\/de\/#website"},"datePublished":"2026-04-17T11:16:47+00:00","dateModified":"2026-04-23T16:02:31+00:00","breadcrumb":{"@id":"https:\/\/www.dolomitiprealpi.it\/de\/event\/inaugurazione-belluno-citta-del-legno\/#breadcrumb"},"inLanguage":"de-DE","potentialAction":[{"@type":"ReadAction","target":["https:\/\/www.dolomitiprealpi.it\/de\/event\/inaugurazione-belluno-citta-del-legno\/"]}]},{"@type":"BreadcrumbList","@id":"https:\/\/www.dolomitiprealpi.it\/de\/event\/inaugurazione-belluno-citta-del-legno\/#breadcrumb","itemListElement":[{"@type":"ListItem","position":1,"name":"Home","item":"https:\/\/www.dolomitiprealpi.it\/de\/"},{"@type":"ListItem","position":2,"name":"Veranstaltungen","item":"https:\/\/www.dolomitiprealpi.it\/de\/events\/"},{"@type":"ListItem","position":3,"name":"Inaugurazione &#8220;Belluno citt\u00e0 del legno&#8221;"}]},{"@type":"WebSite","@id":"https:\/\/www.dolomitiprealpi.it\/de\/#website","url":"https:\/\/www.dolomitiprealpi.it\/de\/","name":"Dolomiti Prealpi","description":"","publisher":{"@id":"https:\/\/www.dolomitiprealpi.it\/de\/#organization"},"potentialAction":[{"@type":"SearchAction","target":{"@type":"EntryPoint","urlTemplate":"https:\/\/www.dolomitiprealpi.it\/de\/?s={search_term_string}"},"query-input":{"@type":"PropertyValueSpecification","valueRequired":true,"valueName":"search_term_string"}}],"inLanguage":"de-DE"},{"@type":"Organization","@id":"https:\/\/www.dolomitiprealpi.it\/de\/#organization","name":"Consorzio Dolomiti Prealpi","url":"https:\/\/www.dolomitiprealpi.it\/de\/","logo":{"@type":"ImageObject","inLanguage":"de-DE","@id":"https:\/\/www.dolomitiprealpi.it\/de\/#\/schema\/logo\/image\/","url":"https:\/\/www.dolomitiprealpi.it\/wp-content\/uploads\/2023\/03\/dolomitiprealpi-favicon.jpg","contentUrl":"https:\/\/www.dolomitiprealpi.it\/wp-content\/uploads\/2023\/03\/dolomitiprealpi-favicon.jpg","width":512,"height":512,"caption":"Consorzio Dolomiti Prealpi"},"image":{"@id":"https:\/\/www.dolomitiprealpi.it\/de\/#\/schema\/logo\/image\/"},"sameAs":["https:\/\/www.facebook.com\/dolomitiprealpi.it\/","https:\/\/www.instagram.com\/dolomitiprealpi\/"]}]}},"_links":{"self":[{"href":"https:\/\/www.dolomitiprealpi.it\/de\/wp-json\/wp\/v2\/tribe_events\/90341","targetHints":{"allow":["GET"]}}],"collection":[{"href":"https:\/\/www.dolomitiprealpi.it\/de\/wp-json\/wp\/v2\/tribe_events"}],"about":[{"href":"https:\/\/www.dolomitiprealpi.it\/de\/wp-json\/wp\/v2\/types\/tribe_events"}],"version-history":[{"count":1,"href":"https:\/\/www.dolomitiprealpi.it\/de\/wp-json\/wp\/v2\/tribe_events\/90341\/revisions"}],"predecessor-version":[{"id":91601,"href":"https:\/\/www.dolomitiprealpi.it\/de\/wp-json\/wp\/v2\/tribe_events\/90341\/revisions\/91601"}],"wp:attachment":[{"href":"https:\/\/www.dolomitiprealpi.it\/de\/wp-json\/wp\/v2\/media?parent=90341"}],"wp:term":[{"taxonomy":"post_tag","embeddable":true,"href":"https:\/\/www.dolomitiprealpi.it\/de\/wp-json\/wp\/v2\/tags?post=90341"},{"taxonomy":"tribe_events_cat","embeddable":true,"href":"https:\/\/www.dolomitiprealpi.it\/de\/wp-json\/wp\/v2\/tribe_events_cat?post=90341"}],"curies":[{"name":"wp","href":"https:\/\/api.w.org\/{rel}","templated":true}]}}