{"id":90125,"date":"2026-04-17T13:03:30","date_gmt":"2026-04-17T11:03:30","guid":{"rendered":"https:\/\/www.dolomitiprealpi.it\/event\/novembre-al-centro-astronomico-di-arson\/"},"modified":"2026-04-23T17:50:16","modified_gmt":"2026-04-23T15:50:16","slug":"novembre-al-centro-astronomico-di-arson","status":"publish","type":"tribe_events","link":"https:\/\/www.dolomitiprealpi.it\/de\/event\/novembre-al-centro-astronomico-di-arson\/","title":{"rendered":"Novembre al centro astronomico di Arson"},"content":{"rendered":"<p>Samstag, 1. November, 21 Uhr &#8211; Saturn-Abend mit dem Referenten Gabriele Vanin. Bereits seit einigen Wochen ist der sch\u00f6ne Saturn mit den Teleskopen des Astronomischen Zentrums gut sichtbar. Aber am 1. November wird er besonders den Punkt der maximalen H\u00f6he erreichen und ist somit w\u00e4hrend der \u00d6ffnungszeiten des Zentrums besser zu beobachten. Im Vergleich zu den vergangenen Jahren wird er viel h\u00f6her am Horizont stehen und ist daher in einer ruhigeren Atmosph\u00e4re sichtbar. In diesem Jahr ist die Pr\u00e4sentation der Ringe besonders, fast im Profil, mit einer ungew\u00f6hnlichen Perspektive, die man nur alle 15 Jahre bewundern kann.<\/p>\n<p>Diese Pr\u00e4sentation beg\u00fcnstigt auch die beste Sichtbarkeit seiner neun Satelliten, die mit den Teleskopen des Zentrums sichtbar sind. Nach der Beobachtung wird ein Vortrag stattfinden, der den aktuellen Stand unseres Wissens \u00fcber das System von Saturn, seine 12 Ringsysteme, seine 274 Monde mit vielen spektakul\u00e4ren Dias und verschiedenen sensationellen Videos darstellt. Auch der Mond wird gut sichtbar sein, mit dem Mare Imbrium und dem Sinus Iridum, dem Mare Humorum und dem Krater Gassendi, den Kratern Schiller, Scheiner und Blancanus. Der Satellit wird auch in hoher Aufl\u00f6sung gezeigt und durch die Planetenkameras des Zentrums projiziert.<\/p>\n<p>Samstag, 8. November, 21 Uhr &#8211; Die Evolution der Sterne mit dem Referenten Dr. Ric. Alain Jody Corso. Eines der interessantesten Themen in der Astronomie ist, wie und wo Sterne geboren werden, wie sie leben, wie sie ihr Dasein beenden, welche Unterschiede zwischen ihnen bestehen und wie diese Unterschiede ihre Schicksale bestimmen. Ein Bereich, in dem st\u00e4ndig Neuigkeiten entdeckt werden, \u00fcber die unser Referent uns p\u00fcnktlich informieren wird. Bei der Beobachtung werden Saturn und der Mond wieder im Vordergrund stehen. Letzterer wird, in abnehmender Phase, ungew\u00f6hnliche Ansichten wie die Krater Hercules und Atlas, Macrobius und Taruntius, Magelhaens und Colombo, Santbech und Reichenbach, Rheita, Metius und Fabricius, Pitiscus, Hommel und Vlacq zeigen.<\/p>\n<p>Samstag, 15. November, 21 Uhr &#8211; Die Kampagne f\u00fcr die Plejaden mit dem Referenten Gabriele Vanin. Zweifellos sind die Plejaden eines der sch\u00f6nsten Himmelsobjekte, vielleicht das sch\u00f6nste und eindrucksvollste am gesamten Himmel. Ihre charakteristische Form, ihre ungew\u00f6hnliche Zusammensetzung, ihr diskretes, aber ganz offensichtliches Leuchten, beeindrucken auch diejenigen, die zum ersten Mal den Himmel betrachten oder gar zuf\u00e4llig zum Firmament aufblicken. All dies wird von intrigierenden und geheimnisvollen Merkmalen begleitet, zu denen auch verschiedene Aspekte geh\u00f6ren, einschlie\u00dflich ihrer Namen. Eines der faszinierendsten R\u00e4tsel betrifft die Tatsache, dass alle alten Quellen sagen, dass manchmal sechs Plejaden mit blo\u00dfem Auge sichtbar sind, manchmal sieben. Dies hat die sogenannte Legende der verlorenen Plejade gen\u00e4hrt, die in vielen Kulturen weltweit pr\u00e4sent ist. Um die Grundlagen dieses Mythos zu verstehen, werden die Besucher w\u00e4hrend des gesamten Herbstes und Winters eingeladen, auf ein Blatt Papier alle Plejaden zu zeichnen, die sie mit blo\u00dfem Auge sehen k\u00f6nnen, zusammen mit ihren korrekten Positionen. Nat\u00fcrlich werden die Sterne auch durch das Teleskop beobachtet werden, wo sie noch spektakul\u00e4rer erscheinen werden. Auch andere Objekte des tiefen Himmels wie der Doppelsternhaufen von Perseus, die Andromedagalaxie und der Planet Saturn werden gezeigt.<\/p>\n<p>Im Planetarium wird es weitere Informationen \u00fcber die Plejaden geben, wobei viele Informationen \u00fcber die Mythologie und Astronomie dieses wunderbaren Objekts gegeben werden.<\/p>\n<p>Samstag, 22. November, 21 Uhr &#8211; Sind die Sterne fix oder beweglich? mit dem Referenten Gabriele Vanin. Ein Abend, der haupts\u00e4chlich auf der Beobachtung mit blo\u00dfem Auge basiert, im Zeichen des Spa\u00dfes, wie gewohnt interaktiv mit den jungen Besuchern, besonders geeignet f\u00fcr Kinder der vierten und f\u00fcnften Klasse sowie der Mittelschule, um den Geist des Beobachtens der Rhythmen und nat\u00fcrlichen Ph\u00e4nomene zu f\u00f6rdern, um zu versuchen, den oft in unserer Herangehensweise an die Dinge vorhandenen Schematismus zu \u00fcberwinden, um einen offenen Geist gegen\u00fcber Ph\u00e4nomenen zu erhalten, die uns zun\u00e4chst als wenig wahrscheinlich erscheinen. Es wird auch die M\u00f6glichkeit geben, den Himmel durch das Teleskop zu beobachten, den Planeten Saturn und die Objekte des tiefen Himmels, wie den Kugelsternhaufen M 15, den offenen Sternhaufen M 52 und die schneckenf\u00f6rmige Galaxie NGC 891, die ebenfalls auf eine gro\u00dfe Leinwand im Observatorium und im Planetarium \u00fcber das Schmidt-Teleskop und die gek\u00fchlte elektronische Kamera projiziert werden k\u00f6nnen.<\/p>\n<p>Samstag, 29. November, 21 Uhr &#8211; Astrofili-Abend. Am Ende des Monats findet der gewohnte, kostenlose Abend statt, der all jenen gewidmet ist, die sich mit dem Umgang mit den Ger\u00e4ten des Zentrums vertrautmachen m\u00f6chten oder auch ihr eigenes Teleskop mitbringen und erkl\u00e4rt bekommen wollen, wie man es benutzt. Bei schlechtem Wetter k\u00f6nnen die Besucher sich dennoch unter Dach \u00fcber den Betrieb ihrer Ger\u00e4te informieren. <\/p>\n<p>Bei gutem Wetter kann auch der Mond beobachtet werden, etwa im ersten Viertel, wobei besonders die Maria Imbrium, Cognitum und Nubium sowie die Krater Copernicus, Bullialdus, Longomontanus und Clavius gut sichtbar sind.<\/p>\n<p>Eintritt 5 \u20ac, kostenlos f\u00fcr Mitglieder und Kinder bis 11 Jahre. Eine Reservierung ist nicht notwendig. P\u00fcnktlichkeit wird empfohlen.<\/p>\n","protected":false},"excerpt":{"rendered":"<p>Samstag, 1. November, 21 Uhr &#8211; Saturn-Abend mit dem Referenten Gabriele Vanin. Bereits seit einigen Wochen ist der sch\u00f6ne Saturn mit den Teleskopen des Astronomischen Zentrums gut sichtbar. Aber am<\/p>\n","protected":false},"author":0,"featured_media":0,"template":"","meta":{"_acf_changed":false,"inline_featured_image":false,"_tribe_events_status":"","_tribe_events_status_reason":"","footnotes":""},"tags":[259],"tribe_events_cat":[],"class_list":["post-90125","tribe_events","type-tribe_events","status-publish","hentry","tag-eventi-feratel"],"acf":[],"yoast_head":"<!-- This site is optimized with the Yoast SEO plugin v25.7 - https:\/\/yoast.com\/wordpress\/plugins\/seo\/ -->\n<title>Novembre al centro astronomico di Arson - Dolomiti Prealpi<\/title>\n<meta name=\"robots\" content=\"index, follow, max-snippet:-1, max-image-preview:large, max-video-preview:-1\" \/>\n<link rel=\"canonical\" href=\"https:\/\/www.dolomitiprealpi.it\/de\/event\/novembre-al-centro-astronomico-di-arson\/\" \/>\n<meta property=\"og:locale\" content=\"de_DE\" \/>\n<meta property=\"og:type\" content=\"article\" \/>\n<meta property=\"og:title\" content=\"Novembre al centro astronomico di Arson - Dolomiti Prealpi\" \/>\n<meta property=\"og:description\" content=\"Samstag, 1. November, 21 Uhr &#8211; Saturn-Abend mit dem Referenten Gabriele Vanin. Bereits seit einigen Wochen ist der sch\u00f6ne Saturn mit den Teleskopen des Astronomischen Zentrums gut sichtbar. Aber am\" \/>\n<meta property=\"og:url\" content=\"https:\/\/www.dolomitiprealpi.it\/de\/event\/novembre-al-centro-astronomico-di-arson\/\" \/>\n<meta property=\"og:site_name\" content=\"Dolomiti Prealpi\" \/>\n<meta property=\"article:publisher\" content=\"https:\/\/www.facebook.com\/dolomitiprealpi.it\/\" \/>\n<meta property=\"article:modified_time\" content=\"2026-04-23T15:50:16+00:00\" \/>\n<meta property=\"og:image\" content=\"https:\/\/www.dolomitiprealpi.it\/wp-content\/uploads\/2022\/11\/C.-Timpone-Foto-archivio-Consorzio-turistico-Dolomiti-Prealpi-Nevegal-Belluno-Bike-18-2.jpg\" \/>\n\t<meta property=\"og:image:width\" content=\"2048\" \/>\n\t<meta property=\"og:image:height\" content=\"1888\" \/>\n\t<meta property=\"og:image:type\" content=\"image\/jpeg\" \/>\n<meta name=\"twitter:card\" content=\"summary_large_image\" \/>\n<meta name=\"twitter:label1\" content=\"Est. reading time\" \/>\n\t<meta name=\"twitter:data1\" content=\"4 minutes\" \/>\n<script type=\"application\/ld+json\" class=\"yoast-schema-graph\">{\"@context\":\"https:\/\/schema.org\",\"@graph\":[{\"@type\":\"WebPage\",\"@id\":\"https:\/\/www.dolomitiprealpi.it\/de\/event\/novembre-al-centro-astronomico-di-arson\/\",\"url\":\"https:\/\/www.dolomitiprealpi.it\/de\/event\/novembre-al-centro-astronomico-di-arson\/\",\"name\":\"Novembre al centro astronomico di Arson - Dolomiti Prealpi\",\"isPartOf\":{\"@id\":\"https:\/\/www.dolomitiprealpi.it\/de\/#website\"},\"datePublished\":\"2026-04-17T11:03:30+00:00\",\"dateModified\":\"2026-04-23T15:50:16+00:00\",\"breadcrumb\":{\"@id\":\"https:\/\/www.dolomitiprealpi.it\/de\/event\/novembre-al-centro-astronomico-di-arson\/#breadcrumb\"},\"inLanguage\":\"de-DE\",\"potentialAction\":[{\"@type\":\"ReadAction\",\"target\":[\"https:\/\/www.dolomitiprealpi.it\/de\/event\/novembre-al-centro-astronomico-di-arson\/\"]}]},{\"@type\":\"BreadcrumbList\",\"@id\":\"https:\/\/www.dolomitiprealpi.it\/de\/event\/novembre-al-centro-astronomico-di-arson\/#breadcrumb\",\"itemListElement\":[{\"@type\":\"ListItem\",\"position\":1,\"name\":\"Home\",\"item\":\"https:\/\/www.dolomitiprealpi.it\/de\/\"},{\"@type\":\"ListItem\",\"position\":2,\"name\":\"Veranstaltungen\",\"item\":\"https:\/\/www.dolomitiprealpi.it\/de\/events\/\"},{\"@type\":\"ListItem\",\"position\":3,\"name\":\"Novembre al centro astronomico di Arson\"}]},{\"@type\":\"WebSite\",\"@id\":\"https:\/\/www.dolomitiprealpi.it\/de\/#website\",\"url\":\"https:\/\/www.dolomitiprealpi.it\/de\/\",\"name\":\"Dolomiti Prealpi\",\"description\":\"\",\"publisher\":{\"@id\":\"https:\/\/www.dolomitiprealpi.it\/de\/#organization\"},\"potentialAction\":[{\"@type\":\"SearchAction\",\"target\":{\"@type\":\"EntryPoint\",\"urlTemplate\":\"https:\/\/www.dolomitiprealpi.it\/de\/?s={search_term_string}\"},\"query-input\":{\"@type\":\"PropertyValueSpecification\",\"valueRequired\":true,\"valueName\":\"search_term_string\"}}],\"inLanguage\":\"de-DE\"},{\"@type\":\"Organization\",\"@id\":\"https:\/\/www.dolomitiprealpi.it\/de\/#organization\",\"name\":\"Consorzio Dolomiti Prealpi\",\"url\":\"https:\/\/www.dolomitiprealpi.it\/de\/\",\"logo\":{\"@type\":\"ImageObject\",\"inLanguage\":\"de-DE\",\"@id\":\"https:\/\/www.dolomitiprealpi.it\/de\/#\/schema\/logo\/image\/\",\"url\":\"https:\/\/www.dolomitiprealpi.it\/wp-content\/uploads\/2023\/03\/dolomitiprealpi-favicon.jpg\",\"contentUrl\":\"https:\/\/www.dolomitiprealpi.it\/wp-content\/uploads\/2023\/03\/dolomitiprealpi-favicon.jpg\",\"width\":512,\"height\":512,\"caption\":\"Consorzio Dolomiti Prealpi\"},\"image\":{\"@id\":\"https:\/\/www.dolomitiprealpi.it\/de\/#\/schema\/logo\/image\/\"},\"sameAs\":[\"https:\/\/www.facebook.com\/dolomitiprealpi.it\/\",\"https:\/\/www.instagram.com\/dolomitiprealpi\/\"]}]}<\/script>\n<!-- \/ Yoast SEO plugin. -->","yoast_head_json":{"title":"Novembre al centro astronomico di Arson - Dolomiti Prealpi","robots":{"index":"index","follow":"follow","max-snippet":"max-snippet:-1","max-image-preview":"max-image-preview:large","max-video-preview":"max-video-preview:-1"},"canonical":"https:\/\/www.dolomitiprealpi.it\/de\/event\/novembre-al-centro-astronomico-di-arson\/","og_locale":"de_DE","og_type":"article","og_title":"Novembre al centro astronomico di Arson - Dolomiti Prealpi","og_description":"Samstag, 1. November, 21 Uhr &#8211; Saturn-Abend mit dem Referenten Gabriele Vanin. Bereits seit einigen Wochen ist der sch\u00f6ne Saturn mit den Teleskopen des Astronomischen Zentrums gut sichtbar. Aber am","og_url":"https:\/\/www.dolomitiprealpi.it\/de\/event\/novembre-al-centro-astronomico-di-arson\/","og_site_name":"Dolomiti Prealpi","article_publisher":"https:\/\/www.facebook.com\/dolomitiprealpi.it\/","article_modified_time":"2026-04-23T15:50:16+00:00","og_image":[{"width":2048,"height":1888,"url":"https:\/\/www.dolomitiprealpi.it\/wp-content\/uploads\/2022\/11\/C.-Timpone-Foto-archivio-Consorzio-turistico-Dolomiti-Prealpi-Nevegal-Belluno-Bike-18-2.jpg","type":"image\/jpeg"}],"twitter_card":"summary_large_image","twitter_misc":{"Est. reading time":"4 minutes"},"schema":{"@context":"https:\/\/schema.org","@graph":[{"@type":"WebPage","@id":"https:\/\/www.dolomitiprealpi.it\/de\/event\/novembre-al-centro-astronomico-di-arson\/","url":"https:\/\/www.dolomitiprealpi.it\/de\/event\/novembre-al-centro-astronomico-di-arson\/","name":"Novembre al centro astronomico di Arson - Dolomiti Prealpi","isPartOf":{"@id":"https:\/\/www.dolomitiprealpi.it\/de\/#website"},"datePublished":"2026-04-17T11:03:30+00:00","dateModified":"2026-04-23T15:50:16+00:00","breadcrumb":{"@id":"https:\/\/www.dolomitiprealpi.it\/de\/event\/novembre-al-centro-astronomico-di-arson\/#breadcrumb"},"inLanguage":"de-DE","potentialAction":[{"@type":"ReadAction","target":["https:\/\/www.dolomitiprealpi.it\/de\/event\/novembre-al-centro-astronomico-di-arson\/"]}]},{"@type":"BreadcrumbList","@id":"https:\/\/www.dolomitiprealpi.it\/de\/event\/novembre-al-centro-astronomico-di-arson\/#breadcrumb","itemListElement":[{"@type":"ListItem","position":1,"name":"Home","item":"https:\/\/www.dolomitiprealpi.it\/de\/"},{"@type":"ListItem","position":2,"name":"Veranstaltungen","item":"https:\/\/www.dolomitiprealpi.it\/de\/events\/"},{"@type":"ListItem","position":3,"name":"Novembre al centro astronomico di Arson"}]},{"@type":"WebSite","@id":"https:\/\/www.dolomitiprealpi.it\/de\/#website","url":"https:\/\/www.dolomitiprealpi.it\/de\/","name":"Dolomiti Prealpi","description":"","publisher":{"@id":"https:\/\/www.dolomitiprealpi.it\/de\/#organization"},"potentialAction":[{"@type":"SearchAction","target":{"@type":"EntryPoint","urlTemplate":"https:\/\/www.dolomitiprealpi.it\/de\/?s={search_term_string}"},"query-input":{"@type":"PropertyValueSpecification","valueRequired":true,"valueName":"search_term_string"}}],"inLanguage":"de-DE"},{"@type":"Organization","@id":"https:\/\/www.dolomitiprealpi.it\/de\/#organization","name":"Consorzio Dolomiti Prealpi","url":"https:\/\/www.dolomitiprealpi.it\/de\/","logo":{"@type":"ImageObject","inLanguage":"de-DE","@id":"https:\/\/www.dolomitiprealpi.it\/de\/#\/schema\/logo\/image\/","url":"https:\/\/www.dolomitiprealpi.it\/wp-content\/uploads\/2023\/03\/dolomitiprealpi-favicon.jpg","contentUrl":"https:\/\/www.dolomitiprealpi.it\/wp-content\/uploads\/2023\/03\/dolomitiprealpi-favicon.jpg","width":512,"height":512,"caption":"Consorzio Dolomiti Prealpi"},"image":{"@id":"https:\/\/www.dolomitiprealpi.it\/de\/#\/schema\/logo\/image\/"},"sameAs":["https:\/\/www.facebook.com\/dolomitiprealpi.it\/","https:\/\/www.instagram.com\/dolomitiprealpi\/"]}]}},"_links":{"self":[{"href":"https:\/\/www.dolomitiprealpi.it\/de\/wp-json\/wp\/v2\/tribe_events\/90125","targetHints":{"allow":["GET"]}}],"collection":[{"href":"https:\/\/www.dolomitiprealpi.it\/de\/wp-json\/wp\/v2\/tribe_events"}],"about":[{"href":"https:\/\/www.dolomitiprealpi.it\/de\/wp-json\/wp\/v2\/types\/tribe_events"}],"version-history":[{"count":1,"href":"https:\/\/www.dolomitiprealpi.it\/de\/wp-json\/wp\/v2\/tribe_events\/90125\/revisions"}],"predecessor-version":[{"id":91367,"href":"https:\/\/www.dolomitiprealpi.it\/de\/wp-json\/wp\/v2\/tribe_events\/90125\/revisions\/91367"}],"wp:attachment":[{"href":"https:\/\/www.dolomitiprealpi.it\/de\/wp-json\/wp\/v2\/media?parent=90125"}],"wp:term":[{"taxonomy":"post_tag","embeddable":true,"href":"https:\/\/www.dolomitiprealpi.it\/de\/wp-json\/wp\/v2\/tags?post=90125"},{"taxonomy":"tribe_events_cat","embeddable":true,"href":"https:\/\/www.dolomitiprealpi.it\/de\/wp-json\/wp\/v2\/tribe_events_cat?post=90125"}],"curies":[{"name":"wp","href":"https:\/\/api.w.org\/{rel}","templated":true}]}}