{"id":88875,"date":"2026-02-15T11:43:05","date_gmt":"2026-02-15T10:43:05","guid":{"rendered":"https:\/\/www.dolomitiprealpi.it\/event\/giornate-fai-dautunno-visita-speciale\/"},"modified":"2026-03-20T12:20:37","modified_gmt":"2026-03-20T11:20:37","slug":"giornate-fai-dautunno-visita-speciale-2","status":"publish","type":"tribe_events","link":"https:\/\/www.dolomitiprealpi.it\/de\/event\/giornate-fai-dautunno-visita-speciale-2\/","title":{"rendered":"Giornate FAI d&#8217;autunno &#8211; visita speciale"},"content":{"rendered":"<p>Der Treffpunkt ist vor dem ehemaligen Seminar (Piazzale Beato Bernardino), am Banco FAI 15 Minuten vor der Abfahrt. <\/p>\n<p>Die <b>FAI Herbsttage<\/b> kehren zur\u00fcck, das gro\u00dfe Herbstereignis im Freien, das der FAI dem kulturellen und landschaftlichen Erbe unseres Landes widmet, belebt und gef\u00f6rdert von den FAI Jugendgruppen, mit Unterst\u00fctzung aller Delegationen.<\/p>\n<p>Wir erwarten Sie in Feltre zu einem besonderen Besuch: <b>Wir sammeln die verstreuten Bl\u00e4tter der Kl\u00f6ster von Feltre<\/b>.<\/p>\n<p>Bei dieser gef\u00fchrten Besichtigung werden wir architektonische und k\u00fcnstlerische Details einiger aufgehobener alter Kl\u00f6ster in Feltre entdecken: das Kloster Santa Chiara, das Kloster San Pietro in Vincoli und das Kloster Santa Maria degli Angeli.<\/p>\n<p>Zu den noch sichtbaren \u00dcberresten im Au\u00dfenbereich geh\u00f6ren ein Bogen, der den Zugang zum Komplex der Ordensbr\u00fcder der konventuellen Franziskaner erm\u00f6glichte, zwei Portale, die zum Kloster der Nonnen von Santa Chiara f\u00fchrten, und Teile des alten Kreuzgangs von Santa Maria degli Angeli.<\/p>\n<p>Wir werden dann einige pr\u00e4chtige marmorierte Alt\u00e4re mit Gem\u00e4lden sehen, die einst Teil der Sammlungen dieser abgerissenen kl\u00f6sterlichen Komplexe waren.&nbsp;<\/p>\n<p>Sonderf\u00fchrung zur Entdeckung einiger antiker Kl\u00f6ster in Feltre<\/p>\n<p>F\u00fcr die Buchung folgen Sie dem folgenden <a href=\"https:\/\/faiprenotazioni.fondoambiente.it\/evento\/ex-seminario-vescovile--55665\/\">Link<\/a>. <\/p>\n<p>Besuch mit freiem Beitrag ab \u20ac5 f\u00fcr FAI-Mitglieder und ab \u20ac7 f\u00fcr Nicht-Mitglieder. <\/p>\n","protected":false},"excerpt":{"rendered":"<p>Der Treffpunkt ist vor dem ehemaligen Seminar (Piazzale Beato Bernardino), am Banco FAI 15 Minuten vor der Abfahrt. Die FAI Herbsttage kehren zur\u00fcck, das gro\u00dfe Herbstereignis im Freien, das der<\/p>\n","protected":false},"author":0,"featured_media":0,"template":"","meta":{"_acf_changed":false,"inline_featured_image":false,"_tribe_events_status":"","_tribe_events_status_reason":"","footnotes":""},"tags":[259],"tribe_events_cat":[],"class_list":["post-88875","tribe_events","type-tribe_events","status-publish","hentry","tag-eventi-feratel"],"acf":[],"yoast_head":"<!-- This site is optimized with the Yoast SEO plugin v25.7 - https:\/\/yoast.com\/wordpress\/plugins\/seo\/ -->\n<title>Giornate FAI d&#039;autunno - visita speciale - Dolomiti Prealpi<\/title>\n<meta name=\"robots\" content=\"index, follow, max-snippet:-1, max-image-preview:large, max-video-preview:-1\" \/>\n<link rel=\"canonical\" href=\"https:\/\/www.dolomitiprealpi.it\/de\/event\/giornate-fai-dautunno-visita-speciale-2\/\" \/>\n<meta property=\"og:locale\" content=\"de_DE\" \/>\n<meta property=\"og:type\" content=\"article\" \/>\n<meta property=\"og:title\" content=\"Giornate FAI d&#039;autunno - visita speciale - Dolomiti Prealpi\" \/>\n<meta property=\"og:description\" content=\"Der Treffpunkt ist vor dem ehemaligen Seminar (Piazzale Beato Bernardino), am Banco FAI 15 Minuten vor der Abfahrt. Die FAI Herbsttage kehren zur\u00fcck, das gro\u00dfe Herbstereignis im Freien, das der\" \/>\n<meta property=\"og:url\" content=\"https:\/\/www.dolomitiprealpi.it\/de\/event\/giornate-fai-dautunno-visita-speciale-2\/\" \/>\n<meta property=\"og:site_name\" content=\"Dolomiti Prealpi\" \/>\n<meta property=\"article:publisher\" content=\"https:\/\/www.facebook.com\/dolomitiprealpi.it\/\" \/>\n<meta property=\"article:modified_time\" content=\"2026-03-20T11:20:37+00:00\" \/>\n<meta property=\"og:image\" content=\"https:\/\/www.dolomitiprealpi.it\/wp-content\/uploads\/2022\/11\/C.-Timpone-Foto-archivio-Consorzio-turistico-Dolomiti-Prealpi-Nevegal-Belluno-Bike-18-2.jpg\" \/>\n\t<meta property=\"og:image:width\" content=\"2048\" \/>\n\t<meta property=\"og:image:height\" content=\"1888\" \/>\n\t<meta property=\"og:image:type\" content=\"image\/jpeg\" \/>\n<meta name=\"twitter:card\" content=\"summary_large_image\" \/>\n<meta name=\"twitter:label1\" content=\"Est. reading time\" \/>\n\t<meta name=\"twitter:data1\" content=\"1 minute\" \/>\n<script type=\"application\/ld+json\" class=\"yoast-schema-graph\">{\"@context\":\"https:\/\/schema.org\",\"@graph\":[{\"@type\":\"WebPage\",\"@id\":\"https:\/\/www.dolomitiprealpi.it\/de\/event\/giornate-fai-dautunno-visita-speciale-2\/\",\"url\":\"https:\/\/www.dolomitiprealpi.it\/de\/event\/giornate-fai-dautunno-visita-speciale-2\/\",\"name\":\"Giornate FAI d'autunno - visita speciale - Dolomiti Prealpi\",\"isPartOf\":{\"@id\":\"https:\/\/www.dolomitiprealpi.it\/de\/#website\"},\"datePublished\":\"2026-02-15T10:43:05+00:00\",\"dateModified\":\"2026-03-20T11:20:37+00:00\",\"breadcrumb\":{\"@id\":\"https:\/\/www.dolomitiprealpi.it\/de\/event\/giornate-fai-dautunno-visita-speciale-2\/#breadcrumb\"},\"inLanguage\":\"de-DE\",\"potentialAction\":[{\"@type\":\"ReadAction\",\"target\":[\"https:\/\/www.dolomitiprealpi.it\/de\/event\/giornate-fai-dautunno-visita-speciale-2\/\"]}]},{\"@type\":\"BreadcrumbList\",\"@id\":\"https:\/\/www.dolomitiprealpi.it\/de\/event\/giornate-fai-dautunno-visita-speciale-2\/#breadcrumb\",\"itemListElement\":[{\"@type\":\"ListItem\",\"position\":1,\"name\":\"Home\",\"item\":\"https:\/\/www.dolomitiprealpi.it\/de\/\"},{\"@type\":\"ListItem\",\"position\":2,\"name\":\"Veranstaltungen\",\"item\":\"https:\/\/www.dolomitiprealpi.it\/de\/events\/\"},{\"@type\":\"ListItem\",\"position\":3,\"name\":\"Giornate FAI d&#8217;autunno &#8211; visita speciale\"}]},{\"@type\":\"WebSite\",\"@id\":\"https:\/\/www.dolomitiprealpi.it\/de\/#website\",\"url\":\"https:\/\/www.dolomitiprealpi.it\/de\/\",\"name\":\"Dolomiti Prealpi\",\"description\":\"\",\"publisher\":{\"@id\":\"https:\/\/www.dolomitiprealpi.it\/de\/#organization\"},\"potentialAction\":[{\"@type\":\"SearchAction\",\"target\":{\"@type\":\"EntryPoint\",\"urlTemplate\":\"https:\/\/www.dolomitiprealpi.it\/de\/?s={search_term_string}\"},\"query-input\":{\"@type\":\"PropertyValueSpecification\",\"valueRequired\":true,\"valueName\":\"search_term_string\"}}],\"inLanguage\":\"de-DE\"},{\"@type\":\"Organization\",\"@id\":\"https:\/\/www.dolomitiprealpi.it\/de\/#organization\",\"name\":\"Consorzio Dolomiti Prealpi\",\"url\":\"https:\/\/www.dolomitiprealpi.it\/de\/\",\"logo\":{\"@type\":\"ImageObject\",\"inLanguage\":\"de-DE\",\"@id\":\"https:\/\/www.dolomitiprealpi.it\/de\/#\/schema\/logo\/image\/\",\"url\":\"https:\/\/www.dolomitiprealpi.it\/wp-content\/uploads\/2023\/03\/dolomitiprealpi-favicon.jpg\",\"contentUrl\":\"https:\/\/www.dolomitiprealpi.it\/wp-content\/uploads\/2023\/03\/dolomitiprealpi-favicon.jpg\",\"width\":512,\"height\":512,\"caption\":\"Consorzio Dolomiti Prealpi\"},\"image\":{\"@id\":\"https:\/\/www.dolomitiprealpi.it\/de\/#\/schema\/logo\/image\/\"},\"sameAs\":[\"https:\/\/www.facebook.com\/dolomitiprealpi.it\/\",\"https:\/\/www.instagram.com\/dolomitiprealpi\/\"]}]}<\/script>\n<!-- \/ Yoast SEO plugin. -->","yoast_head_json":{"title":"Giornate FAI d'autunno - visita speciale - Dolomiti Prealpi","robots":{"index":"index","follow":"follow","max-snippet":"max-snippet:-1","max-image-preview":"max-image-preview:large","max-video-preview":"max-video-preview:-1"},"canonical":"https:\/\/www.dolomitiprealpi.it\/de\/event\/giornate-fai-dautunno-visita-speciale-2\/","og_locale":"de_DE","og_type":"article","og_title":"Giornate FAI d'autunno - visita speciale - Dolomiti Prealpi","og_description":"Der Treffpunkt ist vor dem ehemaligen Seminar (Piazzale Beato Bernardino), am Banco FAI 15 Minuten vor der Abfahrt. Die FAI Herbsttage kehren zur\u00fcck, das gro\u00dfe Herbstereignis im Freien, das der","og_url":"https:\/\/www.dolomitiprealpi.it\/de\/event\/giornate-fai-dautunno-visita-speciale-2\/","og_site_name":"Dolomiti Prealpi","article_publisher":"https:\/\/www.facebook.com\/dolomitiprealpi.it\/","article_modified_time":"2026-03-20T11:20:37+00:00","og_image":[{"width":2048,"height":1888,"url":"https:\/\/www.dolomitiprealpi.it\/wp-content\/uploads\/2022\/11\/C.-Timpone-Foto-archivio-Consorzio-turistico-Dolomiti-Prealpi-Nevegal-Belluno-Bike-18-2.jpg","type":"image\/jpeg"}],"twitter_card":"summary_large_image","twitter_misc":{"Est. reading time":"1 minute"},"schema":{"@context":"https:\/\/schema.org","@graph":[{"@type":"WebPage","@id":"https:\/\/www.dolomitiprealpi.it\/de\/event\/giornate-fai-dautunno-visita-speciale-2\/","url":"https:\/\/www.dolomitiprealpi.it\/de\/event\/giornate-fai-dautunno-visita-speciale-2\/","name":"Giornate FAI d'autunno - visita speciale - Dolomiti Prealpi","isPartOf":{"@id":"https:\/\/www.dolomitiprealpi.it\/de\/#website"},"datePublished":"2026-02-15T10:43:05+00:00","dateModified":"2026-03-20T11:20:37+00:00","breadcrumb":{"@id":"https:\/\/www.dolomitiprealpi.it\/de\/event\/giornate-fai-dautunno-visita-speciale-2\/#breadcrumb"},"inLanguage":"de-DE","potentialAction":[{"@type":"ReadAction","target":["https:\/\/www.dolomitiprealpi.it\/de\/event\/giornate-fai-dautunno-visita-speciale-2\/"]}]},{"@type":"BreadcrumbList","@id":"https:\/\/www.dolomitiprealpi.it\/de\/event\/giornate-fai-dautunno-visita-speciale-2\/#breadcrumb","itemListElement":[{"@type":"ListItem","position":1,"name":"Home","item":"https:\/\/www.dolomitiprealpi.it\/de\/"},{"@type":"ListItem","position":2,"name":"Veranstaltungen","item":"https:\/\/www.dolomitiprealpi.it\/de\/events\/"},{"@type":"ListItem","position":3,"name":"Giornate FAI d&#8217;autunno &#8211; visita speciale"}]},{"@type":"WebSite","@id":"https:\/\/www.dolomitiprealpi.it\/de\/#website","url":"https:\/\/www.dolomitiprealpi.it\/de\/","name":"Dolomiti Prealpi","description":"","publisher":{"@id":"https:\/\/www.dolomitiprealpi.it\/de\/#organization"},"potentialAction":[{"@type":"SearchAction","target":{"@type":"EntryPoint","urlTemplate":"https:\/\/www.dolomitiprealpi.it\/de\/?s={search_term_string}"},"query-input":{"@type":"PropertyValueSpecification","valueRequired":true,"valueName":"search_term_string"}}],"inLanguage":"de-DE"},{"@type":"Organization","@id":"https:\/\/www.dolomitiprealpi.it\/de\/#organization","name":"Consorzio Dolomiti Prealpi","url":"https:\/\/www.dolomitiprealpi.it\/de\/","logo":{"@type":"ImageObject","inLanguage":"de-DE","@id":"https:\/\/www.dolomitiprealpi.it\/de\/#\/schema\/logo\/image\/","url":"https:\/\/www.dolomitiprealpi.it\/wp-content\/uploads\/2023\/03\/dolomitiprealpi-favicon.jpg","contentUrl":"https:\/\/www.dolomitiprealpi.it\/wp-content\/uploads\/2023\/03\/dolomitiprealpi-favicon.jpg","width":512,"height":512,"caption":"Consorzio Dolomiti Prealpi"},"image":{"@id":"https:\/\/www.dolomitiprealpi.it\/de\/#\/schema\/logo\/image\/"},"sameAs":["https:\/\/www.facebook.com\/dolomitiprealpi.it\/","https:\/\/www.instagram.com\/dolomitiprealpi\/"]}]}},"_links":{"self":[{"href":"https:\/\/www.dolomitiprealpi.it\/de\/wp-json\/wp\/v2\/tribe_events\/88875","targetHints":{"allow":["GET"]}}],"collection":[{"href":"https:\/\/www.dolomitiprealpi.it\/de\/wp-json\/wp\/v2\/tribe_events"}],"about":[{"href":"https:\/\/www.dolomitiprealpi.it\/de\/wp-json\/wp\/v2\/types\/tribe_events"}],"version-history":[{"count":1,"href":"https:\/\/www.dolomitiprealpi.it\/de\/wp-json\/wp\/v2\/tribe_events\/88875\/revisions"}],"predecessor-version":[{"id":89768,"href":"https:\/\/www.dolomitiprealpi.it\/de\/wp-json\/wp\/v2\/tribe_events\/88875\/revisions\/89768"}],"wp:attachment":[{"href":"https:\/\/www.dolomitiprealpi.it\/de\/wp-json\/wp\/v2\/media?parent=88875"}],"wp:term":[{"taxonomy":"post_tag","embeddable":true,"href":"https:\/\/www.dolomitiprealpi.it\/de\/wp-json\/wp\/v2\/tags?post=88875"},{"taxonomy":"tribe_events_cat","embeddable":true,"href":"https:\/\/www.dolomitiprealpi.it\/de\/wp-json\/wp\/v2\/tribe_events_cat?post=88875"}],"curies":[{"name":"wp","href":"https:\/\/api.w.org\/{rel}","templated":true}]}}