{"id":88388,"date":"2026-04-17T12:57:34","date_gmt":"2026-04-17T10:57:34","guid":{"rendered":"https:\/\/www.dolomitiprealpi.it\/event\/tracce-di-foliage-diario-di-viaggio\/"},"modified":"2026-04-23T17:44:38","modified_gmt":"2026-04-23T15:44:38","slug":"tracce-di-foliage-diario-di-viaggio","status":"publish","type":"tribe_events","link":"https:\/\/www.dolomitiprealpi.it\/de\/event\/tracce-di-foliage-diario-di-viaggio\/","title":{"rendered":"Tracce di Foliage &#8211; Diario di viaggio"},"content":{"rendered":"<p>Freier Eintritt mit Reservierung, bis die verf\u00fcgbaren Pl\u00e4tze ersch\u00f6pft sind.<\/p>\n<p>Reservierungen unter folgender Seite: <a href=\"https:\/\/www.eventbrite.com\/cc\/tracce-di-foliage-2025-i-sensi-dautunno-4692753\">www.eventbrite.com<\/a><\/p>\n<p>Konzert mit Diego De Pasqual<\/p>\n<p>Die dritte Ausgabe der Reihe<i>&nbsp;Tracce di foliage<\/i>&nbsp;ist den&nbsp;<b>Herbstsinne<\/b> gewidmet. Nach Farben und Aromen verbindet sich die Palette der Herbstbl\u00e4tter mit den klaren Empfindungen, die wir in der Natur erfahren k\u00f6nnen.<\/p>\n<p>Der&nbsp;sechste und letzte&nbsp;Termin findet am Sonntag, den 26. Oktober um 15:30 Uhr mit <b>Diego De Pasqual<\/b> statt, in einer intimen Erkundung hinter den Kulissen der musikalischen Sch\u00f6pfung, gefolgt von einem Konzert.<\/p>\n<p><i><i>Tracce di foliage&nbsp;<\/i><\/i>ist auch H\u00f6ren, in einer Erfahrung, die direkt das, was wir h\u00f6ren und f\u00fchlen, mit Herz, Verstand und Seele verbindet.<\/p>\n<p>Auf der B\u00fchne sitzt der K\u00fcnstler in einer geselligen Atmosph\u00e4re, fast wie ein Freund, der dich in seinem Wohnzimmer willkommen hei\u00dft. Das Reise-Tagebuch<b><b>&nbsp;<\/b><\/b>beginnt mit einer Melodie, einem fernen Echo. Dann stoppt die Musik und der K\u00fcnstler enth\u00fcllt mit einer intimen und ehrlichen Erz\u00e4hlung den Funken, der dieses St\u00fcck entz\u00fcndet hat: ein Licht in der Dunkelheit, eine Emotion in einem Moment der Stille, das Bed\u00fcrfnis, einem Bild oder einer Geschichte eine Stimme zu geben. Die St\u00fccke folgen nacheinander, nicht in einer Setliste, sondern wie Kapitel eines klanglichen Romans, der den kreativen Prozess offenbart. Das Publikum beschr\u00e4nkt sich nicht auf das Zuh\u00f6ren, sondern wird in die Kulissen der Inspiration transportiert und entdeckt das Warum und das Wie hinter jeder Note. Es ist eine Gelegenheit, mit den Augen des K\u00fcnstlers zu schauen und zu verstehen, dass Musik nicht nur Klang ist, sondern Leben, Emotion und Erinnerung.<\/p>\n<p>Bevor sie sich von der musikalischen Darbietung mitrei\u00dfen lassen, k\u00f6nnen die Teilnehmer einen herbstlichen Snack genie\u00dfen, um in die Atmosph\u00e4re des Konzerts einzutauchen, das die Reihe abschlie\u00dft.<\/p>\n<p><i><i>Diego De Pasqual&nbsp;<\/i><\/i><i><i>ist ein Komponist, Arrangeur und Dirigent mit einer soliden akademischen Ausbildung, die mit dem Diplom in &#8220;Instrumentierung und Leitung f\u00fcr Blasorchester&#8221; am Konservatorium von Trient mit Auszeichnung ihren H\u00f6hepunkt fand.<\/i><\/i><\/p>\n<p><\/p>\n","protected":false},"excerpt":{"rendered":"<p>Freier Eintritt mit Reservierung, bis die verf\u00fcgbaren Pl\u00e4tze ersch\u00f6pft sind. Reservierungen unter folgender Seite: www.eventbrite.com Konzert mit Diego De Pasqual Die dritte Ausgabe der Reihe&nbsp;Tracce di foliage&nbsp;ist den&nbsp;Herbstsinne gewidmet. Nach<\/p>\n","protected":false},"author":0,"featured_media":0,"template":"","meta":{"_acf_changed":false,"inline_featured_image":false,"_tribe_events_status":"","_tribe_events_status_reason":"","footnotes":""},"tags":[259],"tribe_events_cat":[],"class_list":["post-88388","tribe_events","type-tribe_events","status-publish","hentry","tag-eventi-feratel"],"acf":[],"yoast_head":"<!-- This site is optimized with the Yoast SEO plugin v25.7 - https:\/\/yoast.com\/wordpress\/plugins\/seo\/ -->\n<title>Tracce di Foliage - Diario di viaggio - Dolomiti Prealpi<\/title>\n<meta name=\"robots\" content=\"index, follow, max-snippet:-1, max-image-preview:large, max-video-preview:-1\" \/>\n<link rel=\"canonical\" href=\"https:\/\/www.dolomitiprealpi.it\/de\/event\/tracce-di-foliage-diario-di-viaggio\/\" \/>\n<meta property=\"og:locale\" content=\"de_DE\" \/>\n<meta property=\"og:type\" content=\"article\" \/>\n<meta property=\"og:title\" content=\"Tracce di Foliage - Diario di viaggio - Dolomiti Prealpi\" \/>\n<meta property=\"og:description\" content=\"Freier Eintritt mit Reservierung, bis die verf\u00fcgbaren Pl\u00e4tze ersch\u00f6pft sind. Reservierungen unter folgender Seite: www.eventbrite.com Konzert mit Diego De Pasqual Die dritte Ausgabe der Reihe&nbsp;Tracce di foliage&nbsp;ist den&nbsp;Herbstsinne gewidmet. Nach\" \/>\n<meta property=\"og:url\" content=\"https:\/\/www.dolomitiprealpi.it\/de\/event\/tracce-di-foliage-diario-di-viaggio\/\" \/>\n<meta property=\"og:site_name\" content=\"Dolomiti Prealpi\" \/>\n<meta property=\"article:publisher\" content=\"https:\/\/www.facebook.com\/dolomitiprealpi.it\/\" \/>\n<meta property=\"article:modified_time\" content=\"2026-04-23T15:44:38+00:00\" \/>\n<meta property=\"og:image\" content=\"https:\/\/www.dolomitiprealpi.it\/wp-content\/uploads\/2022\/11\/C.-Timpone-Foto-archivio-Consorzio-turistico-Dolomiti-Prealpi-Nevegal-Belluno-Bike-18-2.jpg\" \/>\n\t<meta property=\"og:image:width\" content=\"2048\" \/>\n\t<meta property=\"og:image:height\" content=\"1888\" \/>\n\t<meta property=\"og:image:type\" content=\"image\/jpeg\" \/>\n<meta name=\"twitter:card\" content=\"summary_large_image\" \/>\n<meta name=\"twitter:label1\" content=\"Est. reading time\" \/>\n\t<meta name=\"twitter:data1\" content=\"2 minutes\" \/>\n<script type=\"application\/ld+json\" class=\"yoast-schema-graph\">{\"@context\":\"https:\/\/schema.org\",\"@graph\":[{\"@type\":\"WebPage\",\"@id\":\"https:\/\/www.dolomitiprealpi.it\/de\/event\/tracce-di-foliage-diario-di-viaggio\/\",\"url\":\"https:\/\/www.dolomitiprealpi.it\/de\/event\/tracce-di-foliage-diario-di-viaggio\/\",\"name\":\"Tracce di Foliage - Diario di viaggio - Dolomiti Prealpi\",\"isPartOf\":{\"@id\":\"https:\/\/www.dolomitiprealpi.it\/de\/#website\"},\"datePublished\":\"2026-04-17T10:57:34+00:00\",\"dateModified\":\"2026-04-23T15:44:38+00:00\",\"breadcrumb\":{\"@id\":\"https:\/\/www.dolomitiprealpi.it\/de\/event\/tracce-di-foliage-diario-di-viaggio\/#breadcrumb\"},\"inLanguage\":\"de-DE\",\"potentialAction\":[{\"@type\":\"ReadAction\",\"target\":[\"https:\/\/www.dolomitiprealpi.it\/de\/event\/tracce-di-foliage-diario-di-viaggio\/\"]}]},{\"@type\":\"BreadcrumbList\",\"@id\":\"https:\/\/www.dolomitiprealpi.it\/de\/event\/tracce-di-foliage-diario-di-viaggio\/#breadcrumb\",\"itemListElement\":[{\"@type\":\"ListItem\",\"position\":1,\"name\":\"Home\",\"item\":\"https:\/\/www.dolomitiprealpi.it\/de\/\"},{\"@type\":\"ListItem\",\"position\":2,\"name\":\"Veranstaltungen\",\"item\":\"https:\/\/www.dolomitiprealpi.it\/de\/events\/\"},{\"@type\":\"ListItem\",\"position\":3,\"name\":\"Tracce di Foliage &#8211; Diario di viaggio\"}]},{\"@type\":\"WebSite\",\"@id\":\"https:\/\/www.dolomitiprealpi.it\/de\/#website\",\"url\":\"https:\/\/www.dolomitiprealpi.it\/de\/\",\"name\":\"Dolomiti Prealpi\",\"description\":\"\",\"publisher\":{\"@id\":\"https:\/\/www.dolomitiprealpi.it\/de\/#organization\"},\"potentialAction\":[{\"@type\":\"SearchAction\",\"target\":{\"@type\":\"EntryPoint\",\"urlTemplate\":\"https:\/\/www.dolomitiprealpi.it\/de\/?s={search_term_string}\"},\"query-input\":{\"@type\":\"PropertyValueSpecification\",\"valueRequired\":true,\"valueName\":\"search_term_string\"}}],\"inLanguage\":\"de-DE\"},{\"@type\":\"Organization\",\"@id\":\"https:\/\/www.dolomitiprealpi.it\/de\/#organization\",\"name\":\"Consorzio Dolomiti Prealpi\",\"url\":\"https:\/\/www.dolomitiprealpi.it\/de\/\",\"logo\":{\"@type\":\"ImageObject\",\"inLanguage\":\"de-DE\",\"@id\":\"https:\/\/www.dolomitiprealpi.it\/de\/#\/schema\/logo\/image\/\",\"url\":\"https:\/\/www.dolomitiprealpi.it\/wp-content\/uploads\/2023\/03\/dolomitiprealpi-favicon.jpg\",\"contentUrl\":\"https:\/\/www.dolomitiprealpi.it\/wp-content\/uploads\/2023\/03\/dolomitiprealpi-favicon.jpg\",\"width\":512,\"height\":512,\"caption\":\"Consorzio Dolomiti Prealpi\"},\"image\":{\"@id\":\"https:\/\/www.dolomitiprealpi.it\/de\/#\/schema\/logo\/image\/\"},\"sameAs\":[\"https:\/\/www.facebook.com\/dolomitiprealpi.it\/\",\"https:\/\/www.instagram.com\/dolomitiprealpi\/\"]}]}<\/script>\n<!-- \/ Yoast SEO plugin. -->","yoast_head_json":{"title":"Tracce di Foliage - Diario di viaggio - Dolomiti Prealpi","robots":{"index":"index","follow":"follow","max-snippet":"max-snippet:-1","max-image-preview":"max-image-preview:large","max-video-preview":"max-video-preview:-1"},"canonical":"https:\/\/www.dolomitiprealpi.it\/de\/event\/tracce-di-foliage-diario-di-viaggio\/","og_locale":"de_DE","og_type":"article","og_title":"Tracce di Foliage - Diario di viaggio - Dolomiti Prealpi","og_description":"Freier Eintritt mit Reservierung, bis die verf\u00fcgbaren Pl\u00e4tze ersch\u00f6pft sind. Reservierungen unter folgender Seite: www.eventbrite.com Konzert mit Diego De Pasqual Die dritte Ausgabe der Reihe&nbsp;Tracce di foliage&nbsp;ist den&nbsp;Herbstsinne gewidmet. Nach","og_url":"https:\/\/www.dolomitiprealpi.it\/de\/event\/tracce-di-foliage-diario-di-viaggio\/","og_site_name":"Dolomiti Prealpi","article_publisher":"https:\/\/www.facebook.com\/dolomitiprealpi.it\/","article_modified_time":"2026-04-23T15:44:38+00:00","og_image":[{"width":2048,"height":1888,"url":"https:\/\/www.dolomitiprealpi.it\/wp-content\/uploads\/2022\/11\/C.-Timpone-Foto-archivio-Consorzio-turistico-Dolomiti-Prealpi-Nevegal-Belluno-Bike-18-2.jpg","type":"image\/jpeg"}],"twitter_card":"summary_large_image","twitter_misc":{"Est. reading time":"2 minutes"},"schema":{"@context":"https:\/\/schema.org","@graph":[{"@type":"WebPage","@id":"https:\/\/www.dolomitiprealpi.it\/de\/event\/tracce-di-foliage-diario-di-viaggio\/","url":"https:\/\/www.dolomitiprealpi.it\/de\/event\/tracce-di-foliage-diario-di-viaggio\/","name":"Tracce di Foliage - Diario di viaggio - Dolomiti Prealpi","isPartOf":{"@id":"https:\/\/www.dolomitiprealpi.it\/de\/#website"},"datePublished":"2026-04-17T10:57:34+00:00","dateModified":"2026-04-23T15:44:38+00:00","breadcrumb":{"@id":"https:\/\/www.dolomitiprealpi.it\/de\/event\/tracce-di-foliage-diario-di-viaggio\/#breadcrumb"},"inLanguage":"de-DE","potentialAction":[{"@type":"ReadAction","target":["https:\/\/www.dolomitiprealpi.it\/de\/event\/tracce-di-foliage-diario-di-viaggio\/"]}]},{"@type":"BreadcrumbList","@id":"https:\/\/www.dolomitiprealpi.it\/de\/event\/tracce-di-foliage-diario-di-viaggio\/#breadcrumb","itemListElement":[{"@type":"ListItem","position":1,"name":"Home","item":"https:\/\/www.dolomitiprealpi.it\/de\/"},{"@type":"ListItem","position":2,"name":"Veranstaltungen","item":"https:\/\/www.dolomitiprealpi.it\/de\/events\/"},{"@type":"ListItem","position":3,"name":"Tracce di Foliage &#8211; Diario di viaggio"}]},{"@type":"WebSite","@id":"https:\/\/www.dolomitiprealpi.it\/de\/#website","url":"https:\/\/www.dolomitiprealpi.it\/de\/","name":"Dolomiti Prealpi","description":"","publisher":{"@id":"https:\/\/www.dolomitiprealpi.it\/de\/#organization"},"potentialAction":[{"@type":"SearchAction","target":{"@type":"EntryPoint","urlTemplate":"https:\/\/www.dolomitiprealpi.it\/de\/?s={search_term_string}"},"query-input":{"@type":"PropertyValueSpecification","valueRequired":true,"valueName":"search_term_string"}}],"inLanguage":"de-DE"},{"@type":"Organization","@id":"https:\/\/www.dolomitiprealpi.it\/de\/#organization","name":"Consorzio Dolomiti Prealpi","url":"https:\/\/www.dolomitiprealpi.it\/de\/","logo":{"@type":"ImageObject","inLanguage":"de-DE","@id":"https:\/\/www.dolomitiprealpi.it\/de\/#\/schema\/logo\/image\/","url":"https:\/\/www.dolomitiprealpi.it\/wp-content\/uploads\/2023\/03\/dolomitiprealpi-favicon.jpg","contentUrl":"https:\/\/www.dolomitiprealpi.it\/wp-content\/uploads\/2023\/03\/dolomitiprealpi-favicon.jpg","width":512,"height":512,"caption":"Consorzio Dolomiti Prealpi"},"image":{"@id":"https:\/\/www.dolomitiprealpi.it\/de\/#\/schema\/logo\/image\/"},"sameAs":["https:\/\/www.facebook.com\/dolomitiprealpi.it\/","https:\/\/www.instagram.com\/dolomitiprealpi\/"]}]}},"_links":{"self":[{"href":"https:\/\/www.dolomitiprealpi.it\/de\/wp-json\/wp\/v2\/tribe_events\/88388","targetHints":{"allow":["GET"]}}],"collection":[{"href":"https:\/\/www.dolomitiprealpi.it\/de\/wp-json\/wp\/v2\/tribe_events"}],"about":[{"href":"https:\/\/www.dolomitiprealpi.it\/de\/wp-json\/wp\/v2\/types\/tribe_events"}],"version-history":[{"count":1,"href":"https:\/\/www.dolomitiprealpi.it\/de\/wp-json\/wp\/v2\/tribe_events\/88388\/revisions"}],"predecessor-version":[{"id":89077,"href":"https:\/\/www.dolomitiprealpi.it\/de\/wp-json\/wp\/v2\/tribe_events\/88388\/revisions\/89077"}],"wp:attachment":[{"href":"https:\/\/www.dolomitiprealpi.it\/de\/wp-json\/wp\/v2\/media?parent=88388"}],"wp:term":[{"taxonomy":"post_tag","embeddable":true,"href":"https:\/\/www.dolomitiprealpi.it\/de\/wp-json\/wp\/v2\/tags?post=88388"},{"taxonomy":"tribe_events_cat","embeddable":true,"href":"https:\/\/www.dolomitiprealpi.it\/de\/wp-json\/wp\/v2\/tribe_events_cat?post=88388"}],"curies":[{"name":"wp","href":"https:\/\/api.w.org\/{rel}","templated":true}]}}