{"id":88197,"date":"2026-02-15T11:45:11","date_gmt":"2026-02-15T10:45:11","guid":{"rendered":"https:\/\/www.dolomitiprealpi.it\/event\/credere-di-julian-carron\/"},"modified":"2026-04-17T12:42:48","modified_gmt":"2026-04-17T10:42:48","slug":"credere-di-julian-carron","status":"publish","type":"tribe_events","link":"https:\/\/www.dolomitiprealpi.it\/de\/event\/credere-di-julian-carron\/","title":{"rendered":"Credere di Juli\u00e1n Carr\u00f3n"},"content":{"rendered":"<p>Am 17. Oktober wird die Buchpr\u00e4sentation &#8220;<b>Credere<\/b>&#8221; von Juli\u00e1n Carr\u00f3n stattfinden, organisiert von der Stadt Belluno, Kulturreferat. <\/p>\n<p>Credere ist ein Verb mit vielen Bedeutungen und unz\u00e4hligen Implikationen, die sich nicht nur auf die Sph\u00e4re der Spiritualit\u00e4t, sondern auch auf die der Psychologie und allgemein auf das Leben in einer zivilen Gesellschaft beziehen. Aber was bedeutet es heute zu glauben? Und was bedeutet es, nicht zu glauben? Auf welchen \u00dcberzeugungen beruhen die Gedanken eines gl\u00e4ubigen Menschen oder, umgekehrt, die eines Agnostikers, eines &#8220;Griechen&#8221;, wie Umberto Galimberti sich selbst bezeichnet? <\/p>\n<p>Eine der interessantesten katholischen Pers\u00f6nlichkeiten der heutigen Zeit diskutiert mit einem der bekanntesten Philosophen und Psychoanalytiker in Italien \u00fcber die tiefere Bedeutung dieses Wortes. Daraus entsteht ein hochkar\u00e4tiger Austausch, der gleichzeitig klar und erhellend ist, reich an Anregungen und m\u00f6glichen Deutungen. Aber auch eine \u00e4u\u00dferst interessante Kartierung des westlichen spirituellen Denkens, die f\u00fcr Gl\u00e4ubige und Nicht-Gl\u00e4ubige grundlegend ist. <\/p>\n<p><\/p>\n<p>Vorstellung des Buches<\/p>\n","protected":false},"excerpt":{"rendered":"<p>Am 17. Oktober wird die Buchpr\u00e4sentation &#8220;Credere&#8221; von Juli\u00e1n Carr\u00f3n stattfinden, organisiert von der Stadt Belluno, Kulturreferat. Credere ist ein Verb mit vielen Bedeutungen und unz\u00e4hligen Implikationen, die sich nicht<\/p>\n","protected":false},"author":0,"featured_media":0,"template":"","meta":{"_acf_changed":false,"inline_featured_image":false,"_tribe_events_status":"","_tribe_events_status_reason":"","footnotes":""},"tags":[259],"tribe_events_cat":[],"class_list":["post-88197","tribe_events","type-tribe_events","status-publish","hentry","tag-eventi-feratel"],"acf":[],"yoast_head":"<!-- This site is optimized with the Yoast SEO plugin v25.7 - https:\/\/yoast.com\/wordpress\/plugins\/seo\/ -->\n<title>Credere di Juli\u00e1n Carr\u00f3n - Dolomiti Prealpi<\/title>\n<meta name=\"robots\" content=\"index, follow, max-snippet:-1, max-image-preview:large, max-video-preview:-1\" \/>\n<link rel=\"canonical\" href=\"https:\/\/www.dolomitiprealpi.it\/de\/event\/credere-di-julian-carron\/\" \/>\n<meta property=\"og:locale\" content=\"de_DE\" \/>\n<meta property=\"og:type\" content=\"article\" \/>\n<meta property=\"og:title\" content=\"Credere di Juli\u00e1n Carr\u00f3n - Dolomiti Prealpi\" \/>\n<meta property=\"og:description\" content=\"Am 17. Oktober wird die Buchpr\u00e4sentation &#8220;Credere&#8221; von Juli\u00e1n Carr\u00f3n stattfinden, organisiert von der Stadt Belluno, Kulturreferat. Credere ist ein Verb mit vielen Bedeutungen und unz\u00e4hligen Implikationen, die sich nicht\" \/>\n<meta property=\"og:url\" content=\"https:\/\/www.dolomitiprealpi.it\/de\/event\/credere-di-julian-carron\/\" \/>\n<meta property=\"og:site_name\" content=\"Dolomiti Prealpi\" \/>\n<meta property=\"article:publisher\" content=\"https:\/\/www.facebook.com\/dolomitiprealpi.it\/\" \/>\n<meta property=\"article:modified_time\" content=\"2026-04-17T10:42:48+00:00\" \/>\n<meta property=\"og:image\" content=\"https:\/\/www.dolomitiprealpi.it\/wp-content\/uploads\/2022\/11\/C.-Timpone-Foto-archivio-Consorzio-turistico-Dolomiti-Prealpi-Nevegal-Belluno-Bike-18-2.jpg\" \/>\n\t<meta property=\"og:image:width\" content=\"2048\" \/>\n\t<meta property=\"og:image:height\" content=\"1888\" \/>\n\t<meta property=\"og:image:type\" content=\"image\/jpeg\" \/>\n<meta name=\"twitter:card\" content=\"summary_large_image\" \/>\n<meta name=\"twitter:label1\" content=\"Est. reading time\" \/>\n\t<meta name=\"twitter:data1\" content=\"1 minute\" \/>\n<script type=\"application\/ld+json\" class=\"yoast-schema-graph\">{\"@context\":\"https:\/\/schema.org\",\"@graph\":[{\"@type\":\"WebPage\",\"@id\":\"https:\/\/www.dolomitiprealpi.it\/de\/event\/credere-di-julian-carron\/\",\"url\":\"https:\/\/www.dolomitiprealpi.it\/de\/event\/credere-di-julian-carron\/\",\"name\":\"Credere di Juli\u00e1n Carr\u00f3n - Dolomiti Prealpi\",\"isPartOf\":{\"@id\":\"https:\/\/www.dolomitiprealpi.it\/de\/#website\"},\"datePublished\":\"2026-02-15T10:45:11+00:00\",\"dateModified\":\"2026-04-17T10:42:48+00:00\",\"breadcrumb\":{\"@id\":\"https:\/\/www.dolomitiprealpi.it\/de\/event\/credere-di-julian-carron\/#breadcrumb\"},\"inLanguage\":\"de-DE\",\"potentialAction\":[{\"@type\":\"ReadAction\",\"target\":[\"https:\/\/www.dolomitiprealpi.it\/de\/event\/credere-di-julian-carron\/\"]}]},{\"@type\":\"BreadcrumbList\",\"@id\":\"https:\/\/www.dolomitiprealpi.it\/de\/event\/credere-di-julian-carron\/#breadcrumb\",\"itemListElement\":[{\"@type\":\"ListItem\",\"position\":1,\"name\":\"Home\",\"item\":\"https:\/\/www.dolomitiprealpi.it\/de\/\"},{\"@type\":\"ListItem\",\"position\":2,\"name\":\"Veranstaltungen\",\"item\":\"https:\/\/www.dolomitiprealpi.it\/de\/events\/\"},{\"@type\":\"ListItem\",\"position\":3,\"name\":\"Credere di Juli\u00e1n Carr\u00f3n\"}]},{\"@type\":\"WebSite\",\"@id\":\"https:\/\/www.dolomitiprealpi.it\/de\/#website\",\"url\":\"https:\/\/www.dolomitiprealpi.it\/de\/\",\"name\":\"Dolomiti Prealpi\",\"description\":\"\",\"publisher\":{\"@id\":\"https:\/\/www.dolomitiprealpi.it\/de\/#organization\"},\"potentialAction\":[{\"@type\":\"SearchAction\",\"target\":{\"@type\":\"EntryPoint\",\"urlTemplate\":\"https:\/\/www.dolomitiprealpi.it\/de\/?s={search_term_string}\"},\"query-input\":{\"@type\":\"PropertyValueSpecification\",\"valueRequired\":true,\"valueName\":\"search_term_string\"}}],\"inLanguage\":\"de-DE\"},{\"@type\":\"Organization\",\"@id\":\"https:\/\/www.dolomitiprealpi.it\/de\/#organization\",\"name\":\"Consorzio Dolomiti Prealpi\",\"url\":\"https:\/\/www.dolomitiprealpi.it\/de\/\",\"logo\":{\"@type\":\"ImageObject\",\"inLanguage\":\"de-DE\",\"@id\":\"https:\/\/www.dolomitiprealpi.it\/de\/#\/schema\/logo\/image\/\",\"url\":\"https:\/\/www.dolomitiprealpi.it\/wp-content\/uploads\/2023\/03\/dolomitiprealpi-favicon.jpg\",\"contentUrl\":\"https:\/\/www.dolomitiprealpi.it\/wp-content\/uploads\/2023\/03\/dolomitiprealpi-favicon.jpg\",\"width\":512,\"height\":512,\"caption\":\"Consorzio Dolomiti Prealpi\"},\"image\":{\"@id\":\"https:\/\/www.dolomitiprealpi.it\/de\/#\/schema\/logo\/image\/\"},\"sameAs\":[\"https:\/\/www.facebook.com\/dolomitiprealpi.it\/\",\"https:\/\/www.instagram.com\/dolomitiprealpi\/\"]}]}<\/script>\n<!-- \/ Yoast SEO plugin. -->","yoast_head_json":{"title":"Credere di Juli\u00e1n Carr\u00f3n - Dolomiti Prealpi","robots":{"index":"index","follow":"follow","max-snippet":"max-snippet:-1","max-image-preview":"max-image-preview:large","max-video-preview":"max-video-preview:-1"},"canonical":"https:\/\/www.dolomitiprealpi.it\/de\/event\/credere-di-julian-carron\/","og_locale":"de_DE","og_type":"article","og_title":"Credere di Juli\u00e1n Carr\u00f3n - Dolomiti Prealpi","og_description":"Am 17. Oktober wird die Buchpr\u00e4sentation &#8220;Credere&#8221; von Juli\u00e1n Carr\u00f3n stattfinden, organisiert von der Stadt Belluno, Kulturreferat. Credere ist ein Verb mit vielen Bedeutungen und unz\u00e4hligen Implikationen, die sich nicht","og_url":"https:\/\/www.dolomitiprealpi.it\/de\/event\/credere-di-julian-carron\/","og_site_name":"Dolomiti Prealpi","article_publisher":"https:\/\/www.facebook.com\/dolomitiprealpi.it\/","article_modified_time":"2026-04-17T10:42:48+00:00","og_image":[{"width":2048,"height":1888,"url":"https:\/\/www.dolomitiprealpi.it\/wp-content\/uploads\/2022\/11\/C.-Timpone-Foto-archivio-Consorzio-turistico-Dolomiti-Prealpi-Nevegal-Belluno-Bike-18-2.jpg","type":"image\/jpeg"}],"twitter_card":"summary_large_image","twitter_misc":{"Est. reading time":"1 minute"},"schema":{"@context":"https:\/\/schema.org","@graph":[{"@type":"WebPage","@id":"https:\/\/www.dolomitiprealpi.it\/de\/event\/credere-di-julian-carron\/","url":"https:\/\/www.dolomitiprealpi.it\/de\/event\/credere-di-julian-carron\/","name":"Credere di Juli\u00e1n Carr\u00f3n - Dolomiti Prealpi","isPartOf":{"@id":"https:\/\/www.dolomitiprealpi.it\/de\/#website"},"datePublished":"2026-02-15T10:45:11+00:00","dateModified":"2026-04-17T10:42:48+00:00","breadcrumb":{"@id":"https:\/\/www.dolomitiprealpi.it\/de\/event\/credere-di-julian-carron\/#breadcrumb"},"inLanguage":"de-DE","potentialAction":[{"@type":"ReadAction","target":["https:\/\/www.dolomitiprealpi.it\/de\/event\/credere-di-julian-carron\/"]}]},{"@type":"BreadcrumbList","@id":"https:\/\/www.dolomitiprealpi.it\/de\/event\/credere-di-julian-carron\/#breadcrumb","itemListElement":[{"@type":"ListItem","position":1,"name":"Home","item":"https:\/\/www.dolomitiprealpi.it\/de\/"},{"@type":"ListItem","position":2,"name":"Veranstaltungen","item":"https:\/\/www.dolomitiprealpi.it\/de\/events\/"},{"@type":"ListItem","position":3,"name":"Credere di Juli\u00e1n Carr\u00f3n"}]},{"@type":"WebSite","@id":"https:\/\/www.dolomitiprealpi.it\/de\/#website","url":"https:\/\/www.dolomitiprealpi.it\/de\/","name":"Dolomiti Prealpi","description":"","publisher":{"@id":"https:\/\/www.dolomitiprealpi.it\/de\/#organization"},"potentialAction":[{"@type":"SearchAction","target":{"@type":"EntryPoint","urlTemplate":"https:\/\/www.dolomitiprealpi.it\/de\/?s={search_term_string}"},"query-input":{"@type":"PropertyValueSpecification","valueRequired":true,"valueName":"search_term_string"}}],"inLanguage":"de-DE"},{"@type":"Organization","@id":"https:\/\/www.dolomitiprealpi.it\/de\/#organization","name":"Consorzio Dolomiti Prealpi","url":"https:\/\/www.dolomitiprealpi.it\/de\/","logo":{"@type":"ImageObject","inLanguage":"de-DE","@id":"https:\/\/www.dolomitiprealpi.it\/de\/#\/schema\/logo\/image\/","url":"https:\/\/www.dolomitiprealpi.it\/wp-content\/uploads\/2023\/03\/dolomitiprealpi-favicon.jpg","contentUrl":"https:\/\/www.dolomitiprealpi.it\/wp-content\/uploads\/2023\/03\/dolomitiprealpi-favicon.jpg","width":512,"height":512,"caption":"Consorzio Dolomiti Prealpi"},"image":{"@id":"https:\/\/www.dolomitiprealpi.it\/de\/#\/schema\/logo\/image\/"},"sameAs":["https:\/\/www.facebook.com\/dolomitiprealpi.it\/","https:\/\/www.instagram.com\/dolomitiprealpi\/"]}]}},"_links":{"self":[{"href":"https:\/\/www.dolomitiprealpi.it\/de\/wp-json\/wp\/v2\/tribe_events\/88197","targetHints":{"allow":["GET"]}}],"collection":[{"href":"https:\/\/www.dolomitiprealpi.it\/de\/wp-json\/wp\/v2\/tribe_events"}],"about":[{"href":"https:\/\/www.dolomitiprealpi.it\/de\/wp-json\/wp\/v2\/types\/tribe_events"}],"version-history":[{"count":1,"href":"https:\/\/www.dolomitiprealpi.it\/de\/wp-json\/wp\/v2\/tribe_events\/88197\/revisions"}],"predecessor-version":[{"id":88913,"href":"https:\/\/www.dolomitiprealpi.it\/de\/wp-json\/wp\/v2\/tribe_events\/88197\/revisions\/88913"}],"wp:attachment":[{"href":"https:\/\/www.dolomitiprealpi.it\/de\/wp-json\/wp\/v2\/media?parent=88197"}],"wp:term":[{"taxonomy":"post_tag","embeddable":true,"href":"https:\/\/www.dolomitiprealpi.it\/de\/wp-json\/wp\/v2\/tags?post=88197"},{"taxonomy":"tribe_events_cat","embeddable":true,"href":"https:\/\/www.dolomitiprealpi.it\/de\/wp-json\/wp\/v2\/tribe_events_cat?post=88197"}],"curies":[{"name":"wp","href":"https:\/\/api.w.org\/{rel}","templated":true}]}}