{"id":87268,"date":"2026-02-15T12:20:41","date_gmt":"2026-02-15T11:20:41","guid":{"rendered":"https:\/\/www.dolomitiprealpi.it\/event\/favole-al-balcone\/"},"modified":"2026-03-20T13:01:58","modified_gmt":"2026-03-20T12:01:58","slug":"favole-al-balcone","status":"publish","type":"tribe_events","link":"https:\/\/www.dolomitiprealpi.it\/de\/event\/favole-al-balcone\/","title":{"rendered":"Favole al balcone"},"content":{"rendered":"<p>Um an Favole al Balcone teilzunehmen, gen\u00fcgt es, sich zwischen 16:00 und 16:15 Uhr an der&nbsp;<b>Spielzeugh\u00fctte<\/b> in&nbsp;<b>Piazza dei Martiri<\/b> anzumelden.<\/p>\n<ul>\n<li>Kinder:&nbsp;\u20ac 7<\/li>\n<li>Eltern und Begleitpersonen:&nbsp;\u20ac 5<\/li>\n<\/ul>\n<p><i>Der von Kindern und Erwachsenen geforderte Beitrag hilft dem Verein Pomi d\u2019Ottone (Veranstalter der Veranstaltung), um<b>&nbsp;die Kosten der Veranstaltung zu decken<\/b>.&nbsp;<\/i><i>Eventuelle Verluste werden normalerweise durch die Unterst\u00fctzung von Sponsoren ausgeglichen.<\/i><\/p>\n<p> Geschichtenerz\u00e4hler aus alten Zeiten<\/p>\n<p><b>M\u00e4rchen am Balkon<\/b>&nbsp;ist eine Veranstaltung mit&nbsp;<b>Geschichtenerz\u00e4hlern<\/b>, die f\u00fcr&nbsp;<b>Kinder jeden Alters&nbsp;<\/b>(ideal ab&nbsp;2 Jahren) gedacht ist, und die seit 2009 im&nbsp;<b>historischen Zentrum von Belluno<\/b>&nbsp;stattfindet.<\/p>\n<p>Bei M\u00e4rchen am Balkon finden Sie eine Stadt, in der die Erwachsenen f\u00fcr einen Nachmittag beschlie\u00dfen, sich zu ducken und&nbsp;<b>den Kindern die Hand zu reichen<\/b>.<\/p>\n<p>Sie tun dies idealerweise, indem sie die&nbsp;<b>Fenster der sch\u00f6nsten Pal\u00e4ste<\/b>&nbsp;in Belluno \u00f6ffnen, um Geschichten zu erz\u00e4hlen. Aber welche Art von Geschichten?<\/p>\n<p>Wir werden keine Geschichten h\u00f6ren, die den Kleinen helfen, schneller gro\u00df zu werden. Wir glauben, dass den Kindern wieder&nbsp;<b>eine langsamere Zeit zum Wachsen<\/b>&nbsp;gegeben werden sollte, die sie zusammen mit den Erwachsenen, die sie begleiten, teilen k\u00f6nnen. Von den Balkonen der Stadt werden die Kinder Geschichten h\u00f6ren, um<b>&nbsp;mutiger zu werden&nbsp;<\/b>und mit Kraft sowohl&nbsp;<b>wundervolle Dinge<\/b>&nbsp;als auch&nbsp;<b>die Gefahren<\/b>&nbsp;des Lebens zu meistern.<\/p>\n<p>Unsere Geschichtenerz\u00e4hler sprechen schon immer mit den Kindern&nbsp;<b>in ihrer Sprache<\/b>, derjenigen, die den Verstand mit dem Herzen verbindet, um die Wahrheit zu erz\u00e4hlen. Eine Wahrheit, die manchmal hart ist, aber nicht Angst macht, denn der Geschichtenerz\u00e4hler ist da, um den Kindern&nbsp;<b>goldene Schl\u00fcssel&nbsp;<\/b>zu \u00fcberreichen, mit den Antworten, die sie auf ihrem Weg jeden Tag suchen.<\/p>\n<p>Um 16:30 Uhr beginnt von der Piazza dei Martiri, nach der Anmeldung um 16:00 Uhr, die Karawane von Kindern und Eltern, angef\u00fchrt von&nbsp;<b>Darstellern in mittelalterlichen Kost\u00fcmen<\/b>, den&nbsp;<b>Feltre-Wimpeltr\u00e4gern<\/b>&nbsp;und den<b>&#038;nbsp>Trommlern<\/b>, ihren Weg&nbsp;<b>zum M\u00e4rchenpfad<\/b>.<\/p>\n<ul>\n<li><i>Piazza dei Martiri<\/i><\/li>\n<li><i><i>Piazza Santo Stefano<\/i><\/i><\/li>\n<li><i>Piazza Vittorio Emanuele<\/i><\/li>\n<li><i>Piazza Duomo<\/i><\/li>\n<li><i>Via S. Lucano \u2013 Assindustria<\/i><\/li>\n<\/ul>\n<p>Auf der Piazza Santo Stefano wird der erste<b>&nbsp;Geschichtenerz\u00e4hler<\/b>&nbsp;am Balkon die erste Geschichte f\u00fcr&nbsp;<b>Kinder und Erwachsene<\/b>&nbsp;erz\u00e4hlen, die&nbsp;<b>zu F\u00fc\u00dfen des Palastes sitzen<\/b>.<\/p>\n<p>Nach der ersten Geschichte wird sich die&nbsp;<b>Familienkarawane&nbsp;<\/b>durch die Stra\u00dfen des historischen Zentrums bewegen, um&nbsp;<b>vier weitere Pal\u00e4ste mit Balkonen<\/b>&nbsp;zu erreichen, von denen die weiteren Geschichten erz\u00e4hlt werden.<\/p>\n<p>F\u00fcr weitere&nbsp;Informationen: <a href=\"https:\/\/www.bellunobambini.it\/favole-al-balcone\/\">www.bellunobambini.it<\/a><\/p>\n","protected":false},"excerpt":{"rendered":"<p>Um an Favole al Balcone teilzunehmen, gen\u00fcgt es, sich zwischen 16:00 und 16:15 Uhr an der&nbsp;Spielzeugh\u00fctte in&nbsp;Piazza dei Martiri anzumelden. Kinder:&nbsp;\u20ac 7 Eltern und Begleitpersonen:&nbsp;\u20ac 5 Der von Kindern und<\/p>\n","protected":false},"author":0,"featured_media":0,"template":"","meta":{"_acf_changed":false,"inline_featured_image":false,"_tribe_events_status":"","_tribe_events_status_reason":"","footnotes":""},"tags":[259],"tribe_events_cat":[],"class_list":["post-87268","tribe_events","type-tribe_events","status-publish","hentry","tag-eventi-feratel"],"acf":[],"yoast_head":"<!-- This site is optimized with the Yoast SEO plugin v25.7 - https:\/\/yoast.com\/wordpress\/plugins\/seo\/ -->\n<title>Favole al balcone - Dolomiti Prealpi<\/title>\n<meta name=\"robots\" content=\"index, follow, max-snippet:-1, max-image-preview:large, max-video-preview:-1\" \/>\n<link rel=\"canonical\" href=\"https:\/\/www.dolomitiprealpi.it\/de\/event\/favole-al-balcone\/\" \/>\n<meta property=\"og:locale\" content=\"de_DE\" \/>\n<meta property=\"og:type\" content=\"article\" \/>\n<meta property=\"og:title\" content=\"Favole al balcone - Dolomiti Prealpi\" \/>\n<meta property=\"og:description\" content=\"Um an Favole al Balcone teilzunehmen, gen\u00fcgt es, sich zwischen 16:00 und 16:15 Uhr an der&nbsp;Spielzeugh\u00fctte in&nbsp;Piazza dei Martiri anzumelden. Kinder:&nbsp;\u20ac 7 Eltern und Begleitpersonen:&nbsp;\u20ac 5 Der von Kindern und\" \/>\n<meta property=\"og:url\" content=\"https:\/\/www.dolomitiprealpi.it\/de\/event\/favole-al-balcone\/\" \/>\n<meta property=\"og:site_name\" content=\"Dolomiti Prealpi\" \/>\n<meta property=\"article:publisher\" content=\"https:\/\/www.facebook.com\/dolomitiprealpi.it\/\" \/>\n<meta property=\"article:modified_time\" content=\"2026-03-20T12:01:58+00:00\" \/>\n<meta property=\"og:image\" content=\"https:\/\/www.dolomitiprealpi.it\/wp-content\/uploads\/2022\/11\/C.-Timpone-Foto-archivio-Consorzio-turistico-Dolomiti-Prealpi-Nevegal-Belluno-Bike-18-2.jpg\" \/>\n\t<meta property=\"og:image:width\" content=\"2048\" \/>\n\t<meta property=\"og:image:height\" content=\"1888\" \/>\n\t<meta property=\"og:image:type\" content=\"image\/jpeg\" \/>\n<meta name=\"twitter:card\" content=\"summary_large_image\" \/>\n<meta name=\"twitter:label1\" content=\"Est. reading time\" \/>\n\t<meta name=\"twitter:data1\" content=\"2 minutes\" \/>\n<script type=\"application\/ld+json\" class=\"yoast-schema-graph\">{\"@context\":\"https:\/\/schema.org\",\"@graph\":[{\"@type\":\"WebPage\",\"@id\":\"https:\/\/www.dolomitiprealpi.it\/de\/event\/favole-al-balcone\/\",\"url\":\"https:\/\/www.dolomitiprealpi.it\/de\/event\/favole-al-balcone\/\",\"name\":\"Favole al balcone - Dolomiti Prealpi\",\"isPartOf\":{\"@id\":\"https:\/\/www.dolomitiprealpi.it\/de\/#website\"},\"datePublished\":\"2026-02-15T11:20:41+00:00\",\"dateModified\":\"2026-03-20T12:01:58+00:00\",\"breadcrumb\":{\"@id\":\"https:\/\/www.dolomitiprealpi.it\/de\/event\/favole-al-balcone\/#breadcrumb\"},\"inLanguage\":\"de-DE\",\"potentialAction\":[{\"@type\":\"ReadAction\",\"target\":[\"https:\/\/www.dolomitiprealpi.it\/de\/event\/favole-al-balcone\/\"]}]},{\"@type\":\"BreadcrumbList\",\"@id\":\"https:\/\/www.dolomitiprealpi.it\/de\/event\/favole-al-balcone\/#breadcrumb\",\"itemListElement\":[{\"@type\":\"ListItem\",\"position\":1,\"name\":\"Home\",\"item\":\"https:\/\/www.dolomitiprealpi.it\/de\/\"},{\"@type\":\"ListItem\",\"position\":2,\"name\":\"Veranstaltungen\",\"item\":\"https:\/\/www.dolomitiprealpi.it\/de\/events\/\"},{\"@type\":\"ListItem\",\"position\":3,\"name\":\"Favole al balcone\"}]},{\"@type\":\"WebSite\",\"@id\":\"https:\/\/www.dolomitiprealpi.it\/de\/#website\",\"url\":\"https:\/\/www.dolomitiprealpi.it\/de\/\",\"name\":\"Dolomiti Prealpi\",\"description\":\"\",\"publisher\":{\"@id\":\"https:\/\/www.dolomitiprealpi.it\/de\/#organization\"},\"potentialAction\":[{\"@type\":\"SearchAction\",\"target\":{\"@type\":\"EntryPoint\",\"urlTemplate\":\"https:\/\/www.dolomitiprealpi.it\/de\/?s={search_term_string}\"},\"query-input\":{\"@type\":\"PropertyValueSpecification\",\"valueRequired\":true,\"valueName\":\"search_term_string\"}}],\"inLanguage\":\"de-DE\"},{\"@type\":\"Organization\",\"@id\":\"https:\/\/www.dolomitiprealpi.it\/de\/#organization\",\"name\":\"Consorzio Dolomiti Prealpi\",\"url\":\"https:\/\/www.dolomitiprealpi.it\/de\/\",\"logo\":{\"@type\":\"ImageObject\",\"inLanguage\":\"de-DE\",\"@id\":\"https:\/\/www.dolomitiprealpi.it\/de\/#\/schema\/logo\/image\/\",\"url\":\"https:\/\/www.dolomitiprealpi.it\/wp-content\/uploads\/2023\/03\/dolomitiprealpi-favicon.jpg\",\"contentUrl\":\"https:\/\/www.dolomitiprealpi.it\/wp-content\/uploads\/2023\/03\/dolomitiprealpi-favicon.jpg\",\"width\":512,\"height\":512,\"caption\":\"Consorzio Dolomiti Prealpi\"},\"image\":{\"@id\":\"https:\/\/www.dolomitiprealpi.it\/de\/#\/schema\/logo\/image\/\"},\"sameAs\":[\"https:\/\/www.facebook.com\/dolomitiprealpi.it\/\",\"https:\/\/www.instagram.com\/dolomitiprealpi\/\"]}]}<\/script>\n<!-- \/ Yoast SEO plugin. -->","yoast_head_json":{"title":"Favole al balcone - Dolomiti Prealpi","robots":{"index":"index","follow":"follow","max-snippet":"max-snippet:-1","max-image-preview":"max-image-preview:large","max-video-preview":"max-video-preview:-1"},"canonical":"https:\/\/www.dolomitiprealpi.it\/de\/event\/favole-al-balcone\/","og_locale":"de_DE","og_type":"article","og_title":"Favole al balcone - Dolomiti Prealpi","og_description":"Um an Favole al Balcone teilzunehmen, gen\u00fcgt es, sich zwischen 16:00 und 16:15 Uhr an der&nbsp;Spielzeugh\u00fctte in&nbsp;Piazza dei Martiri anzumelden. Kinder:&nbsp;\u20ac 7 Eltern und Begleitpersonen:&nbsp;\u20ac 5 Der von Kindern und","og_url":"https:\/\/www.dolomitiprealpi.it\/de\/event\/favole-al-balcone\/","og_site_name":"Dolomiti Prealpi","article_publisher":"https:\/\/www.facebook.com\/dolomitiprealpi.it\/","article_modified_time":"2026-03-20T12:01:58+00:00","og_image":[{"width":2048,"height":1888,"url":"https:\/\/www.dolomitiprealpi.it\/wp-content\/uploads\/2022\/11\/C.-Timpone-Foto-archivio-Consorzio-turistico-Dolomiti-Prealpi-Nevegal-Belluno-Bike-18-2.jpg","type":"image\/jpeg"}],"twitter_card":"summary_large_image","twitter_misc":{"Est. reading time":"2 minutes"},"schema":{"@context":"https:\/\/schema.org","@graph":[{"@type":"WebPage","@id":"https:\/\/www.dolomitiprealpi.it\/de\/event\/favole-al-balcone\/","url":"https:\/\/www.dolomitiprealpi.it\/de\/event\/favole-al-balcone\/","name":"Favole al balcone - Dolomiti Prealpi","isPartOf":{"@id":"https:\/\/www.dolomitiprealpi.it\/de\/#website"},"datePublished":"2026-02-15T11:20:41+00:00","dateModified":"2026-03-20T12:01:58+00:00","breadcrumb":{"@id":"https:\/\/www.dolomitiprealpi.it\/de\/event\/favole-al-balcone\/#breadcrumb"},"inLanguage":"de-DE","potentialAction":[{"@type":"ReadAction","target":["https:\/\/www.dolomitiprealpi.it\/de\/event\/favole-al-balcone\/"]}]},{"@type":"BreadcrumbList","@id":"https:\/\/www.dolomitiprealpi.it\/de\/event\/favole-al-balcone\/#breadcrumb","itemListElement":[{"@type":"ListItem","position":1,"name":"Home","item":"https:\/\/www.dolomitiprealpi.it\/de\/"},{"@type":"ListItem","position":2,"name":"Veranstaltungen","item":"https:\/\/www.dolomitiprealpi.it\/de\/events\/"},{"@type":"ListItem","position":3,"name":"Favole al balcone"}]},{"@type":"WebSite","@id":"https:\/\/www.dolomitiprealpi.it\/de\/#website","url":"https:\/\/www.dolomitiprealpi.it\/de\/","name":"Dolomiti Prealpi","description":"","publisher":{"@id":"https:\/\/www.dolomitiprealpi.it\/de\/#organization"},"potentialAction":[{"@type":"SearchAction","target":{"@type":"EntryPoint","urlTemplate":"https:\/\/www.dolomitiprealpi.it\/de\/?s={search_term_string}"},"query-input":{"@type":"PropertyValueSpecification","valueRequired":true,"valueName":"search_term_string"}}],"inLanguage":"de-DE"},{"@type":"Organization","@id":"https:\/\/www.dolomitiprealpi.it\/de\/#organization","name":"Consorzio Dolomiti Prealpi","url":"https:\/\/www.dolomitiprealpi.it\/de\/","logo":{"@type":"ImageObject","inLanguage":"de-DE","@id":"https:\/\/www.dolomitiprealpi.it\/de\/#\/schema\/logo\/image\/","url":"https:\/\/www.dolomitiprealpi.it\/wp-content\/uploads\/2023\/03\/dolomitiprealpi-favicon.jpg","contentUrl":"https:\/\/www.dolomitiprealpi.it\/wp-content\/uploads\/2023\/03\/dolomitiprealpi-favicon.jpg","width":512,"height":512,"caption":"Consorzio Dolomiti Prealpi"},"image":{"@id":"https:\/\/www.dolomitiprealpi.it\/de\/#\/schema\/logo\/image\/"},"sameAs":["https:\/\/www.facebook.com\/dolomitiprealpi.it\/","https:\/\/www.instagram.com\/dolomitiprealpi\/"]}]}},"_links":{"self":[{"href":"https:\/\/www.dolomitiprealpi.it\/de\/wp-json\/wp\/v2\/tribe_events\/87268","targetHints":{"allow":["GET"]}}],"collection":[{"href":"https:\/\/www.dolomitiprealpi.it\/de\/wp-json\/wp\/v2\/tribe_events"}],"about":[{"href":"https:\/\/www.dolomitiprealpi.it\/de\/wp-json\/wp\/v2\/types\/tribe_events"}],"version-history":[{"count":1,"href":"https:\/\/www.dolomitiprealpi.it\/de\/wp-json\/wp\/v2\/tribe_events\/87268\/revisions"}],"predecessor-version":[{"id":88542,"href":"https:\/\/www.dolomitiprealpi.it\/de\/wp-json\/wp\/v2\/tribe_events\/87268\/revisions\/88542"}],"wp:attachment":[{"href":"https:\/\/www.dolomitiprealpi.it\/de\/wp-json\/wp\/v2\/media?parent=87268"}],"wp:term":[{"taxonomy":"post_tag","embeddable":true,"href":"https:\/\/www.dolomitiprealpi.it\/de\/wp-json\/wp\/v2\/tags?post=87268"},{"taxonomy":"tribe_events_cat","embeddable":true,"href":"https:\/\/www.dolomitiprealpi.it\/de\/wp-json\/wp\/v2\/tribe_events_cat?post=87268"}],"curies":[{"name":"wp","href":"https:\/\/api.w.org\/{rel}","templated":true}]}}