{"id":86804,"date":"2026-02-15T12:05:08","date_gmt":"2026-02-15T11:05:08","guid":{"rendered":"https:\/\/www.dolomitiprealpi.it\/event\/simposio-regionale-di-spaventapasseri-in-vigna\/"},"modified":"2026-03-20T12:46:06","modified_gmt":"2026-03-20T11:46:06","slug":"simposio-regionale-di-spaventapasseri-in-vigna","status":"publish","type":"tribe_events","link":"https:\/\/www.dolomitiprealpi.it\/de\/event\/simposio-regionale-di-spaventapasseri-in-vigna\/","title":{"rendered":"Simposio regionale di spaventapasseri in vigna"},"content":{"rendered":"<p>Die wundersch\u00f6ne k\u00fcnstlerische Darbietung im Weinberg kehrt zur\u00fcck!<\/p>\n<p>Um die fantastische Welt der Vogelscheuchen und ein \u00f6kologisches Unternehmen zu entdecken,  das sich f\u00fcr den Schutz der Umwelt einsetzt. Unter der Regie und k\u00fcnstlerischen Koordination des Bildhauers <b>Beppino Lorenzet<\/b> werden im Laufe des Tages von K\u00fcnstlern <b>aus Belluno und dar\u00fcber hinaus<\/b> Vogelscheuchen hergestellt.<\/p>\n<p>Im Geiste der Veranstaltung werden die Vogelscheuchen aus nat\u00fcrlichen Materialien gefertigt und f\u00fcgen sich in die Umgebung des Weinbergs ein; die Vogelscheuchen aus fr\u00fcheren Ausgaben, die sich noch in gutem Zustand befinden, werden erhalten, und besch\u00e4digte werden ersetzt.<\/p>\n<p>Die Veranstaltung beginnt um 10:00 Uhr und dauert den ganzen Tag, unabh\u00e4ngig von den Wetterbedingungen, da f\u00fcr den Anlass ein Zelt aufgebaut wird. Ab 16:00 Uhr gibt es einen Aperitif und Livemusik.<\/p>\n<p>Es wird m\u00f6glich sein, die Vogelscheuchen und den Weinberg zusammen mit <b>dem k\u00fcnstlerischen Leiter Beppino Lorenzet<\/b> zu besuchen, der das Publikum bei der Entdeckung der aus Recyclingmaterialien geschaffenen Kreationen und der besonderen Umweltaufmerksamkeit f\u00fchrt.<\/p>\n<p>Au\u00dferdem wird <b>Coldiretti Belluno<\/b> die Initiative <b>\u201eSemi&#8217;nsegni\u201d<\/b> pr\u00e4sentieren, ein regionales Projekt zur F\u00f6rderung der Agrarkultur und der Bildung \u00fcber das Gebiet durch die Schulen.<\/p>\n<p>Das Unternehmen ist auch mit \u00f6ffentlichen Verkehrsmitteln gut erreichbar. <\/p>\n","protected":false},"excerpt":{"rendered":"<p>Die wundersch\u00f6ne k\u00fcnstlerische Darbietung im Weinberg kehrt zur\u00fcck! Um die fantastische Welt der Vogelscheuchen und ein \u00f6kologisches Unternehmen zu entdecken, das sich f\u00fcr den Schutz der Umwelt einsetzt. Unter der<\/p>\n","protected":false},"author":0,"featured_media":0,"template":"","meta":{"_acf_changed":false,"inline_featured_image":false,"_tribe_events_status":"","_tribe_events_status_reason":"","footnotes":""},"tags":[259],"tribe_events_cat":[],"class_list":["post-86804","tribe_events","type-tribe_events","status-publish","hentry","tag-eventi-feratel"],"acf":[],"yoast_head":"<!-- This site is optimized with the Yoast SEO plugin v25.7 - https:\/\/yoast.com\/wordpress\/plugins\/seo\/ -->\n<title>Simposio regionale di spaventapasseri in vigna - Dolomiti Prealpi<\/title>\n<meta name=\"robots\" content=\"index, follow, max-snippet:-1, max-image-preview:large, max-video-preview:-1\" \/>\n<link rel=\"canonical\" href=\"https:\/\/www.dolomitiprealpi.it\/de\/event\/simposio-regionale-di-spaventapasseri-in-vigna\/\" \/>\n<meta property=\"og:locale\" content=\"de_DE\" \/>\n<meta property=\"og:type\" content=\"article\" \/>\n<meta property=\"og:title\" content=\"Simposio regionale di spaventapasseri in vigna - Dolomiti Prealpi\" \/>\n<meta property=\"og:description\" content=\"Die wundersch\u00f6ne k\u00fcnstlerische Darbietung im Weinberg kehrt zur\u00fcck! Um die fantastische Welt der Vogelscheuchen und ein \u00f6kologisches Unternehmen zu entdecken, das sich f\u00fcr den Schutz der Umwelt einsetzt. Unter der\" \/>\n<meta property=\"og:url\" content=\"https:\/\/www.dolomitiprealpi.it\/de\/event\/simposio-regionale-di-spaventapasseri-in-vigna\/\" \/>\n<meta property=\"og:site_name\" content=\"Dolomiti Prealpi\" \/>\n<meta property=\"article:publisher\" content=\"https:\/\/www.facebook.com\/dolomitiprealpi.it\/\" \/>\n<meta property=\"article:modified_time\" content=\"2026-03-20T11:46:06+00:00\" \/>\n<meta property=\"og:image\" content=\"https:\/\/www.dolomitiprealpi.it\/wp-content\/uploads\/2022\/11\/C.-Timpone-Foto-archivio-Consorzio-turistico-Dolomiti-Prealpi-Nevegal-Belluno-Bike-18-2.jpg\" \/>\n\t<meta property=\"og:image:width\" content=\"2048\" \/>\n\t<meta property=\"og:image:height\" content=\"1888\" \/>\n\t<meta property=\"og:image:type\" content=\"image\/jpeg\" \/>\n<meta name=\"twitter:card\" content=\"summary_large_image\" \/>\n<meta name=\"twitter:label1\" content=\"Est. reading time\" \/>\n\t<meta name=\"twitter:data1\" content=\"1 minute\" \/>\n<script type=\"application\/ld+json\" class=\"yoast-schema-graph\">{\"@context\":\"https:\/\/schema.org\",\"@graph\":[{\"@type\":\"WebPage\",\"@id\":\"https:\/\/www.dolomitiprealpi.it\/de\/event\/simposio-regionale-di-spaventapasseri-in-vigna\/\",\"url\":\"https:\/\/www.dolomitiprealpi.it\/de\/event\/simposio-regionale-di-spaventapasseri-in-vigna\/\",\"name\":\"Simposio regionale di spaventapasseri in vigna - Dolomiti Prealpi\",\"isPartOf\":{\"@id\":\"https:\/\/www.dolomitiprealpi.it\/de\/#website\"},\"datePublished\":\"2026-02-15T11:05:08+00:00\",\"dateModified\":\"2026-03-20T11:46:06+00:00\",\"breadcrumb\":{\"@id\":\"https:\/\/www.dolomitiprealpi.it\/de\/event\/simposio-regionale-di-spaventapasseri-in-vigna\/#breadcrumb\"},\"inLanguage\":\"de-DE\",\"potentialAction\":[{\"@type\":\"ReadAction\",\"target\":[\"https:\/\/www.dolomitiprealpi.it\/de\/event\/simposio-regionale-di-spaventapasseri-in-vigna\/\"]}]},{\"@type\":\"BreadcrumbList\",\"@id\":\"https:\/\/www.dolomitiprealpi.it\/de\/event\/simposio-regionale-di-spaventapasseri-in-vigna\/#breadcrumb\",\"itemListElement\":[{\"@type\":\"ListItem\",\"position\":1,\"name\":\"Home\",\"item\":\"https:\/\/www.dolomitiprealpi.it\/de\/\"},{\"@type\":\"ListItem\",\"position\":2,\"name\":\"Veranstaltungen\",\"item\":\"https:\/\/www.dolomitiprealpi.it\/de\/events\/\"},{\"@type\":\"ListItem\",\"position\":3,\"name\":\"Simposio regionale di spaventapasseri in vigna\"}]},{\"@type\":\"WebSite\",\"@id\":\"https:\/\/www.dolomitiprealpi.it\/de\/#website\",\"url\":\"https:\/\/www.dolomitiprealpi.it\/de\/\",\"name\":\"Dolomiti Prealpi\",\"description\":\"\",\"publisher\":{\"@id\":\"https:\/\/www.dolomitiprealpi.it\/de\/#organization\"},\"potentialAction\":[{\"@type\":\"SearchAction\",\"target\":{\"@type\":\"EntryPoint\",\"urlTemplate\":\"https:\/\/www.dolomitiprealpi.it\/de\/?s={search_term_string}\"},\"query-input\":{\"@type\":\"PropertyValueSpecification\",\"valueRequired\":true,\"valueName\":\"search_term_string\"}}],\"inLanguage\":\"de-DE\"},{\"@type\":\"Organization\",\"@id\":\"https:\/\/www.dolomitiprealpi.it\/de\/#organization\",\"name\":\"Consorzio Dolomiti Prealpi\",\"url\":\"https:\/\/www.dolomitiprealpi.it\/de\/\",\"logo\":{\"@type\":\"ImageObject\",\"inLanguage\":\"de-DE\",\"@id\":\"https:\/\/www.dolomitiprealpi.it\/de\/#\/schema\/logo\/image\/\",\"url\":\"https:\/\/www.dolomitiprealpi.it\/wp-content\/uploads\/2023\/03\/dolomitiprealpi-favicon.jpg\",\"contentUrl\":\"https:\/\/www.dolomitiprealpi.it\/wp-content\/uploads\/2023\/03\/dolomitiprealpi-favicon.jpg\",\"width\":512,\"height\":512,\"caption\":\"Consorzio Dolomiti Prealpi\"},\"image\":{\"@id\":\"https:\/\/www.dolomitiprealpi.it\/de\/#\/schema\/logo\/image\/\"},\"sameAs\":[\"https:\/\/www.facebook.com\/dolomitiprealpi.it\/\",\"https:\/\/www.instagram.com\/dolomitiprealpi\/\"]}]}<\/script>\n<!-- \/ Yoast SEO plugin. -->","yoast_head_json":{"title":"Simposio regionale di spaventapasseri in vigna - Dolomiti Prealpi","robots":{"index":"index","follow":"follow","max-snippet":"max-snippet:-1","max-image-preview":"max-image-preview:large","max-video-preview":"max-video-preview:-1"},"canonical":"https:\/\/www.dolomitiprealpi.it\/de\/event\/simposio-regionale-di-spaventapasseri-in-vigna\/","og_locale":"de_DE","og_type":"article","og_title":"Simposio regionale di spaventapasseri in vigna - Dolomiti Prealpi","og_description":"Die wundersch\u00f6ne k\u00fcnstlerische Darbietung im Weinberg kehrt zur\u00fcck! Um die fantastische Welt der Vogelscheuchen und ein \u00f6kologisches Unternehmen zu entdecken, das sich f\u00fcr den Schutz der Umwelt einsetzt. Unter der","og_url":"https:\/\/www.dolomitiprealpi.it\/de\/event\/simposio-regionale-di-spaventapasseri-in-vigna\/","og_site_name":"Dolomiti Prealpi","article_publisher":"https:\/\/www.facebook.com\/dolomitiprealpi.it\/","article_modified_time":"2026-03-20T11:46:06+00:00","og_image":[{"width":2048,"height":1888,"url":"https:\/\/www.dolomitiprealpi.it\/wp-content\/uploads\/2022\/11\/C.-Timpone-Foto-archivio-Consorzio-turistico-Dolomiti-Prealpi-Nevegal-Belluno-Bike-18-2.jpg","type":"image\/jpeg"}],"twitter_card":"summary_large_image","twitter_misc":{"Est. reading time":"1 minute"},"schema":{"@context":"https:\/\/schema.org","@graph":[{"@type":"WebPage","@id":"https:\/\/www.dolomitiprealpi.it\/de\/event\/simposio-regionale-di-spaventapasseri-in-vigna\/","url":"https:\/\/www.dolomitiprealpi.it\/de\/event\/simposio-regionale-di-spaventapasseri-in-vigna\/","name":"Simposio regionale di spaventapasseri in vigna - Dolomiti Prealpi","isPartOf":{"@id":"https:\/\/www.dolomitiprealpi.it\/de\/#website"},"datePublished":"2026-02-15T11:05:08+00:00","dateModified":"2026-03-20T11:46:06+00:00","breadcrumb":{"@id":"https:\/\/www.dolomitiprealpi.it\/de\/event\/simposio-regionale-di-spaventapasseri-in-vigna\/#breadcrumb"},"inLanguage":"de-DE","potentialAction":[{"@type":"ReadAction","target":["https:\/\/www.dolomitiprealpi.it\/de\/event\/simposio-regionale-di-spaventapasseri-in-vigna\/"]}]},{"@type":"BreadcrumbList","@id":"https:\/\/www.dolomitiprealpi.it\/de\/event\/simposio-regionale-di-spaventapasseri-in-vigna\/#breadcrumb","itemListElement":[{"@type":"ListItem","position":1,"name":"Home","item":"https:\/\/www.dolomitiprealpi.it\/de\/"},{"@type":"ListItem","position":2,"name":"Veranstaltungen","item":"https:\/\/www.dolomitiprealpi.it\/de\/events\/"},{"@type":"ListItem","position":3,"name":"Simposio regionale di spaventapasseri in vigna"}]},{"@type":"WebSite","@id":"https:\/\/www.dolomitiprealpi.it\/de\/#website","url":"https:\/\/www.dolomitiprealpi.it\/de\/","name":"Dolomiti Prealpi","description":"","publisher":{"@id":"https:\/\/www.dolomitiprealpi.it\/de\/#organization"},"potentialAction":[{"@type":"SearchAction","target":{"@type":"EntryPoint","urlTemplate":"https:\/\/www.dolomitiprealpi.it\/de\/?s={search_term_string}"},"query-input":{"@type":"PropertyValueSpecification","valueRequired":true,"valueName":"search_term_string"}}],"inLanguage":"de-DE"},{"@type":"Organization","@id":"https:\/\/www.dolomitiprealpi.it\/de\/#organization","name":"Consorzio Dolomiti Prealpi","url":"https:\/\/www.dolomitiprealpi.it\/de\/","logo":{"@type":"ImageObject","inLanguage":"de-DE","@id":"https:\/\/www.dolomitiprealpi.it\/de\/#\/schema\/logo\/image\/","url":"https:\/\/www.dolomitiprealpi.it\/wp-content\/uploads\/2023\/03\/dolomitiprealpi-favicon.jpg","contentUrl":"https:\/\/www.dolomitiprealpi.it\/wp-content\/uploads\/2023\/03\/dolomitiprealpi-favicon.jpg","width":512,"height":512,"caption":"Consorzio Dolomiti Prealpi"},"image":{"@id":"https:\/\/www.dolomitiprealpi.it\/de\/#\/schema\/logo\/image\/"},"sameAs":["https:\/\/www.facebook.com\/dolomitiprealpi.it\/","https:\/\/www.instagram.com\/dolomitiprealpi\/"]}]}},"_links":{"self":[{"href":"https:\/\/www.dolomitiprealpi.it\/de\/wp-json\/wp\/v2\/tribe_events\/86804","targetHints":{"allow":["GET"]}}],"collection":[{"href":"https:\/\/www.dolomitiprealpi.it\/de\/wp-json\/wp\/v2\/tribe_events"}],"about":[{"href":"https:\/\/www.dolomitiprealpi.it\/de\/wp-json\/wp\/v2\/types\/tribe_events"}],"version-history":[{"count":1,"href":"https:\/\/www.dolomitiprealpi.it\/de\/wp-json\/wp\/v2\/tribe_events\/86804\/revisions"}],"predecessor-version":[{"id":88405,"href":"https:\/\/www.dolomitiprealpi.it\/de\/wp-json\/wp\/v2\/tribe_events\/86804\/revisions\/88405"}],"wp:attachment":[{"href":"https:\/\/www.dolomitiprealpi.it\/de\/wp-json\/wp\/v2\/media?parent=86804"}],"wp:term":[{"taxonomy":"post_tag","embeddable":true,"href":"https:\/\/www.dolomitiprealpi.it\/de\/wp-json\/wp\/v2\/tags?post=86804"},{"taxonomy":"tribe_events_cat","embeddable":true,"href":"https:\/\/www.dolomitiprealpi.it\/de\/wp-json\/wp\/v2\/tribe_events_cat?post=86804"}],"curies":[{"name":"wp","href":"https:\/\/api.w.org\/{rel}","templated":true}]}}