{"id":85270,"date":"2025-08-30T14:14:10","date_gmt":"2025-08-30T12:14:10","guid":{"rendered":"https:\/\/www.dolomitiprealpi.it\/event\/siamo-natura-laboratori-di-fotografia-naturalistica-con-marco-colombo\/"},"modified":"2025-12-05T13:14:16","modified_gmt":"2025-12-05T12:14:16","slug":"siamo-natura-laboratori-di-fotografia-naturalistica-con-marco-colombo-2","status":"publish","type":"tribe_events","link":"https:\/\/www.dolomitiprealpi.it\/de\/event\/siamo-natura-laboratori-di-fotografia-naturalistica-con-marco-colombo-2\/","title":{"rendered":"Siamo Natura: laboratori di fotografia naturalistica con Marco Colombo"},"content":{"rendered":"<p>Die Aktivit\u00e4t ist&nbsp;<b>kostenlos<\/b>&nbsp;mit vorheriger Anmeldung erforderlich. <\/p>\n<p>Die Landschaft und die darin lebenden Wesen sind eine unendliche Inspirationsquelle f\u00fcr Fotografie-Enthusiasten, ein sehr gesch\u00e4tztes Ausdrucksmittel der jungen Generationen.<\/p>\n<p>Dank des Projekts&nbsp;<b>\u201eAufnahmen in der Natur\u201d<\/b>, finanziert von der Region Venetien durch die Interventionspl\u00e4ne im Bereich der Jugendpolitik \u201eDas Wort den Jungen\u201d, bieten wir M\u00e4dchen und Jungen&nbsp;<b>ab 12 Jahren einen Naturfotografie-Workshop<\/b>&nbsp;unter der Leitung des Naturforschers und Fotografen&nbsp;<b>Marco Colombo.<\/b><\/p>\n<p>Diese praxisorientierte Erfahrung, organisiert in Zusammenarbeit mit den&nbsp;<b>Natur- und Umweltf\u00fchrern der Genossenschaft Mazarol,<\/b>&nbsp;erm\u00f6glicht es den Teilnehmern, die fotografischen Techniken vor Ort zu erlernen und das Wissen \u00fcber die lokale Flora und Fauna zu vertiefen<\/p>\n<h4><b>Samstag, 7. Juni:<\/b><\/h4>\n<ul>\n<li><b>9:00 \u2013 12:30 Uhr \u2013&nbsp;<\/b>Monte Telva (Treffpunkt und Abfahrt vom Campus \u201eTina Merlin\u201d)<\/li>\n<li><b>15:30 \u2013 17:30 Uhr \u2013&nbsp;<\/b>Workshop zur fotografischen Komposition<\/li>\n<\/ul>\n<p>&nbsp;<b>Um 18:00 Uhr<\/b>&nbsp;wird Marco Colombo im Audimax des Campus \u201eTina Merlin\u201d den Vortrag&nbsp;<b>\u201eFantastische Tiere und wo man sie findet\u201d.<\/b><br \/>Der Eintritt ist frei bis zur Ersch\u00f6pfung der verf\u00fcgbaren Pl\u00e4tze.&nbsp;<\/p>\n<h4><b>Sonntag, 8. Juni<\/b>&nbsp;<\/h4>\n<ul>\n<li><b>9:00 \u2013 12:30 Uhr<\/b>&nbsp;\u2013 Anello dei Fojaroi, Valle di Seren del Grappa (Treffpunkt und Abfahrt vom Parkplatz Pian della Chiesa)<\/li>\n<li><b>15:30 \u2013 17:30 Uhr<\/b>&nbsp;\u2013 Workshop zur fotografischen Komposition<\/li>\n<\/ul>\n<p>&nbsp;<\/p>\n<p><b>Ben\u00f6tigte Ausr\u00fcstung:<\/b>&nbsp;Wanderschuhe, geeignete Kleidung in Schichten je nach Jahreszeit und Wettervorhersage, eventuell Regenschirm und Regenjacke, Wasserflasche.<\/p>\n<p><b>Vorgeschlagene Fotoausr\u00fcstung:<\/b>&nbsp;Smartphone oder Kamera.<\/p>\n<p>F\u00fcr Informationen und Reservierungen (Reservierung ist f\u00fcr die Organisation notwendig), schreiben Sie an&nbsp;<b>guide.pndb@gmail.com<\/b>&nbsp;oder an&nbsp;<b>3290040808.<\/b><\/p>\n<p><b>Die Aktivit\u00e4t ist kostenlos.<\/b><\/p>\n<p>Bei der Anmeldung haben junge Menschen im Alter von 12 bis 35 Jahren, die in den Gemeinden des Sozialterritorialen Bereichs VEN_02 \u2013 Feltre wohnen, Vorrang: Arsi\u00e9, Borgo Valbelluna, Cesiomaggiore, Feltre, Fonzaso, Lamon, Pedavena, San Gregorio nelle Alpi, Santa Giustina, Sedico, Seren del Grappa, Setteville, Sospirolo, Sovramonte.<\/p>\n<p><\/p>\n<p><i><\/i>&nbsp;<i><\/i>&nbsp;<i><\/i>&nbsp;<i><\/i><\/p>\n<h5><\/h5>\n<p><\/p>\n<p>Praktisch-experience Aktivit\u00e4ten<\/p>\n","protected":false},"excerpt":{"rendered":"<p>Die Aktivit\u00e4t ist&nbsp;kostenlos&nbsp;mit vorheriger Anmeldung erforderlich. Die Landschaft und die darin lebenden Wesen sind eine unendliche Inspirationsquelle f\u00fcr Fotografie-Enthusiasten, ein sehr gesch\u00e4tztes Ausdrucksmittel der jungen Generationen. Dank des Projekts&nbsp;\u201eAufnahmen in<\/p>\n","protected":false},"author":0,"featured_media":0,"template":"","meta":{"_acf_changed":false,"inline_featured_image":false,"_tribe_events_status":"","_tribe_events_status_reason":"","footnotes":""},"tags":[259],"tribe_events_cat":[],"class_list":["post-85270","tribe_events","type-tribe_events","status-publish","hentry","tag-eventi-feratel"],"acf":[],"yoast_head":"<!-- This site is optimized with the Yoast SEO plugin v25.7 - https:\/\/yoast.com\/wordpress\/plugins\/seo\/ -->\n<title>Siamo Natura: laboratori di fotografia naturalistica con Marco Colombo - Dolomiti Prealpi<\/title>\n<meta name=\"robots\" content=\"index, follow, max-snippet:-1, max-image-preview:large, max-video-preview:-1\" \/>\n<link rel=\"canonical\" href=\"https:\/\/www.dolomitiprealpi.it\/de\/event\/siamo-natura-laboratori-di-fotografia-naturalistica-con-marco-colombo-2\/\" \/>\n<meta property=\"og:locale\" content=\"de_DE\" \/>\n<meta property=\"og:type\" content=\"article\" \/>\n<meta property=\"og:title\" content=\"Siamo Natura: laboratori di fotografia naturalistica con Marco Colombo - Dolomiti Prealpi\" \/>\n<meta property=\"og:description\" content=\"Die Aktivit\u00e4t ist&nbsp;kostenlos&nbsp;mit vorheriger Anmeldung erforderlich. Die Landschaft und die darin lebenden Wesen sind eine unendliche Inspirationsquelle f\u00fcr Fotografie-Enthusiasten, ein sehr gesch\u00e4tztes Ausdrucksmittel der jungen Generationen. Dank des Projekts&nbsp;\u201eAufnahmen in\" \/>\n<meta property=\"og:url\" content=\"https:\/\/www.dolomitiprealpi.it\/de\/event\/siamo-natura-laboratori-di-fotografia-naturalistica-con-marco-colombo-2\/\" \/>\n<meta property=\"og:site_name\" content=\"Dolomiti Prealpi\" \/>\n<meta property=\"article:publisher\" content=\"https:\/\/www.facebook.com\/dolomitiprealpi.it\/\" \/>\n<meta property=\"article:modified_time\" content=\"2025-12-05T12:14:16+00:00\" \/>\n<meta property=\"og:image\" content=\"https:\/\/www.dolomitiprealpi.it\/wp-content\/uploads\/2022\/11\/C.-Timpone-Foto-archivio-Consorzio-turistico-Dolomiti-Prealpi-Nevegal-Belluno-Bike-18-2.jpg\" \/>\n\t<meta property=\"og:image:width\" content=\"2048\" \/>\n\t<meta property=\"og:image:height\" content=\"1888\" \/>\n\t<meta property=\"og:image:type\" content=\"image\/jpeg\" \/>\n<meta name=\"twitter:card\" content=\"summary_large_image\" \/>\n<meta name=\"twitter:label1\" content=\"Est. reading time\" \/>\n\t<meta name=\"twitter:data1\" content=\"2 minutes\" \/>\n<script type=\"application\/ld+json\" class=\"yoast-schema-graph\">{\"@context\":\"https:\/\/schema.org\",\"@graph\":[{\"@type\":\"WebPage\",\"@id\":\"https:\/\/www.dolomitiprealpi.it\/de\/event\/siamo-natura-laboratori-di-fotografia-naturalistica-con-marco-colombo-2\/\",\"url\":\"https:\/\/www.dolomitiprealpi.it\/de\/event\/siamo-natura-laboratori-di-fotografia-naturalistica-con-marco-colombo-2\/\",\"name\":\"Siamo Natura: laboratori di fotografia naturalistica con Marco Colombo - Dolomiti Prealpi\",\"isPartOf\":{\"@id\":\"https:\/\/www.dolomitiprealpi.it\/de\/#website\"},\"datePublished\":\"2025-08-30T12:14:10+00:00\",\"dateModified\":\"2025-12-05T12:14:16+00:00\",\"breadcrumb\":{\"@id\":\"https:\/\/www.dolomitiprealpi.it\/de\/event\/siamo-natura-laboratori-di-fotografia-naturalistica-con-marco-colombo-2\/#breadcrumb\"},\"inLanguage\":\"de-DE\",\"potentialAction\":[{\"@type\":\"ReadAction\",\"target\":[\"https:\/\/www.dolomitiprealpi.it\/de\/event\/siamo-natura-laboratori-di-fotografia-naturalistica-con-marco-colombo-2\/\"]}]},{\"@type\":\"BreadcrumbList\",\"@id\":\"https:\/\/www.dolomitiprealpi.it\/de\/event\/siamo-natura-laboratori-di-fotografia-naturalistica-con-marco-colombo-2\/#breadcrumb\",\"itemListElement\":[{\"@type\":\"ListItem\",\"position\":1,\"name\":\"Home\",\"item\":\"https:\/\/www.dolomitiprealpi.it\/de\/\"},{\"@type\":\"ListItem\",\"position\":2,\"name\":\"Veranstaltungen\",\"item\":\"https:\/\/www.dolomitiprealpi.it\/de\/events\/\"},{\"@type\":\"ListItem\",\"position\":3,\"name\":\"Siamo Natura: laboratori di fotografia naturalistica con Marco Colombo\"}]},{\"@type\":\"WebSite\",\"@id\":\"https:\/\/www.dolomitiprealpi.it\/de\/#website\",\"url\":\"https:\/\/www.dolomitiprealpi.it\/de\/\",\"name\":\"Dolomiti Prealpi\",\"description\":\"\",\"publisher\":{\"@id\":\"https:\/\/www.dolomitiprealpi.it\/de\/#organization\"},\"potentialAction\":[{\"@type\":\"SearchAction\",\"target\":{\"@type\":\"EntryPoint\",\"urlTemplate\":\"https:\/\/www.dolomitiprealpi.it\/de\/?s={search_term_string}\"},\"query-input\":{\"@type\":\"PropertyValueSpecification\",\"valueRequired\":true,\"valueName\":\"search_term_string\"}}],\"inLanguage\":\"de-DE\"},{\"@type\":\"Organization\",\"@id\":\"https:\/\/www.dolomitiprealpi.it\/de\/#organization\",\"name\":\"Consorzio Dolomiti Prealpi\",\"url\":\"https:\/\/www.dolomitiprealpi.it\/de\/\",\"logo\":{\"@type\":\"ImageObject\",\"inLanguage\":\"de-DE\",\"@id\":\"https:\/\/www.dolomitiprealpi.it\/de\/#\/schema\/logo\/image\/\",\"url\":\"https:\/\/www.dolomitiprealpi.it\/wp-content\/uploads\/2023\/03\/dolomitiprealpi-favicon.jpg\",\"contentUrl\":\"https:\/\/www.dolomitiprealpi.it\/wp-content\/uploads\/2023\/03\/dolomitiprealpi-favicon.jpg\",\"width\":512,\"height\":512,\"caption\":\"Consorzio Dolomiti Prealpi\"},\"image\":{\"@id\":\"https:\/\/www.dolomitiprealpi.it\/de\/#\/schema\/logo\/image\/\"},\"sameAs\":[\"https:\/\/www.facebook.com\/dolomitiprealpi.it\/\",\"https:\/\/www.instagram.com\/dolomitiprealpi\/\"]}]}<\/script>\n<!-- \/ Yoast SEO plugin. -->","yoast_head_json":{"title":"Siamo Natura: laboratori di fotografia naturalistica con Marco Colombo - Dolomiti Prealpi","robots":{"index":"index","follow":"follow","max-snippet":"max-snippet:-1","max-image-preview":"max-image-preview:large","max-video-preview":"max-video-preview:-1"},"canonical":"https:\/\/www.dolomitiprealpi.it\/de\/event\/siamo-natura-laboratori-di-fotografia-naturalistica-con-marco-colombo-2\/","og_locale":"de_DE","og_type":"article","og_title":"Siamo Natura: laboratori di fotografia naturalistica con Marco Colombo - Dolomiti Prealpi","og_description":"Die Aktivit\u00e4t ist&nbsp;kostenlos&nbsp;mit vorheriger Anmeldung erforderlich. Die Landschaft und die darin lebenden Wesen sind eine unendliche Inspirationsquelle f\u00fcr Fotografie-Enthusiasten, ein sehr gesch\u00e4tztes Ausdrucksmittel der jungen Generationen. Dank des Projekts&nbsp;\u201eAufnahmen in","og_url":"https:\/\/www.dolomitiprealpi.it\/de\/event\/siamo-natura-laboratori-di-fotografia-naturalistica-con-marco-colombo-2\/","og_site_name":"Dolomiti Prealpi","article_publisher":"https:\/\/www.facebook.com\/dolomitiprealpi.it\/","article_modified_time":"2025-12-05T12:14:16+00:00","og_image":[{"width":2048,"height":1888,"url":"https:\/\/www.dolomitiprealpi.it\/wp-content\/uploads\/2022\/11\/C.-Timpone-Foto-archivio-Consorzio-turistico-Dolomiti-Prealpi-Nevegal-Belluno-Bike-18-2.jpg","type":"image\/jpeg"}],"twitter_card":"summary_large_image","twitter_misc":{"Est. reading time":"2 minutes"},"schema":{"@context":"https:\/\/schema.org","@graph":[{"@type":"WebPage","@id":"https:\/\/www.dolomitiprealpi.it\/de\/event\/siamo-natura-laboratori-di-fotografia-naturalistica-con-marco-colombo-2\/","url":"https:\/\/www.dolomitiprealpi.it\/de\/event\/siamo-natura-laboratori-di-fotografia-naturalistica-con-marco-colombo-2\/","name":"Siamo Natura: laboratori di fotografia naturalistica con Marco Colombo - Dolomiti Prealpi","isPartOf":{"@id":"https:\/\/www.dolomitiprealpi.it\/de\/#website"},"datePublished":"2025-08-30T12:14:10+00:00","dateModified":"2025-12-05T12:14:16+00:00","breadcrumb":{"@id":"https:\/\/www.dolomitiprealpi.it\/de\/event\/siamo-natura-laboratori-di-fotografia-naturalistica-con-marco-colombo-2\/#breadcrumb"},"inLanguage":"de-DE","potentialAction":[{"@type":"ReadAction","target":["https:\/\/www.dolomitiprealpi.it\/de\/event\/siamo-natura-laboratori-di-fotografia-naturalistica-con-marco-colombo-2\/"]}]},{"@type":"BreadcrumbList","@id":"https:\/\/www.dolomitiprealpi.it\/de\/event\/siamo-natura-laboratori-di-fotografia-naturalistica-con-marco-colombo-2\/#breadcrumb","itemListElement":[{"@type":"ListItem","position":1,"name":"Home","item":"https:\/\/www.dolomitiprealpi.it\/de\/"},{"@type":"ListItem","position":2,"name":"Veranstaltungen","item":"https:\/\/www.dolomitiprealpi.it\/de\/events\/"},{"@type":"ListItem","position":3,"name":"Siamo Natura: laboratori di fotografia naturalistica con Marco Colombo"}]},{"@type":"WebSite","@id":"https:\/\/www.dolomitiprealpi.it\/de\/#website","url":"https:\/\/www.dolomitiprealpi.it\/de\/","name":"Dolomiti Prealpi","description":"","publisher":{"@id":"https:\/\/www.dolomitiprealpi.it\/de\/#organization"},"potentialAction":[{"@type":"SearchAction","target":{"@type":"EntryPoint","urlTemplate":"https:\/\/www.dolomitiprealpi.it\/de\/?s={search_term_string}"},"query-input":{"@type":"PropertyValueSpecification","valueRequired":true,"valueName":"search_term_string"}}],"inLanguage":"de-DE"},{"@type":"Organization","@id":"https:\/\/www.dolomitiprealpi.it\/de\/#organization","name":"Consorzio Dolomiti Prealpi","url":"https:\/\/www.dolomitiprealpi.it\/de\/","logo":{"@type":"ImageObject","inLanguage":"de-DE","@id":"https:\/\/www.dolomitiprealpi.it\/de\/#\/schema\/logo\/image\/","url":"https:\/\/www.dolomitiprealpi.it\/wp-content\/uploads\/2023\/03\/dolomitiprealpi-favicon.jpg","contentUrl":"https:\/\/www.dolomitiprealpi.it\/wp-content\/uploads\/2023\/03\/dolomitiprealpi-favicon.jpg","width":512,"height":512,"caption":"Consorzio Dolomiti Prealpi"},"image":{"@id":"https:\/\/www.dolomitiprealpi.it\/de\/#\/schema\/logo\/image\/"},"sameAs":["https:\/\/www.facebook.com\/dolomitiprealpi.it\/","https:\/\/www.instagram.com\/dolomitiprealpi\/"]}]}},"_links":{"self":[{"href":"https:\/\/www.dolomitiprealpi.it\/de\/wp-json\/wp\/v2\/tribe_events\/85270","targetHints":{"allow":["GET"]}}],"collection":[{"href":"https:\/\/www.dolomitiprealpi.it\/de\/wp-json\/wp\/v2\/tribe_events"}],"about":[{"href":"https:\/\/www.dolomitiprealpi.it\/de\/wp-json\/wp\/v2\/types\/tribe_events"}],"version-history":[{"count":1,"href":"https:\/\/www.dolomitiprealpi.it\/de\/wp-json\/wp\/v2\/tribe_events\/85270\/revisions"}],"predecessor-version":[{"id":87968,"href":"https:\/\/www.dolomitiprealpi.it\/de\/wp-json\/wp\/v2\/tribe_events\/85270\/revisions\/87968"}],"wp:attachment":[{"href":"https:\/\/www.dolomitiprealpi.it\/de\/wp-json\/wp\/v2\/media?parent=85270"}],"wp:term":[{"taxonomy":"post_tag","embeddable":true,"href":"https:\/\/www.dolomitiprealpi.it\/de\/wp-json\/wp\/v2\/tags?post=85270"},{"taxonomy":"tribe_events_cat","embeddable":true,"href":"https:\/\/www.dolomitiprealpi.it\/de\/wp-json\/wp\/v2\/tribe_events_cat?post=85270"}],"curies":[{"name":"wp","href":"https:\/\/api.w.org\/{rel}","templated":true}]}}