{"id":84515,"date":"2026-02-15T12:29:17","date_gmt":"2026-02-15T11:29:17","guid":{"rendered":"https:\/\/www.dolomitiprealpi.it\/event\/sassi-cervi-e-rane-selvatici-incontri-tra-peron-e-salet-con-flo\/"},"modified":"2026-03-20T13:10:56","modified_gmt":"2026-03-20T12:10:56","slug":"sassi-cervi-e-rane-selvatici-incontri-tra-peron-e-salet-con-flo","status":"publish","type":"tribe_events","link":"https:\/\/www.dolomitiprealpi.it\/de\/event\/sassi-cervi-e-rane-selvatici-incontri-tra-peron-e-salet-con-flo\/","title":{"rendered":"Sassi, cervi e rane: selvatici incontri tra Peron e Salet con Fl\u00f2"},"content":{"rendered":"<p>KOSTENLOSE Wanderung f\u00fcr alle (max. 25 Teilnehmer)<\/p>\n<p>Infos und Anmeldungen: <b>3290040808 <\/b>&#8211; <b>guide.pndb@gmail.com<\/b><\/p>\n<p>Gef\u00fchrte Wanderung<\/p>\n<p><b>Programm im Nationalpark Dolomiti Bellunesi mit Mama und Papa 2025<br \/><\/b>Einfacher gef\u00fchrter Ausflug von Peron entlang des Stegs am Fluss Cordevole, bis zu den Wiesen und W\u00e4ldern von Salet, wo auch der Forstbetrieb mit pr\u00e4chtigen Pferden vertreten ist, und in der Umgebung gibt es viele Wildtiere wie Fr\u00f6sche, Kr\u00f6ten, Rehe und Damwild!<\/p>\n<p>H\u00f6henunterschied: <b>minimal. <\/b><\/p>\n<p>Schwierigkeitsgrad: <b>mittel-einfach.<\/b> <\/p>\n<p>Treffpunkt um 9.00 Uhr Parkplatz der Pizzeria La buona tavola in Peron (Sedico). Abschluss der Aktivit\u00e4ten um 13.00 Uhr <\/p>\n<p><\/p>\n","protected":false},"excerpt":{"rendered":"<p>KOSTENLOSE Wanderung f\u00fcr alle (max. 25 Teilnehmer) Infos und Anmeldungen: 3290040808 &#8211; guide.pndb@gmail.com Gef\u00fchrte Wanderung Programm im Nationalpark Dolomiti Bellunesi mit Mama und Papa 2025Einfacher gef\u00fchrter Ausflug von Peron entlang<\/p>\n","protected":false},"author":0,"featured_media":0,"template":"","meta":{"_acf_changed":false,"inline_featured_image":false,"_tribe_events_status":"","_tribe_events_status_reason":"","footnotes":""},"tags":[259],"tribe_events_cat":[],"class_list":["post-84515","tribe_events","type-tribe_events","status-publish","hentry","tag-eventi-feratel"],"acf":[],"yoast_head":"<!-- This site is optimized with the Yoast SEO plugin v25.7 - https:\/\/yoast.com\/wordpress\/plugins\/seo\/ -->\n<title>Sassi, cervi e rane: selvatici incontri tra Peron e Salet con Fl\u00f2 - Dolomiti Prealpi<\/title>\n<meta name=\"robots\" content=\"index, follow, max-snippet:-1, max-image-preview:large, max-video-preview:-1\" \/>\n<link rel=\"canonical\" href=\"https:\/\/www.dolomitiprealpi.it\/de\/event\/sassi-cervi-e-rane-selvatici-incontri-tra-peron-e-salet-con-flo\/\" \/>\n<meta property=\"og:locale\" content=\"de_DE\" \/>\n<meta property=\"og:type\" content=\"article\" \/>\n<meta property=\"og:title\" content=\"Sassi, cervi e rane: selvatici incontri tra Peron e Salet con Fl\u00f2 - Dolomiti Prealpi\" \/>\n<meta property=\"og:description\" content=\"KOSTENLOSE Wanderung f\u00fcr alle (max. 25 Teilnehmer) Infos und Anmeldungen: 3290040808 &#8211; guide.pndb@gmail.com Gef\u00fchrte Wanderung Programm im Nationalpark Dolomiti Bellunesi mit Mama und Papa 2025Einfacher gef\u00fchrter Ausflug von Peron entlang\" \/>\n<meta property=\"og:url\" content=\"https:\/\/www.dolomitiprealpi.it\/de\/event\/sassi-cervi-e-rane-selvatici-incontri-tra-peron-e-salet-con-flo\/\" \/>\n<meta property=\"og:site_name\" content=\"Dolomiti Prealpi\" \/>\n<meta property=\"article:publisher\" content=\"https:\/\/www.facebook.com\/dolomitiprealpi.it\/\" \/>\n<meta property=\"article:modified_time\" content=\"2026-03-20T12:10:56+00:00\" \/>\n<meta property=\"og:image\" content=\"https:\/\/www.dolomitiprealpi.it\/wp-content\/uploads\/2022\/11\/C.-Timpone-Foto-archivio-Consorzio-turistico-Dolomiti-Prealpi-Nevegal-Belluno-Bike-18-2.jpg\" \/>\n\t<meta property=\"og:image:width\" content=\"2048\" \/>\n\t<meta property=\"og:image:height\" content=\"1888\" \/>\n\t<meta property=\"og:image:type\" content=\"image\/jpeg\" \/>\n<meta name=\"twitter:card\" content=\"summary_large_image\" \/>\n<script type=\"application\/ld+json\" class=\"yoast-schema-graph\">{\"@context\":\"https:\/\/schema.org\",\"@graph\":[{\"@type\":\"WebPage\",\"@id\":\"https:\/\/www.dolomitiprealpi.it\/de\/event\/sassi-cervi-e-rane-selvatici-incontri-tra-peron-e-salet-con-flo\/\",\"url\":\"https:\/\/www.dolomitiprealpi.it\/de\/event\/sassi-cervi-e-rane-selvatici-incontri-tra-peron-e-salet-con-flo\/\",\"name\":\"Sassi, cervi e rane: selvatici incontri tra Peron e Salet con Fl\u00f2 - Dolomiti Prealpi\",\"isPartOf\":{\"@id\":\"https:\/\/www.dolomitiprealpi.it\/de\/#website\"},\"datePublished\":\"2026-02-15T11:29:17+00:00\",\"dateModified\":\"2026-03-20T12:10:56+00:00\",\"breadcrumb\":{\"@id\":\"https:\/\/www.dolomitiprealpi.it\/de\/event\/sassi-cervi-e-rane-selvatici-incontri-tra-peron-e-salet-con-flo\/#breadcrumb\"},\"inLanguage\":\"de-DE\",\"potentialAction\":[{\"@type\":\"ReadAction\",\"target\":[\"https:\/\/www.dolomitiprealpi.it\/de\/event\/sassi-cervi-e-rane-selvatici-incontri-tra-peron-e-salet-con-flo\/\"]}]},{\"@type\":\"BreadcrumbList\",\"@id\":\"https:\/\/www.dolomitiprealpi.it\/de\/event\/sassi-cervi-e-rane-selvatici-incontri-tra-peron-e-salet-con-flo\/#breadcrumb\",\"itemListElement\":[{\"@type\":\"ListItem\",\"position\":1,\"name\":\"Home\",\"item\":\"https:\/\/www.dolomitiprealpi.it\/de\/\"},{\"@type\":\"ListItem\",\"position\":2,\"name\":\"Veranstaltungen\",\"item\":\"https:\/\/www.dolomitiprealpi.it\/de\/events\/\"},{\"@type\":\"ListItem\",\"position\":3,\"name\":\"Sassi, cervi e rane: selvatici incontri tra Peron e Salet con Fl\u00f2\"}]},{\"@type\":\"WebSite\",\"@id\":\"https:\/\/www.dolomitiprealpi.it\/de\/#website\",\"url\":\"https:\/\/www.dolomitiprealpi.it\/de\/\",\"name\":\"Dolomiti Prealpi\",\"description\":\"\",\"publisher\":{\"@id\":\"https:\/\/www.dolomitiprealpi.it\/de\/#organization\"},\"potentialAction\":[{\"@type\":\"SearchAction\",\"target\":{\"@type\":\"EntryPoint\",\"urlTemplate\":\"https:\/\/www.dolomitiprealpi.it\/de\/?s={search_term_string}\"},\"query-input\":{\"@type\":\"PropertyValueSpecification\",\"valueRequired\":true,\"valueName\":\"search_term_string\"}}],\"inLanguage\":\"de-DE\"},{\"@type\":\"Organization\",\"@id\":\"https:\/\/www.dolomitiprealpi.it\/de\/#organization\",\"name\":\"Consorzio Dolomiti Prealpi\",\"url\":\"https:\/\/www.dolomitiprealpi.it\/de\/\",\"logo\":{\"@type\":\"ImageObject\",\"inLanguage\":\"de-DE\",\"@id\":\"https:\/\/www.dolomitiprealpi.it\/de\/#\/schema\/logo\/image\/\",\"url\":\"https:\/\/www.dolomitiprealpi.it\/wp-content\/uploads\/2023\/03\/dolomitiprealpi-favicon.jpg\",\"contentUrl\":\"https:\/\/www.dolomitiprealpi.it\/wp-content\/uploads\/2023\/03\/dolomitiprealpi-favicon.jpg\",\"width\":512,\"height\":512,\"caption\":\"Consorzio Dolomiti Prealpi\"},\"image\":{\"@id\":\"https:\/\/www.dolomitiprealpi.it\/de\/#\/schema\/logo\/image\/\"},\"sameAs\":[\"https:\/\/www.facebook.com\/dolomitiprealpi.it\/\",\"https:\/\/www.instagram.com\/dolomitiprealpi\/\"]}]}<\/script>\n<!-- \/ Yoast SEO plugin. -->","yoast_head_json":{"title":"Sassi, cervi e rane: selvatici incontri tra Peron e Salet con Fl\u00f2 - Dolomiti Prealpi","robots":{"index":"index","follow":"follow","max-snippet":"max-snippet:-1","max-image-preview":"max-image-preview:large","max-video-preview":"max-video-preview:-1"},"canonical":"https:\/\/www.dolomitiprealpi.it\/de\/event\/sassi-cervi-e-rane-selvatici-incontri-tra-peron-e-salet-con-flo\/","og_locale":"de_DE","og_type":"article","og_title":"Sassi, cervi e rane: selvatici incontri tra Peron e Salet con Fl\u00f2 - Dolomiti Prealpi","og_description":"KOSTENLOSE Wanderung f\u00fcr alle (max. 25 Teilnehmer) Infos und Anmeldungen: 3290040808 &#8211; guide.pndb@gmail.com Gef\u00fchrte Wanderung Programm im Nationalpark Dolomiti Bellunesi mit Mama und Papa 2025Einfacher gef\u00fchrter Ausflug von Peron entlang","og_url":"https:\/\/www.dolomitiprealpi.it\/de\/event\/sassi-cervi-e-rane-selvatici-incontri-tra-peron-e-salet-con-flo\/","og_site_name":"Dolomiti Prealpi","article_publisher":"https:\/\/www.facebook.com\/dolomitiprealpi.it\/","article_modified_time":"2026-03-20T12:10:56+00:00","og_image":[{"width":2048,"height":1888,"url":"https:\/\/www.dolomitiprealpi.it\/wp-content\/uploads\/2022\/11\/C.-Timpone-Foto-archivio-Consorzio-turistico-Dolomiti-Prealpi-Nevegal-Belluno-Bike-18-2.jpg","type":"image\/jpeg"}],"twitter_card":"summary_large_image","schema":{"@context":"https:\/\/schema.org","@graph":[{"@type":"WebPage","@id":"https:\/\/www.dolomitiprealpi.it\/de\/event\/sassi-cervi-e-rane-selvatici-incontri-tra-peron-e-salet-con-flo\/","url":"https:\/\/www.dolomitiprealpi.it\/de\/event\/sassi-cervi-e-rane-selvatici-incontri-tra-peron-e-salet-con-flo\/","name":"Sassi, cervi e rane: selvatici incontri tra Peron e Salet con Fl\u00f2 - Dolomiti Prealpi","isPartOf":{"@id":"https:\/\/www.dolomitiprealpi.it\/de\/#website"},"datePublished":"2026-02-15T11:29:17+00:00","dateModified":"2026-03-20T12:10:56+00:00","breadcrumb":{"@id":"https:\/\/www.dolomitiprealpi.it\/de\/event\/sassi-cervi-e-rane-selvatici-incontri-tra-peron-e-salet-con-flo\/#breadcrumb"},"inLanguage":"de-DE","potentialAction":[{"@type":"ReadAction","target":["https:\/\/www.dolomitiprealpi.it\/de\/event\/sassi-cervi-e-rane-selvatici-incontri-tra-peron-e-salet-con-flo\/"]}]},{"@type":"BreadcrumbList","@id":"https:\/\/www.dolomitiprealpi.it\/de\/event\/sassi-cervi-e-rane-selvatici-incontri-tra-peron-e-salet-con-flo\/#breadcrumb","itemListElement":[{"@type":"ListItem","position":1,"name":"Home","item":"https:\/\/www.dolomitiprealpi.it\/de\/"},{"@type":"ListItem","position":2,"name":"Veranstaltungen","item":"https:\/\/www.dolomitiprealpi.it\/de\/events\/"},{"@type":"ListItem","position":3,"name":"Sassi, cervi e rane: selvatici incontri tra Peron e Salet con Fl\u00f2"}]},{"@type":"WebSite","@id":"https:\/\/www.dolomitiprealpi.it\/de\/#website","url":"https:\/\/www.dolomitiprealpi.it\/de\/","name":"Dolomiti Prealpi","description":"","publisher":{"@id":"https:\/\/www.dolomitiprealpi.it\/de\/#organization"},"potentialAction":[{"@type":"SearchAction","target":{"@type":"EntryPoint","urlTemplate":"https:\/\/www.dolomitiprealpi.it\/de\/?s={search_term_string}"},"query-input":{"@type":"PropertyValueSpecification","valueRequired":true,"valueName":"search_term_string"}}],"inLanguage":"de-DE"},{"@type":"Organization","@id":"https:\/\/www.dolomitiprealpi.it\/de\/#organization","name":"Consorzio Dolomiti Prealpi","url":"https:\/\/www.dolomitiprealpi.it\/de\/","logo":{"@type":"ImageObject","inLanguage":"de-DE","@id":"https:\/\/www.dolomitiprealpi.it\/de\/#\/schema\/logo\/image\/","url":"https:\/\/www.dolomitiprealpi.it\/wp-content\/uploads\/2023\/03\/dolomitiprealpi-favicon.jpg","contentUrl":"https:\/\/www.dolomitiprealpi.it\/wp-content\/uploads\/2023\/03\/dolomitiprealpi-favicon.jpg","width":512,"height":512,"caption":"Consorzio Dolomiti Prealpi"},"image":{"@id":"https:\/\/www.dolomitiprealpi.it\/de\/#\/schema\/logo\/image\/"},"sameAs":["https:\/\/www.facebook.com\/dolomitiprealpi.it\/","https:\/\/www.instagram.com\/dolomitiprealpi\/"]}]}},"_links":{"self":[{"href":"https:\/\/www.dolomitiprealpi.it\/de\/wp-json\/wp\/v2\/tribe_events\/84515","targetHints":{"allow":["GET"]}}],"collection":[{"href":"https:\/\/www.dolomitiprealpi.it\/de\/wp-json\/wp\/v2\/tribe_events"}],"about":[{"href":"https:\/\/www.dolomitiprealpi.it\/de\/wp-json\/wp\/v2\/types\/tribe_events"}],"version-history":[{"count":1,"href":"https:\/\/www.dolomitiprealpi.it\/de\/wp-json\/wp\/v2\/tribe_events\/84515\/revisions"}],"predecessor-version":[{"id":87554,"href":"https:\/\/www.dolomitiprealpi.it\/de\/wp-json\/wp\/v2\/tribe_events\/84515\/revisions\/87554"}],"wp:attachment":[{"href":"https:\/\/www.dolomitiprealpi.it\/de\/wp-json\/wp\/v2\/media?parent=84515"}],"wp:term":[{"taxonomy":"post_tag","embeddable":true,"href":"https:\/\/www.dolomitiprealpi.it\/de\/wp-json\/wp\/v2\/tags?post=84515"},{"taxonomy":"tribe_events_cat","embeddable":true,"href":"https:\/\/www.dolomitiprealpi.it\/de\/wp-json\/wp\/v2\/tribe_events_cat?post=84515"}],"curies":[{"name":"wp","href":"https:\/\/api.w.org\/{rel}","templated":true}]}}