{"id":82269,"date":"2026-02-15T11:55:55","date_gmt":"2026-02-15T10:55:55","guid":{"rendered":"https:\/\/www.dolomitiprealpi.it\/event\/capra-capra-capra-escursione-con-flo\/"},"modified":"2026-03-20T12:34:54","modified_gmt":"2026-03-20T11:34:54","slug":"capra-capra-capra-escursione-con-flo-2","status":"publish","type":"tribe_events","link":"https:\/\/www.dolomitiprealpi.it\/de\/event\/capra-capra-capra-escursione-con-flo-2\/","title":{"rendered":"Capra, capra, capra! escursione con Fl\u00f2"},"content":{"rendered":"<p>KOSTENLOSE&nbsp;Wanderung f\u00fcr alle (max. 25 Teilnehmer) <\/p>\n<p>Infos und Anmeldungen: <b>3290040808<\/b> &#8211; <b>guide.pndb@gmail.com<\/b><\/p>\n<p>Kostenlose Vormittagstour<\/p>\n<p>Leichte Naturwanderung zur Entdeckung der cesiolini D\u00f6rfer Fianema und Salgarda, zwischen kleinen Wasserkan\u00e4len mit gro\u00dfen Bioindikatoren f\u00fcr Qualit\u00e4t, bunten Wiesen und gesundem Himmel.<\/p>\n<p>Wir setzen die Tour mit einem Besuch der Ziegenfarm des Bio-Bauernhofs von Mattia Gris fort, der im Qualit\u00e4tssiegel des Nationalparks Dolomiti Bellunesi eingetragen ist. Ein junger Mann, der Ziegen liebt und den Wolf nicht hasst, wird uns erz\u00e4hlen, wie anstrengend und wunderbar die Arbeit in der bellunesischen Landschaft ist!<\/p>\n<p>Abschlussimbiss f\u00fcr alle mit speziellen Produkten vom Bauernhof, auch f\u00fcr Vegetarier.<\/p>\n<p>H\u00f6henunterschied: <b>50m <\/b><\/p>\n<p>Schwierigkeit: <b>leicht.<\/b><\/p>\n<p><b>Treffpunkt: 9.00 Uhr <\/b>am Parkplatz des Caf\u00e9s Bianco Lattebusche in Busche (Cesiomaggiore).<\/p>\n<p>Aktivit\u00e4tsende um 13.00 Uhr <\/p>\n<p><\/p>\n","protected":false},"excerpt":{"rendered":"<p>KOSTENLOSE&nbsp;Wanderung f\u00fcr alle (max. 25 Teilnehmer) Infos und Anmeldungen: 3290040808 &#8211; guide.pndb@gmail.com Kostenlose Vormittagstour Leichte Naturwanderung zur Entdeckung der cesiolini D\u00f6rfer Fianema und Salgarda, zwischen kleinen Wasserkan\u00e4len mit gro\u00dfen Bioindikatoren<\/p>\n","protected":false},"author":0,"featured_media":0,"template":"","meta":{"_acf_changed":false,"inline_featured_image":false,"_tribe_events_status":"","_tribe_events_status_reason":"","footnotes":""},"tags":[259],"tribe_events_cat":[],"class_list":["post-82269","tribe_events","type-tribe_events","status-publish","hentry","tag-eventi-feratel"],"acf":[],"yoast_head":"<!-- This site is optimized with the Yoast SEO plugin v25.7 - https:\/\/yoast.com\/wordpress\/plugins\/seo\/ -->\n<title>Capra, capra, capra! escursione con Fl\u00f2 - Dolomiti Prealpi<\/title>\n<meta name=\"robots\" content=\"index, follow, max-snippet:-1, max-image-preview:large, max-video-preview:-1\" \/>\n<link rel=\"canonical\" href=\"https:\/\/www.dolomitiprealpi.it\/de\/event\/capra-capra-capra-escursione-con-flo-2\/\" \/>\n<meta property=\"og:locale\" content=\"de_DE\" \/>\n<meta property=\"og:type\" content=\"article\" \/>\n<meta property=\"og:title\" content=\"Capra, capra, capra! escursione con Fl\u00f2 - Dolomiti Prealpi\" \/>\n<meta property=\"og:description\" content=\"KOSTENLOSE&nbsp;Wanderung f\u00fcr alle (max. 25 Teilnehmer) Infos und Anmeldungen: 3290040808 &#8211; guide.pndb@gmail.com Kostenlose Vormittagstour Leichte Naturwanderung zur Entdeckung der cesiolini D\u00f6rfer Fianema und Salgarda, zwischen kleinen Wasserkan\u00e4len mit gro\u00dfen Bioindikatoren\" \/>\n<meta property=\"og:url\" content=\"https:\/\/www.dolomitiprealpi.it\/de\/event\/capra-capra-capra-escursione-con-flo-2\/\" \/>\n<meta property=\"og:site_name\" content=\"Dolomiti Prealpi\" \/>\n<meta property=\"article:publisher\" content=\"https:\/\/www.facebook.com\/dolomitiprealpi.it\/\" \/>\n<meta property=\"article:modified_time\" content=\"2026-03-20T11:34:54+00:00\" \/>\n<meta property=\"og:image\" content=\"https:\/\/www.dolomitiprealpi.it\/wp-content\/uploads\/2022\/11\/C.-Timpone-Foto-archivio-Consorzio-turistico-Dolomiti-Prealpi-Nevegal-Belluno-Bike-18-2.jpg\" \/>\n\t<meta property=\"og:image:width\" content=\"2048\" \/>\n\t<meta property=\"og:image:height\" content=\"1888\" \/>\n\t<meta property=\"og:image:type\" content=\"image\/jpeg\" \/>\n<meta name=\"twitter:card\" content=\"summary_large_image\" \/>\n<meta name=\"twitter:label1\" content=\"Est. reading time\" \/>\n\t<meta name=\"twitter:data1\" content=\"1 minute\" \/>\n<script type=\"application\/ld+json\" class=\"yoast-schema-graph\">{\"@context\":\"https:\/\/schema.org\",\"@graph\":[{\"@type\":\"WebPage\",\"@id\":\"https:\/\/www.dolomitiprealpi.it\/de\/event\/capra-capra-capra-escursione-con-flo-2\/\",\"url\":\"https:\/\/www.dolomitiprealpi.it\/de\/event\/capra-capra-capra-escursione-con-flo-2\/\",\"name\":\"Capra, capra, capra! escursione con Fl\u00f2 - Dolomiti Prealpi\",\"isPartOf\":{\"@id\":\"https:\/\/www.dolomitiprealpi.it\/de\/#website\"},\"datePublished\":\"2026-02-15T10:55:55+00:00\",\"dateModified\":\"2026-03-20T11:34:54+00:00\",\"breadcrumb\":{\"@id\":\"https:\/\/www.dolomitiprealpi.it\/de\/event\/capra-capra-capra-escursione-con-flo-2\/#breadcrumb\"},\"inLanguage\":\"de-DE\",\"potentialAction\":[{\"@type\":\"ReadAction\",\"target\":[\"https:\/\/www.dolomitiprealpi.it\/de\/event\/capra-capra-capra-escursione-con-flo-2\/\"]}]},{\"@type\":\"BreadcrumbList\",\"@id\":\"https:\/\/www.dolomitiprealpi.it\/de\/event\/capra-capra-capra-escursione-con-flo-2\/#breadcrumb\",\"itemListElement\":[{\"@type\":\"ListItem\",\"position\":1,\"name\":\"Home\",\"item\":\"https:\/\/www.dolomitiprealpi.it\/de\/\"},{\"@type\":\"ListItem\",\"position\":2,\"name\":\"Veranstaltungen\",\"item\":\"https:\/\/www.dolomitiprealpi.it\/de\/events\/\"},{\"@type\":\"ListItem\",\"position\":3,\"name\":\"Capra, capra, capra! escursione con Fl\u00f2\"}]},{\"@type\":\"WebSite\",\"@id\":\"https:\/\/www.dolomitiprealpi.it\/de\/#website\",\"url\":\"https:\/\/www.dolomitiprealpi.it\/de\/\",\"name\":\"Dolomiti Prealpi\",\"description\":\"\",\"publisher\":{\"@id\":\"https:\/\/www.dolomitiprealpi.it\/de\/#organization\"},\"potentialAction\":[{\"@type\":\"SearchAction\",\"target\":{\"@type\":\"EntryPoint\",\"urlTemplate\":\"https:\/\/www.dolomitiprealpi.it\/de\/?s={search_term_string}\"},\"query-input\":{\"@type\":\"PropertyValueSpecification\",\"valueRequired\":true,\"valueName\":\"search_term_string\"}}],\"inLanguage\":\"de-DE\"},{\"@type\":\"Organization\",\"@id\":\"https:\/\/www.dolomitiprealpi.it\/de\/#organization\",\"name\":\"Consorzio Dolomiti Prealpi\",\"url\":\"https:\/\/www.dolomitiprealpi.it\/de\/\",\"logo\":{\"@type\":\"ImageObject\",\"inLanguage\":\"de-DE\",\"@id\":\"https:\/\/www.dolomitiprealpi.it\/de\/#\/schema\/logo\/image\/\",\"url\":\"https:\/\/www.dolomitiprealpi.it\/wp-content\/uploads\/2023\/03\/dolomitiprealpi-favicon.jpg\",\"contentUrl\":\"https:\/\/www.dolomitiprealpi.it\/wp-content\/uploads\/2023\/03\/dolomitiprealpi-favicon.jpg\",\"width\":512,\"height\":512,\"caption\":\"Consorzio Dolomiti Prealpi\"},\"image\":{\"@id\":\"https:\/\/www.dolomitiprealpi.it\/de\/#\/schema\/logo\/image\/\"},\"sameAs\":[\"https:\/\/www.facebook.com\/dolomitiprealpi.it\/\",\"https:\/\/www.instagram.com\/dolomitiprealpi\/\"]}]}<\/script>\n<!-- \/ Yoast SEO plugin. -->","yoast_head_json":{"title":"Capra, capra, capra! escursione con Fl\u00f2 - Dolomiti Prealpi","robots":{"index":"index","follow":"follow","max-snippet":"max-snippet:-1","max-image-preview":"max-image-preview:large","max-video-preview":"max-video-preview:-1"},"canonical":"https:\/\/www.dolomitiprealpi.it\/de\/event\/capra-capra-capra-escursione-con-flo-2\/","og_locale":"de_DE","og_type":"article","og_title":"Capra, capra, capra! escursione con Fl\u00f2 - Dolomiti Prealpi","og_description":"KOSTENLOSE&nbsp;Wanderung f\u00fcr alle (max. 25 Teilnehmer) Infos und Anmeldungen: 3290040808 &#8211; guide.pndb@gmail.com Kostenlose Vormittagstour Leichte Naturwanderung zur Entdeckung der cesiolini D\u00f6rfer Fianema und Salgarda, zwischen kleinen Wasserkan\u00e4len mit gro\u00dfen Bioindikatoren","og_url":"https:\/\/www.dolomitiprealpi.it\/de\/event\/capra-capra-capra-escursione-con-flo-2\/","og_site_name":"Dolomiti Prealpi","article_publisher":"https:\/\/www.facebook.com\/dolomitiprealpi.it\/","article_modified_time":"2026-03-20T11:34:54+00:00","og_image":[{"width":2048,"height":1888,"url":"https:\/\/www.dolomitiprealpi.it\/wp-content\/uploads\/2022\/11\/C.-Timpone-Foto-archivio-Consorzio-turistico-Dolomiti-Prealpi-Nevegal-Belluno-Bike-18-2.jpg","type":"image\/jpeg"}],"twitter_card":"summary_large_image","twitter_misc":{"Est. reading time":"1 minute"},"schema":{"@context":"https:\/\/schema.org","@graph":[{"@type":"WebPage","@id":"https:\/\/www.dolomitiprealpi.it\/de\/event\/capra-capra-capra-escursione-con-flo-2\/","url":"https:\/\/www.dolomitiprealpi.it\/de\/event\/capra-capra-capra-escursione-con-flo-2\/","name":"Capra, capra, capra! escursione con Fl\u00f2 - Dolomiti Prealpi","isPartOf":{"@id":"https:\/\/www.dolomitiprealpi.it\/de\/#website"},"datePublished":"2026-02-15T10:55:55+00:00","dateModified":"2026-03-20T11:34:54+00:00","breadcrumb":{"@id":"https:\/\/www.dolomitiprealpi.it\/de\/event\/capra-capra-capra-escursione-con-flo-2\/#breadcrumb"},"inLanguage":"de-DE","potentialAction":[{"@type":"ReadAction","target":["https:\/\/www.dolomitiprealpi.it\/de\/event\/capra-capra-capra-escursione-con-flo-2\/"]}]},{"@type":"BreadcrumbList","@id":"https:\/\/www.dolomitiprealpi.it\/de\/event\/capra-capra-capra-escursione-con-flo-2\/#breadcrumb","itemListElement":[{"@type":"ListItem","position":1,"name":"Home","item":"https:\/\/www.dolomitiprealpi.it\/de\/"},{"@type":"ListItem","position":2,"name":"Veranstaltungen","item":"https:\/\/www.dolomitiprealpi.it\/de\/events\/"},{"@type":"ListItem","position":3,"name":"Capra, capra, capra! escursione con Fl\u00f2"}]},{"@type":"WebSite","@id":"https:\/\/www.dolomitiprealpi.it\/de\/#website","url":"https:\/\/www.dolomitiprealpi.it\/de\/","name":"Dolomiti Prealpi","description":"","publisher":{"@id":"https:\/\/www.dolomitiprealpi.it\/de\/#organization"},"potentialAction":[{"@type":"SearchAction","target":{"@type":"EntryPoint","urlTemplate":"https:\/\/www.dolomitiprealpi.it\/de\/?s={search_term_string}"},"query-input":{"@type":"PropertyValueSpecification","valueRequired":true,"valueName":"search_term_string"}}],"inLanguage":"de-DE"},{"@type":"Organization","@id":"https:\/\/www.dolomitiprealpi.it\/de\/#organization","name":"Consorzio Dolomiti Prealpi","url":"https:\/\/www.dolomitiprealpi.it\/de\/","logo":{"@type":"ImageObject","inLanguage":"de-DE","@id":"https:\/\/www.dolomitiprealpi.it\/de\/#\/schema\/logo\/image\/","url":"https:\/\/www.dolomitiprealpi.it\/wp-content\/uploads\/2023\/03\/dolomitiprealpi-favicon.jpg","contentUrl":"https:\/\/www.dolomitiprealpi.it\/wp-content\/uploads\/2023\/03\/dolomitiprealpi-favicon.jpg","width":512,"height":512,"caption":"Consorzio Dolomiti Prealpi"},"image":{"@id":"https:\/\/www.dolomitiprealpi.it\/de\/#\/schema\/logo\/image\/"},"sameAs":["https:\/\/www.facebook.com\/dolomitiprealpi.it\/","https:\/\/www.instagram.com\/dolomitiprealpi\/"]}]}},"_links":{"self":[{"href":"https:\/\/www.dolomitiprealpi.it\/de\/wp-json\/wp\/v2\/tribe_events\/82269","targetHints":{"allow":["GET"]}}],"collection":[{"href":"https:\/\/www.dolomitiprealpi.it\/de\/wp-json\/wp\/v2\/tribe_events"}],"about":[{"href":"https:\/\/www.dolomitiprealpi.it\/de\/wp-json\/wp\/v2\/types\/tribe_events"}],"version-history":[{"count":1,"href":"https:\/\/www.dolomitiprealpi.it\/de\/wp-json\/wp\/v2\/tribe_events\/82269\/revisions"}],"predecessor-version":[{"id":86448,"href":"https:\/\/www.dolomitiprealpi.it\/de\/wp-json\/wp\/v2\/tribe_events\/82269\/revisions\/86448"}],"wp:attachment":[{"href":"https:\/\/www.dolomitiprealpi.it\/de\/wp-json\/wp\/v2\/media?parent=82269"}],"wp:term":[{"taxonomy":"post_tag","embeddable":true,"href":"https:\/\/www.dolomitiprealpi.it\/de\/wp-json\/wp\/v2\/tags?post=82269"},{"taxonomy":"tribe_events_cat","embeddable":true,"href":"https:\/\/www.dolomitiprealpi.it\/de\/wp-json\/wp\/v2\/tribe_events_cat?post=82269"}],"curies":[{"name":"wp","href":"https:\/\/api.w.org\/{rel}","templated":true}]}}