{"id":82145,"date":"2025-08-30T13:34:05","date_gmt":"2025-08-30T11:34:05","guid":{"rendered":"https:\/\/www.dolomitiprealpi.it\/event\/siamo-natura-festival-dellambiente\/"},"modified":"2025-11-09T12:12:11","modified_gmt":"2025-11-09T11:12:11","slug":"siamo-natura-festival-dellambiente-4","status":"publish","type":"tribe_events","link":"https:\/\/www.dolomitiprealpi.it\/de\/event\/siamo-natura-festival-dellambiente-4\/","title":{"rendered":"Siamo Natura: Festival dell&#8217;ambiente"},"content":{"rendered":"<p><b>Alle Veranstaltungen sind kostenlos.<br \/><\/b><b>Der Zugang zu den Vortr\u00e4gen und Filmvorf\u00fchrungen ist frei, solange Pl\u00e4tze verf\u00fcgbar sind.<\/b> <\/p>\n<p>Projektionsfilm &#8220;Sonderflora Venetien: Dolomiten&#8221;.<\/p>\n<p>HERSTELLER: Marco Omodei Sal\u00e8<br \/>AUFTRAGGEBER: Regionalparkverwaltung der Dolomiten von Ampezzo \u2013 Regole d\u2019Ampezzo<br \/>WISSENSCHAFTLICHE KOORDINATION: Michele Da Pozzo<br \/>WISSENSCHAFTLICHE UNTERST\u00dcTZUNG: Cesare Lasen, Gianni Poloniato<br \/>GESAMTDURCHSCHNITT 66\u201933\u201d<br \/>FORMAT Full HD 1920X1080 50p<\/p>\n<p>Venetien ist eine Region, die durch zahlreiche unterschiedliche Naturr\u00e4ume gekennzeichnet ist, die verschiedene Habitattypen hervorbringen, die wiederum eine in gewisser Hinsicht unglaubliche und faszinierende Biodiversit\u00e4t beherbergen. Bis heute wurde diese Biodiversit\u00e4t \u00fcberwiegend hinsichtlich der Tierarten dokumentiert und damit vor allem f\u00fcr die breite \u00d6ffentlichkeit verbreitet, die auff\u00e4lliger und interessanter sind. Dieses dokumentarische Projekt, das aus einer Idee des Direktors der UO Parks und Biodiversit\u00e4t der Region Venetien, Dr. Mauro De Osti, und des Direktors des Regionalen Naturparks der Dolomiten von Ampezzo, Dr. Michele da Pozzo, der die F\u00fchrung hat, entstanden ist, hat das Ziel, mit der gebotenen Sorgfalt und der erforderlichen Vorsicht, die die Prinzipien der Erhaltung uns auferlegen, die regionalen Pflanzenarten, die als \u201ebesonders\u201c eingestuft werden, weil sie selten, endemisch oder am Rand ihres Verbreitungsgebiets befinden, bekannt zu machen. Die von dem Filmemacher Marco Omodei Sal\u00e8 aufgenommenen Bilder und die wissenschaftliche Koordination, die vom Direktor des Regionalen Naturparks der Dolomiten von Ampezzo, Michele Da Pozzo, durchgef\u00fchrt wird, werden uns auf diesem faszinierenden Weg begleiten, der derzeit die Dolomiten von Ampezzo und die Bellunesischen umfasst. Daraus ist ein sehr ansprechender Dokumentarfilm entstanden, der in drei Episoden f\u00fcr jede der beiden Gebirgsgruppen, die beide UNESCO-Weltkulturerbe sind, unterteilt ist und den beiden gesch\u00fctzten Bereichen des Regionalen Naturparks der Dolomiten von Ampezzo und des Nationalparks Dolomiti Bellunesi entspricht. Die Arbeit ist einzigartig und stellt ein wissenschaftliches und informatives Dokument von \u00e4u\u00dferster Relevanz und gro\u00dfem Interesse dar.<\/p>\n<p>&nbsp;<\/p>\n","protected":false},"excerpt":{"rendered":"<p>Alle Veranstaltungen sind kostenlos.Der Zugang zu den Vortr\u00e4gen und Filmvorf\u00fchrungen ist frei, solange Pl\u00e4tze verf\u00fcgbar sind. Projektionsfilm &#8220;Sonderflora Venetien: Dolomiten&#8221;. HERSTELLER: Marco Omodei Sal\u00e8AUFTRAGGEBER: Regionalparkverwaltung der Dolomiten von Ampezzo \u2013<\/p>\n","protected":false},"author":0,"featured_media":0,"template":"","meta":{"_acf_changed":false,"inline_featured_image":false,"_tribe_events_status":"","_tribe_events_status_reason":"","footnotes":""},"tags":[259],"tribe_events_cat":[],"class_list":["post-82145","tribe_events","type-tribe_events","status-publish","hentry","tag-eventi-feratel"],"acf":[],"yoast_head":"<!-- This site is optimized with the Yoast SEO plugin v25.7 - https:\/\/yoast.com\/wordpress\/plugins\/seo\/ -->\n<title>Siamo Natura: Festival dell&#039;ambiente - Dolomiti Prealpi<\/title>\n<meta name=\"robots\" content=\"index, follow, max-snippet:-1, max-image-preview:large, max-video-preview:-1\" \/>\n<link rel=\"canonical\" href=\"https:\/\/www.dolomitiprealpi.it\/de\/event\/siamo-natura-festival-dellambiente-4\/\" \/>\n<meta property=\"og:locale\" content=\"de_DE\" \/>\n<meta property=\"og:type\" content=\"article\" \/>\n<meta property=\"og:title\" content=\"Siamo Natura: Festival dell&#039;ambiente - Dolomiti Prealpi\" \/>\n<meta property=\"og:description\" content=\"Alle Veranstaltungen sind kostenlos.Der Zugang zu den Vortr\u00e4gen und Filmvorf\u00fchrungen ist frei, solange Pl\u00e4tze verf\u00fcgbar sind. Projektionsfilm &#8220;Sonderflora Venetien: Dolomiten&#8221;. HERSTELLER: Marco Omodei Sal\u00e8AUFTRAGGEBER: Regionalparkverwaltung der Dolomiten von Ampezzo \u2013\" \/>\n<meta property=\"og:url\" content=\"https:\/\/www.dolomitiprealpi.it\/de\/event\/siamo-natura-festival-dellambiente-4\/\" \/>\n<meta property=\"og:site_name\" content=\"Dolomiti Prealpi\" \/>\n<meta property=\"article:publisher\" content=\"https:\/\/www.facebook.com\/dolomitiprealpi.it\/\" \/>\n<meta property=\"article:modified_time\" content=\"2025-11-09T11:12:11+00:00\" \/>\n<meta property=\"og:image\" content=\"https:\/\/www.dolomitiprealpi.it\/wp-content\/uploads\/2022\/11\/C.-Timpone-Foto-archivio-Consorzio-turistico-Dolomiti-Prealpi-Nevegal-Belluno-Bike-18-2.jpg\" \/>\n\t<meta property=\"og:image:width\" content=\"2048\" \/>\n\t<meta property=\"og:image:height\" content=\"1888\" \/>\n\t<meta property=\"og:image:type\" content=\"image\/jpeg\" \/>\n<meta name=\"twitter:card\" content=\"summary_large_image\" \/>\n<meta name=\"twitter:label1\" content=\"Est. reading time\" \/>\n\t<meta name=\"twitter:data1\" content=\"1 minute\" \/>\n<script type=\"application\/ld+json\" class=\"yoast-schema-graph\">{\"@context\":\"https:\/\/schema.org\",\"@graph\":[{\"@type\":\"WebPage\",\"@id\":\"https:\/\/www.dolomitiprealpi.it\/de\/event\/siamo-natura-festival-dellambiente-4\/\",\"url\":\"https:\/\/www.dolomitiprealpi.it\/de\/event\/siamo-natura-festival-dellambiente-4\/\",\"name\":\"Siamo Natura: Festival dell'ambiente - Dolomiti Prealpi\",\"isPartOf\":{\"@id\":\"https:\/\/www.dolomitiprealpi.it\/de\/#website\"},\"datePublished\":\"2025-08-30T11:34:05+00:00\",\"dateModified\":\"2025-11-09T11:12:11+00:00\",\"breadcrumb\":{\"@id\":\"https:\/\/www.dolomitiprealpi.it\/de\/event\/siamo-natura-festival-dellambiente-4\/#breadcrumb\"},\"inLanguage\":\"de-DE\",\"potentialAction\":[{\"@type\":\"ReadAction\",\"target\":[\"https:\/\/www.dolomitiprealpi.it\/de\/event\/siamo-natura-festival-dellambiente-4\/\"]}]},{\"@type\":\"BreadcrumbList\",\"@id\":\"https:\/\/www.dolomitiprealpi.it\/de\/event\/siamo-natura-festival-dellambiente-4\/#breadcrumb\",\"itemListElement\":[{\"@type\":\"ListItem\",\"position\":1,\"name\":\"Home\",\"item\":\"https:\/\/www.dolomitiprealpi.it\/de\/\"},{\"@type\":\"ListItem\",\"position\":2,\"name\":\"Veranstaltungen\",\"item\":\"https:\/\/www.dolomitiprealpi.it\/de\/events\/\"},{\"@type\":\"ListItem\",\"position\":3,\"name\":\"Siamo Natura: Festival dell&#8217;ambiente\"}]},{\"@type\":\"WebSite\",\"@id\":\"https:\/\/www.dolomitiprealpi.it\/de\/#website\",\"url\":\"https:\/\/www.dolomitiprealpi.it\/de\/\",\"name\":\"Dolomiti Prealpi\",\"description\":\"\",\"publisher\":{\"@id\":\"https:\/\/www.dolomitiprealpi.it\/de\/#organization\"},\"potentialAction\":[{\"@type\":\"SearchAction\",\"target\":{\"@type\":\"EntryPoint\",\"urlTemplate\":\"https:\/\/www.dolomitiprealpi.it\/de\/?s={search_term_string}\"},\"query-input\":{\"@type\":\"PropertyValueSpecification\",\"valueRequired\":true,\"valueName\":\"search_term_string\"}}],\"inLanguage\":\"de-DE\"},{\"@type\":\"Organization\",\"@id\":\"https:\/\/www.dolomitiprealpi.it\/de\/#organization\",\"name\":\"Consorzio Dolomiti Prealpi\",\"url\":\"https:\/\/www.dolomitiprealpi.it\/de\/\",\"logo\":{\"@type\":\"ImageObject\",\"inLanguage\":\"de-DE\",\"@id\":\"https:\/\/www.dolomitiprealpi.it\/de\/#\/schema\/logo\/image\/\",\"url\":\"https:\/\/www.dolomitiprealpi.it\/wp-content\/uploads\/2023\/03\/dolomitiprealpi-favicon.jpg\",\"contentUrl\":\"https:\/\/www.dolomitiprealpi.it\/wp-content\/uploads\/2023\/03\/dolomitiprealpi-favicon.jpg\",\"width\":512,\"height\":512,\"caption\":\"Consorzio Dolomiti Prealpi\"},\"image\":{\"@id\":\"https:\/\/www.dolomitiprealpi.it\/de\/#\/schema\/logo\/image\/\"},\"sameAs\":[\"https:\/\/www.facebook.com\/dolomitiprealpi.it\/\",\"https:\/\/www.instagram.com\/dolomitiprealpi\/\"]}]}<\/script>\n<!-- \/ Yoast SEO plugin. -->","yoast_head_json":{"title":"Siamo Natura: Festival dell'ambiente - Dolomiti Prealpi","robots":{"index":"index","follow":"follow","max-snippet":"max-snippet:-1","max-image-preview":"max-image-preview:large","max-video-preview":"max-video-preview:-1"},"canonical":"https:\/\/www.dolomitiprealpi.it\/de\/event\/siamo-natura-festival-dellambiente-4\/","og_locale":"de_DE","og_type":"article","og_title":"Siamo Natura: Festival dell'ambiente - Dolomiti Prealpi","og_description":"Alle Veranstaltungen sind kostenlos.Der Zugang zu den Vortr\u00e4gen und Filmvorf\u00fchrungen ist frei, solange Pl\u00e4tze verf\u00fcgbar sind. Projektionsfilm &#8220;Sonderflora Venetien: Dolomiten&#8221;. HERSTELLER: Marco Omodei Sal\u00e8AUFTRAGGEBER: Regionalparkverwaltung der Dolomiten von Ampezzo \u2013","og_url":"https:\/\/www.dolomitiprealpi.it\/de\/event\/siamo-natura-festival-dellambiente-4\/","og_site_name":"Dolomiti Prealpi","article_publisher":"https:\/\/www.facebook.com\/dolomitiprealpi.it\/","article_modified_time":"2025-11-09T11:12:11+00:00","og_image":[{"width":2048,"height":1888,"url":"https:\/\/www.dolomitiprealpi.it\/wp-content\/uploads\/2022\/11\/C.-Timpone-Foto-archivio-Consorzio-turistico-Dolomiti-Prealpi-Nevegal-Belluno-Bike-18-2.jpg","type":"image\/jpeg"}],"twitter_card":"summary_large_image","twitter_misc":{"Est. reading time":"1 minute"},"schema":{"@context":"https:\/\/schema.org","@graph":[{"@type":"WebPage","@id":"https:\/\/www.dolomitiprealpi.it\/de\/event\/siamo-natura-festival-dellambiente-4\/","url":"https:\/\/www.dolomitiprealpi.it\/de\/event\/siamo-natura-festival-dellambiente-4\/","name":"Siamo Natura: Festival dell'ambiente - Dolomiti Prealpi","isPartOf":{"@id":"https:\/\/www.dolomitiprealpi.it\/de\/#website"},"datePublished":"2025-08-30T11:34:05+00:00","dateModified":"2025-11-09T11:12:11+00:00","breadcrumb":{"@id":"https:\/\/www.dolomitiprealpi.it\/de\/event\/siamo-natura-festival-dellambiente-4\/#breadcrumb"},"inLanguage":"de-DE","potentialAction":[{"@type":"ReadAction","target":["https:\/\/www.dolomitiprealpi.it\/de\/event\/siamo-natura-festival-dellambiente-4\/"]}]},{"@type":"BreadcrumbList","@id":"https:\/\/www.dolomitiprealpi.it\/de\/event\/siamo-natura-festival-dellambiente-4\/#breadcrumb","itemListElement":[{"@type":"ListItem","position":1,"name":"Home","item":"https:\/\/www.dolomitiprealpi.it\/de\/"},{"@type":"ListItem","position":2,"name":"Veranstaltungen","item":"https:\/\/www.dolomitiprealpi.it\/de\/events\/"},{"@type":"ListItem","position":3,"name":"Siamo Natura: Festival dell&#8217;ambiente"}]},{"@type":"WebSite","@id":"https:\/\/www.dolomitiprealpi.it\/de\/#website","url":"https:\/\/www.dolomitiprealpi.it\/de\/","name":"Dolomiti Prealpi","description":"","publisher":{"@id":"https:\/\/www.dolomitiprealpi.it\/de\/#organization"},"potentialAction":[{"@type":"SearchAction","target":{"@type":"EntryPoint","urlTemplate":"https:\/\/www.dolomitiprealpi.it\/de\/?s={search_term_string}"},"query-input":{"@type":"PropertyValueSpecification","valueRequired":true,"valueName":"search_term_string"}}],"inLanguage":"de-DE"},{"@type":"Organization","@id":"https:\/\/www.dolomitiprealpi.it\/de\/#organization","name":"Consorzio Dolomiti Prealpi","url":"https:\/\/www.dolomitiprealpi.it\/de\/","logo":{"@type":"ImageObject","inLanguage":"de-DE","@id":"https:\/\/www.dolomitiprealpi.it\/de\/#\/schema\/logo\/image\/","url":"https:\/\/www.dolomitiprealpi.it\/wp-content\/uploads\/2023\/03\/dolomitiprealpi-favicon.jpg","contentUrl":"https:\/\/www.dolomitiprealpi.it\/wp-content\/uploads\/2023\/03\/dolomitiprealpi-favicon.jpg","width":512,"height":512,"caption":"Consorzio Dolomiti Prealpi"},"image":{"@id":"https:\/\/www.dolomitiprealpi.it\/de\/#\/schema\/logo\/image\/"},"sameAs":["https:\/\/www.facebook.com\/dolomitiprealpi.it\/","https:\/\/www.instagram.com\/dolomitiprealpi\/"]}]}},"_links":{"self":[{"href":"https:\/\/www.dolomitiprealpi.it\/de\/wp-json\/wp\/v2\/tribe_events\/82145","targetHints":{"allow":["GET"]}}],"collection":[{"href":"https:\/\/www.dolomitiprealpi.it\/de\/wp-json\/wp\/v2\/tribe_events"}],"about":[{"href":"https:\/\/www.dolomitiprealpi.it\/de\/wp-json\/wp\/v2\/types\/tribe_events"}],"version-history":[{"count":1,"href":"https:\/\/www.dolomitiprealpi.it\/de\/wp-json\/wp\/v2\/tribe_events\/82145\/revisions"}],"predecessor-version":[{"id":86399,"href":"https:\/\/www.dolomitiprealpi.it\/de\/wp-json\/wp\/v2\/tribe_events\/82145\/revisions\/86399"}],"wp:attachment":[{"href":"https:\/\/www.dolomitiprealpi.it\/de\/wp-json\/wp\/v2\/media?parent=82145"}],"wp:term":[{"taxonomy":"post_tag","embeddable":true,"href":"https:\/\/www.dolomitiprealpi.it\/de\/wp-json\/wp\/v2\/tags?post=82145"},{"taxonomy":"tribe_events_cat","embeddable":true,"href":"https:\/\/www.dolomitiprealpi.it\/de\/wp-json\/wp\/v2\/tribe_events_cat?post=82145"}],"curies":[{"name":"wp","href":"https:\/\/api.w.org\/{rel}","templated":true}]}}