{"id":81551,"date":"2025-08-30T13:25:23","date_gmt":"2025-08-30T11:25:23","guid":{"rendered":"https:\/\/www.dolomitiprealpi.it\/event\/festival-delle-culture-comunitarie\/"},"modified":"2025-10-18T12:08:33","modified_gmt":"2025-10-18T10:08:33","slug":"festival-delle-culture-comunitarie","status":"publish","type":"tribe_events","link":"https:\/\/www.dolomitiprealpi.it\/de\/event\/festival-delle-culture-comunitarie\/","title":{"rendered":"Festival delle culture comunitarie"},"content":{"rendered":"<p><b>Festival, das mit folgenden Zielen ins Leben gerufen wurde:<\/b><br \/>\u2013 das Andenken an die&nbsp;<b>Nonnetta<\/b>&nbsp;Antonietta Saccaro in Faoro unsterblich zu machen, als verdientes Dankesch\u00f6n<br \/>\u2013 die&nbsp;<b>Kulturen<\/b>&nbsp;und die&nbsp;<b>edelsten Werte&nbsp;<\/b>der&nbsp;<b>urspr\u00fcnglichen vor-monet\u00e4ren V\u00f6lker<\/b>&nbsp;lebendig zu halten<br \/>\u2013 eine&nbsp;<b>bessere Gesellschaft<\/b>&nbsp;f\u00fcr den Sohn&nbsp;<b>Yuian<\/b>&nbsp;Angel Turra Osorio und seine Freunde zu schaffen, durch die Nutzung von&nbsp;<b>wechselseitigen Verteilungssystemen,&nbsp;<\/b>&nbsp;und nicht nur monet\u00e4ren und wirtschaftlichen<br \/>\u2013 Pap\u00e1 Angelo&nbsp;<b>Turra<\/b>&nbsp;gl\u00fccklich und stolz zu machen, als Dankesch\u00f6n f\u00fcr alles, was er getan und gegeben hat<br \/>\u2013 Gef\u00e4lligkeiten mit der gro\u00dfen&nbsp;<b>Gemeinschaft von Freunden<\/b>&nbsp;und auch von&nbsp;<b>Unbekannten<\/b>&nbsp;auszutauschen.<\/p>\n<\/p>\n<p>Das Festival, das eine physische und auch online VITRINE sein m\u00f6chte, um:<br \/><b>1.1- LERNEN und KENNENLERNEN,&nbsp;<\/b>nicht nur theoretisch, sondern praktisch neue Dinge und auch neue Menschen.<\/p>\n<p><p><b>1.2- F\u00d6RDERN:<\/b><br \/>\u2013 alle meine Freunde und Bekannten, die etwas der Gemeinschaft anbieten und f\u00fcr die Kultur arbeiten<br \/>\u2013 alternative und komplement\u00e4re Formen zu W\u00e4hrungen, um den echten Reichtum, den wir haben und den wir schaffen k\u00f6nnen, zirkulieren zu lassen<br \/>\u2013 das Bestehen und die Funktionalit\u00e4t von ANDEREN FORMEN von Kapital, zus\u00e4tzlich zur monet\u00e4ren, durch praktische Anwendung, wie die Organisation und Durchf\u00fchrung des Festivals zeigen m\u00f6chte<br \/>\u2013 die Sch\u00f6nheit und Echtheit meines geliebten Heimatgebiets: Feltrino-Bellunese in den Dolomiten<br \/>\u2013 die verschiedenen Projekte, die wir umsetzen und die in Mexiko existieren<\/p>\n<p><b>1.3- W\u00dcRDIGUNG F\u00dcR:<\/b><br \/>\u2013 die b\u00e4uerliche und bergliche Kultur, italienisch und mexikanisch<br \/>\u2013 die Formen empirischen Lernens und nicht nur die theoretischen und offiziellen der Schule und Universit\u00e4t<br \/><b>\u2013 die gemeinschaftliche Arbeit<br \/>\u2013 die Arbeit aus \u201cCoraz\u00f3n\u201d, aus Leidenschaft<\/b><br \/>\u2013 die ehrenamtliche Arbeit zum Wohle der Kultur und der Gemeinschaft<br \/>\u2013 den Austausch, Schenken, Ausleihen, gegenseitige Hilfe \u2026<\/p>\n<p>Lernen, f\u00f6rdern und arbeiten in einer Atmosph\u00e4re von Festlichkeit, Zusammenleben, Freundschaft, gesundem Spa\u00df, Kunst \u2026<br \/>Es sei darauf hingewiesen, dass wir, um es besser zu haben,&nbsp;<b>gemeinsam organisiert sein m\u00fcssen (mit oder ohne die Institutionen)<\/b>&nbsp;um immer mehr von dem zu produzieren, was wir brauchen, sodass wir immer weniger von externen Faktoren, die au\u00dferhalb unserer Kontrolle liegen, abh\u00e4ngig sind.<br \/><b>Produktion, Organisation und Kommunikation,<\/b>&nbsp;sind somit die 3 Schl\u00fcsselbereiche, die gest\u00e4rkt werden m\u00fcssen, an denen insbesondere die neuen Generationen arbeiten sollten, bevor sie v\u00f6llig vom System absorbiert und abh\u00e4ngig sind, ohne Ausweg.<br \/>Das Ziel ist ehrgeizig, aber welche Alternativen haben wir?<br \/>Zu versuchen, sich selbst zu retten, ist ziemlich kompliziert, und ich w\u00fcrde sagen, fast nutzlos; entweder retten wir uns als Gruppe oder niemand wird gerettet. Daher ist es viel lustiger&nbsp;<b>zusammenzuarbeiten statt zu konkurrieren<\/b>&nbsp;und weit einfacher, als man uns hat glauben machen wollen.<br \/>Warum es nicht versuchen \u2026<br \/>Nun, was ich von euch m\u00f6chte, ist einfach, am Festival teilzunehmen und es unter euren Freunden und Bekannten zu f\u00f6rdern.<br \/>Und vielleicht zu kollaborieren, indem ihr eure Aktivit\u00e4ten, Dienstleistungen und Produkte zum Wohle der Gemeinschaft pr\u00e4sentiert.<br \/>Die Zusammenarbeit und \u201cPr\u00e4senz\u201d der lieben \u201cmuertitos\u201d, die noch leben, wird auf jeden Fall nicht fehlen \u2026<\/p>\n<h2><b>2- DANKSAGUNGEN<\/b><\/h2>\n<ul>\n<li>An die&nbsp;<b>b\u00e4uerliche Dolomitenkultur<\/b>&nbsp;von Feltrino-Bellunese der Nonnetta Antonietta und der Familie Turra-Faoro, typisch f\u00fcr die meisten Belluneser von einst.<\/li>\n<\/ul>\n<ul>\n<li>An das&nbsp;<b>Mexiko<\/b>, und insbesondere an die&nbsp;<b>Mexikaner<\/b>, die wahre&nbsp;<b>Lebensmeister<\/b>&nbsp;sind, von denen man in Freundschaft oder durch die Teilnahme an Konferenzen, Kursen, Ausstellungen \u2026 sehr viel lernen kann. Praktisch und nicht nur theoretisch lernen, die Werte, das gegebene Wort, die Mutter Erde mit all ihren Bewohnern, nicht nur Menschlichen, die Gegenseitigkeit und andere Werte zu respektieren, die leider heutzutage nicht mehr gelehrt und respektiert werden.<\/li>\n<\/ul>\n<h2><b>4- SPEZIALG\u00c4STE und&nbsp;<b>KOLLEGEN<\/b><\/b><\/h2>\n<p><b>G\u00e4ste<\/b>&nbsp;<b>PHYSISCH PR\u00c4SENT<\/b><br \/>\u2013 aus Mexiko:<br \/>* die Lehrerin&nbsp;<b>Adriana Osorio Avilez<\/b>, Handwerkerin, Designerin, F\u00e4rberin, Architektin und Absolventin der Kunst und Tradition<br \/>* die Dr. &nbsp;<b>Lorena Osorio Avilez<\/b>, Spezialistin f\u00fcr Ayurveda und zertifizierte Yogalehrerin<br \/>*&nbsp;<b>Marco Turra<\/b>, seit 2010 fest in Mexiko, Organisator des Festivals, Erfinder des \u201cTurrismo\u201d, ehemaliger Reiseleiter, unabh\u00e4ngiger Forscher, F\u00f6rderer, praktisch und kompetent im Umgang mit Geld<br \/>\u2013 aus Italien:<br \/>* Dr. &nbsp;<b>Salvatore La Porta<\/b>, Pr\u00e4sident des&nbsp;ISCAPI Instituts f\u00fcr Internationale Politiken, an der Universit\u00e4t Kalabrien<br \/>*&nbsp;<b>Eddy Daly 2046<\/b>, der geniale K\u00fcnstler aus Feltre mit vielen Jahren in Mexiko<\/p>\n<p><b>Online verbunden&nbsp;<\/b><br \/>\u2013 aus Mexiko:<br \/>*&nbsp;<b>Antun Kojtom<\/b>, anerkannter Maya-K\u00fcnstler aus San Cristobal de Las Casas, Chiapas, Gewinner der prestigetr\u00e4chtigen &#8220;Rosario Castellanos 2022&#8221; Medaille<br \/>\u2013 aus Italien<br \/>*&nbsp;<b>Alberto Melari<\/b>, K\u00fcnstler aus Perugia und Autor des umstrittenen Kurzfilms &#8220;I Falsi Artisti&#8221; aus dem Jahr 2019, einer dokumentierten und nachgewiesenen Kritik an der zeitgen\u00f6ssischen Kunst&nbsp;&nbsp;<br \/>*&nbsp;<b>Nicola Arena,<\/b>&nbsp;Mitbegr\u00fcnder der &#8220;Buoni Auri&#8221;, der von der Volksgemeinschaft geschaffenen W\u00e4hrung, die von der Vereinigung \u201cI Sentieri di Grimoaldo\u201d in Rom gegr\u00fcndet wurde.<\/p>\n<\/p>\n<p><b>KOLLEGEN:<\/b><\/p>\n<p>*&nbsp;<b>Nicola<\/b>&nbsp;Guerra, aus Vicenza, aber urspr\u00fcnglich aus Rocca d\u2019Arsi\u00e8, wo er seit einigen Jahren die&nbsp;<b>Pizzeria Al Lago<\/b>, die BASIS des Festivals, betreibt.<\/p>\n<p>*&nbsp;<b>Alessandro<\/b>&nbsp;Maliardi, von&nbsp;<b>ESN Pavia und ESN Alumni Italien<\/b>, der seit 2015 aktiv an den internationalen mexikanischen Textilprojekten der Vereinigung RACU Raices Culturales mitarbeitet, die Etappe in Bozen organisiert und an der \u201c1. Erasmus Dolomiti-Adunata 2017\u201d und dem \u201c23. Geburtstag des Turrismo\u201d im Jahr 2024 teilnimmt.<\/p>\n<p>Festival der Gegenseitigkeit, um die nicht-\u00f6konomischen Werte wieder in den Mittelpunkt zu r\u00fccken<\/p>\n","protected":false},"excerpt":{"rendered":"<p>Festival, das mit folgenden Zielen ins Leben gerufen wurde:\u2013 das Andenken an die&nbsp;Nonnetta&nbsp;Antonietta Saccaro in Faoro unsterblich zu machen, als verdientes Dankesch\u00f6n\u2013 die&nbsp;Kulturen&nbsp;und die&nbsp;edelsten Werte&nbsp;der&nbsp;urspr\u00fcnglichen vor-monet\u00e4ren V\u00f6lker&nbsp;lebendig zu halten\u2013 eine&nbsp;bessere<\/p>\n","protected":false},"author":0,"featured_media":0,"template":"","meta":{"_acf_changed":false,"inline_featured_image":false,"_tribe_events_status":"","_tribe_events_status_reason":"","footnotes":""},"tags":[259],"tribe_events_cat":[],"class_list":["post-81551","tribe_events","type-tribe_events","status-publish","hentry","tag-eventi-feratel"],"acf":[],"yoast_head":"<!-- This site is optimized with the Yoast SEO plugin v25.7 - https:\/\/yoast.com\/wordpress\/plugins\/seo\/ -->\n<title>Festival delle culture comunitarie - Dolomiti Prealpi<\/title>\n<meta name=\"robots\" content=\"index, follow, max-snippet:-1, max-image-preview:large, max-video-preview:-1\" \/>\n<link rel=\"canonical\" href=\"https:\/\/www.dolomitiprealpi.it\/de\/event\/festival-delle-culture-comunitarie\/\" \/>\n<meta property=\"og:locale\" content=\"de_DE\" \/>\n<meta property=\"og:type\" content=\"article\" \/>\n<meta property=\"og:title\" content=\"Festival delle culture comunitarie - Dolomiti Prealpi\" \/>\n<meta property=\"og:description\" content=\"Festival, das mit folgenden Zielen ins Leben gerufen wurde:\u2013 das Andenken an die&nbsp;Nonnetta&nbsp;Antonietta Saccaro in Faoro unsterblich zu machen, als verdientes Dankesch\u00f6n\u2013 die&nbsp;Kulturen&nbsp;und die&nbsp;edelsten Werte&nbsp;der&nbsp;urspr\u00fcnglichen vor-monet\u00e4ren V\u00f6lker&nbsp;lebendig zu halten\u2013 eine&nbsp;bessere\" \/>\n<meta property=\"og:url\" content=\"https:\/\/www.dolomitiprealpi.it\/de\/event\/festival-delle-culture-comunitarie\/\" \/>\n<meta property=\"og:site_name\" content=\"Dolomiti Prealpi\" \/>\n<meta property=\"article:publisher\" content=\"https:\/\/www.facebook.com\/dolomitiprealpi.it\/\" \/>\n<meta property=\"article:modified_time\" content=\"2025-10-18T10:08:33+00:00\" \/>\n<meta property=\"og:image\" content=\"https:\/\/www.dolomitiprealpi.it\/wp-content\/uploads\/2022\/11\/C.-Timpone-Foto-archivio-Consorzio-turistico-Dolomiti-Prealpi-Nevegal-Belluno-Bike-18-2.jpg\" \/>\n\t<meta property=\"og:image:width\" content=\"2048\" \/>\n\t<meta property=\"og:image:height\" content=\"1888\" \/>\n\t<meta property=\"og:image:type\" content=\"image\/jpeg\" \/>\n<meta name=\"twitter:card\" content=\"summary_large_image\" \/>\n<meta name=\"twitter:label1\" content=\"Est. reading time\" \/>\n\t<meta name=\"twitter:data1\" content=\"5 minutes\" \/>\n<script type=\"application\/ld+json\" class=\"yoast-schema-graph\">{\"@context\":\"https:\/\/schema.org\",\"@graph\":[{\"@type\":\"WebPage\",\"@id\":\"https:\/\/www.dolomitiprealpi.it\/de\/event\/festival-delle-culture-comunitarie\/\",\"url\":\"https:\/\/www.dolomitiprealpi.it\/de\/event\/festival-delle-culture-comunitarie\/\",\"name\":\"Festival delle culture comunitarie - Dolomiti Prealpi\",\"isPartOf\":{\"@id\":\"https:\/\/www.dolomitiprealpi.it\/de\/#website\"},\"datePublished\":\"2025-08-30T11:25:23+00:00\",\"dateModified\":\"2025-10-18T10:08:33+00:00\",\"breadcrumb\":{\"@id\":\"https:\/\/www.dolomitiprealpi.it\/de\/event\/festival-delle-culture-comunitarie\/#breadcrumb\"},\"inLanguage\":\"de-DE\",\"potentialAction\":[{\"@type\":\"ReadAction\",\"target\":[\"https:\/\/www.dolomitiprealpi.it\/de\/event\/festival-delle-culture-comunitarie\/\"]}]},{\"@type\":\"BreadcrumbList\",\"@id\":\"https:\/\/www.dolomitiprealpi.it\/de\/event\/festival-delle-culture-comunitarie\/#breadcrumb\",\"itemListElement\":[{\"@type\":\"ListItem\",\"position\":1,\"name\":\"Home\",\"item\":\"https:\/\/www.dolomitiprealpi.it\/de\/\"},{\"@type\":\"ListItem\",\"position\":2,\"name\":\"Veranstaltungen\",\"item\":\"https:\/\/www.dolomitiprealpi.it\/de\/events\/\"},{\"@type\":\"ListItem\",\"position\":3,\"name\":\"Festival delle culture comunitarie\"}]},{\"@type\":\"WebSite\",\"@id\":\"https:\/\/www.dolomitiprealpi.it\/de\/#website\",\"url\":\"https:\/\/www.dolomitiprealpi.it\/de\/\",\"name\":\"Dolomiti Prealpi\",\"description\":\"\",\"publisher\":{\"@id\":\"https:\/\/www.dolomitiprealpi.it\/de\/#organization\"},\"potentialAction\":[{\"@type\":\"SearchAction\",\"target\":{\"@type\":\"EntryPoint\",\"urlTemplate\":\"https:\/\/www.dolomitiprealpi.it\/de\/?s={search_term_string}\"},\"query-input\":{\"@type\":\"PropertyValueSpecification\",\"valueRequired\":true,\"valueName\":\"search_term_string\"}}],\"inLanguage\":\"de-DE\"},{\"@type\":\"Organization\",\"@id\":\"https:\/\/www.dolomitiprealpi.it\/de\/#organization\",\"name\":\"Consorzio Dolomiti Prealpi\",\"url\":\"https:\/\/www.dolomitiprealpi.it\/de\/\",\"logo\":{\"@type\":\"ImageObject\",\"inLanguage\":\"de-DE\",\"@id\":\"https:\/\/www.dolomitiprealpi.it\/de\/#\/schema\/logo\/image\/\",\"url\":\"https:\/\/www.dolomitiprealpi.it\/wp-content\/uploads\/2023\/03\/dolomitiprealpi-favicon.jpg\",\"contentUrl\":\"https:\/\/www.dolomitiprealpi.it\/wp-content\/uploads\/2023\/03\/dolomitiprealpi-favicon.jpg\",\"width\":512,\"height\":512,\"caption\":\"Consorzio Dolomiti Prealpi\"},\"image\":{\"@id\":\"https:\/\/www.dolomitiprealpi.it\/de\/#\/schema\/logo\/image\/\"},\"sameAs\":[\"https:\/\/www.facebook.com\/dolomitiprealpi.it\/\",\"https:\/\/www.instagram.com\/dolomitiprealpi\/\"]}]}<\/script>\n<!-- \/ Yoast SEO plugin. -->","yoast_head_json":{"title":"Festival delle culture comunitarie - Dolomiti Prealpi","robots":{"index":"index","follow":"follow","max-snippet":"max-snippet:-1","max-image-preview":"max-image-preview:large","max-video-preview":"max-video-preview:-1"},"canonical":"https:\/\/www.dolomitiprealpi.it\/de\/event\/festival-delle-culture-comunitarie\/","og_locale":"de_DE","og_type":"article","og_title":"Festival delle culture comunitarie - Dolomiti Prealpi","og_description":"Festival, das mit folgenden Zielen ins Leben gerufen wurde:\u2013 das Andenken an die&nbsp;Nonnetta&nbsp;Antonietta Saccaro in Faoro unsterblich zu machen, als verdientes Dankesch\u00f6n\u2013 die&nbsp;Kulturen&nbsp;und die&nbsp;edelsten Werte&nbsp;der&nbsp;urspr\u00fcnglichen vor-monet\u00e4ren V\u00f6lker&nbsp;lebendig zu halten\u2013 eine&nbsp;bessere","og_url":"https:\/\/www.dolomitiprealpi.it\/de\/event\/festival-delle-culture-comunitarie\/","og_site_name":"Dolomiti Prealpi","article_publisher":"https:\/\/www.facebook.com\/dolomitiprealpi.it\/","article_modified_time":"2025-10-18T10:08:33+00:00","og_image":[{"width":2048,"height":1888,"url":"https:\/\/www.dolomitiprealpi.it\/wp-content\/uploads\/2022\/11\/C.-Timpone-Foto-archivio-Consorzio-turistico-Dolomiti-Prealpi-Nevegal-Belluno-Bike-18-2.jpg","type":"image\/jpeg"}],"twitter_card":"summary_large_image","twitter_misc":{"Est. reading time":"5 minutes"},"schema":{"@context":"https:\/\/schema.org","@graph":[{"@type":"WebPage","@id":"https:\/\/www.dolomitiprealpi.it\/de\/event\/festival-delle-culture-comunitarie\/","url":"https:\/\/www.dolomitiprealpi.it\/de\/event\/festival-delle-culture-comunitarie\/","name":"Festival delle culture comunitarie - Dolomiti Prealpi","isPartOf":{"@id":"https:\/\/www.dolomitiprealpi.it\/de\/#website"},"datePublished":"2025-08-30T11:25:23+00:00","dateModified":"2025-10-18T10:08:33+00:00","breadcrumb":{"@id":"https:\/\/www.dolomitiprealpi.it\/de\/event\/festival-delle-culture-comunitarie\/#breadcrumb"},"inLanguage":"de-DE","potentialAction":[{"@type":"ReadAction","target":["https:\/\/www.dolomitiprealpi.it\/de\/event\/festival-delle-culture-comunitarie\/"]}]},{"@type":"BreadcrumbList","@id":"https:\/\/www.dolomitiprealpi.it\/de\/event\/festival-delle-culture-comunitarie\/#breadcrumb","itemListElement":[{"@type":"ListItem","position":1,"name":"Home","item":"https:\/\/www.dolomitiprealpi.it\/de\/"},{"@type":"ListItem","position":2,"name":"Veranstaltungen","item":"https:\/\/www.dolomitiprealpi.it\/de\/events\/"},{"@type":"ListItem","position":3,"name":"Festival delle culture comunitarie"}]},{"@type":"WebSite","@id":"https:\/\/www.dolomitiprealpi.it\/de\/#website","url":"https:\/\/www.dolomitiprealpi.it\/de\/","name":"Dolomiti Prealpi","description":"","publisher":{"@id":"https:\/\/www.dolomitiprealpi.it\/de\/#organization"},"potentialAction":[{"@type":"SearchAction","target":{"@type":"EntryPoint","urlTemplate":"https:\/\/www.dolomitiprealpi.it\/de\/?s={search_term_string}"},"query-input":{"@type":"PropertyValueSpecification","valueRequired":true,"valueName":"search_term_string"}}],"inLanguage":"de-DE"},{"@type":"Organization","@id":"https:\/\/www.dolomitiprealpi.it\/de\/#organization","name":"Consorzio Dolomiti Prealpi","url":"https:\/\/www.dolomitiprealpi.it\/de\/","logo":{"@type":"ImageObject","inLanguage":"de-DE","@id":"https:\/\/www.dolomitiprealpi.it\/de\/#\/schema\/logo\/image\/","url":"https:\/\/www.dolomitiprealpi.it\/wp-content\/uploads\/2023\/03\/dolomitiprealpi-favicon.jpg","contentUrl":"https:\/\/www.dolomitiprealpi.it\/wp-content\/uploads\/2023\/03\/dolomitiprealpi-favicon.jpg","width":512,"height":512,"caption":"Consorzio Dolomiti Prealpi"},"image":{"@id":"https:\/\/www.dolomitiprealpi.it\/de\/#\/schema\/logo\/image\/"},"sameAs":["https:\/\/www.facebook.com\/dolomitiprealpi.it\/","https:\/\/www.instagram.com\/dolomitiprealpi\/"]}]}},"_links":{"self":[{"href":"https:\/\/www.dolomitiprealpi.it\/de\/wp-json\/wp\/v2\/tribe_events\/81551","targetHints":{"allow":["GET"]}}],"collection":[{"href":"https:\/\/www.dolomitiprealpi.it\/de\/wp-json\/wp\/v2\/tribe_events"}],"about":[{"href":"https:\/\/www.dolomitiprealpi.it\/de\/wp-json\/wp\/v2\/types\/tribe_events"}],"version-history":[{"count":1,"href":"https:\/\/www.dolomitiprealpi.it\/de\/wp-json\/wp\/v2\/tribe_events\/81551\/revisions"}],"predecessor-version":[{"id":86090,"href":"https:\/\/www.dolomitiprealpi.it\/de\/wp-json\/wp\/v2\/tribe_events\/81551\/revisions\/86090"}],"wp:attachment":[{"href":"https:\/\/www.dolomitiprealpi.it\/de\/wp-json\/wp\/v2\/media?parent=81551"}],"wp:term":[{"taxonomy":"post_tag","embeddable":true,"href":"https:\/\/www.dolomitiprealpi.it\/de\/wp-json\/wp\/v2\/tags?post=81551"},{"taxonomy":"tribe_events_cat","embeddable":true,"href":"https:\/\/www.dolomitiprealpi.it\/de\/wp-json\/wp\/v2\/tribe_events_cat?post=81551"}],"curies":[{"name":"wp","href":"https:\/\/api.w.org\/{rel}","templated":true}]}}