{"id":81501,"date":"2025-12-29T10:05:40","date_gmt":"2025-12-29T09:05:40","guid":{"rendered":"https:\/\/www.dolomitiprealpi.it\/event\/fisorchestra-g-rossini\/"},"modified":"2026-01-24T19:14:48","modified_gmt":"2026-01-24T18:14:48","slug":"fisorchestra-g-rossini","status":"publish","type":"tribe_events","link":"https:\/\/www.dolomitiprealpi.it\/de\/event\/fisorchestra-g-rossini\/","title":{"rendered":"Fisorchestra &#8220;G. Rossini&#8221;"},"content":{"rendered":"<p>Juli Al Borgo, XXXVI. Ausgabe der Konzerte in der Villa und in den H\u00f6fen.<\/p>\n<p>Viertes und letztes Konzert von &#8220;Luglio al Borgo&#8221; 2025, XXXVI Ausgabe der Konzerte in der Villa und in den H\u00f6fen, 72. Saison des Circolo Culturale Bellunese. <\/p>\n<p>Zur Begr\u00fc\u00dfung des Publikums die Fisorchestra &#8220;Gioacchino Rossini&#8221; aus Santa Giustina, geleitet von den Meistern Ernesto und Katia Bellus, die &#8220;Die Magie des Akkordeons&#8221; pr\u00e4sentieren, einem Instrument, das nicht nur sehr geliebt wird, sondern auch zu \u00fcberraschenden musikalischen Virtuosen f\u00e4hig ist. Und das Konzert wird ein weiteres Beispiel daf\u00fcr sein, dank auch der Leitung von zwei renommierten &#8220;St\u00f6cken&#8221;. Im Detail ist die Fisorchestra \u201cG. Rossini\u201d ein Orchester, das Mitte der 70er Jahre gegr\u00fcndet wurde. <\/p>\n<p>Es besteht aus etwa f\u00fcnfzehn Akkordeonisten, begleitet von Bl\u00e4sern, Tasteninstrumenten, Schlagzeug und Percussion. Ein Tenor und ein Sopran erg\u00e4nzen das Ensemble. Es hat zahlreiche Konzerte und Tourneen in Italien, Europa, Nord- und S\u00fcdamerika durchgef\u00fchrt und \u00fcberall hohe Anerkennung gefunden. <\/p>\n<p>Dar\u00fcber hinaus hat sie an internationalen Wettbewerben teilgenommen, mit hervorragenden Ergebnissen. In den 80er Jahren wurde sie in Mailand mit dem prestigetr\u00e4chtigen Preis Ambrogino d\u2019Oro ausgezeichnet. Sie hat an den Fernsehsendungen \u201cMaurizio Costanzo Show\u201d und \u201cUno Mattina\u201d teilgenommen. <\/p>\n<p>Sie hat auf dem Petersplatz in Rom vor Johannes Paul II. aufgetreten. <\/p>\n<p>Seit 1996 organisiert sie in der Provinz Belluno das \u201cInternationale  Akkordeonfestival\u201d und l\u00e4dt die besten Solisten, Gruppen und Orchester aus dem nationalen und internationalen Bereich ein. Im September 2002 hat sie mit gro\u00dfem Erfolg in Belluno den \u201c52. Weltpokal des Akkordeons\u201d organisiert, mit der Teilnahme von 40 Konkurrenten aus 15 Nationen. <\/p>\n<p>Sie war Ehrengast beim PIF \u2013 Internationaler Wettbewerb in Castelfidardo (Ancona). Die Fisorchestra wurde von M\u00b0 Ernesto Bellus gegr\u00fcndet, der sich seit \u00fcber 50 Jahren mit unendlicher Leidenschaft der Musik widmet, unterst\u00fctzt in der k\u00fcnstlerischen Leitung von seiner Tochter Katia. <\/p>\n<p>Das Repertoire des Orchesters reicht \u00fcber verschiedene musikalische Epochen, vom Barock \u00fcber die Romantik, von der klassischen symphonisch-operatischen bis hin zur modernen-leichten Musik. <\/p>\n<p>Ernesto Bellus ist diplomiert im Akkordeon an der Lanaro Akademie in Rom und in \u201cChormusik und Chorleitung\u201d am Konservatorium von Padua, er ist der Direktor und Gr\u00fcnder der Akademie \u201cG. Rossini\u201d, einer Musikschule, die an verschiedenen Standorten in der Provinz Belluno t\u00e4tig ist. <\/p>\n<p>Er war Mitglied des Vorstands der ANIF &#8211; Nationale Vereinigung der Akkordeonlehrer und hat Impulse gegeben, um das Akkordeon als Studieninstrument am Konservatorium zu integrieren; er hat Orchesterleitung bei M\u00b0 Ludmil Descev studiert und zahlreiche Gruppen geleitet, darunter das Kammerorchester von Sofia. <\/p>\n<p>Katia Bellus, diplomiert am Klavier unter der Leitung von M\u00b0 Sergio Chiereghin am Konservatorium Pollini in Padua, unterrichtet seit f\u00fcnfundzwanzig Jahren Klavier an der Akademie Rossini in Belluno. <\/p>\n<p>Sie hat an zahlreichen Klavier-Meisterkursen teilgenommen und zahlreiche Sch\u00fcler vorbereitet, die in internationalen Klavierwettbewerben den ersten Platz belegt haben. Im Jahr 2023 hat ein Sch\u00fcler von ihr die 34. Ausgabe des Klavierwettbewerbs \u201cPremio  Venezia\u201d gewonnen. <\/p>\n<p>Sie war \u00fcber 20 Jahre lang Instrumentalistin der Fisorchestra G. Rossini. <\/p>\n<p>Tickets, Informationen, die Programmnotizen und alle Konzerte der Saison  2025 finden Sie auf der Webseite belcircolo.org.<\/p>\n","protected":false},"excerpt":{"rendered":"<p>Juli Al Borgo, XXXVI. Ausgabe der Konzerte in der Villa und in den H\u00f6fen. Viertes und letztes Konzert von &#8220;Luglio al Borgo&#8221; 2025, XXXVI Ausgabe der Konzerte in der Villa<\/p>\n","protected":false},"author":0,"featured_media":0,"template":"","meta":{"_acf_changed":false,"inline_featured_image":false,"_tribe_events_status":"","_tribe_events_status_reason":"","footnotes":""},"tags":[259],"tribe_events_cat":[],"class_list":["post-81501","tribe_events","type-tribe_events","status-publish","hentry","tag-eventi-feratel"],"acf":[],"yoast_head":"<!-- This site is optimized with the Yoast SEO plugin v25.7 - https:\/\/yoast.com\/wordpress\/plugins\/seo\/ -->\n<title>Fisorchestra &quot;G. Rossini&quot; - Dolomiti Prealpi<\/title>\n<meta name=\"robots\" content=\"index, follow, max-snippet:-1, max-image-preview:large, max-video-preview:-1\" \/>\n<link rel=\"canonical\" href=\"https:\/\/www.dolomitiprealpi.it\/de\/event\/fisorchestra-g-rossini\/\" \/>\n<meta property=\"og:locale\" content=\"de_DE\" \/>\n<meta property=\"og:type\" content=\"article\" \/>\n<meta property=\"og:title\" content=\"Fisorchestra &quot;G. Rossini&quot; - Dolomiti Prealpi\" \/>\n<meta property=\"og:description\" content=\"Juli Al Borgo, XXXVI. Ausgabe der Konzerte in der Villa und in den H\u00f6fen. Viertes und letztes Konzert von &#8220;Luglio al Borgo&#8221; 2025, XXXVI Ausgabe der Konzerte in der Villa\" \/>\n<meta property=\"og:url\" content=\"https:\/\/www.dolomitiprealpi.it\/de\/event\/fisorchestra-g-rossini\/\" \/>\n<meta property=\"og:site_name\" content=\"Dolomiti Prealpi\" \/>\n<meta property=\"article:publisher\" content=\"https:\/\/www.facebook.com\/dolomitiprealpi.it\/\" \/>\n<meta property=\"article:modified_time\" content=\"2026-01-24T18:14:48+00:00\" \/>\n<meta property=\"og:image\" content=\"https:\/\/www.dolomitiprealpi.it\/wp-content\/uploads\/2022\/11\/C.-Timpone-Foto-archivio-Consorzio-turistico-Dolomiti-Prealpi-Nevegal-Belluno-Bike-18-2.jpg\" \/>\n\t<meta property=\"og:image:width\" content=\"2048\" \/>\n\t<meta property=\"og:image:height\" content=\"1888\" \/>\n\t<meta property=\"og:image:type\" content=\"image\/jpeg\" \/>\n<meta name=\"twitter:card\" content=\"summary_large_image\" \/>\n<meta name=\"twitter:label1\" content=\"Est. reading time\" \/>\n\t<meta name=\"twitter:data1\" content=\"3 minutes\" \/>\n<script type=\"application\/ld+json\" class=\"yoast-schema-graph\">{\"@context\":\"https:\/\/schema.org\",\"@graph\":[{\"@type\":\"WebPage\",\"@id\":\"https:\/\/www.dolomitiprealpi.it\/de\/event\/fisorchestra-g-rossini\/\",\"url\":\"https:\/\/www.dolomitiprealpi.it\/de\/event\/fisorchestra-g-rossini\/\",\"name\":\"Fisorchestra \\\"G. Rossini\\\" - Dolomiti Prealpi\",\"isPartOf\":{\"@id\":\"https:\/\/www.dolomitiprealpi.it\/de\/#website\"},\"datePublished\":\"2025-12-29T09:05:40+00:00\",\"dateModified\":\"2026-01-24T18:14:48+00:00\",\"breadcrumb\":{\"@id\":\"https:\/\/www.dolomitiprealpi.it\/de\/event\/fisorchestra-g-rossini\/#breadcrumb\"},\"inLanguage\":\"de-DE\",\"potentialAction\":[{\"@type\":\"ReadAction\",\"target\":[\"https:\/\/www.dolomitiprealpi.it\/de\/event\/fisorchestra-g-rossini\/\"]}]},{\"@type\":\"BreadcrumbList\",\"@id\":\"https:\/\/www.dolomitiprealpi.it\/de\/event\/fisorchestra-g-rossini\/#breadcrumb\",\"itemListElement\":[{\"@type\":\"ListItem\",\"position\":1,\"name\":\"Home\",\"item\":\"https:\/\/www.dolomitiprealpi.it\/de\/\"},{\"@type\":\"ListItem\",\"position\":2,\"name\":\"Veranstaltungen\",\"item\":\"https:\/\/www.dolomitiprealpi.it\/de\/events\/\"},{\"@type\":\"ListItem\",\"position\":3,\"name\":\"Fisorchestra &#8220;G. Rossini&#8221;\"}]},{\"@type\":\"WebSite\",\"@id\":\"https:\/\/www.dolomitiprealpi.it\/de\/#website\",\"url\":\"https:\/\/www.dolomitiprealpi.it\/de\/\",\"name\":\"Dolomiti Prealpi\",\"description\":\"\",\"publisher\":{\"@id\":\"https:\/\/www.dolomitiprealpi.it\/de\/#organization\"},\"potentialAction\":[{\"@type\":\"SearchAction\",\"target\":{\"@type\":\"EntryPoint\",\"urlTemplate\":\"https:\/\/www.dolomitiprealpi.it\/de\/?s={search_term_string}\"},\"query-input\":{\"@type\":\"PropertyValueSpecification\",\"valueRequired\":true,\"valueName\":\"search_term_string\"}}],\"inLanguage\":\"de-DE\"},{\"@type\":\"Organization\",\"@id\":\"https:\/\/www.dolomitiprealpi.it\/de\/#organization\",\"name\":\"Consorzio Dolomiti Prealpi\",\"url\":\"https:\/\/www.dolomitiprealpi.it\/de\/\",\"logo\":{\"@type\":\"ImageObject\",\"inLanguage\":\"de-DE\",\"@id\":\"https:\/\/www.dolomitiprealpi.it\/de\/#\/schema\/logo\/image\/\",\"url\":\"https:\/\/www.dolomitiprealpi.it\/wp-content\/uploads\/2023\/03\/dolomitiprealpi-favicon.jpg\",\"contentUrl\":\"https:\/\/www.dolomitiprealpi.it\/wp-content\/uploads\/2023\/03\/dolomitiprealpi-favicon.jpg\",\"width\":512,\"height\":512,\"caption\":\"Consorzio Dolomiti Prealpi\"},\"image\":{\"@id\":\"https:\/\/www.dolomitiprealpi.it\/de\/#\/schema\/logo\/image\/\"},\"sameAs\":[\"https:\/\/www.facebook.com\/dolomitiprealpi.it\/\",\"https:\/\/www.instagram.com\/dolomitiprealpi\/\"]}]}<\/script>\n<!-- \/ Yoast SEO plugin. -->","yoast_head_json":{"title":"Fisorchestra \"G. Rossini\" - Dolomiti Prealpi","robots":{"index":"index","follow":"follow","max-snippet":"max-snippet:-1","max-image-preview":"max-image-preview:large","max-video-preview":"max-video-preview:-1"},"canonical":"https:\/\/www.dolomitiprealpi.it\/de\/event\/fisorchestra-g-rossini\/","og_locale":"de_DE","og_type":"article","og_title":"Fisorchestra \"G. Rossini\" - Dolomiti Prealpi","og_description":"Juli Al Borgo, XXXVI. Ausgabe der Konzerte in der Villa und in den H\u00f6fen. Viertes und letztes Konzert von &#8220;Luglio al Borgo&#8221; 2025, XXXVI Ausgabe der Konzerte in der Villa","og_url":"https:\/\/www.dolomitiprealpi.it\/de\/event\/fisorchestra-g-rossini\/","og_site_name":"Dolomiti Prealpi","article_publisher":"https:\/\/www.facebook.com\/dolomitiprealpi.it\/","article_modified_time":"2026-01-24T18:14:48+00:00","og_image":[{"width":2048,"height":1888,"url":"https:\/\/www.dolomitiprealpi.it\/wp-content\/uploads\/2022\/11\/C.-Timpone-Foto-archivio-Consorzio-turistico-Dolomiti-Prealpi-Nevegal-Belluno-Bike-18-2.jpg","type":"image\/jpeg"}],"twitter_card":"summary_large_image","twitter_misc":{"Est. reading time":"3 minutes"},"schema":{"@context":"https:\/\/schema.org","@graph":[{"@type":"WebPage","@id":"https:\/\/www.dolomitiprealpi.it\/de\/event\/fisorchestra-g-rossini\/","url":"https:\/\/www.dolomitiprealpi.it\/de\/event\/fisorchestra-g-rossini\/","name":"Fisorchestra \"G. Rossini\" - Dolomiti Prealpi","isPartOf":{"@id":"https:\/\/www.dolomitiprealpi.it\/de\/#website"},"datePublished":"2025-12-29T09:05:40+00:00","dateModified":"2026-01-24T18:14:48+00:00","breadcrumb":{"@id":"https:\/\/www.dolomitiprealpi.it\/de\/event\/fisorchestra-g-rossini\/#breadcrumb"},"inLanguage":"de-DE","potentialAction":[{"@type":"ReadAction","target":["https:\/\/www.dolomitiprealpi.it\/de\/event\/fisorchestra-g-rossini\/"]}]},{"@type":"BreadcrumbList","@id":"https:\/\/www.dolomitiprealpi.it\/de\/event\/fisorchestra-g-rossini\/#breadcrumb","itemListElement":[{"@type":"ListItem","position":1,"name":"Home","item":"https:\/\/www.dolomitiprealpi.it\/de\/"},{"@type":"ListItem","position":2,"name":"Veranstaltungen","item":"https:\/\/www.dolomitiprealpi.it\/de\/events\/"},{"@type":"ListItem","position":3,"name":"Fisorchestra &#8220;G. Rossini&#8221;"}]},{"@type":"WebSite","@id":"https:\/\/www.dolomitiprealpi.it\/de\/#website","url":"https:\/\/www.dolomitiprealpi.it\/de\/","name":"Dolomiti Prealpi","description":"","publisher":{"@id":"https:\/\/www.dolomitiprealpi.it\/de\/#organization"},"potentialAction":[{"@type":"SearchAction","target":{"@type":"EntryPoint","urlTemplate":"https:\/\/www.dolomitiprealpi.it\/de\/?s={search_term_string}"},"query-input":{"@type":"PropertyValueSpecification","valueRequired":true,"valueName":"search_term_string"}}],"inLanguage":"de-DE"},{"@type":"Organization","@id":"https:\/\/www.dolomitiprealpi.it\/de\/#organization","name":"Consorzio Dolomiti Prealpi","url":"https:\/\/www.dolomitiprealpi.it\/de\/","logo":{"@type":"ImageObject","inLanguage":"de-DE","@id":"https:\/\/www.dolomitiprealpi.it\/de\/#\/schema\/logo\/image\/","url":"https:\/\/www.dolomitiprealpi.it\/wp-content\/uploads\/2023\/03\/dolomitiprealpi-favicon.jpg","contentUrl":"https:\/\/www.dolomitiprealpi.it\/wp-content\/uploads\/2023\/03\/dolomitiprealpi-favicon.jpg","width":512,"height":512,"caption":"Consorzio Dolomiti Prealpi"},"image":{"@id":"https:\/\/www.dolomitiprealpi.it\/de\/#\/schema\/logo\/image\/"},"sameAs":["https:\/\/www.facebook.com\/dolomitiprealpi.it\/","https:\/\/www.instagram.com\/dolomitiprealpi\/"]}]}},"_links":{"self":[{"href":"https:\/\/www.dolomitiprealpi.it\/de\/wp-json\/wp\/v2\/tribe_events\/81501","targetHints":{"allow":["GET"]}}],"collection":[{"href":"https:\/\/www.dolomitiprealpi.it\/de\/wp-json\/wp\/v2\/tribe_events"}],"about":[{"href":"https:\/\/www.dolomitiprealpi.it\/de\/wp-json\/wp\/v2\/types\/tribe_events"}],"version-history":[{"count":1,"href":"https:\/\/www.dolomitiprealpi.it\/de\/wp-json\/wp\/v2\/tribe_events\/81501\/revisions"}],"predecessor-version":[{"id":86066,"href":"https:\/\/www.dolomitiprealpi.it\/de\/wp-json\/wp\/v2\/tribe_events\/81501\/revisions\/86066"}],"wp:attachment":[{"href":"https:\/\/www.dolomitiprealpi.it\/de\/wp-json\/wp\/v2\/media?parent=81501"}],"wp:term":[{"taxonomy":"post_tag","embeddable":true,"href":"https:\/\/www.dolomitiprealpi.it\/de\/wp-json\/wp\/v2\/tags?post=81501"},{"taxonomy":"tribe_events_cat","embeddable":true,"href":"https:\/\/www.dolomitiprealpi.it\/de\/wp-json\/wp\/v2\/tribe_events_cat?post=81501"}],"curies":[{"name":"wp","href":"https:\/\/api.w.org\/{rel}","templated":true}]}}