{"id":79688,"date":"2026-02-15T12:23:45","date_gmt":"2026-02-15T11:23:45","guid":{"rendered":"https:\/\/www.dolomitiprealpi.it\/event\/liberi-su-marte\/"},"modified":"2026-02-21T16:43:22","modified_gmt":"2026-02-21T15:43:22","slug":"liberi-su-marte-4","status":"publish","type":"tribe_events","link":"https:\/\/www.dolomitiprealpi.it\/de\/event\/liberi-su-marte-4\/","title":{"rendered":"LIBeRI su Marte"},"content":{"rendered":"<p>Kultur\u00fcbersicht<\/p>\n<p><b><i>LIBeRI &#8211; Die Bibliothek ist ge\u00f6ffnet<\/i> <\/b>das sind drei thematische Zyklen, um die R\u00fcckkehr nach Hause der B\u00fcrgerbibliothek von Belluno zu begleiten. Nach <i>LIBeRI im Wald<\/i> und <i>LIBeRI im K\u00f6rper<\/i> kommt die letzte (?) Reise, setzen wir die Segel nach Mars. <b><i>LIBeRI auf dem Mars<\/i> <\/b>findet vom 6. bis 14. September 2025 statt.<\/p>\n<p><b><u>CHSES ANDERER WELTEN<\/u> <\/b>&#8211; Samstag, 13. September um 11:00 Uhr &#8211; WORKSHOP<br \/><i>Ein Workshop, um \u00fcber den Tod zu sprechen. Tabus ablegen. Mit Ines Testoni<\/i><\/p>\n<p>St\u00e4ndig bombardiert mit d\u00fcsteren Botschaften, in einer Zeit, in der die Reflexion \u00fcber den Tod keinen Raum f\u00fcr einen offenen Dialog findet, der Unterst\u00fctzung im Umgang mit der Angst bieten kann, hier ist eine Gelegenheit, ein Bewusstsein zu schaffen und &#8211; vor allem f\u00fcr M\u00e4dchen und Jungen &#8211; Werkzeuge bereitzustellen, um die Akteure ihrer eigenen Zukunft zu sein.<\/p>\n<p>Schulung f\u00fcr Erzieher, Lehrer, Gesundheitsprofis &#8211; und auch f\u00fcr alle anderen &#8211; in Zusammenarbeit mit Metalogos.<br \/>&gt; von 13:00 bis 14:00 Uhr Buffet, das von der Organisation bereitgestellt wird<\/p>\n<p>Ines Testoni ist Professorin f\u00fcr Sozialpsychologie, sie ist Direktorin der Masterstudieng\u00e4nge <i>Death Studies &amp; The End of Life<\/i> und <i>Creative Arts Therapies for Resilience Support<\/i>. Unter ihren B\u00fcchern: <i>Das gro\u00dfe Buch \u00fcber den Tod<\/i>, <i>Das dritte Geschlecht. Warum Gott nicht m\u00e4nnlich ist und andere Geschlechterfragen<\/i>, <i>Unsterblich sein: Manifest, um die Ewigkeit zu durchqueren<\/i>, und in K\u00fcrze: <i>Ewig sein: Manifest gegen den Tod<\/i>.<\/p>\n<p>ANWEISUNGEN F\u00dcR DIE TEILNEHMER<br \/>1) Kommen Sie sehr bequem gekleidet, vorzugsweise mit einem Overall oder elastischer Kleidung und &#8211; da wir auch barfu\u00df laufen werden, Socken, vorzugsweise rutschfest;<br \/>2) Bringen Sie mit: Vinavil-Kleber, Scheren, Marker, Buntstifte und\/oder Pastelle (Material wird allen zur Verf\u00fcgung gestellt, bereitgestellt von der Organisation, aber f\u00fcr diejenigen, die es zu Hause haben, ist es besser, auch Ihre eigenen mitzubringen)<\/p>\n<p><u>Freier Eintritt<\/u> <\/p>\n<p><b><u>AUF DER EROBERUNG DER R\u00c4UME<\/u><\/b> &#8211; Samstag, 13. September um 18:00 Uhr &#8211; BEGEGNUNG<br \/><i>Eine offene, partizipative und konstruktive Diskussion \u00fcber die Zukunft der Kultur. Mit Antonella Agnoli.<\/i><\/p>\n<p>Wo wird die Kultur im Jahr 2050 wohnen? Wie wird die Kultur in den Familien, auf den Stra\u00dfen, in den Schulen, in den Diensten, in den \u00f6ffentlichen Verwaltungen aussehen? Und das Imagin\u00e4re des Wohnens? Und die Bibliotheken, wie werden sie sein? Aber vor allem, werden sie noch n\u00fctzlich sein? Wof\u00fcr? Ideen f\u00fcr eine bessere Zukunft.<\/p>\n<p>Antonella Agnoli arbeitet mit Kommunalverwaltungen und Architekturagenturen zusammen, um Bibliotheken als soziale und kulturelle Infrastrukturen f\u00fcr die Gemeinschaft zu regenerieren oder zu gestalten. Unter ihren B\u00fcchern: <i>Das Haus f\u00fcr alle<\/i>, <i>Die Pl\u00e4tze des Wissens<\/i> und <i>Die Bibliothek, die ich mir w\u00fcnsche<\/i>.<\/p>\n<p><u>Freier Eintritt<\/u><\/p>\n<p><b><u>VERGESSE NICHT, DASS DU STIRBEN MUSST<\/u> <\/b>&#8211; Samstag, 13. September um 20:45 Uhr &#8211; FILM + BEGEGNUNG <br \/><i>Vorf\u00fchrung des Dokumentarfilms Elisabeth K\u00fcbler-Ross: Facing Death, von Stefan Haupt (98\u2019) und anschlie\u00dfend ein Treffen mit Ines Testoni<\/i><\/p>\n<p>Mit dem Buch <i>On Death and Dying<\/i> im Jahr 1968 hat Elisabeth K\u00fcbler-Ross die Sichtweise auf den letzten Moment ver\u00e4ndert, f\u00fcr die, die ihn erleben und f\u00fcr die, die zur\u00fcckbleiben. Ausgehend von ihrer Geschichte wird Ines Testoni das Publikum durch einen Alphabetisierungsprozess zu einem Thema f\u00fchren, das zu einem so tabuisierten Zeitpunkt den Atem raubt. Besonders dem letzten.<\/p>\n<p>Ines Testoni ist Professorin f\u00fcr Sozialpsychologie, sie ist Direktorin der Masterstudieng\u00e4nge <i>Death Studies &amp; The End of Life<\/i> und <i>Creative Arts Therapies for Resilience Support<\/i>. Unter ihren B\u00fcchern: <i>Das gro\u00dfe Buch \u00fcber den Tod<\/i>, <i>Das dritte Geschlecht. Warum Gott nicht m\u00e4nnlich ist und andere Geschlechterfragen<\/i>, <i>Unsterblich sein: Manifest, um die Ewigkeit zu durchqueren<\/i>, und in K\u00fcrze: <i>Ewig sein: Manifest gegen den Tod<\/i>.<\/p>\n<p><u>Freier Eintritt<\/u><\/p>\n<p>F\u00fcr weitere Informationen und Anmeldungen zu den Veranstaltungen: <a href=\"https:\/\/www.eventbrite.com\/cc\/liberi-su-marte-4468393?_gl=1*vext1*_up*MQ..*_ga*MzY3OTMxNTMyLjE3NTQ4MzIyNDE.*_ga_TQVES5V6SH*czE3NTQ4MzIyNDEkbzEkZzAkdDE3NTQ4MzIyNDEkajYwJGwwJGgw\">EventBrite<\/a><\/p>\n","protected":false},"excerpt":{"rendered":"<p>Kultur\u00fcbersicht LIBeRI &#8211; Die Bibliothek ist ge\u00f6ffnet das sind drei thematische Zyklen, um die R\u00fcckkehr nach Hause der B\u00fcrgerbibliothek von Belluno zu begleiten. Nach LIBeRI im Wald und LIBeRI im<\/p>\n","protected":false},"author":0,"featured_media":0,"template":"","meta":{"_acf_changed":false,"inline_featured_image":false,"_tribe_events_status":"","_tribe_events_status_reason":"","footnotes":""},"tags":[259],"tribe_events_cat":[],"class_list":["post-79688","tribe_events","type-tribe_events","status-publish","hentry","tag-eventi-feratel"],"acf":[],"yoast_head":"<!-- This site is optimized with the Yoast SEO plugin v25.7 - https:\/\/yoast.com\/wordpress\/plugins\/seo\/ -->\n<title>LIBeRI su Marte - Dolomiti Prealpi<\/title>\n<meta name=\"robots\" content=\"index, follow, max-snippet:-1, max-image-preview:large, max-video-preview:-1\" \/>\n<link rel=\"canonical\" href=\"https:\/\/www.dolomitiprealpi.it\/de\/event\/liberi-su-marte-4\/\" \/>\n<meta property=\"og:locale\" content=\"de_DE\" \/>\n<meta property=\"og:type\" content=\"article\" \/>\n<meta property=\"og:title\" content=\"LIBeRI su Marte - Dolomiti Prealpi\" \/>\n<meta property=\"og:description\" content=\"Kultur\u00fcbersicht LIBeRI &#8211; Die Bibliothek ist ge\u00f6ffnet das sind drei thematische Zyklen, um die R\u00fcckkehr nach Hause der B\u00fcrgerbibliothek von Belluno zu begleiten. Nach LIBeRI im Wald und LIBeRI im\" \/>\n<meta property=\"og:url\" content=\"https:\/\/www.dolomitiprealpi.it\/de\/event\/liberi-su-marte-4\/\" \/>\n<meta property=\"og:site_name\" content=\"Dolomiti Prealpi\" \/>\n<meta property=\"article:publisher\" content=\"https:\/\/www.facebook.com\/dolomitiprealpi.it\/\" \/>\n<meta property=\"article:modified_time\" content=\"2026-02-21T15:43:22+00:00\" \/>\n<meta property=\"og:image\" content=\"https:\/\/www.dolomitiprealpi.it\/wp-content\/uploads\/2022\/11\/C.-Timpone-Foto-archivio-Consorzio-turistico-Dolomiti-Prealpi-Nevegal-Belluno-Bike-18-2.jpg\" \/>\n\t<meta property=\"og:image:width\" content=\"2048\" \/>\n\t<meta property=\"og:image:height\" content=\"1888\" \/>\n\t<meta property=\"og:image:type\" content=\"image\/jpeg\" \/>\n<meta name=\"twitter:card\" content=\"summary_large_image\" \/>\n<meta name=\"twitter:label1\" content=\"Est. reading time\" \/>\n\t<meta name=\"twitter:data1\" content=\"3 minutes\" \/>\n<script type=\"application\/ld+json\" class=\"yoast-schema-graph\">{\"@context\":\"https:\/\/schema.org\",\"@graph\":[{\"@type\":\"WebPage\",\"@id\":\"https:\/\/www.dolomitiprealpi.it\/de\/event\/liberi-su-marte-4\/\",\"url\":\"https:\/\/www.dolomitiprealpi.it\/de\/event\/liberi-su-marte-4\/\",\"name\":\"LIBeRI su Marte - Dolomiti Prealpi\",\"isPartOf\":{\"@id\":\"https:\/\/www.dolomitiprealpi.it\/de\/#website\"},\"datePublished\":\"2026-02-15T11:23:45+00:00\",\"dateModified\":\"2026-02-21T15:43:22+00:00\",\"breadcrumb\":{\"@id\":\"https:\/\/www.dolomitiprealpi.it\/de\/event\/liberi-su-marte-4\/#breadcrumb\"},\"inLanguage\":\"de-DE\",\"potentialAction\":[{\"@type\":\"ReadAction\",\"target\":[\"https:\/\/www.dolomitiprealpi.it\/de\/event\/liberi-su-marte-4\/\"]}]},{\"@type\":\"BreadcrumbList\",\"@id\":\"https:\/\/www.dolomitiprealpi.it\/de\/event\/liberi-su-marte-4\/#breadcrumb\",\"itemListElement\":[{\"@type\":\"ListItem\",\"position\":1,\"name\":\"Home\",\"item\":\"https:\/\/www.dolomitiprealpi.it\/de\/\"},{\"@type\":\"ListItem\",\"position\":2,\"name\":\"Veranstaltungen\",\"item\":\"https:\/\/www.dolomitiprealpi.it\/de\/events\/\"},{\"@type\":\"ListItem\",\"position\":3,\"name\":\"LIBeRI su Marte\"}]},{\"@type\":\"WebSite\",\"@id\":\"https:\/\/www.dolomitiprealpi.it\/de\/#website\",\"url\":\"https:\/\/www.dolomitiprealpi.it\/de\/\",\"name\":\"Dolomiti Prealpi\",\"description\":\"\",\"publisher\":{\"@id\":\"https:\/\/www.dolomitiprealpi.it\/de\/#organization\"},\"potentialAction\":[{\"@type\":\"SearchAction\",\"target\":{\"@type\":\"EntryPoint\",\"urlTemplate\":\"https:\/\/www.dolomitiprealpi.it\/de\/?s={search_term_string}\"},\"query-input\":{\"@type\":\"PropertyValueSpecification\",\"valueRequired\":true,\"valueName\":\"search_term_string\"}}],\"inLanguage\":\"de-DE\"},{\"@type\":\"Organization\",\"@id\":\"https:\/\/www.dolomitiprealpi.it\/de\/#organization\",\"name\":\"Consorzio Dolomiti Prealpi\",\"url\":\"https:\/\/www.dolomitiprealpi.it\/de\/\",\"logo\":{\"@type\":\"ImageObject\",\"inLanguage\":\"de-DE\",\"@id\":\"https:\/\/www.dolomitiprealpi.it\/de\/#\/schema\/logo\/image\/\",\"url\":\"https:\/\/www.dolomitiprealpi.it\/wp-content\/uploads\/2023\/03\/dolomitiprealpi-favicon.jpg\",\"contentUrl\":\"https:\/\/www.dolomitiprealpi.it\/wp-content\/uploads\/2023\/03\/dolomitiprealpi-favicon.jpg\",\"width\":512,\"height\":512,\"caption\":\"Consorzio Dolomiti Prealpi\"},\"image\":{\"@id\":\"https:\/\/www.dolomitiprealpi.it\/de\/#\/schema\/logo\/image\/\"},\"sameAs\":[\"https:\/\/www.facebook.com\/dolomitiprealpi.it\/\",\"https:\/\/www.instagram.com\/dolomitiprealpi\/\"]}]}<\/script>\n<!-- \/ Yoast SEO plugin. -->","yoast_head_json":{"title":"LIBeRI su Marte - Dolomiti Prealpi","robots":{"index":"index","follow":"follow","max-snippet":"max-snippet:-1","max-image-preview":"max-image-preview:large","max-video-preview":"max-video-preview:-1"},"canonical":"https:\/\/www.dolomitiprealpi.it\/de\/event\/liberi-su-marte-4\/","og_locale":"de_DE","og_type":"article","og_title":"LIBeRI su Marte - Dolomiti Prealpi","og_description":"Kultur\u00fcbersicht LIBeRI &#8211; Die Bibliothek ist ge\u00f6ffnet das sind drei thematische Zyklen, um die R\u00fcckkehr nach Hause der B\u00fcrgerbibliothek von Belluno zu begleiten. Nach LIBeRI im Wald und LIBeRI im","og_url":"https:\/\/www.dolomitiprealpi.it\/de\/event\/liberi-su-marte-4\/","og_site_name":"Dolomiti Prealpi","article_publisher":"https:\/\/www.facebook.com\/dolomitiprealpi.it\/","article_modified_time":"2026-02-21T15:43:22+00:00","og_image":[{"width":2048,"height":1888,"url":"https:\/\/www.dolomitiprealpi.it\/wp-content\/uploads\/2022\/11\/C.-Timpone-Foto-archivio-Consorzio-turistico-Dolomiti-Prealpi-Nevegal-Belluno-Bike-18-2.jpg","type":"image\/jpeg"}],"twitter_card":"summary_large_image","twitter_misc":{"Est. reading time":"3 minutes"},"schema":{"@context":"https:\/\/schema.org","@graph":[{"@type":"WebPage","@id":"https:\/\/www.dolomitiprealpi.it\/de\/event\/liberi-su-marte-4\/","url":"https:\/\/www.dolomitiprealpi.it\/de\/event\/liberi-su-marte-4\/","name":"LIBeRI su Marte - Dolomiti Prealpi","isPartOf":{"@id":"https:\/\/www.dolomitiprealpi.it\/de\/#website"},"datePublished":"2026-02-15T11:23:45+00:00","dateModified":"2026-02-21T15:43:22+00:00","breadcrumb":{"@id":"https:\/\/www.dolomitiprealpi.it\/de\/event\/liberi-su-marte-4\/#breadcrumb"},"inLanguage":"de-DE","potentialAction":[{"@type":"ReadAction","target":["https:\/\/www.dolomitiprealpi.it\/de\/event\/liberi-su-marte-4\/"]}]},{"@type":"BreadcrumbList","@id":"https:\/\/www.dolomitiprealpi.it\/de\/event\/liberi-su-marte-4\/#breadcrumb","itemListElement":[{"@type":"ListItem","position":1,"name":"Home","item":"https:\/\/www.dolomitiprealpi.it\/de\/"},{"@type":"ListItem","position":2,"name":"Veranstaltungen","item":"https:\/\/www.dolomitiprealpi.it\/de\/events\/"},{"@type":"ListItem","position":3,"name":"LIBeRI su Marte"}]},{"@type":"WebSite","@id":"https:\/\/www.dolomitiprealpi.it\/de\/#website","url":"https:\/\/www.dolomitiprealpi.it\/de\/","name":"Dolomiti Prealpi","description":"","publisher":{"@id":"https:\/\/www.dolomitiprealpi.it\/de\/#organization"},"potentialAction":[{"@type":"SearchAction","target":{"@type":"EntryPoint","urlTemplate":"https:\/\/www.dolomitiprealpi.it\/de\/?s={search_term_string}"},"query-input":{"@type":"PropertyValueSpecification","valueRequired":true,"valueName":"search_term_string"}}],"inLanguage":"de-DE"},{"@type":"Organization","@id":"https:\/\/www.dolomitiprealpi.it\/de\/#organization","name":"Consorzio Dolomiti Prealpi","url":"https:\/\/www.dolomitiprealpi.it\/de\/","logo":{"@type":"ImageObject","inLanguage":"de-DE","@id":"https:\/\/www.dolomitiprealpi.it\/de\/#\/schema\/logo\/image\/","url":"https:\/\/www.dolomitiprealpi.it\/wp-content\/uploads\/2023\/03\/dolomitiprealpi-favicon.jpg","contentUrl":"https:\/\/www.dolomitiprealpi.it\/wp-content\/uploads\/2023\/03\/dolomitiprealpi-favicon.jpg","width":512,"height":512,"caption":"Consorzio Dolomiti Prealpi"},"image":{"@id":"https:\/\/www.dolomitiprealpi.it\/de\/#\/schema\/logo\/image\/"},"sameAs":["https:\/\/www.facebook.com\/dolomitiprealpi.it\/","https:\/\/www.instagram.com\/dolomitiprealpi\/"]}]}},"_links":{"self":[{"href":"https:\/\/www.dolomitiprealpi.it\/de\/wp-json\/wp\/v2\/tribe_events\/79688","targetHints":{"allow":["GET"]}}],"collection":[{"href":"https:\/\/www.dolomitiprealpi.it\/de\/wp-json\/wp\/v2\/tribe_events"}],"about":[{"href":"https:\/\/www.dolomitiprealpi.it\/de\/wp-json\/wp\/v2\/types\/tribe_events"}],"version-history":[{"count":1,"href":"https:\/\/www.dolomitiprealpi.it\/de\/wp-json\/wp\/v2\/tribe_events\/79688\/revisions"}],"predecessor-version":[{"id":84090,"href":"https:\/\/www.dolomitiprealpi.it\/de\/wp-json\/wp\/v2\/tribe_events\/79688\/revisions\/84090"}],"wp:attachment":[{"href":"https:\/\/www.dolomitiprealpi.it\/de\/wp-json\/wp\/v2\/media?parent=79688"}],"wp:term":[{"taxonomy":"post_tag","embeddable":true,"href":"https:\/\/www.dolomitiprealpi.it\/de\/wp-json\/wp\/v2\/tags?post=79688"},{"taxonomy":"tribe_events_cat","embeddable":true,"href":"https:\/\/www.dolomitiprealpi.it\/de\/wp-json\/wp\/v2\/tribe_events_cat?post=79688"}],"curies":[{"name":"wp","href":"https:\/\/api.w.org\/{rel}","templated":true}]}}