{"id":73265,"date":"2025-12-29T10:41:48","date_gmt":"2025-12-29T09:41:48","guid":{"rendered":"https:\/\/www.dolomitiprealpi.it\/event\/il-tobiolo-e-langelo-raffaele-di-tiziano-alla-madonna-dellorto\/"},"modified":"2026-02-03T13:29:05","modified_gmt":"2026-02-03T12:29:05","slug":"il-tobiolo-e-langelo-raffaele-di-tiziano-alla-madonna-dellorto","status":"publish","type":"tribe_events","link":"https:\/\/www.dolomitiprealpi.it\/de\/event\/il-tobiolo-e-langelo-raffaele-di-tiziano-alla-madonna-dellorto\/","title":{"rendered":"Il Tobiolo e l\u2019Angelo Raffaele di Tiziano alla Madonna dell\u2019Orto"},"content":{"rendered":"<p>Die Pr\u00e4sentation, die von einer F\u00fchrung durch das Fulcis-Museum unter der Leitung des Direktors <b>Carlo Cavalli<\/b> begleitet wird, wird den konservatorischen  Weg des Werkes Der Tobias und der Engel Raphael von Tizian in der Madonna  dell\u2019Orto in Venedig darstellen und die wichtigsten Herausforderungen  und die Ergebnisse des Restaurierungsprozesses hervorheben.<\/p>\n<p>Besonderes Augenmerk wird  auf die diagnostischen Untersuchungen gelegt, wobei der Fokus  auf den Ver\u00e4nderungen im Zeichnung unter der Farboberfl\u00e4che  und deren Auswirkungen auf die historisch-k\u00fcnstlerische  Interpretation des Gem\u00e4ldes, seine Ikonografie und seine  devotionalen Funktionen gerichtet wird.<\/p>\n<p>Die Pr\u00e4sentation, die durch eine F\u00fchrung durch das Fulcis-Museum unter der Leitung von <b>Carlo Cavalli<\/b> eingeleitet wird, wird den konservatorischen Verlauf des Werks <i>Der Tobias und der Engel Raphael<\/i> von Tizian in der <i>Madonna dell\u2019Orto<\/i> in Venedig beleuchten und die wichtigsten Herausforderungen sowie die Ergebnisse des Restaurierungsprozesses hervorheben.<\/p>\n<p>Das Gem\u00e4lde, das um 1540 f\u00fcr den Altar des Engel Raphael in der venezianischen Kirche San Marziale geschaffen wurde, wird heute in der Kirche Madonna dell\u2019Orto aufbewahrt.<\/p>\n<p>Im Sommer 2023 wurde das Werk einer diagnostischen Kampagne und einer pflegerischen Intervention unterzogen, um seine Ausstellung in der Schau Tizian 1508 zu erm\u00f6glichen.<\/p>\n<p>Zu Beginn einer strahlenden Karriere, in den Gallerien der Akademie (9. September \u2013 3. Dezember).<\/p>\n<p>Anschlie\u00dfend wurde es einer sorgf\u00e4ltigen Restaurierung unterzogen, die von Enrica Colombini geleitet und von Save Venice mit Unterst\u00fctzung von Donna Malin finanziert wurde, um schlie\u00dflich an seinem aktuellen Standort in der Madonna dell\u2019Orto neu platziert zu werden.<\/p>\n<p><b>Gabriele Matino<\/b> ist Senior Researcher bei Save Venice, spezialisiert auf Kunstgeschichte und Kurator von Ausstellungen und Publikationen \u00fcber K\u00fcnstler wie Tintoretto, Carpaccio und Tizian.<\/p>\n<p>Er arbeitet auch mit internationalen Experten an Restaurierungsprojekten und k\u00fcnstlerischen Studien zusammen.<\/p>\n<p><b>Melissa Conn<\/b> ist die Direktorin des Venedig-B\u00fcros von Save Venice und verf\u00fcgt \u00fcber mehr als 30 Jahre Erfahrung in der Restaurierung und Erhaltung venezianischer Kunst.<\/p>\n<p>Sie ist stark in die Erhaltungsprojekte involviert und h\u00e4lt Vortr\u00e4ge sowohl in Italien als auch in den Vereinigten Staaten.<\/p>\n<p><b>Enrica Colombini<\/b> ist eine erfahrene Restauratorin, Lehrerin und Inhaberin eines Restaurierungsunternehmens, die an Werken von K\u00fcnstlern wie Tizian, Giulia Lama und anderen arbeitet und an Gem\u00e4lden und Skulpturen von gro\u00dfem Wert beteiligt ist.<\/p>\n<p><b>Elena Galante<\/b> ist eine Restauratorin, die auf Wandmalereien, Leinw\u00e4nde und Holzobjekte spezialisiert ist, sie arbeitet mit bedeutenden Museen und Institutionen wie Ca\u2019 Rezzonico, Museo Correr und Save Venice zusammen und hat an Werken von K\u00fcnstlern wie Tiepolo und Giulia Lama gearbeitet.<\/p>\n<p>All diese Personen engagieren sich f\u00fcr den Schutz und die Wertsch\u00e4tzung des venezianischen und internationalen Kunstverm\u00f6gens.<\/p>\n<p>F\u00fcr Informationen: centrostudi@tizianovecellio.it<\/p>\n<p>Eine Reservierung ist erforderlich unter: 0437 913323 \u2013 prenotazionimuseo@comune.belluno.it.<\/p>\n","protected":false},"excerpt":{"rendered":"<p>Die Pr\u00e4sentation, die von einer F\u00fchrung durch das Fulcis-Museum unter der Leitung des Direktors Carlo Cavalli begleitet wird, wird den konservatorischen Weg des Werkes Der Tobias und der Engel Raphael<\/p>\n","protected":false},"author":0,"featured_media":0,"template":"","meta":{"_acf_changed":false,"inline_featured_image":false,"_tribe_events_status":"","_tribe_events_status_reason":"","footnotes":""},"tags":[259],"tribe_events_cat":[],"class_list":["post-73265","tribe_events","type-tribe_events","status-publish","hentry","tag-eventi-feratel"],"acf":[],"yoast_head":"<!-- This site is optimized with the Yoast SEO plugin v25.7 - https:\/\/yoast.com\/wordpress\/plugins\/seo\/ -->\n<title>Il Tobiolo e l\u2019Angelo Raffaele di Tiziano alla Madonna dell\u2019Orto - Dolomiti Prealpi<\/title>\n<meta name=\"robots\" content=\"index, follow, max-snippet:-1, max-image-preview:large, max-video-preview:-1\" \/>\n<link rel=\"canonical\" href=\"https:\/\/www.dolomitiprealpi.it\/de\/event\/il-tobiolo-e-langelo-raffaele-di-tiziano-alla-madonna-dellorto\/\" \/>\n<meta property=\"og:locale\" content=\"de_DE\" \/>\n<meta property=\"og:type\" content=\"article\" \/>\n<meta property=\"og:title\" content=\"Il Tobiolo e l\u2019Angelo Raffaele di Tiziano alla Madonna dell\u2019Orto - Dolomiti Prealpi\" \/>\n<meta property=\"og:description\" content=\"Die Pr\u00e4sentation, die von einer F\u00fchrung durch das Fulcis-Museum unter der Leitung des Direktors Carlo Cavalli begleitet wird, wird den konservatorischen Weg des Werkes Der Tobias und der Engel Raphael\" \/>\n<meta property=\"og:url\" content=\"https:\/\/www.dolomitiprealpi.it\/de\/event\/il-tobiolo-e-langelo-raffaele-di-tiziano-alla-madonna-dellorto\/\" \/>\n<meta property=\"og:site_name\" content=\"Dolomiti Prealpi\" \/>\n<meta property=\"article:publisher\" content=\"https:\/\/www.facebook.com\/dolomitiprealpi.it\/\" \/>\n<meta property=\"article:modified_time\" content=\"2026-02-03T12:29:05+00:00\" \/>\n<meta property=\"og:image\" content=\"https:\/\/www.dolomitiprealpi.it\/wp-content\/uploads\/2022\/11\/C.-Timpone-Foto-archivio-Consorzio-turistico-Dolomiti-Prealpi-Nevegal-Belluno-Bike-18-2.jpg\" \/>\n\t<meta property=\"og:image:width\" content=\"2048\" \/>\n\t<meta property=\"og:image:height\" content=\"1888\" \/>\n\t<meta property=\"og:image:type\" content=\"image\/jpeg\" \/>\n<meta name=\"twitter:card\" content=\"summary_large_image\" \/>\n<meta name=\"twitter:label1\" content=\"Est. reading time\" \/>\n\t<meta name=\"twitter:data1\" content=\"2 minutes\" \/>\n<script type=\"application\/ld+json\" class=\"yoast-schema-graph\">{\"@context\":\"https:\/\/schema.org\",\"@graph\":[{\"@type\":\"WebPage\",\"@id\":\"https:\/\/www.dolomitiprealpi.it\/de\/event\/il-tobiolo-e-langelo-raffaele-di-tiziano-alla-madonna-dellorto\/\",\"url\":\"https:\/\/www.dolomitiprealpi.it\/de\/event\/il-tobiolo-e-langelo-raffaele-di-tiziano-alla-madonna-dellorto\/\",\"name\":\"Il Tobiolo e l\u2019Angelo Raffaele di Tiziano alla Madonna dell\u2019Orto - Dolomiti Prealpi\",\"isPartOf\":{\"@id\":\"https:\/\/www.dolomitiprealpi.it\/de\/#website\"},\"datePublished\":\"2025-12-29T09:41:48+00:00\",\"dateModified\":\"2026-02-03T12:29:05+00:00\",\"breadcrumb\":{\"@id\":\"https:\/\/www.dolomitiprealpi.it\/de\/event\/il-tobiolo-e-langelo-raffaele-di-tiziano-alla-madonna-dellorto\/#breadcrumb\"},\"inLanguage\":\"de-DE\",\"potentialAction\":[{\"@type\":\"ReadAction\",\"target\":[\"https:\/\/www.dolomitiprealpi.it\/de\/event\/il-tobiolo-e-langelo-raffaele-di-tiziano-alla-madonna-dellorto\/\"]}]},{\"@type\":\"BreadcrumbList\",\"@id\":\"https:\/\/www.dolomitiprealpi.it\/de\/event\/il-tobiolo-e-langelo-raffaele-di-tiziano-alla-madonna-dellorto\/#breadcrumb\",\"itemListElement\":[{\"@type\":\"ListItem\",\"position\":1,\"name\":\"Home\",\"item\":\"https:\/\/www.dolomitiprealpi.it\/de\/\"},{\"@type\":\"ListItem\",\"position\":2,\"name\":\"Veranstaltungen\",\"item\":\"https:\/\/www.dolomitiprealpi.it\/de\/events\/\"},{\"@type\":\"ListItem\",\"position\":3,\"name\":\"Il Tobiolo e l\u2019Angelo Raffaele di Tiziano alla Madonna dell\u2019Orto\"}]},{\"@type\":\"WebSite\",\"@id\":\"https:\/\/www.dolomitiprealpi.it\/de\/#website\",\"url\":\"https:\/\/www.dolomitiprealpi.it\/de\/\",\"name\":\"Dolomiti Prealpi\",\"description\":\"\",\"publisher\":{\"@id\":\"https:\/\/www.dolomitiprealpi.it\/de\/#organization\"},\"potentialAction\":[{\"@type\":\"SearchAction\",\"target\":{\"@type\":\"EntryPoint\",\"urlTemplate\":\"https:\/\/www.dolomitiprealpi.it\/de\/?s={search_term_string}\"},\"query-input\":{\"@type\":\"PropertyValueSpecification\",\"valueRequired\":true,\"valueName\":\"search_term_string\"}}],\"inLanguage\":\"de-DE\"},{\"@type\":\"Organization\",\"@id\":\"https:\/\/www.dolomitiprealpi.it\/de\/#organization\",\"name\":\"Consorzio Dolomiti Prealpi\",\"url\":\"https:\/\/www.dolomitiprealpi.it\/de\/\",\"logo\":{\"@type\":\"ImageObject\",\"inLanguage\":\"de-DE\",\"@id\":\"https:\/\/www.dolomitiprealpi.it\/de\/#\/schema\/logo\/image\/\",\"url\":\"https:\/\/www.dolomitiprealpi.it\/wp-content\/uploads\/2023\/03\/dolomitiprealpi-favicon.jpg\",\"contentUrl\":\"https:\/\/www.dolomitiprealpi.it\/wp-content\/uploads\/2023\/03\/dolomitiprealpi-favicon.jpg\",\"width\":512,\"height\":512,\"caption\":\"Consorzio Dolomiti Prealpi\"},\"image\":{\"@id\":\"https:\/\/www.dolomitiprealpi.it\/de\/#\/schema\/logo\/image\/\"},\"sameAs\":[\"https:\/\/www.facebook.com\/dolomitiprealpi.it\/\",\"https:\/\/www.instagram.com\/dolomitiprealpi\/\"]}]}<\/script>\n<!-- \/ Yoast SEO plugin. -->","yoast_head_json":{"title":"Il Tobiolo e l\u2019Angelo Raffaele di Tiziano alla Madonna dell\u2019Orto - Dolomiti Prealpi","robots":{"index":"index","follow":"follow","max-snippet":"max-snippet:-1","max-image-preview":"max-image-preview:large","max-video-preview":"max-video-preview:-1"},"canonical":"https:\/\/www.dolomitiprealpi.it\/de\/event\/il-tobiolo-e-langelo-raffaele-di-tiziano-alla-madonna-dellorto\/","og_locale":"de_DE","og_type":"article","og_title":"Il Tobiolo e l\u2019Angelo Raffaele di Tiziano alla Madonna dell\u2019Orto - Dolomiti Prealpi","og_description":"Die Pr\u00e4sentation, die von einer F\u00fchrung durch das Fulcis-Museum unter der Leitung des Direktors Carlo Cavalli begleitet wird, wird den konservatorischen Weg des Werkes Der Tobias und der Engel Raphael","og_url":"https:\/\/www.dolomitiprealpi.it\/de\/event\/il-tobiolo-e-langelo-raffaele-di-tiziano-alla-madonna-dellorto\/","og_site_name":"Dolomiti Prealpi","article_publisher":"https:\/\/www.facebook.com\/dolomitiprealpi.it\/","article_modified_time":"2026-02-03T12:29:05+00:00","og_image":[{"width":2048,"height":1888,"url":"https:\/\/www.dolomitiprealpi.it\/wp-content\/uploads\/2022\/11\/C.-Timpone-Foto-archivio-Consorzio-turistico-Dolomiti-Prealpi-Nevegal-Belluno-Bike-18-2.jpg","type":"image\/jpeg"}],"twitter_card":"summary_large_image","twitter_misc":{"Est. reading time":"2 minutes"},"schema":{"@context":"https:\/\/schema.org","@graph":[{"@type":"WebPage","@id":"https:\/\/www.dolomitiprealpi.it\/de\/event\/il-tobiolo-e-langelo-raffaele-di-tiziano-alla-madonna-dellorto\/","url":"https:\/\/www.dolomitiprealpi.it\/de\/event\/il-tobiolo-e-langelo-raffaele-di-tiziano-alla-madonna-dellorto\/","name":"Il Tobiolo e l\u2019Angelo Raffaele di Tiziano alla Madonna dell\u2019Orto - Dolomiti Prealpi","isPartOf":{"@id":"https:\/\/www.dolomitiprealpi.it\/de\/#website"},"datePublished":"2025-12-29T09:41:48+00:00","dateModified":"2026-02-03T12:29:05+00:00","breadcrumb":{"@id":"https:\/\/www.dolomitiprealpi.it\/de\/event\/il-tobiolo-e-langelo-raffaele-di-tiziano-alla-madonna-dellorto\/#breadcrumb"},"inLanguage":"de-DE","potentialAction":[{"@type":"ReadAction","target":["https:\/\/www.dolomitiprealpi.it\/de\/event\/il-tobiolo-e-langelo-raffaele-di-tiziano-alla-madonna-dellorto\/"]}]},{"@type":"BreadcrumbList","@id":"https:\/\/www.dolomitiprealpi.it\/de\/event\/il-tobiolo-e-langelo-raffaele-di-tiziano-alla-madonna-dellorto\/#breadcrumb","itemListElement":[{"@type":"ListItem","position":1,"name":"Home","item":"https:\/\/www.dolomitiprealpi.it\/de\/"},{"@type":"ListItem","position":2,"name":"Veranstaltungen","item":"https:\/\/www.dolomitiprealpi.it\/de\/events\/"},{"@type":"ListItem","position":3,"name":"Il Tobiolo e l\u2019Angelo Raffaele di Tiziano alla Madonna dell\u2019Orto"}]},{"@type":"WebSite","@id":"https:\/\/www.dolomitiprealpi.it\/de\/#website","url":"https:\/\/www.dolomitiprealpi.it\/de\/","name":"Dolomiti Prealpi","description":"","publisher":{"@id":"https:\/\/www.dolomitiprealpi.it\/de\/#organization"},"potentialAction":[{"@type":"SearchAction","target":{"@type":"EntryPoint","urlTemplate":"https:\/\/www.dolomitiprealpi.it\/de\/?s={search_term_string}"},"query-input":{"@type":"PropertyValueSpecification","valueRequired":true,"valueName":"search_term_string"}}],"inLanguage":"de-DE"},{"@type":"Organization","@id":"https:\/\/www.dolomitiprealpi.it\/de\/#organization","name":"Consorzio Dolomiti Prealpi","url":"https:\/\/www.dolomitiprealpi.it\/de\/","logo":{"@type":"ImageObject","inLanguage":"de-DE","@id":"https:\/\/www.dolomitiprealpi.it\/de\/#\/schema\/logo\/image\/","url":"https:\/\/www.dolomitiprealpi.it\/wp-content\/uploads\/2023\/03\/dolomitiprealpi-favicon.jpg","contentUrl":"https:\/\/www.dolomitiprealpi.it\/wp-content\/uploads\/2023\/03\/dolomitiprealpi-favicon.jpg","width":512,"height":512,"caption":"Consorzio Dolomiti Prealpi"},"image":{"@id":"https:\/\/www.dolomitiprealpi.it\/de\/#\/schema\/logo\/image\/"},"sameAs":["https:\/\/www.facebook.com\/dolomitiprealpi.it\/","https:\/\/www.instagram.com\/dolomitiprealpi\/"]}]}},"_links":{"self":[{"href":"https:\/\/www.dolomitiprealpi.it\/de\/wp-json\/wp\/v2\/tribe_events\/73265","targetHints":{"allow":["GET"]}}],"collection":[{"href":"https:\/\/www.dolomitiprealpi.it\/de\/wp-json\/wp\/v2\/tribe_events"}],"about":[{"href":"https:\/\/www.dolomitiprealpi.it\/de\/wp-json\/wp\/v2\/types\/tribe_events"}],"version-history":[{"count":1,"href":"https:\/\/www.dolomitiprealpi.it\/de\/wp-json\/wp\/v2\/tribe_events\/73265\/revisions"}],"predecessor-version":[{"id":79079,"href":"https:\/\/www.dolomitiprealpi.it\/de\/wp-json\/wp\/v2\/tribe_events\/73265\/revisions\/79079"}],"wp:attachment":[{"href":"https:\/\/www.dolomitiprealpi.it\/de\/wp-json\/wp\/v2\/media?parent=73265"}],"wp:term":[{"taxonomy":"post_tag","embeddable":true,"href":"https:\/\/www.dolomitiprealpi.it\/de\/wp-json\/wp\/v2\/tags?post=73265"},{"taxonomy":"tribe_events_cat","embeddable":true,"href":"https:\/\/www.dolomitiprealpi.it\/de\/wp-json\/wp\/v2\/tribe_events_cat?post=73265"}],"curies":[{"name":"wp","href":"https:\/\/api.w.org\/{rel}","templated":true}]}}