{"id":70184,"date":"2026-02-15T11:54:48","date_gmt":"2026-02-15T10:54:48","guid":{"rendered":"https:\/\/www.dolomitiprealpi.it\/event\/malghe-tra-miane-e-borgo-valbelluna\/"},"modified":"2026-02-21T16:20:43","modified_gmt":"2026-02-21T15:20:43","slug":"malghe-tra-miane-e-borgo-valbelluna","status":"publish","type":"tribe_events","link":"https:\/\/www.dolomitiprealpi.it\/de\/event\/malghe-tra-miane-e-borgo-valbelluna\/","title":{"rendered":"Malghe tra Miane e Borgo Valbelluna"},"content":{"rendered":"<p>Am Sonntag, den 7. September, findet die XXV. Auflage von \u201eMalghe tra Miane e Borgo Valbelluna\u201c statt, ein unvergessliches Ereignis f\u00fcr alle, die in den <b>unber\u00fchrten Reiz der Belluneser und Trevisaner Voralpen eintauchen m\u00f6chten. <\/b><\/p>\n<p>Diese Veranstaltung bietet eine wertvolle Gelegenheit, die <b>authentischen und traditionellen Aromen<\/b> zu entdecken, wahre Sch\u00e4tze der lokalen Kultur, die durch Generationen weitergegeben wurden. <\/p>\n<p>  Das Festival stellt eine au\u00dfergew\u00f6hnliche M\u00f6glichkeit dar, das Gebiet zu erkunden und ein authentisches Erlebnis in unmittelbarem Kontakt mit der Natur und den <b>Bergtraditionen<\/b> zu erleben. Die Besucher k\u00f6nnen einem reichhaltigen und abwechslungsreichen Programm von Veranstaltungen folgen, das sich \u00fcber einen Weg erstreckt, der atemberaubende Landschaften durchquert und sich auch perfekt f\u00fcr Familien und Kinder eignet. <\/p>\n<p> Zu den Programmpunkten geh\u00f6ren: Mountainbike-Touren, lehrreiche Spazierg\u00e4nge zur Erkundung der heimischen Flora und Fauna, gesellige Wanderungen, ein Orientierungslauf f\u00fcr die Abenteuerlustigen, eine eindrucksvolle Exkursion zur Br\u00fccke von Val d&#8217;Arc, die den CAI-Mitgliedern vorbehalten ist, Vorf\u00fchrungen historischer Fechtkunst und Workshops f\u00fcr Kinder, alles begleitet von Musik, traditionellen Gerichten und lokalen Produkten aus den Almen. <\/p>\n<p> Die Almen der Gemeinden Miane und Borgo Valbelluna, eingebettet in ein <b>einzigartiges Naturumfeld<\/b>, werden ge\u00f6ffnet sein, um die Besucher mit authentischem Essen zu empfangen, das nach <b>alten Rezepten<\/b> zubereitet wird, und mit der herzlichen Gastfreundschaft unserer Ehrenamtlichen. Eine ideale Gelegenheit f\u00fcr alle, die nach einem authentischen Erlebnis suchen und das Herz der Voralpen entdecken m\u00f6chten, zwischen Kultur, Geschichte und Traumlandschaften.  <\/p>\n<p><\/p>\n<ul> <\/ul>\n<p>&nbsp;Fest gefeiert der gemeinsamen Tradition, der Produkte, der Br\u00e4uche und Sitten des Lebens auf den Weiden. <\/p>\n","protected":false},"excerpt":{"rendered":"<p>Am Sonntag, den 7. September, findet die XXV. Auflage von \u201eMalghe tra Miane e Borgo Valbelluna\u201c statt, ein unvergessliches Ereignis f\u00fcr alle, die in den unber\u00fchrten Reiz der Belluneser und<\/p>\n","protected":false},"author":0,"featured_media":0,"template":"","meta":{"_acf_changed":false,"inline_featured_image":false,"_tribe_events_status":"","_tribe_events_status_reason":"","footnotes":""},"tags":[259],"tribe_events_cat":[],"class_list":["post-70184","tribe_events","type-tribe_events","status-publish","hentry","tag-eventi-feratel"],"acf":[],"yoast_head":"<!-- This site is optimized with the Yoast SEO plugin v25.7 - https:\/\/yoast.com\/wordpress\/plugins\/seo\/ -->\n<title>Malghe tra Miane e Borgo Valbelluna - Dolomiti Prealpi<\/title>\n<meta name=\"robots\" content=\"index, follow, max-snippet:-1, max-image-preview:large, max-video-preview:-1\" \/>\n<link rel=\"canonical\" href=\"https:\/\/www.dolomitiprealpi.it\/de\/event\/malghe-tra-miane-e-borgo-valbelluna\/\" \/>\n<meta property=\"og:locale\" content=\"de_DE\" \/>\n<meta property=\"og:type\" content=\"article\" \/>\n<meta property=\"og:title\" content=\"Malghe tra Miane e Borgo Valbelluna - Dolomiti Prealpi\" \/>\n<meta property=\"og:description\" content=\"Am Sonntag, den 7. September, findet die XXV. Auflage von \u201eMalghe tra Miane e Borgo Valbelluna\u201c statt, ein unvergessliches Ereignis f\u00fcr alle, die in den unber\u00fchrten Reiz der Belluneser und\" \/>\n<meta property=\"og:url\" content=\"https:\/\/www.dolomitiprealpi.it\/de\/event\/malghe-tra-miane-e-borgo-valbelluna\/\" \/>\n<meta property=\"og:site_name\" content=\"Dolomiti Prealpi\" \/>\n<meta property=\"article:publisher\" content=\"https:\/\/www.facebook.com\/dolomitiprealpi.it\/\" \/>\n<meta property=\"article:modified_time\" content=\"2026-02-21T15:20:43+00:00\" \/>\n<meta property=\"og:image\" content=\"https:\/\/www.dolomitiprealpi.it\/wp-content\/uploads\/2022\/11\/C.-Timpone-Foto-archivio-Consorzio-turistico-Dolomiti-Prealpi-Nevegal-Belluno-Bike-18-2.jpg\" \/>\n\t<meta property=\"og:image:width\" content=\"2048\" \/>\n\t<meta property=\"og:image:height\" content=\"1888\" \/>\n\t<meta property=\"og:image:type\" content=\"image\/jpeg\" \/>\n<meta name=\"twitter:card\" content=\"summary_large_image\" \/>\n<meta name=\"twitter:label1\" content=\"Est. reading time\" \/>\n\t<meta name=\"twitter:data1\" content=\"1 minute\" \/>\n<script type=\"application\/ld+json\" class=\"yoast-schema-graph\">{\"@context\":\"https:\/\/schema.org\",\"@graph\":[{\"@type\":\"WebPage\",\"@id\":\"https:\/\/www.dolomitiprealpi.it\/de\/event\/malghe-tra-miane-e-borgo-valbelluna\/\",\"url\":\"https:\/\/www.dolomitiprealpi.it\/de\/event\/malghe-tra-miane-e-borgo-valbelluna\/\",\"name\":\"Malghe tra Miane e Borgo Valbelluna - Dolomiti Prealpi\",\"isPartOf\":{\"@id\":\"https:\/\/www.dolomitiprealpi.it\/de\/#website\"},\"datePublished\":\"2026-02-15T10:54:48+00:00\",\"dateModified\":\"2026-02-21T15:20:43+00:00\",\"breadcrumb\":{\"@id\":\"https:\/\/www.dolomitiprealpi.it\/de\/event\/malghe-tra-miane-e-borgo-valbelluna\/#breadcrumb\"},\"inLanguage\":\"de-DE\",\"potentialAction\":[{\"@type\":\"ReadAction\",\"target\":[\"https:\/\/www.dolomitiprealpi.it\/de\/event\/malghe-tra-miane-e-borgo-valbelluna\/\"]}]},{\"@type\":\"BreadcrumbList\",\"@id\":\"https:\/\/www.dolomitiprealpi.it\/de\/event\/malghe-tra-miane-e-borgo-valbelluna\/#breadcrumb\",\"itemListElement\":[{\"@type\":\"ListItem\",\"position\":1,\"name\":\"Home\",\"item\":\"https:\/\/www.dolomitiprealpi.it\/de\/\"},{\"@type\":\"ListItem\",\"position\":2,\"name\":\"Veranstaltungen\",\"item\":\"https:\/\/www.dolomitiprealpi.it\/de\/events\/\"},{\"@type\":\"ListItem\",\"position\":3,\"name\":\"Malghe tra Miane e Borgo Valbelluna\"}]},{\"@type\":\"WebSite\",\"@id\":\"https:\/\/www.dolomitiprealpi.it\/de\/#website\",\"url\":\"https:\/\/www.dolomitiprealpi.it\/de\/\",\"name\":\"Dolomiti Prealpi\",\"description\":\"\",\"publisher\":{\"@id\":\"https:\/\/www.dolomitiprealpi.it\/de\/#organization\"},\"potentialAction\":[{\"@type\":\"SearchAction\",\"target\":{\"@type\":\"EntryPoint\",\"urlTemplate\":\"https:\/\/www.dolomitiprealpi.it\/de\/?s={search_term_string}\"},\"query-input\":{\"@type\":\"PropertyValueSpecification\",\"valueRequired\":true,\"valueName\":\"search_term_string\"}}],\"inLanguage\":\"de-DE\"},{\"@type\":\"Organization\",\"@id\":\"https:\/\/www.dolomitiprealpi.it\/de\/#organization\",\"name\":\"Consorzio Dolomiti Prealpi\",\"url\":\"https:\/\/www.dolomitiprealpi.it\/de\/\",\"logo\":{\"@type\":\"ImageObject\",\"inLanguage\":\"de-DE\",\"@id\":\"https:\/\/www.dolomitiprealpi.it\/de\/#\/schema\/logo\/image\/\",\"url\":\"https:\/\/www.dolomitiprealpi.it\/wp-content\/uploads\/2023\/03\/dolomitiprealpi-favicon.jpg\",\"contentUrl\":\"https:\/\/www.dolomitiprealpi.it\/wp-content\/uploads\/2023\/03\/dolomitiprealpi-favicon.jpg\",\"width\":512,\"height\":512,\"caption\":\"Consorzio Dolomiti Prealpi\"},\"image\":{\"@id\":\"https:\/\/www.dolomitiprealpi.it\/de\/#\/schema\/logo\/image\/\"},\"sameAs\":[\"https:\/\/www.facebook.com\/dolomitiprealpi.it\/\",\"https:\/\/www.instagram.com\/dolomitiprealpi\/\"]}]}<\/script>\n<!-- \/ Yoast SEO plugin. -->","yoast_head_json":{"title":"Malghe tra Miane e Borgo Valbelluna - Dolomiti Prealpi","robots":{"index":"index","follow":"follow","max-snippet":"max-snippet:-1","max-image-preview":"max-image-preview:large","max-video-preview":"max-video-preview:-1"},"canonical":"https:\/\/www.dolomitiprealpi.it\/de\/event\/malghe-tra-miane-e-borgo-valbelluna\/","og_locale":"de_DE","og_type":"article","og_title":"Malghe tra Miane e Borgo Valbelluna - Dolomiti Prealpi","og_description":"Am Sonntag, den 7. September, findet die XXV. Auflage von \u201eMalghe tra Miane e Borgo Valbelluna\u201c statt, ein unvergessliches Ereignis f\u00fcr alle, die in den unber\u00fchrten Reiz der Belluneser und","og_url":"https:\/\/www.dolomitiprealpi.it\/de\/event\/malghe-tra-miane-e-borgo-valbelluna\/","og_site_name":"Dolomiti Prealpi","article_publisher":"https:\/\/www.facebook.com\/dolomitiprealpi.it\/","article_modified_time":"2026-02-21T15:20:43+00:00","og_image":[{"width":2048,"height":1888,"url":"https:\/\/www.dolomitiprealpi.it\/wp-content\/uploads\/2022\/11\/C.-Timpone-Foto-archivio-Consorzio-turistico-Dolomiti-Prealpi-Nevegal-Belluno-Bike-18-2.jpg","type":"image\/jpeg"}],"twitter_card":"summary_large_image","twitter_misc":{"Est. reading time":"1 minute"},"schema":{"@context":"https:\/\/schema.org","@graph":[{"@type":"WebPage","@id":"https:\/\/www.dolomitiprealpi.it\/de\/event\/malghe-tra-miane-e-borgo-valbelluna\/","url":"https:\/\/www.dolomitiprealpi.it\/de\/event\/malghe-tra-miane-e-borgo-valbelluna\/","name":"Malghe tra Miane e Borgo Valbelluna - Dolomiti Prealpi","isPartOf":{"@id":"https:\/\/www.dolomitiprealpi.it\/de\/#website"},"datePublished":"2026-02-15T10:54:48+00:00","dateModified":"2026-02-21T15:20:43+00:00","breadcrumb":{"@id":"https:\/\/www.dolomitiprealpi.it\/de\/event\/malghe-tra-miane-e-borgo-valbelluna\/#breadcrumb"},"inLanguage":"de-DE","potentialAction":[{"@type":"ReadAction","target":["https:\/\/www.dolomitiprealpi.it\/de\/event\/malghe-tra-miane-e-borgo-valbelluna\/"]}]},{"@type":"BreadcrumbList","@id":"https:\/\/www.dolomitiprealpi.it\/de\/event\/malghe-tra-miane-e-borgo-valbelluna\/#breadcrumb","itemListElement":[{"@type":"ListItem","position":1,"name":"Home","item":"https:\/\/www.dolomitiprealpi.it\/de\/"},{"@type":"ListItem","position":2,"name":"Veranstaltungen","item":"https:\/\/www.dolomitiprealpi.it\/de\/events\/"},{"@type":"ListItem","position":3,"name":"Malghe tra Miane e Borgo Valbelluna"}]},{"@type":"WebSite","@id":"https:\/\/www.dolomitiprealpi.it\/de\/#website","url":"https:\/\/www.dolomitiprealpi.it\/de\/","name":"Dolomiti Prealpi","description":"","publisher":{"@id":"https:\/\/www.dolomitiprealpi.it\/de\/#organization"},"potentialAction":[{"@type":"SearchAction","target":{"@type":"EntryPoint","urlTemplate":"https:\/\/www.dolomitiprealpi.it\/de\/?s={search_term_string}"},"query-input":{"@type":"PropertyValueSpecification","valueRequired":true,"valueName":"search_term_string"}}],"inLanguage":"de-DE"},{"@type":"Organization","@id":"https:\/\/www.dolomitiprealpi.it\/de\/#organization","name":"Consorzio Dolomiti Prealpi","url":"https:\/\/www.dolomitiprealpi.it\/de\/","logo":{"@type":"ImageObject","inLanguage":"de-DE","@id":"https:\/\/www.dolomitiprealpi.it\/de\/#\/schema\/logo\/image\/","url":"https:\/\/www.dolomitiprealpi.it\/wp-content\/uploads\/2023\/03\/dolomitiprealpi-favicon.jpg","contentUrl":"https:\/\/www.dolomitiprealpi.it\/wp-content\/uploads\/2023\/03\/dolomitiprealpi-favicon.jpg","width":512,"height":512,"caption":"Consorzio Dolomiti Prealpi"},"image":{"@id":"https:\/\/www.dolomitiprealpi.it\/de\/#\/schema\/logo\/image\/"},"sameAs":["https:\/\/www.facebook.com\/dolomitiprealpi.it\/","https:\/\/www.instagram.com\/dolomitiprealpi\/"]}]}},"_links":{"self":[{"href":"https:\/\/www.dolomitiprealpi.it\/de\/wp-json\/wp\/v2\/tribe_events\/70184","targetHints":{"allow":["GET"]}}],"collection":[{"href":"https:\/\/www.dolomitiprealpi.it\/de\/wp-json\/wp\/v2\/tribe_events"}],"about":[{"href":"https:\/\/www.dolomitiprealpi.it\/de\/wp-json\/wp\/v2\/types\/tribe_events"}],"version-history":[{"count":1,"href":"https:\/\/www.dolomitiprealpi.it\/de\/wp-json\/wp\/v2\/tribe_events\/70184\/revisions"}],"predecessor-version":[{"id":73139,"href":"https:\/\/www.dolomitiprealpi.it\/de\/wp-json\/wp\/v2\/tribe_events\/70184\/revisions\/73139"}],"wp:attachment":[{"href":"https:\/\/www.dolomitiprealpi.it\/de\/wp-json\/wp\/v2\/media?parent=70184"}],"wp:term":[{"taxonomy":"post_tag","embeddable":true,"href":"https:\/\/www.dolomitiprealpi.it\/de\/wp-json\/wp\/v2\/tags?post=70184"},{"taxonomy":"tribe_events_cat","embeddable":true,"href":"https:\/\/www.dolomitiprealpi.it\/de\/wp-json\/wp\/v2\/tribe_events_cat?post=70184"}],"curies":[{"name":"wp","href":"https:\/\/api.w.org\/{rel}","templated":true}]}}