{"id":67292,"date":"2026-02-15T12:08:12","date_gmt":"2026-02-15T11:08:12","guid":{"rendered":"https:\/\/www.dolomitiprealpi.it\/event\/vivaio-letterario-disegnare-a-colori-per-dare-voce-al-grande-coro-del-cinema\/"},"modified":"2026-03-20T12:49:46","modified_gmt":"2026-03-20T11:49:46","slug":"vivaio-letterario-disegnare-a-colori-per-dare-voce-al-grande-coro-del-cinema","status":"publish","type":"tribe_events","link":"https:\/\/www.dolomitiprealpi.it\/de\/event\/vivaio-letterario-disegnare-a-colori-per-dare-voce-al-grande-coro-del-cinema\/","title":{"rendered":"Vivaio Letterario &#8211; Disegnare a colori. Per dare voce al grande coro del cinema"},"content":{"rendered":"<p>Verf\u00fcgbare Pl\u00e4tze: 14 <\/p>\n<p>Kosten: 40 Euro, alles inklusive <\/p>\n<p>Wo: la Serra, via Frontin 94a, Borgo Valbelluna (Belluno) <\/p>\n<p>Wie man hinkommt: <\/p>\n<ul>\n<li>mit dem Zug (meditative Reise), Haltestelle Sedico-Bribano oder Belluno <\/li>\n<li>mit dem Auto, Autobahn A27 von Mestre nach Belluno<\/li>\n<\/ul>\n<p>Fr\u00fchst\u00fcck mit Stefano Ricci<\/p>\n<p>Gianluca ist ein wahrer Freund, mit ihm kann man ernsthaft spielen und sich vorstellen, zusammen die Unfug zu machen, die ich immer gew\u00fcnscht habe.<\/p>\n<p>Am 20. November vor zwei Jahren hat Gianluca Farinelli, der die Cineteca di Bologna leitet, das Kino Modernissimo eingeweiht, einen alten pr\u00e4chtigen Saal, der seit zehn Jahren restauriert wird. Einige Wochen vorher hatte ich Gianluca gesagt, dass ich gerne jeden Tag einen Film aus dem Programm ausw\u00e4hlen, ein Plakat entwerfen, es drucken und am Eingang des Modernissimo aufh\u00e4ngen w\u00fcrde. Ein Plakat pro Tag, ein Jahr lang. Gianluca sagte, lass es uns machen.<\/p>\n<p>Unter den f\u00fcnf, sechs Filmen, die jeden Tag gezeigt werden, musste einer ausgew\u00e4hlt, angesehen, studiert und das Bild gesucht werden. Manchmal tauchte es sofort auf, und manchmal schien es mir aufrichtig unm\u00f6glich. Restaurierte arch\u00e4ologische Filme, Premieren, Zeichentrickfilme, Kom\u00f6dien, Dokumentationen, wirklich ikonische Bilder, die in unserer Erinnerung sind, und emotionale Begegnungen mit Filmen, die mich ver\u00e4ndert haben, den Favoriten meiner Freundin, meines Bruders, meiner engsten Freunde.<\/p>\n<p>Jeden Tag hatte ich einen anderen Grund, am Tisch zu sitzen und mich mit einem Fragment der Filmkunst auseinanderzusetzen, w\u00e4hrend ich farbig zeichnete, um die Lichter und die Gr\u00fcnde dieser Kosmogonie von Geschichten zu suchen, die aus einer menschlichen Vielfalt lebendig wurden, bestehend aus f\u00fcr mich \u00fcberraschenden und einzigartigen Stimmen.&nbsp;<b>Stefano Ricci<br \/><\/b><\/p>\n<p>Wir werden von<b> Chiara Alpago Novello <\/b>um 9:30 Uhr weise empfangen zur ersten Mahlzeit mit Kaffee, Tee, all den guten Dingen, die n\u00f6tig sind, um gut in den Tag zu starten: Kekse, Joghurt und K\u00e4se, Fruchtmarmeladen und das, was das Erwachen und die Saison inspiriert, alles von Kopf bis Fu\u00df in der Region. Um 12:30 Uhr ein leichtes Mittagessen, Gr\u00fc\u00dfe und einen Toast. Dazwischen Gespr\u00e4che, Fragen, sch\u00f6ne Ideen. So viel man will.<\/p>\n","protected":false},"excerpt":{"rendered":"<p>Verf\u00fcgbare Pl\u00e4tze: 14 Kosten: 40 Euro, alles inklusive Wo: la Serra, via Frontin 94a, Borgo Valbelluna (Belluno) Wie man hinkommt: mit dem Zug (meditative Reise), Haltestelle Sedico-Bribano oder Belluno mit<\/p>\n","protected":false},"author":0,"featured_media":0,"template":"","meta":{"_acf_changed":false,"inline_featured_image":false,"_tribe_events_status":"","_tribe_events_status_reason":"","footnotes":""},"tags":[259],"tribe_events_cat":[],"class_list":["post-67292","tribe_events","type-tribe_events","status-publish","hentry","tag-eventi-feratel"],"acf":[],"yoast_head":"<!-- This site is optimized with the Yoast SEO plugin v25.7 - https:\/\/yoast.com\/wordpress\/plugins\/seo\/ -->\n<title>Vivaio Letterario - Disegnare a colori. Per dare voce al grande coro del cinema - Dolomiti Prealpi<\/title>\n<meta name=\"robots\" content=\"index, follow, max-snippet:-1, max-image-preview:large, max-video-preview:-1\" \/>\n<link rel=\"canonical\" href=\"https:\/\/www.dolomitiprealpi.it\/de\/event\/vivaio-letterario-disegnare-a-colori-per-dare-voce-al-grande-coro-del-cinema\/\" \/>\n<meta property=\"og:locale\" content=\"de_DE\" \/>\n<meta property=\"og:type\" content=\"article\" \/>\n<meta property=\"og:title\" content=\"Vivaio Letterario - Disegnare a colori. Per dare voce al grande coro del cinema - Dolomiti Prealpi\" \/>\n<meta property=\"og:description\" content=\"Verf\u00fcgbare Pl\u00e4tze: 14 Kosten: 40 Euro, alles inklusive Wo: la Serra, via Frontin 94a, Borgo Valbelluna (Belluno) Wie man hinkommt: mit dem Zug (meditative Reise), Haltestelle Sedico-Bribano oder Belluno mit\" \/>\n<meta property=\"og:url\" content=\"https:\/\/www.dolomitiprealpi.it\/de\/event\/vivaio-letterario-disegnare-a-colori-per-dare-voce-al-grande-coro-del-cinema\/\" \/>\n<meta property=\"og:site_name\" content=\"Dolomiti Prealpi\" \/>\n<meta property=\"article:publisher\" content=\"https:\/\/www.facebook.com\/dolomitiprealpi.it\/\" \/>\n<meta property=\"article:modified_time\" content=\"2026-03-20T11:49:46+00:00\" \/>\n<meta property=\"og:image\" content=\"https:\/\/www.dolomitiprealpi.it\/wp-content\/uploads\/2022\/11\/C.-Timpone-Foto-archivio-Consorzio-turistico-Dolomiti-Prealpi-Nevegal-Belluno-Bike-18-2.jpg\" \/>\n\t<meta property=\"og:image:width\" content=\"2048\" \/>\n\t<meta property=\"og:image:height\" content=\"1888\" \/>\n\t<meta property=\"og:image:type\" content=\"image\/jpeg\" \/>\n<meta name=\"twitter:card\" content=\"summary_large_image\" \/>\n<meta name=\"twitter:label1\" content=\"Est. reading time\" \/>\n\t<meta name=\"twitter:data1\" content=\"2 minutes\" \/>\n<script type=\"application\/ld+json\" class=\"yoast-schema-graph\">{\"@context\":\"https:\/\/schema.org\",\"@graph\":[{\"@type\":\"WebPage\",\"@id\":\"https:\/\/www.dolomitiprealpi.it\/de\/event\/vivaio-letterario-disegnare-a-colori-per-dare-voce-al-grande-coro-del-cinema\/\",\"url\":\"https:\/\/www.dolomitiprealpi.it\/de\/event\/vivaio-letterario-disegnare-a-colori-per-dare-voce-al-grande-coro-del-cinema\/\",\"name\":\"Vivaio Letterario - Disegnare a colori. Per dare voce al grande coro del cinema - Dolomiti Prealpi\",\"isPartOf\":{\"@id\":\"https:\/\/www.dolomitiprealpi.it\/de\/#website\"},\"datePublished\":\"2026-02-15T11:08:12+00:00\",\"dateModified\":\"2026-03-20T11:49:46+00:00\",\"breadcrumb\":{\"@id\":\"https:\/\/www.dolomitiprealpi.it\/de\/event\/vivaio-letterario-disegnare-a-colori-per-dare-voce-al-grande-coro-del-cinema\/#breadcrumb\"},\"inLanguage\":\"de-DE\",\"potentialAction\":[{\"@type\":\"ReadAction\",\"target\":[\"https:\/\/www.dolomitiprealpi.it\/de\/event\/vivaio-letterario-disegnare-a-colori-per-dare-voce-al-grande-coro-del-cinema\/\"]}]},{\"@type\":\"BreadcrumbList\",\"@id\":\"https:\/\/www.dolomitiprealpi.it\/de\/event\/vivaio-letterario-disegnare-a-colori-per-dare-voce-al-grande-coro-del-cinema\/#breadcrumb\",\"itemListElement\":[{\"@type\":\"ListItem\",\"position\":1,\"name\":\"Home\",\"item\":\"https:\/\/www.dolomitiprealpi.it\/de\/\"},{\"@type\":\"ListItem\",\"position\":2,\"name\":\"Veranstaltungen\",\"item\":\"https:\/\/www.dolomitiprealpi.it\/de\/events\/\"},{\"@type\":\"ListItem\",\"position\":3,\"name\":\"Vivaio Letterario &#8211; Disegnare a colori. Per dare voce al grande coro del cinema\"}]},{\"@type\":\"WebSite\",\"@id\":\"https:\/\/www.dolomitiprealpi.it\/de\/#website\",\"url\":\"https:\/\/www.dolomitiprealpi.it\/de\/\",\"name\":\"Dolomiti Prealpi\",\"description\":\"\",\"publisher\":{\"@id\":\"https:\/\/www.dolomitiprealpi.it\/de\/#organization\"},\"potentialAction\":[{\"@type\":\"SearchAction\",\"target\":{\"@type\":\"EntryPoint\",\"urlTemplate\":\"https:\/\/www.dolomitiprealpi.it\/de\/?s={search_term_string}\"},\"query-input\":{\"@type\":\"PropertyValueSpecification\",\"valueRequired\":true,\"valueName\":\"search_term_string\"}}],\"inLanguage\":\"de-DE\"},{\"@type\":\"Organization\",\"@id\":\"https:\/\/www.dolomitiprealpi.it\/de\/#organization\",\"name\":\"Consorzio Dolomiti Prealpi\",\"url\":\"https:\/\/www.dolomitiprealpi.it\/de\/\",\"logo\":{\"@type\":\"ImageObject\",\"inLanguage\":\"de-DE\",\"@id\":\"https:\/\/www.dolomitiprealpi.it\/de\/#\/schema\/logo\/image\/\",\"url\":\"https:\/\/www.dolomitiprealpi.it\/wp-content\/uploads\/2023\/03\/dolomitiprealpi-favicon.jpg\",\"contentUrl\":\"https:\/\/www.dolomitiprealpi.it\/wp-content\/uploads\/2023\/03\/dolomitiprealpi-favicon.jpg\",\"width\":512,\"height\":512,\"caption\":\"Consorzio Dolomiti Prealpi\"},\"image\":{\"@id\":\"https:\/\/www.dolomitiprealpi.it\/de\/#\/schema\/logo\/image\/\"},\"sameAs\":[\"https:\/\/www.facebook.com\/dolomitiprealpi.it\/\",\"https:\/\/www.instagram.com\/dolomitiprealpi\/\"]}]}<\/script>\n<!-- \/ Yoast SEO plugin. -->","yoast_head_json":{"title":"Vivaio Letterario - Disegnare a colori. Per dare voce al grande coro del cinema - Dolomiti Prealpi","robots":{"index":"index","follow":"follow","max-snippet":"max-snippet:-1","max-image-preview":"max-image-preview:large","max-video-preview":"max-video-preview:-1"},"canonical":"https:\/\/www.dolomitiprealpi.it\/de\/event\/vivaio-letterario-disegnare-a-colori-per-dare-voce-al-grande-coro-del-cinema\/","og_locale":"de_DE","og_type":"article","og_title":"Vivaio Letterario - Disegnare a colori. Per dare voce al grande coro del cinema - Dolomiti Prealpi","og_description":"Verf\u00fcgbare Pl\u00e4tze: 14 Kosten: 40 Euro, alles inklusive Wo: la Serra, via Frontin 94a, Borgo Valbelluna (Belluno) Wie man hinkommt: mit dem Zug (meditative Reise), Haltestelle Sedico-Bribano oder Belluno mit","og_url":"https:\/\/www.dolomitiprealpi.it\/de\/event\/vivaio-letterario-disegnare-a-colori-per-dare-voce-al-grande-coro-del-cinema\/","og_site_name":"Dolomiti Prealpi","article_publisher":"https:\/\/www.facebook.com\/dolomitiprealpi.it\/","article_modified_time":"2026-03-20T11:49:46+00:00","og_image":[{"width":2048,"height":1888,"url":"https:\/\/www.dolomitiprealpi.it\/wp-content\/uploads\/2022\/11\/C.-Timpone-Foto-archivio-Consorzio-turistico-Dolomiti-Prealpi-Nevegal-Belluno-Bike-18-2.jpg","type":"image\/jpeg"}],"twitter_card":"summary_large_image","twitter_misc":{"Est. reading time":"2 minutes"},"schema":{"@context":"https:\/\/schema.org","@graph":[{"@type":"WebPage","@id":"https:\/\/www.dolomitiprealpi.it\/de\/event\/vivaio-letterario-disegnare-a-colori-per-dare-voce-al-grande-coro-del-cinema\/","url":"https:\/\/www.dolomitiprealpi.it\/de\/event\/vivaio-letterario-disegnare-a-colori-per-dare-voce-al-grande-coro-del-cinema\/","name":"Vivaio Letterario - Disegnare a colori. Per dare voce al grande coro del cinema - Dolomiti Prealpi","isPartOf":{"@id":"https:\/\/www.dolomitiprealpi.it\/de\/#website"},"datePublished":"2026-02-15T11:08:12+00:00","dateModified":"2026-03-20T11:49:46+00:00","breadcrumb":{"@id":"https:\/\/www.dolomitiprealpi.it\/de\/event\/vivaio-letterario-disegnare-a-colori-per-dare-voce-al-grande-coro-del-cinema\/#breadcrumb"},"inLanguage":"de-DE","potentialAction":[{"@type":"ReadAction","target":["https:\/\/www.dolomitiprealpi.it\/de\/event\/vivaio-letterario-disegnare-a-colori-per-dare-voce-al-grande-coro-del-cinema\/"]}]},{"@type":"BreadcrumbList","@id":"https:\/\/www.dolomitiprealpi.it\/de\/event\/vivaio-letterario-disegnare-a-colori-per-dare-voce-al-grande-coro-del-cinema\/#breadcrumb","itemListElement":[{"@type":"ListItem","position":1,"name":"Home","item":"https:\/\/www.dolomitiprealpi.it\/de\/"},{"@type":"ListItem","position":2,"name":"Veranstaltungen","item":"https:\/\/www.dolomitiprealpi.it\/de\/events\/"},{"@type":"ListItem","position":3,"name":"Vivaio Letterario &#8211; Disegnare a colori. Per dare voce al grande coro del cinema"}]},{"@type":"WebSite","@id":"https:\/\/www.dolomitiprealpi.it\/de\/#website","url":"https:\/\/www.dolomitiprealpi.it\/de\/","name":"Dolomiti Prealpi","description":"","publisher":{"@id":"https:\/\/www.dolomitiprealpi.it\/de\/#organization"},"potentialAction":[{"@type":"SearchAction","target":{"@type":"EntryPoint","urlTemplate":"https:\/\/www.dolomitiprealpi.it\/de\/?s={search_term_string}"},"query-input":{"@type":"PropertyValueSpecification","valueRequired":true,"valueName":"search_term_string"}}],"inLanguage":"de-DE"},{"@type":"Organization","@id":"https:\/\/www.dolomitiprealpi.it\/de\/#organization","name":"Consorzio Dolomiti Prealpi","url":"https:\/\/www.dolomitiprealpi.it\/de\/","logo":{"@type":"ImageObject","inLanguage":"de-DE","@id":"https:\/\/www.dolomitiprealpi.it\/de\/#\/schema\/logo\/image\/","url":"https:\/\/www.dolomitiprealpi.it\/wp-content\/uploads\/2023\/03\/dolomitiprealpi-favicon.jpg","contentUrl":"https:\/\/www.dolomitiprealpi.it\/wp-content\/uploads\/2023\/03\/dolomitiprealpi-favicon.jpg","width":512,"height":512,"caption":"Consorzio Dolomiti Prealpi"},"image":{"@id":"https:\/\/www.dolomitiprealpi.it\/de\/#\/schema\/logo\/image\/"},"sameAs":["https:\/\/www.facebook.com\/dolomitiprealpi.it\/","https:\/\/www.instagram.com\/dolomitiprealpi\/"]}]}},"_links":{"self":[{"href":"https:\/\/www.dolomitiprealpi.it\/de\/wp-json\/wp\/v2\/tribe_events\/67292","targetHints":{"allow":["GET"]}}],"collection":[{"href":"https:\/\/www.dolomitiprealpi.it\/de\/wp-json\/wp\/v2\/tribe_events"}],"about":[{"href":"https:\/\/www.dolomitiprealpi.it\/de\/wp-json\/wp\/v2\/types\/tribe_events"}],"version-history":[{"count":2,"href":"https:\/\/www.dolomitiprealpi.it\/de\/wp-json\/wp\/v2\/tribe_events\/67292\/revisions"}],"predecessor-version":[{"id":83162,"href":"https:\/\/www.dolomitiprealpi.it\/de\/wp-json\/wp\/v2\/tribe_events\/67292\/revisions\/83162"}],"wp:attachment":[{"href":"https:\/\/www.dolomitiprealpi.it\/de\/wp-json\/wp\/v2\/media?parent=67292"}],"wp:term":[{"taxonomy":"post_tag","embeddable":true,"href":"https:\/\/www.dolomitiprealpi.it\/de\/wp-json\/wp\/v2\/tags?post=67292"},{"taxonomy":"tribe_events_cat","embeddable":true,"href":"https:\/\/www.dolomitiprealpi.it\/de\/wp-json\/wp\/v2\/tribe_events_cat?post=67292"}],"curies":[{"name":"wp","href":"https:\/\/api.w.org\/{rel}","templated":true}]}}