{"id":67184,"date":"2026-02-15T12:06:02","date_gmt":"2026-02-15T11:06:02","guid":{"rendered":"https:\/\/www.dolomitiprealpi.it\/event\/dolomiti-arena-i-patagarri-in-concerto\/"},"modified":"2026-02-21T16:29:23","modified_gmt":"2026-02-21T15:29:23","slug":"dolomiti-arena-i-patagarri-in-concerto-3","status":"publish","type":"tribe_events","link":"https:\/\/www.dolomitiprealpi.it\/de\/event\/dolomiti-arena-i-patagarri-in-concerto-3\/","title":{"rendered":"Dolomiti Arena &#8211; I Patagarri in concerto"},"content":{"rendered":"<p>Es wird empfohlen, eine Decke, eine mittelschwere Jacke, M\u00fcckenschutz, Sonnencreme und eine Sonnenm\u00fctze mitzubringen, die in der Zeit vor der Veranstaltung und w\u00e4hrend des Konzerts genutzt werden k\u00f6nnen.<\/p>\n<p><b>Achtung<\/b>: Zelte oder Pavillons zum Sonnenschutz sind nicht erlaubt, aber es ist m\u00f6glich, kleine Regenschirme mitzubringen, die zu Beginn der Auff\u00fchrung zusammengeklappt werden m\u00fcssen.<\/p>\n<p> Kostenlose Konzerte zwischen den Dolomiten und den Voralpen<\/p>\n<p>Es ist Zeit f\u00fcr das \u201cDolomiti Arena \u2013 Slow Mountains Musikfestival\u201d. <\/p>\n<p>Auch in diesem Sommer wird das Valbelluna vier kostenlose Konzerte an seinen sch\u00f6nsten Aussichtsplattformen bieten. Dieses unvergessliche Ereignis wird die Monate Juni, Juli und August beleben und allen Musikliebhabern ein einzigartiges Erlebnis bieten.<\/p>\n<p>Die Veranstaltungsreihe, die dank der Mittel der Tourismusabgabe der Unione Montana Feltrina, des Fonds f\u00fcr Gro\u00dfveranstaltungen und des Fonds f\u00fcr Nachbargemeinden, die von der Provinz Belluno und der Region Venetien mit Unterst\u00fctzung privater Sponsoren bereitgestellt werden, organisiert wird, hat das Ziel, unser au\u00dfergew\u00f6hnliches Gebirgsland durch Konzerte an ikonischen Orten der Dolomiten zu sch\u00e4tzen. Doch es geht nicht nur um Musik: Die Reihe zielt darauf ab, mit den Akteuren der Region zusammenzuarbeiten, um ein umfassendes und fesselndes Erlebnis zu bieten, das weit \u00fcber das Konzert hinausgeht. <\/p>\n<p>Der vierte Termin findet am 30. August um 17:00 Uhr im Forte Leone in Arsi\u00e8 (BL) mit <b> I PATAGARRI.<\/b><\/p>\n<p><b>Die VERANSTALTUNG IST KOSTENLOS UND EINE RESERVIERUNG IST NICHT NOTWENDIG.<\/b><\/p>\n<p>Das Konzertgel\u00e4nde ist nur zu Fu\u00df erreichbar (es ist kein Shuttle-Service vorgesehen). Die Parkpl\u00e4tze befinden sich zwischen 500\/700 m und maximal 2 km vom Konzertgel\u00e4nde entfernt. Der Zugang zum Gel\u00e4nde erfolgt zu Fu\u00df \u00fcber die Hauptwege, die zum Forte Leone f\u00fchren. <\/p>\n<p>F\u00fcr Interessierte besteht die M\u00f6glichkeit, in der Malga Cima Campo mit gro\u00dfz\u00fcgigem Parkplatz zu essen, wo auch die M\u00f6glichkeit besteht, w\u00e4hrend des Konzerts das Auto abzustellen, im Rifugio Cima Campo und in der Malga Celado.&nbsp;<b><br \/><\/b><\/p>\n<p>Die<b> Parkpl\u00e4tze f\u00fcr&nbsp;Menschen mit Behinderungen<\/b> sind hingegen <b>nur und ausschlie\u00dflich nach Reservierung<\/b> verf\u00fcgbar. <b>Begrenzte Pl\u00e4tze.<\/b> Es muss eine E-Mail mit Namen, Angaben zum Behindertenausweis und das Kennzeichens an dolomitiarena22@gmail.com gesendet werden. Die Reservierungen f\u00fcr die Behindertenparkpl\u00e4tze schlie\u00dfen am Freitag, dem 29. August 2025, um 12.00 Uhr oder bis alle Pl\u00e4tze vergeben sind. <\/p>\n<p>Das Rauchen ist im Konzertbereich streng <b>verboten<\/b>. Vor Ort werden auch Aschenbecher f\u00fcr drau\u00dfen bereitgestellt, die wir empfehlen zu nutzen, um Zigarettenstummel nicht im Boden zu hinterlassen und die Umwelt zu respektieren. Au\u00dferdem bitten wir darum, <b>keine Glasflaschen<\/b> mitzubringen. <\/p>\n<p>F\u00fcr diejenigen, die von einem vierbeinigen Freund begleitet werden, wird empfohlen, eine Leine zu benutzen und sich im seitlichen Bereich des Konzerts aufzustellen.<\/p>\n<p>F\u00fcr diejenigen, die das Konzertgel\u00e4nde mit dem Fahrrad erreichen wollen, wird es einen ausgewiesenen Bereich f\u00fcr das Abstellen der Fahrr\u00e4der geben. <\/p>\n<p><\/p>\n<p><\/p>\n<p>Aus organisatorischen Gr\u00fcnden und um das Event bestm\u00f6glich zu genie\u00dfen, bitten wir h\u00f6flich, den Konzertbereich bis 15:00 Uhr zu erreichen.<\/p>\n<p>Bitte klicke <a href=\"https:\/\/www.google.com\/maps\/d\/u\/0\/edit?mid=1EjXh_edbPLjyLjSJ8aQDQxUMfhCqDzg&amp;usp=sharing\">hier<\/a>, um die Karte einzusehen.<\/p>\n","protected":false},"excerpt":{"rendered":"<p>Es wird empfohlen, eine Decke, eine mittelschwere Jacke, M\u00fcckenschutz, Sonnencreme und eine Sonnenm\u00fctze mitzubringen, die in der Zeit vor der Veranstaltung und w\u00e4hrend des Konzerts genutzt werden k\u00f6nnen. Achtung: Zelte<\/p>\n","protected":false},"author":0,"featured_media":0,"template":"","meta":{"_acf_changed":false,"inline_featured_image":false,"_tribe_events_status":"","_tribe_events_status_reason":"","footnotes":""},"tags":[259],"tribe_events_cat":[],"class_list":["post-67184","tribe_events","type-tribe_events","status-publish","hentry","tag-eventi-feratel"],"acf":[],"yoast_head":"<!-- This site is optimized with the Yoast SEO plugin v25.7 - https:\/\/yoast.com\/wordpress\/plugins\/seo\/ -->\n<title>Dolomiti Arena - I Patagarri in concerto - Dolomiti Prealpi<\/title>\n<meta name=\"robots\" content=\"index, follow, max-snippet:-1, max-image-preview:large, max-video-preview:-1\" \/>\n<link rel=\"canonical\" href=\"https:\/\/www.dolomitiprealpi.it\/de\/event\/dolomiti-arena-i-patagarri-in-concerto-3\/\" \/>\n<meta property=\"og:locale\" content=\"de_DE\" \/>\n<meta property=\"og:type\" content=\"article\" \/>\n<meta property=\"og:title\" content=\"Dolomiti Arena - I Patagarri in concerto - Dolomiti Prealpi\" \/>\n<meta property=\"og:description\" content=\"Es wird empfohlen, eine Decke, eine mittelschwere Jacke, M\u00fcckenschutz, Sonnencreme und eine Sonnenm\u00fctze mitzubringen, die in der Zeit vor der Veranstaltung und w\u00e4hrend des Konzerts genutzt werden k\u00f6nnen. Achtung: Zelte\" \/>\n<meta property=\"og:url\" content=\"https:\/\/www.dolomitiprealpi.it\/de\/event\/dolomiti-arena-i-patagarri-in-concerto-3\/\" \/>\n<meta property=\"og:site_name\" content=\"Dolomiti Prealpi\" \/>\n<meta property=\"article:publisher\" content=\"https:\/\/www.facebook.com\/dolomitiprealpi.it\/\" \/>\n<meta property=\"article:modified_time\" content=\"2026-02-21T15:29:23+00:00\" \/>\n<meta property=\"og:image\" content=\"https:\/\/www.dolomitiprealpi.it\/wp-content\/uploads\/2022\/11\/C.-Timpone-Foto-archivio-Consorzio-turistico-Dolomiti-Prealpi-Nevegal-Belluno-Bike-18-2.jpg\" \/>\n\t<meta property=\"og:image:width\" content=\"2048\" \/>\n\t<meta property=\"og:image:height\" content=\"1888\" \/>\n\t<meta property=\"og:image:type\" content=\"image\/jpeg\" \/>\n<meta name=\"twitter:card\" content=\"summary_large_image\" \/>\n<meta name=\"twitter:label1\" content=\"Est. reading time\" \/>\n\t<meta name=\"twitter:data1\" content=\"2 minutes\" \/>\n<script type=\"application\/ld+json\" class=\"yoast-schema-graph\">{\"@context\":\"https:\/\/schema.org\",\"@graph\":[{\"@type\":\"WebPage\",\"@id\":\"https:\/\/www.dolomitiprealpi.it\/de\/event\/dolomiti-arena-i-patagarri-in-concerto-3\/\",\"url\":\"https:\/\/www.dolomitiprealpi.it\/de\/event\/dolomiti-arena-i-patagarri-in-concerto-3\/\",\"name\":\"Dolomiti Arena - I Patagarri in concerto - Dolomiti Prealpi\",\"isPartOf\":{\"@id\":\"https:\/\/www.dolomitiprealpi.it\/de\/#website\"},\"datePublished\":\"2026-02-15T11:06:02+00:00\",\"dateModified\":\"2026-02-21T15:29:23+00:00\",\"breadcrumb\":{\"@id\":\"https:\/\/www.dolomitiprealpi.it\/de\/event\/dolomiti-arena-i-patagarri-in-concerto-3\/#breadcrumb\"},\"inLanguage\":\"de-DE\",\"potentialAction\":[{\"@type\":\"ReadAction\",\"target\":[\"https:\/\/www.dolomitiprealpi.it\/de\/event\/dolomiti-arena-i-patagarri-in-concerto-3\/\"]}]},{\"@type\":\"BreadcrumbList\",\"@id\":\"https:\/\/www.dolomitiprealpi.it\/de\/event\/dolomiti-arena-i-patagarri-in-concerto-3\/#breadcrumb\",\"itemListElement\":[{\"@type\":\"ListItem\",\"position\":1,\"name\":\"Home\",\"item\":\"https:\/\/www.dolomitiprealpi.it\/de\/\"},{\"@type\":\"ListItem\",\"position\":2,\"name\":\"Veranstaltungen\",\"item\":\"https:\/\/www.dolomitiprealpi.it\/de\/events\/\"},{\"@type\":\"ListItem\",\"position\":3,\"name\":\"Dolomiti Arena &#8211; I Patagarri in concerto\"}]},{\"@type\":\"WebSite\",\"@id\":\"https:\/\/www.dolomitiprealpi.it\/de\/#website\",\"url\":\"https:\/\/www.dolomitiprealpi.it\/de\/\",\"name\":\"Dolomiti Prealpi\",\"description\":\"\",\"publisher\":{\"@id\":\"https:\/\/www.dolomitiprealpi.it\/de\/#organization\"},\"potentialAction\":[{\"@type\":\"SearchAction\",\"target\":{\"@type\":\"EntryPoint\",\"urlTemplate\":\"https:\/\/www.dolomitiprealpi.it\/de\/?s={search_term_string}\"},\"query-input\":{\"@type\":\"PropertyValueSpecification\",\"valueRequired\":true,\"valueName\":\"search_term_string\"}}],\"inLanguage\":\"de-DE\"},{\"@type\":\"Organization\",\"@id\":\"https:\/\/www.dolomitiprealpi.it\/de\/#organization\",\"name\":\"Consorzio Dolomiti Prealpi\",\"url\":\"https:\/\/www.dolomitiprealpi.it\/de\/\",\"logo\":{\"@type\":\"ImageObject\",\"inLanguage\":\"de-DE\",\"@id\":\"https:\/\/www.dolomitiprealpi.it\/de\/#\/schema\/logo\/image\/\",\"url\":\"https:\/\/www.dolomitiprealpi.it\/wp-content\/uploads\/2023\/03\/dolomitiprealpi-favicon.jpg\",\"contentUrl\":\"https:\/\/www.dolomitiprealpi.it\/wp-content\/uploads\/2023\/03\/dolomitiprealpi-favicon.jpg\",\"width\":512,\"height\":512,\"caption\":\"Consorzio Dolomiti Prealpi\"},\"image\":{\"@id\":\"https:\/\/www.dolomitiprealpi.it\/de\/#\/schema\/logo\/image\/\"},\"sameAs\":[\"https:\/\/www.facebook.com\/dolomitiprealpi.it\/\",\"https:\/\/www.instagram.com\/dolomitiprealpi\/\"]}]}<\/script>\n<!-- \/ Yoast SEO plugin. -->","yoast_head_json":{"title":"Dolomiti Arena - I Patagarri in concerto - Dolomiti Prealpi","robots":{"index":"index","follow":"follow","max-snippet":"max-snippet:-1","max-image-preview":"max-image-preview:large","max-video-preview":"max-video-preview:-1"},"canonical":"https:\/\/www.dolomitiprealpi.it\/de\/event\/dolomiti-arena-i-patagarri-in-concerto-3\/","og_locale":"de_DE","og_type":"article","og_title":"Dolomiti Arena - I Patagarri in concerto - Dolomiti Prealpi","og_description":"Es wird empfohlen, eine Decke, eine mittelschwere Jacke, M\u00fcckenschutz, Sonnencreme und eine Sonnenm\u00fctze mitzubringen, die in der Zeit vor der Veranstaltung und w\u00e4hrend des Konzerts genutzt werden k\u00f6nnen. Achtung: Zelte","og_url":"https:\/\/www.dolomitiprealpi.it\/de\/event\/dolomiti-arena-i-patagarri-in-concerto-3\/","og_site_name":"Dolomiti Prealpi","article_publisher":"https:\/\/www.facebook.com\/dolomitiprealpi.it\/","article_modified_time":"2026-02-21T15:29:23+00:00","og_image":[{"width":2048,"height":1888,"url":"https:\/\/www.dolomitiprealpi.it\/wp-content\/uploads\/2022\/11\/C.-Timpone-Foto-archivio-Consorzio-turistico-Dolomiti-Prealpi-Nevegal-Belluno-Bike-18-2.jpg","type":"image\/jpeg"}],"twitter_card":"summary_large_image","twitter_misc":{"Est. reading time":"2 minutes"},"schema":{"@context":"https:\/\/schema.org","@graph":[{"@type":"WebPage","@id":"https:\/\/www.dolomitiprealpi.it\/de\/event\/dolomiti-arena-i-patagarri-in-concerto-3\/","url":"https:\/\/www.dolomitiprealpi.it\/de\/event\/dolomiti-arena-i-patagarri-in-concerto-3\/","name":"Dolomiti Arena - I Patagarri in concerto - Dolomiti Prealpi","isPartOf":{"@id":"https:\/\/www.dolomitiprealpi.it\/de\/#website"},"datePublished":"2026-02-15T11:06:02+00:00","dateModified":"2026-02-21T15:29:23+00:00","breadcrumb":{"@id":"https:\/\/www.dolomitiprealpi.it\/de\/event\/dolomiti-arena-i-patagarri-in-concerto-3\/#breadcrumb"},"inLanguage":"de-DE","potentialAction":[{"@type":"ReadAction","target":["https:\/\/www.dolomitiprealpi.it\/de\/event\/dolomiti-arena-i-patagarri-in-concerto-3\/"]}]},{"@type":"BreadcrumbList","@id":"https:\/\/www.dolomitiprealpi.it\/de\/event\/dolomiti-arena-i-patagarri-in-concerto-3\/#breadcrumb","itemListElement":[{"@type":"ListItem","position":1,"name":"Home","item":"https:\/\/www.dolomitiprealpi.it\/de\/"},{"@type":"ListItem","position":2,"name":"Veranstaltungen","item":"https:\/\/www.dolomitiprealpi.it\/de\/events\/"},{"@type":"ListItem","position":3,"name":"Dolomiti Arena &#8211; I Patagarri in concerto"}]},{"@type":"WebSite","@id":"https:\/\/www.dolomitiprealpi.it\/de\/#website","url":"https:\/\/www.dolomitiprealpi.it\/de\/","name":"Dolomiti Prealpi","description":"","publisher":{"@id":"https:\/\/www.dolomitiprealpi.it\/de\/#organization"},"potentialAction":[{"@type":"SearchAction","target":{"@type":"EntryPoint","urlTemplate":"https:\/\/www.dolomitiprealpi.it\/de\/?s={search_term_string}"},"query-input":{"@type":"PropertyValueSpecification","valueRequired":true,"valueName":"search_term_string"}}],"inLanguage":"de-DE"},{"@type":"Organization","@id":"https:\/\/www.dolomitiprealpi.it\/de\/#organization","name":"Consorzio Dolomiti Prealpi","url":"https:\/\/www.dolomitiprealpi.it\/de\/","logo":{"@type":"ImageObject","inLanguage":"de-DE","@id":"https:\/\/www.dolomitiprealpi.it\/de\/#\/schema\/logo\/image\/","url":"https:\/\/www.dolomitiprealpi.it\/wp-content\/uploads\/2023\/03\/dolomitiprealpi-favicon.jpg","contentUrl":"https:\/\/www.dolomitiprealpi.it\/wp-content\/uploads\/2023\/03\/dolomitiprealpi-favicon.jpg","width":512,"height":512,"caption":"Consorzio Dolomiti Prealpi"},"image":{"@id":"https:\/\/www.dolomitiprealpi.it\/de\/#\/schema\/logo\/image\/"},"sameAs":["https:\/\/www.facebook.com\/dolomitiprealpi.it\/","https:\/\/www.instagram.com\/dolomitiprealpi\/"]}]}},"_links":{"self":[{"href":"https:\/\/www.dolomitiprealpi.it\/de\/wp-json\/wp\/v2\/tribe_events\/67184","targetHints":{"allow":["GET"]}}],"collection":[{"href":"https:\/\/www.dolomitiprealpi.it\/de\/wp-json\/wp\/v2\/tribe_events"}],"about":[{"href":"https:\/\/www.dolomitiprealpi.it\/de\/wp-json\/wp\/v2\/types\/tribe_events"}],"version-history":[{"count":3,"href":"https:\/\/www.dolomitiprealpi.it\/de\/wp-json\/wp\/v2\/tribe_events\/67184\/revisions"}],"predecessor-version":[{"id":79000,"href":"https:\/\/www.dolomitiprealpi.it\/de\/wp-json\/wp\/v2\/tribe_events\/67184\/revisions\/79000"}],"wp:attachment":[{"href":"https:\/\/www.dolomitiprealpi.it\/de\/wp-json\/wp\/v2\/media?parent=67184"}],"wp:term":[{"taxonomy":"post_tag","embeddable":true,"href":"https:\/\/www.dolomitiprealpi.it\/de\/wp-json\/wp\/v2\/tags?post=67184"},{"taxonomy":"tribe_events_cat","embeddable":true,"href":"https:\/\/www.dolomitiprealpi.it\/de\/wp-json\/wp\/v2\/tribe_events_cat?post=67184"}],"curies":[{"name":"wp","href":"https:\/\/api.w.org\/{rel}","templated":true}]}}