{"id":67065,"date":"2025-12-29T10:34:53","date_gmt":"2025-12-29T09:34:53","guid":{"rendered":"https:\/\/www.dolomitiprealpi.it\/event\/dolomiti-arena-max-gazze-in-concerto\/"},"modified":"2026-01-24T19:39:37","modified_gmt":"2026-01-24T18:39:37","slug":"dolomiti-arena-max-gazze-in-concerto-3","status":"publish","type":"tribe_events","link":"https:\/\/www.dolomitiprealpi.it\/de\/event\/dolomiti-arena-max-gazze-in-concerto-3\/","title":{"rendered":"Dolomiti Arena &#8211; Max Gazz\u00e8 in concerto"},"content":{"rendered":"<p>Es wird empfohlen, eine Decke, eine mittelschwere Jacke, M\u00fcckenschutz, Sonnencreme und eine Sonnenm\u00fctze mitzubringen, die in der Zeit vor der Veranstaltung und w\u00e4hrend des Konzerts genutzt werden k\u00f6nnen.<\/p>\n<p><b>Achtung<\/b>: Zelte oder Pavillons zum Sonnenschutz sind nicht erlaubt, aber es ist m\u00f6glich, kleine Regenschirme mitzubringen, die zu Beginn der Auff\u00fchrung zusammengeklappt werden m\u00fcssen.<\/p>\n<p> Am folgenden <a href=\"https:\/\/www.google.com\/maps\/d\/u\/0\/edit?mid=1inM9dDGWdCitI8SrRd1g_RL-2oijpDo&amp;usp=sharing\">Link<\/a> k\u00f6nnen Sie die Karte mit allen Informationen zu den Parkpl\u00e4tzen und dem Shuttle einsehen.<\/p>\n<p>Die Stunde des &#8220;Dolomiti Arena \u2013 Slow Mountains Musikfestivals&#8221; beginnt.<\/p>\n<p>Auch in diesem Sommer wird das Valbelluna Ihnen vier kostenlose Konzerte auf seinen sch\u00f6nsten Panoramaterrassen schenken. Dieses unvergessliche Event wird die Monate Juni, Juli und August beleben und allen, die teilnehmen m\u00f6chten, ein einzigartiges Musikerlebnis bieten.<\/p>\n<p>Die Veranstaltungsreihe, die dank der Mittel der Kurtaxe der Unione Montana Feltrina, des Fonds f\u00fcr gro\u00dfe Veranstaltungen und der von der Provinz Belluno und der Region Venetien zur Verf\u00fcgung gestellten Fonds f\u00fcr grenznahe Gemeinden sowie mit Unterst\u00fctzung von privaten Sponsoren realisiert wird, hat das Ziel, unser au\u00dfergew\u00f6hnliches Berggebiet durch Konzerte an ikonischen Orten der Dolomiten aufzuwerten. Aber es geht nicht nur um Musik: Die Reihe zielt darauf ab, mit den Akteuren der Region zusammenzuarbeiten, um ein umfassendes und einnehmendes Erlebnis zu bieten, das weit \u00fcber das Konzert hinausgeht.<\/p>\n<p>Das dritte geplante Datum findet am 26. Juli um 17:00 Uhr am Lago di Santa Croce in Alpago (BL) statt mit <b> MAX GAZZE&#8217; mit ORCHESTRA POPOLARE DEL SALTARELLO<\/b>.<\/p>\n<p><b>DAS EVENT IST KOSTENLOS, UND EINE RESERVIERUNG IST NICHT NOTWENDIG.<\/b><\/p>\n<p>Der Konzertbereich ist nur zu Fu\u00df erreichbar.<\/p>\n<p>Die n\u00e4chstgelegenen Parkpl\u00e4tze befinden sich in der N\u00e4he des Sees und sind alle kostenpflichtig.<\/p>\n<p><b>Wir m\u00f6chten daran erinnern, dass der Lago di Santa Croce ein sehr beliebtes Ziel f\u00fcr Touristen und Einheimische ist, aber insbesondere ist es ein Gebiet, das in der Regel auch stark frequentiert wird durch die verschiedenen Veranstaltungen, die an seinen Ufern organisiert werden. Daher weisen wir darauf hin, dass nicht alle Parkpl\u00e4tze, die Sie finden werden, ausschlie\u00dflich f\u00fcr diejenigen reserviert sind, die zum Konzert von Dolomiti Arena kommen.<\/b><\/p>\n<p>Hier ist die Liste der m\u00f6glichen <b>Parkpl\u00e4tze<\/b> in der N\u00e4he des Sees:<\/p>\n<ul>\n<li>Parkplatz Lago di Santa Croce<\/li>\n<li>Parkplatz beim Fu\u00dfballplatz von Farra d&#8217;Alpago, in der N\u00e4he des Tourismusb\u00fcros von Alpago<\/li>\n<li>Parkplatz entlang des Tesa in Richtung des Friedhofs von San Vigilio<\/li>\n<li>Parkplatz beim Rugbyplatz von Alpago<\/li>\n<\/ul>\n<p>Ab 14:00 Uhr wird es nach der Einrichtung der Einbahnstra\u00dfen m\u00f6glich sein, auch auf der Stra\u00dfenseite in folgenden Stra\u00dfen zu parken:<\/p>\n<ul>\n<li>Via Turati, Richtung Puos d&#8217;Alpago<\/li>\n<li>Via Venezia und Via Buscole in Farra d&#8217;Alpago<\/li>\n<\/ul>\n<p>Falls alle diese Parkpl\u00e4tze belegt sind, besteht die M\u00f6glichkeit, den <b>Shuttle von Paludi<\/b> zu nehmen. Anl\u00e4sslich des Konzerts werden zwei Shuttles mit jeweils 50 Pl\u00e4tzen eingerichtet, die gleichzeitig abfahren.<\/p>\n<p>Der <b>Abgangspunkt des Shuttles<\/b> befindet sich beim <b>Bar Stiffelio<\/b> in Paludi, im Industriegebiet. In der Via Industria in Paludi gibt es eine weitere M\u00f6glichkeit f\u00fcr kostenlosen Parkplatz. Der Shuttle beginnt ab <b>14:00 Uhr <\/b>und f\u00e4hrt <b>alle 30 Minuten.<\/b> Der letzte Abfahrtstermin f\u00fcr den Konzertbereich ist um 16:30 Uhr.<\/p>\n<p><b>WIR BITTEN ALLE INTERESSIERTEN, NICHT NUR ZUM KONZERTBEGINN ZU KOMMEN, DA WIR NICHT GARANTIEREN K\u00d6NNEN, DASS JEDER RECHTZEIT IN DAS GEBIET KOMMT.<\/b><\/p>\n<p>Der Shuttle bringt Sie bis ins Zentrum von Farra d&#8217;Alpago, von wo aus Sie die letzten Meter zu Fu\u00df zum See gehen werden.<\/p>\n<p>F\u00fcr die R\u00fcckfahrt nach Paludi, da kein reservierbarer Shuttle eingerichtet wurde, k\u00f6nnte es zu Wartezeiten kommen. Daher weisen wir bereits jetzt auf m\u00f6gliche Staus hin und entschuldigen uns f\u00fcr eventuelle Unannehmlichkeiten. Die R\u00fcckfahrt nach Paludi ist f\u00fcr das Ende des Konzerts geplant.<\/p>\n<p>Die Kosten f\u00fcr den Shuttle hin und zur\u00fcck betragen <b>5,00 \u20ac pro Person<\/b> (Kinder unter 12 Jahren sind kostenlos).<\/><\/p>\n<p>Die <b>Parkpl\u00e4tze f\u00fcr&nbsp;Behinderte<\/b> sind hingegen <b>nur nach vorheriger Anmeldung<\/b> verf\u00fcgbar. <b>Begrenzte Pl\u00e4tze.<\/b> Sie m\u00fcssen eine E-Mail mit Ihrem Namen, Angaben zum Behindertenausweis und der Nummer des Fahrzeugs an dolomitiarena22@gmail.com senden. Die Reservierungen f\u00fcr die Behindertenparkpl\u00e4tze schlie\u00dfen am Freitag, den 25. Juli 2025 um 12:00 Uhr oder bis zur Ersch\u00f6pfung der Pl\u00e4tze.<\/p>\n<p>Es ist streng <b>verboten zu rauchen<\/b> im Konzertbereich. Vor Ort werden auch Au\u00dfen-Aschenbecher bereitgestellt, die angefordert werden k\u00f6nnen, um das Wegwerfen von Zigarettenstummeln auf dem Boden zu vermeiden, um die Umwelt zu respektieren. Au\u00dferdem bitten wir darum, <b>keine Glasflaschen mitzubringen<\/b>.<\/p>\n<p>F\u00fcr diejenigen, die von einem vierbeinigen Freund begleitet werden, wird empfohlen, die Leine zu benutzen und sich im seitlichen Bereich des Konzerts zu positionieren.<\/p>\n<p>F\u00fcr diejenigen, die mit dem Fahrrad zum Konzertbereich fahren m\u00f6chten, wird es einen Bereich f\u00fcr die Abstellung von Fahrr\u00e4dern geben.<\/p>\n<p>Bei schlechtem Wetter wird das Konzert abgesagt.<\/p>\n<p><\/p>\n<p><\/p>\n<p>Kostenlose Konzerte zwischen den Dolomiten und den Voralpen<\/p>\n","protected":false},"excerpt":{"rendered":"<p>Es wird empfohlen, eine Decke, eine mittelschwere Jacke, M\u00fcckenschutz, Sonnencreme und eine Sonnenm\u00fctze mitzubringen, die in der Zeit vor der Veranstaltung und w\u00e4hrend des Konzerts genutzt werden k\u00f6nnen. Achtung: Zelte<\/p>\n","protected":false},"author":0,"featured_media":0,"template":"","meta":{"_acf_changed":false,"inline_featured_image":false,"_tribe_events_status":"","_tribe_events_status_reason":"","footnotes":""},"tags":[259],"tribe_events_cat":[],"class_list":["post-67065","tribe_events","type-tribe_events","status-publish","hentry","tag-eventi-feratel"],"acf":[],"yoast_head":"<!-- This site is optimized with the Yoast SEO plugin v25.7 - https:\/\/yoast.com\/wordpress\/plugins\/seo\/ -->\n<title>Dolomiti Arena - Max Gazz\u00e8 in concerto - Dolomiti Prealpi<\/title>\n<meta name=\"robots\" content=\"index, follow, max-snippet:-1, max-image-preview:large, max-video-preview:-1\" \/>\n<link rel=\"canonical\" href=\"https:\/\/www.dolomitiprealpi.it\/de\/event\/dolomiti-arena-max-gazze-in-concerto-3\/\" \/>\n<meta property=\"og:locale\" content=\"de_DE\" \/>\n<meta property=\"og:type\" content=\"article\" \/>\n<meta property=\"og:title\" content=\"Dolomiti Arena - Max Gazz\u00e8 in concerto - Dolomiti Prealpi\" \/>\n<meta property=\"og:description\" content=\"Es wird empfohlen, eine Decke, eine mittelschwere Jacke, M\u00fcckenschutz, Sonnencreme und eine Sonnenm\u00fctze mitzubringen, die in der Zeit vor der Veranstaltung und w\u00e4hrend des Konzerts genutzt werden k\u00f6nnen. Achtung: Zelte\" \/>\n<meta property=\"og:url\" content=\"https:\/\/www.dolomitiprealpi.it\/de\/event\/dolomiti-arena-max-gazze-in-concerto-3\/\" \/>\n<meta property=\"og:site_name\" content=\"Dolomiti Prealpi\" \/>\n<meta property=\"article:publisher\" content=\"https:\/\/www.facebook.com\/dolomitiprealpi.it\/\" \/>\n<meta property=\"article:modified_time\" content=\"2026-01-24T18:39:37+00:00\" \/>\n<meta property=\"og:image\" content=\"https:\/\/www.dolomitiprealpi.it\/wp-content\/uploads\/2022\/11\/C.-Timpone-Foto-archivio-Consorzio-turistico-Dolomiti-Prealpi-Nevegal-Belluno-Bike-18-2.jpg\" \/>\n\t<meta property=\"og:image:width\" content=\"2048\" \/>\n\t<meta property=\"og:image:height\" content=\"1888\" \/>\n\t<meta property=\"og:image:type\" content=\"image\/jpeg\" \/>\n<meta name=\"twitter:card\" content=\"summary_large_image\" \/>\n<meta name=\"twitter:label1\" content=\"Est. reading time\" \/>\n\t<meta name=\"twitter:data1\" content=\"4 minutes\" \/>\n<script type=\"application\/ld+json\" class=\"yoast-schema-graph\">{\"@context\":\"https:\/\/schema.org\",\"@graph\":[{\"@type\":\"WebPage\",\"@id\":\"https:\/\/www.dolomitiprealpi.it\/de\/event\/dolomiti-arena-max-gazze-in-concerto-3\/\",\"url\":\"https:\/\/www.dolomitiprealpi.it\/de\/event\/dolomiti-arena-max-gazze-in-concerto-3\/\",\"name\":\"Dolomiti Arena - Max Gazz\u00e8 in concerto - Dolomiti Prealpi\",\"isPartOf\":{\"@id\":\"https:\/\/www.dolomitiprealpi.it\/de\/#website\"},\"datePublished\":\"2025-12-29T09:34:53+00:00\",\"dateModified\":\"2026-01-24T18:39:37+00:00\",\"breadcrumb\":{\"@id\":\"https:\/\/www.dolomitiprealpi.it\/de\/event\/dolomiti-arena-max-gazze-in-concerto-3\/#breadcrumb\"},\"inLanguage\":\"de-DE\",\"potentialAction\":[{\"@type\":\"ReadAction\",\"target\":[\"https:\/\/www.dolomitiprealpi.it\/de\/event\/dolomiti-arena-max-gazze-in-concerto-3\/\"]}]},{\"@type\":\"BreadcrumbList\",\"@id\":\"https:\/\/www.dolomitiprealpi.it\/de\/event\/dolomiti-arena-max-gazze-in-concerto-3\/#breadcrumb\",\"itemListElement\":[{\"@type\":\"ListItem\",\"position\":1,\"name\":\"Home\",\"item\":\"https:\/\/www.dolomitiprealpi.it\/de\/\"},{\"@type\":\"ListItem\",\"position\":2,\"name\":\"Veranstaltungen\",\"item\":\"https:\/\/www.dolomitiprealpi.it\/de\/events\/\"},{\"@type\":\"ListItem\",\"position\":3,\"name\":\"Dolomiti Arena &#8211; Max Gazz\u00e8 in concerto\"}]},{\"@type\":\"WebSite\",\"@id\":\"https:\/\/www.dolomitiprealpi.it\/de\/#website\",\"url\":\"https:\/\/www.dolomitiprealpi.it\/de\/\",\"name\":\"Dolomiti Prealpi\",\"description\":\"\",\"publisher\":{\"@id\":\"https:\/\/www.dolomitiprealpi.it\/de\/#organization\"},\"potentialAction\":[{\"@type\":\"SearchAction\",\"target\":{\"@type\":\"EntryPoint\",\"urlTemplate\":\"https:\/\/www.dolomitiprealpi.it\/de\/?s={search_term_string}\"},\"query-input\":{\"@type\":\"PropertyValueSpecification\",\"valueRequired\":true,\"valueName\":\"search_term_string\"}}],\"inLanguage\":\"de-DE\"},{\"@type\":\"Organization\",\"@id\":\"https:\/\/www.dolomitiprealpi.it\/de\/#organization\",\"name\":\"Consorzio Dolomiti Prealpi\",\"url\":\"https:\/\/www.dolomitiprealpi.it\/de\/\",\"logo\":{\"@type\":\"ImageObject\",\"inLanguage\":\"de-DE\",\"@id\":\"https:\/\/www.dolomitiprealpi.it\/de\/#\/schema\/logo\/image\/\",\"url\":\"https:\/\/www.dolomitiprealpi.it\/wp-content\/uploads\/2023\/03\/dolomitiprealpi-favicon.jpg\",\"contentUrl\":\"https:\/\/www.dolomitiprealpi.it\/wp-content\/uploads\/2023\/03\/dolomitiprealpi-favicon.jpg\",\"width\":512,\"height\":512,\"caption\":\"Consorzio Dolomiti Prealpi\"},\"image\":{\"@id\":\"https:\/\/www.dolomitiprealpi.it\/de\/#\/schema\/logo\/image\/\"},\"sameAs\":[\"https:\/\/www.facebook.com\/dolomitiprealpi.it\/\",\"https:\/\/www.instagram.com\/dolomitiprealpi\/\"]}]}<\/script>\n<!-- \/ Yoast SEO plugin. -->","yoast_head_json":{"title":"Dolomiti Arena - Max Gazz\u00e8 in concerto - Dolomiti Prealpi","robots":{"index":"index","follow":"follow","max-snippet":"max-snippet:-1","max-image-preview":"max-image-preview:large","max-video-preview":"max-video-preview:-1"},"canonical":"https:\/\/www.dolomitiprealpi.it\/de\/event\/dolomiti-arena-max-gazze-in-concerto-3\/","og_locale":"de_DE","og_type":"article","og_title":"Dolomiti Arena - Max Gazz\u00e8 in concerto - Dolomiti Prealpi","og_description":"Es wird empfohlen, eine Decke, eine mittelschwere Jacke, M\u00fcckenschutz, Sonnencreme und eine Sonnenm\u00fctze mitzubringen, die in der Zeit vor der Veranstaltung und w\u00e4hrend des Konzerts genutzt werden k\u00f6nnen. Achtung: Zelte","og_url":"https:\/\/www.dolomitiprealpi.it\/de\/event\/dolomiti-arena-max-gazze-in-concerto-3\/","og_site_name":"Dolomiti Prealpi","article_publisher":"https:\/\/www.facebook.com\/dolomitiprealpi.it\/","article_modified_time":"2026-01-24T18:39:37+00:00","og_image":[{"width":2048,"height":1888,"url":"https:\/\/www.dolomitiprealpi.it\/wp-content\/uploads\/2022\/11\/C.-Timpone-Foto-archivio-Consorzio-turistico-Dolomiti-Prealpi-Nevegal-Belluno-Bike-18-2.jpg","type":"image\/jpeg"}],"twitter_card":"summary_large_image","twitter_misc":{"Est. reading time":"4 minutes"},"schema":{"@context":"https:\/\/schema.org","@graph":[{"@type":"WebPage","@id":"https:\/\/www.dolomitiprealpi.it\/de\/event\/dolomiti-arena-max-gazze-in-concerto-3\/","url":"https:\/\/www.dolomitiprealpi.it\/de\/event\/dolomiti-arena-max-gazze-in-concerto-3\/","name":"Dolomiti Arena - Max Gazz\u00e8 in concerto - Dolomiti Prealpi","isPartOf":{"@id":"https:\/\/www.dolomitiprealpi.it\/de\/#website"},"datePublished":"2025-12-29T09:34:53+00:00","dateModified":"2026-01-24T18:39:37+00:00","breadcrumb":{"@id":"https:\/\/www.dolomitiprealpi.it\/de\/event\/dolomiti-arena-max-gazze-in-concerto-3\/#breadcrumb"},"inLanguage":"de-DE","potentialAction":[{"@type":"ReadAction","target":["https:\/\/www.dolomitiprealpi.it\/de\/event\/dolomiti-arena-max-gazze-in-concerto-3\/"]}]},{"@type":"BreadcrumbList","@id":"https:\/\/www.dolomitiprealpi.it\/de\/event\/dolomiti-arena-max-gazze-in-concerto-3\/#breadcrumb","itemListElement":[{"@type":"ListItem","position":1,"name":"Home","item":"https:\/\/www.dolomitiprealpi.it\/de\/"},{"@type":"ListItem","position":2,"name":"Veranstaltungen","item":"https:\/\/www.dolomitiprealpi.it\/de\/events\/"},{"@type":"ListItem","position":3,"name":"Dolomiti Arena &#8211; Max Gazz\u00e8 in concerto"}]},{"@type":"WebSite","@id":"https:\/\/www.dolomitiprealpi.it\/de\/#website","url":"https:\/\/www.dolomitiprealpi.it\/de\/","name":"Dolomiti Prealpi","description":"","publisher":{"@id":"https:\/\/www.dolomitiprealpi.it\/de\/#organization"},"potentialAction":[{"@type":"SearchAction","target":{"@type":"EntryPoint","urlTemplate":"https:\/\/www.dolomitiprealpi.it\/de\/?s={search_term_string}"},"query-input":{"@type":"PropertyValueSpecification","valueRequired":true,"valueName":"search_term_string"}}],"inLanguage":"de-DE"},{"@type":"Organization","@id":"https:\/\/www.dolomitiprealpi.it\/de\/#organization","name":"Consorzio Dolomiti Prealpi","url":"https:\/\/www.dolomitiprealpi.it\/de\/","logo":{"@type":"ImageObject","inLanguage":"de-DE","@id":"https:\/\/www.dolomitiprealpi.it\/de\/#\/schema\/logo\/image\/","url":"https:\/\/www.dolomitiprealpi.it\/wp-content\/uploads\/2023\/03\/dolomitiprealpi-favicon.jpg","contentUrl":"https:\/\/www.dolomitiprealpi.it\/wp-content\/uploads\/2023\/03\/dolomitiprealpi-favicon.jpg","width":512,"height":512,"caption":"Consorzio Dolomiti Prealpi"},"image":{"@id":"https:\/\/www.dolomitiprealpi.it\/de\/#\/schema\/logo\/image\/"},"sameAs":["https:\/\/www.facebook.com\/dolomitiprealpi.it\/","https:\/\/www.instagram.com\/dolomitiprealpi\/"]}]}},"_links":{"self":[{"href":"https:\/\/www.dolomitiprealpi.it\/de\/wp-json\/wp\/v2\/tribe_events\/67065","targetHints":{"allow":["GET"]}}],"collection":[{"href":"https:\/\/www.dolomitiprealpi.it\/de\/wp-json\/wp\/v2\/tribe_events"}],"about":[{"href":"https:\/\/www.dolomitiprealpi.it\/de\/wp-json\/wp\/v2\/types\/tribe_events"}],"version-history":[{"count":1,"href":"https:\/\/www.dolomitiprealpi.it\/de\/wp-json\/wp\/v2\/tribe_events\/67065\/revisions"}],"predecessor-version":[{"id":70731,"href":"https:\/\/www.dolomitiprealpi.it\/de\/wp-json\/wp\/v2\/tribe_events\/67065\/revisions\/70731"}],"wp:attachment":[{"href":"https:\/\/www.dolomitiprealpi.it\/de\/wp-json\/wp\/v2\/media?parent=67065"}],"wp:term":[{"taxonomy":"post_tag","embeddable":true,"href":"https:\/\/www.dolomitiprealpi.it\/de\/wp-json\/wp\/v2\/tags?post=67065"},{"taxonomy":"tribe_events_cat","embeddable":true,"href":"https:\/\/www.dolomitiprealpi.it\/de\/wp-json\/wp\/v2\/tribe_events_cat?post=67065"}],"curies":[{"name":"wp","href":"https:\/\/api.w.org\/{rel}","templated":true}]}}