{"id":66213,"date":"2025-08-30T13:30:12","date_gmt":"2025-08-30T11:30:12","guid":{"rendered":"https:\/\/www.dolomitiprealpi.it\/event\/vivaio-letterario-che-denti-lunghi-che-hai-quando-la-risata-diventa-nera\/"},"modified":"2025-12-14T12:50:53","modified_gmt":"2025-12-14T11:50:53","slug":"vivaio-letterario-che-denti-lunghi-che-hai-quando-la-risata-diventa-nera-3","status":"publish","type":"tribe_events","link":"https:\/\/www.dolomitiprealpi.it\/de\/event\/vivaio-letterario-che-denti-lunghi-che-hai-quando-la-risata-diventa-nera-3\/","title":{"rendered":"Vivaio Letterario &#8211; Che denti lunghi che hai. Quando la risata diventa nera"},"content":{"rendered":"<p>Verf\u00fcgbare Pl\u00e4tze: 14 <\/p>\n<p>Kosten: 40 Euro, alles inklusive <\/p>\n<p>Wo: la Serra, via Frontin 94a, Borgo Valbelluna (Belluno) <\/p>\n<p>So kommen Sie hin: <\/p>\n<ul>\n<li>mit dem Zug (meditativer Reise), Bahnhof Sedico-Bribano oder Belluno <\/li>\n<li>mit dem Auto, Autobahn A27 von Mestre nach Belluno<\/li>\n<\/ul>\n<p>Als Kind schaute ich die Batman-Serien aus den Sechziger Jahren, und unter seinen Feinden gefiel mir niemand so sehr wie der Joker. Er war ein harmloser und pittoresker Spa\u00dfvogel, der dir beim H\u00e4ndesch\u00fctteln einen Schock gab. Doch dann sah ich, wie er in jeder nachfolgenden Inkarnation b\u00f6sartiger wurde, bis zu den Filmen von Christopher Nolan und Todd Phillips. <\/p>\n<p>Mein Joker war ein Terrorist geworden.  Hat er sich ver\u00e4ndert oder habe ich mich ver\u00e4ndert? Keines von beiden: die Zeiten haben sich ge\u00e4ndert. Mehr als ein halbes Jahrhundert \u2013 das goldene Zeitalter des Fernsehens \u2013 dachten wir, dass Komik und Unterhaltung dazu dienen, uns alle zu einem Konsens zu bringen: geistig benebelt, aber gl\u00fccklich. In den letzten Jahren ist jedoch etwas Unvorhergesehenes passiert. <\/p>\n<p>Unsere Gesellschaft ist immer noch eine Gesellschaft des Vergn\u00fcgens, aber Komik ist nicht mehr nur ein harmloses, berauschendes Gas: sie ist die Waffe, mit der blutige politische Duelle und extrem heftige Kulturkriege ausgetragen werden.  Ein zynischer und sarkastischer Humor hat die \u00f6ffentliche Diskussion ergriffen. Der K\u00f6nig und sein Hofnarr wechseln st\u00e4ndig die Pl\u00e4tze: Politische F\u00fchrer \u00fcbernehmen einen Stand-up-Comedy-Stil, und Komiker starten pl\u00f6tzlich politische Karrieren. Ein Fl\u00fcgel der amerikanischen Linken hat einen moralisierenden Krieg gegen Witze entfesselt, und die Komik driftet nach rechts.  Nach Jahrzehnten aus dem goldenen K\u00e4fig der Fernsehherrschaft entflohen, hat sich der Joker unter die identitaristischen Banden der sozialen Netzwerke gemischt, die sich gegenseitig mit Lachen zerrei\u00dfen. Man munkelt sogar, dass er Pr\u00e4sident der Vereinigten Staaten geworden ist. <b>Guido Vitiello<\/b><\/p>\n<p>Wir werden weise von<b> Chiara Alpago Novello <\/b>ab 9:30 Uhr mit einem Fr\u00fchst\u00fcck begr\u00fc\u00dft, das Kaffee, Tee, all die leckeren Sachen umfasst, die einen gut in den Tag starten lassen: Kekse aus Bio-Mehl, im Holzofen gebacken, Joghurt und lokale K\u00e4sesorten, Obstmarmeladen aus dem Garten und das, was das Erwachen und die Saison inspirieren (zum Beispiel die Chiffon). Um 12:30 Uhr leichtes Mittagessen, Gr\u00fc\u00dfe und Ansto\u00dfen. Dazwischen Gespr\u00e4che, Fragen, sch\u00f6ne Ideen. Nach Belieben.<\/p>\n<p>Fr\u00fchst\u00fcck mit Guido Vitiello<\/p>\n","protected":false},"excerpt":{"rendered":"<p>Verf\u00fcgbare Pl\u00e4tze: 14 Kosten: 40 Euro, alles inklusive Wo: la Serra, via Frontin 94a, Borgo Valbelluna (Belluno) So kommen Sie hin: mit dem Zug (meditativer Reise), Bahnhof Sedico-Bribano oder Belluno<\/p>\n","protected":false},"author":0,"featured_media":0,"template":"","meta":{"_acf_changed":false,"inline_featured_image":false,"_tribe_events_status":"","_tribe_events_status_reason":"","footnotes":""},"tags":[259],"tribe_events_cat":[],"class_list":["post-66213","tribe_events","type-tribe_events","status-publish","hentry","tag-eventi-feratel"],"acf":[],"yoast_head":"<!-- This site is optimized with the Yoast SEO plugin v25.7 - https:\/\/yoast.com\/wordpress\/plugins\/seo\/ -->\n<title>Vivaio Letterario - Che denti lunghi che hai. Quando la risata diventa nera - Dolomiti Prealpi<\/title>\n<meta name=\"robots\" content=\"index, follow, max-snippet:-1, max-image-preview:large, max-video-preview:-1\" \/>\n<link rel=\"canonical\" href=\"https:\/\/www.dolomitiprealpi.it\/de\/event\/vivaio-letterario-che-denti-lunghi-che-hai-quando-la-risata-diventa-nera-3\/\" \/>\n<meta property=\"og:locale\" content=\"de_DE\" \/>\n<meta property=\"og:type\" content=\"article\" \/>\n<meta property=\"og:title\" content=\"Vivaio Letterario - Che denti lunghi che hai. Quando la risata diventa nera - Dolomiti Prealpi\" \/>\n<meta property=\"og:description\" content=\"Verf\u00fcgbare Pl\u00e4tze: 14 Kosten: 40 Euro, alles inklusive Wo: la Serra, via Frontin 94a, Borgo Valbelluna (Belluno) So kommen Sie hin: mit dem Zug (meditativer Reise), Bahnhof Sedico-Bribano oder Belluno\" \/>\n<meta property=\"og:url\" content=\"https:\/\/www.dolomitiprealpi.it\/de\/event\/vivaio-letterario-che-denti-lunghi-che-hai-quando-la-risata-diventa-nera-3\/\" \/>\n<meta property=\"og:site_name\" content=\"Dolomiti Prealpi\" \/>\n<meta property=\"article:publisher\" content=\"https:\/\/www.facebook.com\/dolomitiprealpi.it\/\" \/>\n<meta property=\"article:modified_time\" content=\"2025-12-14T11:50:53+00:00\" \/>\n<meta property=\"og:image\" content=\"https:\/\/www.dolomitiprealpi.it\/wp-content\/uploads\/2022\/11\/C.-Timpone-Foto-archivio-Consorzio-turistico-Dolomiti-Prealpi-Nevegal-Belluno-Bike-18-2.jpg\" \/>\n\t<meta property=\"og:image:width\" content=\"2048\" \/>\n\t<meta property=\"og:image:height\" content=\"1888\" \/>\n\t<meta property=\"og:image:type\" content=\"image\/jpeg\" \/>\n<meta name=\"twitter:card\" content=\"summary_large_image\" \/>\n<meta name=\"twitter:label1\" content=\"Est. reading time\" \/>\n\t<meta name=\"twitter:data1\" content=\"2 minutes\" \/>\n<script type=\"application\/ld+json\" class=\"yoast-schema-graph\">{\"@context\":\"https:\/\/schema.org\",\"@graph\":[{\"@type\":\"WebPage\",\"@id\":\"https:\/\/www.dolomitiprealpi.it\/de\/event\/vivaio-letterario-che-denti-lunghi-che-hai-quando-la-risata-diventa-nera-3\/\",\"url\":\"https:\/\/www.dolomitiprealpi.it\/de\/event\/vivaio-letterario-che-denti-lunghi-che-hai-quando-la-risata-diventa-nera-3\/\",\"name\":\"Vivaio Letterario - Che denti lunghi che hai. Quando la risata diventa nera - Dolomiti Prealpi\",\"isPartOf\":{\"@id\":\"https:\/\/www.dolomitiprealpi.it\/de\/#website\"},\"datePublished\":\"2025-08-30T11:30:12+00:00\",\"dateModified\":\"2025-12-14T11:50:53+00:00\",\"breadcrumb\":{\"@id\":\"https:\/\/www.dolomitiprealpi.it\/de\/event\/vivaio-letterario-che-denti-lunghi-che-hai-quando-la-risata-diventa-nera-3\/#breadcrumb\"},\"inLanguage\":\"de-DE\",\"potentialAction\":[{\"@type\":\"ReadAction\",\"target\":[\"https:\/\/www.dolomitiprealpi.it\/de\/event\/vivaio-letterario-che-denti-lunghi-che-hai-quando-la-risata-diventa-nera-3\/\"]}]},{\"@type\":\"BreadcrumbList\",\"@id\":\"https:\/\/www.dolomitiprealpi.it\/de\/event\/vivaio-letterario-che-denti-lunghi-che-hai-quando-la-risata-diventa-nera-3\/#breadcrumb\",\"itemListElement\":[{\"@type\":\"ListItem\",\"position\":1,\"name\":\"Home\",\"item\":\"https:\/\/www.dolomitiprealpi.it\/de\/\"},{\"@type\":\"ListItem\",\"position\":2,\"name\":\"Veranstaltungen\",\"item\":\"https:\/\/www.dolomitiprealpi.it\/de\/events\/\"},{\"@type\":\"ListItem\",\"position\":3,\"name\":\"Vivaio Letterario &#8211; Che denti lunghi che hai. Quando la risata diventa nera\"}]},{\"@type\":\"WebSite\",\"@id\":\"https:\/\/www.dolomitiprealpi.it\/de\/#website\",\"url\":\"https:\/\/www.dolomitiprealpi.it\/de\/\",\"name\":\"Dolomiti Prealpi\",\"description\":\"\",\"publisher\":{\"@id\":\"https:\/\/www.dolomitiprealpi.it\/de\/#organization\"},\"potentialAction\":[{\"@type\":\"SearchAction\",\"target\":{\"@type\":\"EntryPoint\",\"urlTemplate\":\"https:\/\/www.dolomitiprealpi.it\/de\/?s={search_term_string}\"},\"query-input\":{\"@type\":\"PropertyValueSpecification\",\"valueRequired\":true,\"valueName\":\"search_term_string\"}}],\"inLanguage\":\"de-DE\"},{\"@type\":\"Organization\",\"@id\":\"https:\/\/www.dolomitiprealpi.it\/de\/#organization\",\"name\":\"Consorzio Dolomiti Prealpi\",\"url\":\"https:\/\/www.dolomitiprealpi.it\/de\/\",\"logo\":{\"@type\":\"ImageObject\",\"inLanguage\":\"de-DE\",\"@id\":\"https:\/\/www.dolomitiprealpi.it\/de\/#\/schema\/logo\/image\/\",\"url\":\"https:\/\/www.dolomitiprealpi.it\/wp-content\/uploads\/2023\/03\/dolomitiprealpi-favicon.jpg\",\"contentUrl\":\"https:\/\/www.dolomitiprealpi.it\/wp-content\/uploads\/2023\/03\/dolomitiprealpi-favicon.jpg\",\"width\":512,\"height\":512,\"caption\":\"Consorzio Dolomiti Prealpi\"},\"image\":{\"@id\":\"https:\/\/www.dolomitiprealpi.it\/de\/#\/schema\/logo\/image\/\"},\"sameAs\":[\"https:\/\/www.facebook.com\/dolomitiprealpi.it\/\",\"https:\/\/www.instagram.com\/dolomitiprealpi\/\"]}]}<\/script>\n<!-- \/ Yoast SEO plugin. -->","yoast_head_json":{"title":"Vivaio Letterario - Che denti lunghi che hai. Quando la risata diventa nera - Dolomiti Prealpi","robots":{"index":"index","follow":"follow","max-snippet":"max-snippet:-1","max-image-preview":"max-image-preview:large","max-video-preview":"max-video-preview:-1"},"canonical":"https:\/\/www.dolomitiprealpi.it\/de\/event\/vivaio-letterario-che-denti-lunghi-che-hai-quando-la-risata-diventa-nera-3\/","og_locale":"de_DE","og_type":"article","og_title":"Vivaio Letterario - Che denti lunghi che hai. Quando la risata diventa nera - Dolomiti Prealpi","og_description":"Verf\u00fcgbare Pl\u00e4tze: 14 Kosten: 40 Euro, alles inklusive Wo: la Serra, via Frontin 94a, Borgo Valbelluna (Belluno) So kommen Sie hin: mit dem Zug (meditativer Reise), Bahnhof Sedico-Bribano oder Belluno","og_url":"https:\/\/www.dolomitiprealpi.it\/de\/event\/vivaio-letterario-che-denti-lunghi-che-hai-quando-la-risata-diventa-nera-3\/","og_site_name":"Dolomiti Prealpi","article_publisher":"https:\/\/www.facebook.com\/dolomitiprealpi.it\/","article_modified_time":"2025-12-14T11:50:53+00:00","og_image":[{"width":2048,"height":1888,"url":"https:\/\/www.dolomitiprealpi.it\/wp-content\/uploads\/2022\/11\/C.-Timpone-Foto-archivio-Consorzio-turistico-Dolomiti-Prealpi-Nevegal-Belluno-Bike-18-2.jpg","type":"image\/jpeg"}],"twitter_card":"summary_large_image","twitter_misc":{"Est. reading time":"2 minutes"},"schema":{"@context":"https:\/\/schema.org","@graph":[{"@type":"WebPage","@id":"https:\/\/www.dolomitiprealpi.it\/de\/event\/vivaio-letterario-che-denti-lunghi-che-hai-quando-la-risata-diventa-nera-3\/","url":"https:\/\/www.dolomitiprealpi.it\/de\/event\/vivaio-letterario-che-denti-lunghi-che-hai-quando-la-risata-diventa-nera-3\/","name":"Vivaio Letterario - Che denti lunghi che hai. Quando la risata diventa nera - Dolomiti Prealpi","isPartOf":{"@id":"https:\/\/www.dolomitiprealpi.it\/de\/#website"},"datePublished":"2025-08-30T11:30:12+00:00","dateModified":"2025-12-14T11:50:53+00:00","breadcrumb":{"@id":"https:\/\/www.dolomitiprealpi.it\/de\/event\/vivaio-letterario-che-denti-lunghi-che-hai-quando-la-risata-diventa-nera-3\/#breadcrumb"},"inLanguage":"de-DE","potentialAction":[{"@type":"ReadAction","target":["https:\/\/www.dolomitiprealpi.it\/de\/event\/vivaio-letterario-che-denti-lunghi-che-hai-quando-la-risata-diventa-nera-3\/"]}]},{"@type":"BreadcrumbList","@id":"https:\/\/www.dolomitiprealpi.it\/de\/event\/vivaio-letterario-che-denti-lunghi-che-hai-quando-la-risata-diventa-nera-3\/#breadcrumb","itemListElement":[{"@type":"ListItem","position":1,"name":"Home","item":"https:\/\/www.dolomitiprealpi.it\/de\/"},{"@type":"ListItem","position":2,"name":"Veranstaltungen","item":"https:\/\/www.dolomitiprealpi.it\/de\/events\/"},{"@type":"ListItem","position":3,"name":"Vivaio Letterario &#8211; Che denti lunghi che hai. Quando la risata diventa nera"}]},{"@type":"WebSite","@id":"https:\/\/www.dolomitiprealpi.it\/de\/#website","url":"https:\/\/www.dolomitiprealpi.it\/de\/","name":"Dolomiti Prealpi","description":"","publisher":{"@id":"https:\/\/www.dolomitiprealpi.it\/de\/#organization"},"potentialAction":[{"@type":"SearchAction","target":{"@type":"EntryPoint","urlTemplate":"https:\/\/www.dolomitiprealpi.it\/de\/?s={search_term_string}"},"query-input":{"@type":"PropertyValueSpecification","valueRequired":true,"valueName":"search_term_string"}}],"inLanguage":"de-DE"},{"@type":"Organization","@id":"https:\/\/www.dolomitiprealpi.it\/de\/#organization","name":"Consorzio Dolomiti Prealpi","url":"https:\/\/www.dolomitiprealpi.it\/de\/","logo":{"@type":"ImageObject","inLanguage":"de-DE","@id":"https:\/\/www.dolomitiprealpi.it\/de\/#\/schema\/logo\/image\/","url":"https:\/\/www.dolomitiprealpi.it\/wp-content\/uploads\/2023\/03\/dolomitiprealpi-favicon.jpg","contentUrl":"https:\/\/www.dolomitiprealpi.it\/wp-content\/uploads\/2023\/03\/dolomitiprealpi-favicon.jpg","width":512,"height":512,"caption":"Consorzio Dolomiti Prealpi"},"image":{"@id":"https:\/\/www.dolomitiprealpi.it\/de\/#\/schema\/logo\/image\/"},"sameAs":["https:\/\/www.facebook.com\/dolomitiprealpi.it\/","https:\/\/www.instagram.com\/dolomitiprealpi\/"]}]}},"_links":{"self":[{"href":"https:\/\/www.dolomitiprealpi.it\/de\/wp-json\/wp\/v2\/tribe_events\/66213","targetHints":{"allow":["GET"]}}],"collection":[{"href":"https:\/\/www.dolomitiprealpi.it\/de\/wp-json\/wp\/v2\/tribe_events"}],"about":[{"href":"https:\/\/www.dolomitiprealpi.it\/de\/wp-json\/wp\/v2\/types\/tribe_events"}],"version-history":[{"count":2,"href":"https:\/\/www.dolomitiprealpi.it\/de\/wp-json\/wp\/v2\/tribe_events\/66213\/revisions"}],"predecessor-version":[{"id":81824,"href":"https:\/\/www.dolomitiprealpi.it\/de\/wp-json\/wp\/v2\/tribe_events\/66213\/revisions\/81824"}],"wp:attachment":[{"href":"https:\/\/www.dolomitiprealpi.it\/de\/wp-json\/wp\/v2\/media?parent=66213"}],"wp:term":[{"taxonomy":"post_tag","embeddable":true,"href":"https:\/\/www.dolomitiprealpi.it\/de\/wp-json\/wp\/v2\/tags?post=66213"},{"taxonomy":"tribe_events_cat","embeddable":true,"href":"https:\/\/www.dolomitiprealpi.it\/de\/wp-json\/wp\/v2\/tribe_events_cat?post=66213"}],"curies":[{"name":"wp","href":"https:\/\/api.w.org\/{rel}","templated":true}]}}