{"id":66212,"date":"2026-02-15T11:50:47","date_gmt":"2026-02-15T10:50:47","guid":{"rendered":"https:\/\/www.dolomitiprealpi.it\/event\/mele-a-mel\/"},"modified":"2026-03-20T12:28:37","modified_gmt":"2026-03-20T11:28:37","slug":"mele-a-mel-3","status":"publish","type":"tribe_events","link":"https:\/\/www.dolomitiprealpi.it\/de\/event\/mele-a-mel-3\/","title":{"rendered":"Mele a Mel"},"content":{"rendered":"<ul>\n<li><b>Shuttlebus-Service <\/b>mit Abfahrt vom Parkplatz Z.A. Viale Vasco Salvatelli ex ACC und vom Supermarkt D+ im Einkaufsgebiet &#8220;Ai Gat&#8221; via Tempietto f\u00fcr 2\u20ac Hin- und R\u00fcckfahrt. Samstag von 9:30 bis 21:30 &#8211; Sonntag von 9:00 bis 19:00<\/li>\n<li><b>Camperparkpl\u00e4tze <\/b>in der Gewerbezone Viale Vasco Salvatelli &#8211; Begrenzte Pl\u00e4tze: Die Camperfahrer werden gebeten, die IAT von Borgo Valbelluna zu benachrichtigen, wann sie ankommen m\u00f6chten.<\/li>\n<li><b>Vorschau Mele a Mel <\/b>&#8211; Donnerstag, 9. um 20:30 Uhr im Auditorium San Pietro Konferenz <b>&#8220;Valbelluna &#8211; Das Tal der K\u00e4se&#8221; <\/b>Konferenz zwischen Mythen und Legenden, die St\u00e4rke eines lokalen Produkts, mit <b>Fabio Campoli<\/b>, internationalem Koch und Direktor von &#8220;Promotori di Gusto&#8221;, <b>Gianpaolo Gaiarin<\/b>, ONAF-Verkoster, K\u00e4ser und Ausbilder, <b>Veronica Gelisio<\/b>, Ern\u00e4hrungsbiologin. Pr\u00e4sentiert und moderiert von <b>Cristian Roldo <\/b>Pr\u00e4sident des Provinzialen Agrartechnologen-Kollegiums von Belluno.<\/li>\n<li><b>Die Geschichten von Mele a Mel: <\/b>Die Freiwilligen von Frammenti d&#8217;Arte erz\u00e4hlen Ihnen die Geschichte, die Kunst und die Kuriosit\u00e4ten unseres Dorfes, kostenlose Aktivit\u00e4t mit Reservierung. Zeiten: Freitag um 15:00 und 16:00 Uhr, Samstag um 10:00 und 11:00 Uhr.<a href=\"https:\/\/www.dolomitiprealpi.it\/de\/detail-tosc-5\/?t=e#\/esperienze\/TRN\/d0944568-f4e7-4143-92a7-0d245ac830fc\/i-racconti-di-mele-a-mel\"> Online-Reservierungen<\/a><\/li>\n<li><b>Die Musik von Mele a Mel:&nbsp; 18. Rassegna f\u00fcr Volksmusik &#8220;Mele a Mel&#8221; <\/b>Freitag um 21:00 Uhr im Auditorium San Pietro in Mel mit der Teilnahme des Corale Zumellese unter der Leitung von M\u00b0 Manolo Da Rold und des Jugendchores von Arborea (OR), geleitet von M\u00b0 Riccardo Zinzula, freier Eintritt; Palazzo Caverzan (ehemals Pivetta) Samstag um 16:00 Uhr Belluno Young Voices, Sonntag um 11:00 Uhr Giovani Archi Bellunesi, Sonntag um 15:30 Uhr Lyrisches Ensemble mit Arte Nuova und Casa della Musica Zumellese. <\/li>\n<li><b>Mele a Mel f\u00fcr die Kleinen:<\/b> Hof Tonon Animation mit dem Duo G&amp;G, Park der Alpen ein arch\u00e4ologischer Workshop mit Tramedistoria<\/li>\n<\/ul>\n<p><\/p>\n<p>Das gr\u00f6\u00dfte Fest des zumellesischen Gebiets!<\/p>\n<p><a href=\"https:\/\/meleamel.it\/espositori\/\">Anmeldungen f\u00fcr Aussteller ge\u00f6ffnet <\/a>bis zum 30. August 2025.<\/p>\n<p><b>\u00c4PFEL IN MEL VOM 10. BIS 13. OKTOBER<\/b><\/p>\n<p>\u00c4pfel in Mel ist die unvergessliche Gelegenheit, das Fest im Borgo mit Farben, D\u00fcften und Aromen zu erleben! <\/p>\n<p>Zehn <b>noblen H\u00f6fen aus dem 16. Jahrhundert <\/b>, die ge\u00f6ffnet, besichtigt werden k\u00f6nnen und von den Frazionali-Gruppen, die sie zusammen mit den lokalen Vereinen mit Geschick, Geschmack und ein wenig Albernheit aufwerten, belebt werden. <\/p>\n<p> K\u00fcnstlerische Ausstellungen, <b>alte K\u00fcnste und Handwerke<\/b>, <b>musikalische <\/b>und theatralische Einlagen, aber vor allem viel Gastronomie: alle <b>typischen und traditionellen Rezepte aus Belluno<\/b>, die mit lokalen Produkten aus der Region zubereitet werden, sind zum Kosten da. <\/p>\n<p>Der gro\u00dfe Protagonist ist der Apfel in seinen vielen Sorten, gesund und biologisch angebaut, man kann ihn sogar mit Schale essen! <\/p>\n<p> Der Markt f\u00fcr typische und handwerkliche Produkte wird Sie mit einem Fest der D\u00fcfte und Aromen begeistern: von den Bergk\u00e4sen bis zum <b>Honig der Dolomiten<\/b>, von den Grappas bis zu den unendlichen Varianten von Bohnen, von Waln\u00fcssen bis zu Kartoffeln bis hin zur <b>Belluneser Heiligen K\u00fcrbis<\/b> und zum &#8220;Pastin&#8221;! <\/p>\n<p>Ein Muss sind die traditionelle S\u00fc\u00dfigkeiten von \u00c4pfeln in Mel: die Zumeloti und die <b>Zumela<\/b>, die mit nat\u00fcrlichen Zutaten hergestellt werden, die an die S\u00fc\u00dfigkeiten der Gro\u00dfmutter erinnern, einfach, aber lecker! <\/p>\n<p>Zwischen den Stra\u00dfen des Borgo werden Sie auch die <b>Apfelpressung <\/b>beobachten und Kunsthandwerker und K\u00fcnstler bei der Arbeit bewundern, die mit geschickten H\u00e4nden einzigartige und wertvolle Kreationen schaffen.<\/p>\n","protected":false},"excerpt":{"rendered":"<p>Shuttlebus-Service mit Abfahrt vom Parkplatz Z.A. Viale Vasco Salvatelli ex ACC und vom Supermarkt D+ im Einkaufsgebiet &#8220;Ai Gat&#8221; via Tempietto f\u00fcr 2\u20ac Hin- und R\u00fcckfahrt. Samstag von 9:30 bis<\/p>\n","protected":false},"author":0,"featured_media":0,"template":"","meta":{"_acf_changed":false,"inline_featured_image":false,"_tribe_events_status":"","_tribe_events_status_reason":"","footnotes":""},"tags":[259],"tribe_events_cat":[],"class_list":["post-66212","tribe_events","type-tribe_events","status-publish","hentry","tag-eventi-feratel"],"acf":[],"yoast_head":"<!-- This site is optimized with the Yoast SEO plugin v25.7 - https:\/\/yoast.com\/wordpress\/plugins\/seo\/ -->\n<title>Mele a Mel - Dolomiti Prealpi<\/title>\n<meta name=\"robots\" content=\"index, follow, max-snippet:-1, max-image-preview:large, max-video-preview:-1\" \/>\n<link rel=\"canonical\" href=\"https:\/\/www.dolomitiprealpi.it\/de\/event\/mele-a-mel-3\/\" \/>\n<meta property=\"og:locale\" content=\"de_DE\" \/>\n<meta property=\"og:type\" content=\"article\" \/>\n<meta property=\"og:title\" content=\"Mele a Mel - Dolomiti Prealpi\" \/>\n<meta property=\"og:description\" content=\"Shuttlebus-Service mit Abfahrt vom Parkplatz Z.A. Viale Vasco Salvatelli ex ACC und vom Supermarkt D+ im Einkaufsgebiet &#8220;Ai Gat&#8221; via Tempietto f\u00fcr 2\u20ac Hin- und R\u00fcckfahrt. Samstag von 9:30 bis\" \/>\n<meta property=\"og:url\" content=\"https:\/\/www.dolomitiprealpi.it\/de\/event\/mele-a-mel-3\/\" \/>\n<meta property=\"og:site_name\" content=\"Dolomiti Prealpi\" \/>\n<meta property=\"article:publisher\" content=\"https:\/\/www.facebook.com\/dolomitiprealpi.it\/\" \/>\n<meta property=\"article:modified_time\" content=\"2026-03-20T11:28:37+00:00\" \/>\n<meta property=\"og:image\" content=\"https:\/\/www.dolomitiprealpi.it\/wp-content\/uploads\/2022\/11\/C.-Timpone-Foto-archivio-Consorzio-turistico-Dolomiti-Prealpi-Nevegal-Belluno-Bike-18-2.jpg\" \/>\n\t<meta property=\"og:image:width\" content=\"2048\" \/>\n\t<meta property=\"og:image:height\" content=\"1888\" \/>\n\t<meta property=\"og:image:type\" content=\"image\/jpeg\" \/>\n<meta name=\"twitter:card\" content=\"summary_large_image\" \/>\n<meta name=\"twitter:label1\" content=\"Est. reading time\" \/>\n\t<meta name=\"twitter:data1\" content=\"3 minutes\" \/>\n<script type=\"application\/ld+json\" class=\"yoast-schema-graph\">{\"@context\":\"https:\/\/schema.org\",\"@graph\":[{\"@type\":\"WebPage\",\"@id\":\"https:\/\/www.dolomitiprealpi.it\/de\/event\/mele-a-mel-3\/\",\"url\":\"https:\/\/www.dolomitiprealpi.it\/de\/event\/mele-a-mel-3\/\",\"name\":\"Mele a Mel - Dolomiti Prealpi\",\"isPartOf\":{\"@id\":\"https:\/\/www.dolomitiprealpi.it\/de\/#website\"},\"datePublished\":\"2026-02-15T10:50:47+00:00\",\"dateModified\":\"2026-03-20T11:28:37+00:00\",\"breadcrumb\":{\"@id\":\"https:\/\/www.dolomitiprealpi.it\/de\/event\/mele-a-mel-3\/#breadcrumb\"},\"inLanguage\":\"de-DE\",\"potentialAction\":[{\"@type\":\"ReadAction\",\"target\":[\"https:\/\/www.dolomitiprealpi.it\/de\/event\/mele-a-mel-3\/\"]}]},{\"@type\":\"BreadcrumbList\",\"@id\":\"https:\/\/www.dolomitiprealpi.it\/de\/event\/mele-a-mel-3\/#breadcrumb\",\"itemListElement\":[{\"@type\":\"ListItem\",\"position\":1,\"name\":\"Home\",\"item\":\"https:\/\/www.dolomitiprealpi.it\/de\/\"},{\"@type\":\"ListItem\",\"position\":2,\"name\":\"Veranstaltungen\",\"item\":\"https:\/\/www.dolomitiprealpi.it\/de\/events\/\"},{\"@type\":\"ListItem\",\"position\":3,\"name\":\"Mele a Mel\"}]},{\"@type\":\"WebSite\",\"@id\":\"https:\/\/www.dolomitiprealpi.it\/de\/#website\",\"url\":\"https:\/\/www.dolomitiprealpi.it\/de\/\",\"name\":\"Dolomiti Prealpi\",\"description\":\"\",\"publisher\":{\"@id\":\"https:\/\/www.dolomitiprealpi.it\/de\/#organization\"},\"potentialAction\":[{\"@type\":\"SearchAction\",\"target\":{\"@type\":\"EntryPoint\",\"urlTemplate\":\"https:\/\/www.dolomitiprealpi.it\/de\/?s={search_term_string}\"},\"query-input\":{\"@type\":\"PropertyValueSpecification\",\"valueRequired\":true,\"valueName\":\"search_term_string\"}}],\"inLanguage\":\"de-DE\"},{\"@type\":\"Organization\",\"@id\":\"https:\/\/www.dolomitiprealpi.it\/de\/#organization\",\"name\":\"Consorzio Dolomiti Prealpi\",\"url\":\"https:\/\/www.dolomitiprealpi.it\/de\/\",\"logo\":{\"@type\":\"ImageObject\",\"inLanguage\":\"de-DE\",\"@id\":\"https:\/\/www.dolomitiprealpi.it\/de\/#\/schema\/logo\/image\/\",\"url\":\"https:\/\/www.dolomitiprealpi.it\/wp-content\/uploads\/2023\/03\/dolomitiprealpi-favicon.jpg\",\"contentUrl\":\"https:\/\/www.dolomitiprealpi.it\/wp-content\/uploads\/2023\/03\/dolomitiprealpi-favicon.jpg\",\"width\":512,\"height\":512,\"caption\":\"Consorzio Dolomiti Prealpi\"},\"image\":{\"@id\":\"https:\/\/www.dolomitiprealpi.it\/de\/#\/schema\/logo\/image\/\"},\"sameAs\":[\"https:\/\/www.facebook.com\/dolomitiprealpi.it\/\",\"https:\/\/www.instagram.com\/dolomitiprealpi\/\"]}]}<\/script>\n<!-- \/ Yoast SEO plugin. -->","yoast_head_json":{"title":"Mele a Mel - Dolomiti Prealpi","robots":{"index":"index","follow":"follow","max-snippet":"max-snippet:-1","max-image-preview":"max-image-preview:large","max-video-preview":"max-video-preview:-1"},"canonical":"https:\/\/www.dolomitiprealpi.it\/de\/event\/mele-a-mel-3\/","og_locale":"de_DE","og_type":"article","og_title":"Mele a Mel - Dolomiti Prealpi","og_description":"Shuttlebus-Service mit Abfahrt vom Parkplatz Z.A. Viale Vasco Salvatelli ex ACC und vom Supermarkt D+ im Einkaufsgebiet &#8220;Ai Gat&#8221; via Tempietto f\u00fcr 2\u20ac Hin- und R\u00fcckfahrt. Samstag von 9:30 bis","og_url":"https:\/\/www.dolomitiprealpi.it\/de\/event\/mele-a-mel-3\/","og_site_name":"Dolomiti Prealpi","article_publisher":"https:\/\/www.facebook.com\/dolomitiprealpi.it\/","article_modified_time":"2026-03-20T11:28:37+00:00","og_image":[{"width":2048,"height":1888,"url":"https:\/\/www.dolomitiprealpi.it\/wp-content\/uploads\/2022\/11\/C.-Timpone-Foto-archivio-Consorzio-turistico-Dolomiti-Prealpi-Nevegal-Belluno-Bike-18-2.jpg","type":"image\/jpeg"}],"twitter_card":"summary_large_image","twitter_misc":{"Est. reading time":"3 minutes"},"schema":{"@context":"https:\/\/schema.org","@graph":[{"@type":"WebPage","@id":"https:\/\/www.dolomitiprealpi.it\/de\/event\/mele-a-mel-3\/","url":"https:\/\/www.dolomitiprealpi.it\/de\/event\/mele-a-mel-3\/","name":"Mele a Mel - Dolomiti Prealpi","isPartOf":{"@id":"https:\/\/www.dolomitiprealpi.it\/de\/#website"},"datePublished":"2026-02-15T10:50:47+00:00","dateModified":"2026-03-20T11:28:37+00:00","breadcrumb":{"@id":"https:\/\/www.dolomitiprealpi.it\/de\/event\/mele-a-mel-3\/#breadcrumb"},"inLanguage":"de-DE","potentialAction":[{"@type":"ReadAction","target":["https:\/\/www.dolomitiprealpi.it\/de\/event\/mele-a-mel-3\/"]}]},{"@type":"BreadcrumbList","@id":"https:\/\/www.dolomitiprealpi.it\/de\/event\/mele-a-mel-3\/#breadcrumb","itemListElement":[{"@type":"ListItem","position":1,"name":"Home","item":"https:\/\/www.dolomitiprealpi.it\/de\/"},{"@type":"ListItem","position":2,"name":"Veranstaltungen","item":"https:\/\/www.dolomitiprealpi.it\/de\/events\/"},{"@type":"ListItem","position":3,"name":"Mele a Mel"}]},{"@type":"WebSite","@id":"https:\/\/www.dolomitiprealpi.it\/de\/#website","url":"https:\/\/www.dolomitiprealpi.it\/de\/","name":"Dolomiti Prealpi","description":"","publisher":{"@id":"https:\/\/www.dolomitiprealpi.it\/de\/#organization"},"potentialAction":[{"@type":"SearchAction","target":{"@type":"EntryPoint","urlTemplate":"https:\/\/www.dolomitiprealpi.it\/de\/?s={search_term_string}"},"query-input":{"@type":"PropertyValueSpecification","valueRequired":true,"valueName":"search_term_string"}}],"inLanguage":"de-DE"},{"@type":"Organization","@id":"https:\/\/www.dolomitiprealpi.it\/de\/#organization","name":"Consorzio Dolomiti Prealpi","url":"https:\/\/www.dolomitiprealpi.it\/de\/","logo":{"@type":"ImageObject","inLanguage":"de-DE","@id":"https:\/\/www.dolomitiprealpi.it\/de\/#\/schema\/logo\/image\/","url":"https:\/\/www.dolomitiprealpi.it\/wp-content\/uploads\/2023\/03\/dolomitiprealpi-favicon.jpg","contentUrl":"https:\/\/www.dolomitiprealpi.it\/wp-content\/uploads\/2023\/03\/dolomitiprealpi-favicon.jpg","width":512,"height":512,"caption":"Consorzio Dolomiti Prealpi"},"image":{"@id":"https:\/\/www.dolomitiprealpi.it\/de\/#\/schema\/logo\/image\/"},"sameAs":["https:\/\/www.facebook.com\/dolomitiprealpi.it\/","https:\/\/www.instagram.com\/dolomitiprealpi\/"]}]}},"_links":{"self":[{"href":"https:\/\/www.dolomitiprealpi.it\/de\/wp-json\/wp\/v2\/tribe_events\/66212","targetHints":{"allow":["GET"]}}],"collection":[{"href":"https:\/\/www.dolomitiprealpi.it\/de\/wp-json\/wp\/v2\/tribe_events"}],"about":[{"href":"https:\/\/www.dolomitiprealpi.it\/de\/wp-json\/wp\/v2\/types\/tribe_events"}],"version-history":[{"count":3,"href":"https:\/\/www.dolomitiprealpi.it\/de\/wp-json\/wp\/v2\/tribe_events\/66212\/revisions"}],"predecessor-version":[{"id":86223,"href":"https:\/\/www.dolomitiprealpi.it\/de\/wp-json\/wp\/v2\/tribe_events\/66212\/revisions\/86223"}],"wp:attachment":[{"href":"https:\/\/www.dolomitiprealpi.it\/de\/wp-json\/wp\/v2\/media?parent=66212"}],"wp:term":[{"taxonomy":"post_tag","embeddable":true,"href":"https:\/\/www.dolomitiprealpi.it\/de\/wp-json\/wp\/v2\/tags?post=66212"},{"taxonomy":"tribe_events_cat","embeddable":true,"href":"https:\/\/www.dolomitiprealpi.it\/de\/wp-json\/wp\/v2\/tribe_events_cat?post=66212"}],"curies":[{"name":"wp","href":"https:\/\/api.w.org\/{rel}","templated":true}]}}