{"id":65907,"date":"2026-02-15T11:47:16","date_gmt":"2026-02-15T10:47:16","guid":{"rendered":"https:\/\/www.dolomitiprealpi.it\/event\/bio-film-festival\/"},"modified":"2026-02-21T16:14:39","modified_gmt":"2026-02-21T15:14:39","slug":"bio-film-festival-3","status":"publish","type":"tribe_events","link":"https:\/\/www.dolomitiprealpi.it\/de\/event\/bio-film-festival-3\/","title":{"rendered":"Bio Film Festival"},"content":{"rendered":"<p>Die landwirtschaftliche und \u00f6kologische Biodiversit\u00e4t ist ein unermesslicher Schatz, den wir f\u00fcr zuk\u00fcnftige Generationen sch\u00fctzen m\u00fcssen. Sie spielt eine grundlegende Rolle nicht nur bei der Erhaltung der \u00d6kosysteme, sondern auch bei der Bildung unserer Kultur, Wirtschaft und Gastronomie. Das Bio Film Festival, das 2025 in die dritte Auflage geht, setzt sich daf\u00fcr ein, das Bewusstsein der \u00d6ffentlichkeit f\u00fcr die Bedeutung der Biodiversit\u00e4t zu sch\u00e4rfen und konkrete Ma\u00dfnahmen zu ihrer Bewahrung zu f\u00f6rdern.  Das diesj\u00e4hrige Thema wird die \u00f6kologische Regeneration sein.<\/p>\n<p>Durch eine Auswahl von Filmen, die die vielf\u00e4ltigen Facetten der Biodiversit\u00e4t erkunden \u2013 vom fragilen nat\u00fcrlichen Gleichgewicht \u00fcber die Auswirkungen des Klimawandels bis hin zu innovativen L\u00f6sungen f\u00fcr eine nachhaltige Landwirtschaft und den Geschichten von Gemeinschaften, die ihr Land verteidigen \u2013 wird das Festival den Dialog f\u00f6rdern und zu kollektivem Engagement inspirieren. Das Festival wird erneut eine Hommage an die Natur sein und eine Gelegenheit bieten, die Ernte des Jahres zu feiern, wodurch die Verbindung zwischen Umwelt und menschlichem Wohlbefinden gest\u00e4rkt wird.<\/p>\n<p>  In der malerischen Provinz Belluno, zwischen den majest\u00e4tischen Dolomiten (UNESCO-Weltkulturerbe), findet das Festival in der Gemeinde Sospirolo statt. Ein Freiluftkino, eingebettet in die Natur, wird eine einzigartige und eindrucksvolle Kulisse f\u00fcr ein filmisches Erlebnis bieten, das nat\u00fcrliche Sch\u00f6nheit und relevante Inhalte vereint.  Das Bio Film Festival 2025 wird eine Vielzahl von Werken pr\u00e4sentieren, darunter Dokumentarfilme, fiktionale Kurzfilme und Animationen, von denen jeder eine andere Perspektive auf Biodiversit\u00e4t und \u00f6kologische Nachhaltigkeit bietet.<\/p>\n<p>Die Filme werden sowohl eine Reflexion \u00fcber den aktuellen Zustand unseres Planeten als auch einen Aufruf zu konkreten Ma\u00dfnahmen zum Schutz der nat\u00fcrlichen Ressourcen sein.<\/p>\n<p>Bei der Abschlussveranstaltung werden der Beste Dokumentarfilm, der Beste Kurzfilm und der Beste Animationskurzfilm ausgezeichnet, um die Kreativit\u00e4t und das Engagement der Filmemacher zu feiern, die sich mit den Umweltproblemen auseinandersetzen.  Das Logo des Festivals, das ein Kind zeigt, das eine graue Welt ohne Biodiversit\u00e4t wieder bev\u00f6lkert, symbolisiert Hoffnung, Regeneration und die M\u00f6glichkeit einer erneuerten Zukunft.<\/p>\n<p>&nbsp;Das Bio Film Festival 2025 versteht sich als eine bedeutende Plattform zur Bildung, Einbindung und F\u00f6rderung von Ma\u00dfnahmen zum Schutz der \u00d6kosysteme sowie des landwirtschaftlichen und landschaftlichen Erbes, das unser Land einzigartig macht.<\/p>\n<p>Jeden Abend werden die Filme im Wettbewerb vorgef\u00fchrt.<\/p>\n<p>Internationales Filmfestival f\u00fcr Biodiversit\u00e4t.<\/p>\n","protected":false},"excerpt":{"rendered":"<p>Die landwirtschaftliche und \u00f6kologische Biodiversit\u00e4t ist ein unermesslicher Schatz, den wir f\u00fcr zuk\u00fcnftige Generationen sch\u00fctzen m\u00fcssen. Sie spielt eine grundlegende Rolle nicht nur bei der Erhaltung der \u00d6kosysteme, sondern auch<\/p>\n","protected":false},"author":0,"featured_media":0,"template":"","meta":{"_acf_changed":false,"inline_featured_image":false,"_tribe_events_status":"","_tribe_events_status_reason":"","footnotes":""},"tags":[259],"tribe_events_cat":[],"class_list":["post-65907","tribe_events","type-tribe_events","status-publish","hentry","tag-eventi-feratel"],"acf":[],"yoast_head":"<!-- This site is optimized with the Yoast SEO plugin v25.7 - https:\/\/yoast.com\/wordpress\/plugins\/seo\/ -->\n<title>Bio Film Festival - Dolomiti Prealpi<\/title>\n<meta name=\"robots\" content=\"index, follow, max-snippet:-1, max-image-preview:large, max-video-preview:-1\" \/>\n<link rel=\"canonical\" href=\"https:\/\/www.dolomitiprealpi.it\/de\/event\/bio-film-festival-3\/\" \/>\n<meta property=\"og:locale\" content=\"de_DE\" \/>\n<meta property=\"og:type\" content=\"article\" \/>\n<meta property=\"og:title\" content=\"Bio Film Festival - Dolomiti Prealpi\" \/>\n<meta property=\"og:description\" content=\"Die landwirtschaftliche und \u00f6kologische Biodiversit\u00e4t ist ein unermesslicher Schatz, den wir f\u00fcr zuk\u00fcnftige Generationen sch\u00fctzen m\u00fcssen. Sie spielt eine grundlegende Rolle nicht nur bei der Erhaltung der \u00d6kosysteme, sondern auch\" \/>\n<meta property=\"og:url\" content=\"https:\/\/www.dolomitiprealpi.it\/de\/event\/bio-film-festival-3\/\" \/>\n<meta property=\"og:site_name\" content=\"Dolomiti Prealpi\" \/>\n<meta property=\"article:publisher\" content=\"https:\/\/www.facebook.com\/dolomitiprealpi.it\/\" \/>\n<meta property=\"article:modified_time\" content=\"2026-02-21T15:14:39+00:00\" \/>\n<meta property=\"og:image\" content=\"https:\/\/www.dolomitiprealpi.it\/wp-content\/uploads\/2022\/11\/C.-Timpone-Foto-archivio-Consorzio-turistico-Dolomiti-Prealpi-Nevegal-Belluno-Bike-18-2.jpg\" \/>\n\t<meta property=\"og:image:width\" content=\"2048\" \/>\n\t<meta property=\"og:image:height\" content=\"1888\" \/>\n\t<meta property=\"og:image:type\" content=\"image\/jpeg\" \/>\n<meta name=\"twitter:card\" content=\"summary_large_image\" \/>\n<meta name=\"twitter:label1\" content=\"Est. reading time\" \/>\n\t<meta name=\"twitter:data1\" content=\"2 minutes\" \/>\n<script type=\"application\/ld+json\" class=\"yoast-schema-graph\">{\"@context\":\"https:\/\/schema.org\",\"@graph\":[{\"@type\":\"WebPage\",\"@id\":\"https:\/\/www.dolomitiprealpi.it\/de\/event\/bio-film-festival-3\/\",\"url\":\"https:\/\/www.dolomitiprealpi.it\/de\/event\/bio-film-festival-3\/\",\"name\":\"Bio Film Festival - Dolomiti Prealpi\",\"isPartOf\":{\"@id\":\"https:\/\/www.dolomitiprealpi.it\/de\/#website\"},\"datePublished\":\"2026-02-15T10:47:16+00:00\",\"dateModified\":\"2026-02-21T15:14:39+00:00\",\"breadcrumb\":{\"@id\":\"https:\/\/www.dolomitiprealpi.it\/de\/event\/bio-film-festival-3\/#breadcrumb\"},\"inLanguage\":\"de-DE\",\"potentialAction\":[{\"@type\":\"ReadAction\",\"target\":[\"https:\/\/www.dolomitiprealpi.it\/de\/event\/bio-film-festival-3\/\"]}]},{\"@type\":\"BreadcrumbList\",\"@id\":\"https:\/\/www.dolomitiprealpi.it\/de\/event\/bio-film-festival-3\/#breadcrumb\",\"itemListElement\":[{\"@type\":\"ListItem\",\"position\":1,\"name\":\"Home\",\"item\":\"https:\/\/www.dolomitiprealpi.it\/de\/\"},{\"@type\":\"ListItem\",\"position\":2,\"name\":\"Veranstaltungen\",\"item\":\"https:\/\/www.dolomitiprealpi.it\/de\/events\/\"},{\"@type\":\"ListItem\",\"position\":3,\"name\":\"Bio Film Festival\"}]},{\"@type\":\"WebSite\",\"@id\":\"https:\/\/www.dolomitiprealpi.it\/de\/#website\",\"url\":\"https:\/\/www.dolomitiprealpi.it\/de\/\",\"name\":\"Dolomiti Prealpi\",\"description\":\"\",\"publisher\":{\"@id\":\"https:\/\/www.dolomitiprealpi.it\/de\/#organization\"},\"potentialAction\":[{\"@type\":\"SearchAction\",\"target\":{\"@type\":\"EntryPoint\",\"urlTemplate\":\"https:\/\/www.dolomitiprealpi.it\/de\/?s={search_term_string}\"},\"query-input\":{\"@type\":\"PropertyValueSpecification\",\"valueRequired\":true,\"valueName\":\"search_term_string\"}}],\"inLanguage\":\"de-DE\"},{\"@type\":\"Organization\",\"@id\":\"https:\/\/www.dolomitiprealpi.it\/de\/#organization\",\"name\":\"Consorzio Dolomiti Prealpi\",\"url\":\"https:\/\/www.dolomitiprealpi.it\/de\/\",\"logo\":{\"@type\":\"ImageObject\",\"inLanguage\":\"de-DE\",\"@id\":\"https:\/\/www.dolomitiprealpi.it\/de\/#\/schema\/logo\/image\/\",\"url\":\"https:\/\/www.dolomitiprealpi.it\/wp-content\/uploads\/2023\/03\/dolomitiprealpi-favicon.jpg\",\"contentUrl\":\"https:\/\/www.dolomitiprealpi.it\/wp-content\/uploads\/2023\/03\/dolomitiprealpi-favicon.jpg\",\"width\":512,\"height\":512,\"caption\":\"Consorzio Dolomiti Prealpi\"},\"image\":{\"@id\":\"https:\/\/www.dolomitiprealpi.it\/de\/#\/schema\/logo\/image\/\"},\"sameAs\":[\"https:\/\/www.facebook.com\/dolomitiprealpi.it\/\",\"https:\/\/www.instagram.com\/dolomitiprealpi\/\"]}]}<\/script>\n<!-- \/ Yoast SEO plugin. -->","yoast_head_json":{"title":"Bio Film Festival - Dolomiti Prealpi","robots":{"index":"index","follow":"follow","max-snippet":"max-snippet:-1","max-image-preview":"max-image-preview:large","max-video-preview":"max-video-preview:-1"},"canonical":"https:\/\/www.dolomitiprealpi.it\/de\/event\/bio-film-festival-3\/","og_locale":"de_DE","og_type":"article","og_title":"Bio Film Festival - Dolomiti Prealpi","og_description":"Die landwirtschaftliche und \u00f6kologische Biodiversit\u00e4t ist ein unermesslicher Schatz, den wir f\u00fcr zuk\u00fcnftige Generationen sch\u00fctzen m\u00fcssen. Sie spielt eine grundlegende Rolle nicht nur bei der Erhaltung der \u00d6kosysteme, sondern auch","og_url":"https:\/\/www.dolomitiprealpi.it\/de\/event\/bio-film-festival-3\/","og_site_name":"Dolomiti Prealpi","article_publisher":"https:\/\/www.facebook.com\/dolomitiprealpi.it\/","article_modified_time":"2026-02-21T15:14:39+00:00","og_image":[{"width":2048,"height":1888,"url":"https:\/\/www.dolomitiprealpi.it\/wp-content\/uploads\/2022\/11\/C.-Timpone-Foto-archivio-Consorzio-turistico-Dolomiti-Prealpi-Nevegal-Belluno-Bike-18-2.jpg","type":"image\/jpeg"}],"twitter_card":"summary_large_image","twitter_misc":{"Est. reading time":"2 minutes"},"schema":{"@context":"https:\/\/schema.org","@graph":[{"@type":"WebPage","@id":"https:\/\/www.dolomitiprealpi.it\/de\/event\/bio-film-festival-3\/","url":"https:\/\/www.dolomitiprealpi.it\/de\/event\/bio-film-festival-3\/","name":"Bio Film Festival - Dolomiti Prealpi","isPartOf":{"@id":"https:\/\/www.dolomitiprealpi.it\/de\/#website"},"datePublished":"2026-02-15T10:47:16+00:00","dateModified":"2026-02-21T15:14:39+00:00","breadcrumb":{"@id":"https:\/\/www.dolomitiprealpi.it\/de\/event\/bio-film-festival-3\/#breadcrumb"},"inLanguage":"de-DE","potentialAction":[{"@type":"ReadAction","target":["https:\/\/www.dolomitiprealpi.it\/de\/event\/bio-film-festival-3\/"]}]},{"@type":"BreadcrumbList","@id":"https:\/\/www.dolomitiprealpi.it\/de\/event\/bio-film-festival-3\/#breadcrumb","itemListElement":[{"@type":"ListItem","position":1,"name":"Home","item":"https:\/\/www.dolomitiprealpi.it\/de\/"},{"@type":"ListItem","position":2,"name":"Veranstaltungen","item":"https:\/\/www.dolomitiprealpi.it\/de\/events\/"},{"@type":"ListItem","position":3,"name":"Bio Film Festival"}]},{"@type":"WebSite","@id":"https:\/\/www.dolomitiprealpi.it\/de\/#website","url":"https:\/\/www.dolomitiprealpi.it\/de\/","name":"Dolomiti Prealpi","description":"","publisher":{"@id":"https:\/\/www.dolomitiprealpi.it\/de\/#organization"},"potentialAction":[{"@type":"SearchAction","target":{"@type":"EntryPoint","urlTemplate":"https:\/\/www.dolomitiprealpi.it\/de\/?s={search_term_string}"},"query-input":{"@type":"PropertyValueSpecification","valueRequired":true,"valueName":"search_term_string"}}],"inLanguage":"de-DE"},{"@type":"Organization","@id":"https:\/\/www.dolomitiprealpi.it\/de\/#organization","name":"Consorzio Dolomiti Prealpi","url":"https:\/\/www.dolomitiprealpi.it\/de\/","logo":{"@type":"ImageObject","inLanguage":"de-DE","@id":"https:\/\/www.dolomitiprealpi.it\/de\/#\/schema\/logo\/image\/","url":"https:\/\/www.dolomitiprealpi.it\/wp-content\/uploads\/2023\/03\/dolomitiprealpi-favicon.jpg","contentUrl":"https:\/\/www.dolomitiprealpi.it\/wp-content\/uploads\/2023\/03\/dolomitiprealpi-favicon.jpg","width":512,"height":512,"caption":"Consorzio Dolomiti Prealpi"},"image":{"@id":"https:\/\/www.dolomitiprealpi.it\/de\/#\/schema\/logo\/image\/"},"sameAs":["https:\/\/www.facebook.com\/dolomitiprealpi.it\/","https:\/\/www.instagram.com\/dolomitiprealpi\/"]}]}},"_links":{"self":[{"href":"https:\/\/www.dolomitiprealpi.it\/de\/wp-json\/wp\/v2\/tribe_events\/65907","targetHints":{"allow":["GET"]}}],"collection":[{"href":"https:\/\/www.dolomitiprealpi.it\/de\/wp-json\/wp\/v2\/tribe_events"}],"about":[{"href":"https:\/\/www.dolomitiprealpi.it\/de\/wp-json\/wp\/v2\/types\/tribe_events"}],"version-history":[{"count":1,"href":"https:\/\/www.dolomitiprealpi.it\/de\/wp-json\/wp\/v2\/tribe_events\/65907\/revisions"}],"predecessor-version":[{"id":69676,"href":"https:\/\/www.dolomitiprealpi.it\/de\/wp-json\/wp\/v2\/tribe_events\/65907\/revisions\/69676"}],"wp:attachment":[{"href":"https:\/\/www.dolomitiprealpi.it\/de\/wp-json\/wp\/v2\/media?parent=65907"}],"wp:term":[{"taxonomy":"post_tag","embeddable":true,"href":"https:\/\/www.dolomitiprealpi.it\/de\/wp-json\/wp\/v2\/tags?post=65907"},{"taxonomy":"tribe_events_cat","embeddable":true,"href":"https:\/\/www.dolomitiprealpi.it\/de\/wp-json\/wp\/v2\/tribe_events_cat?post=65907"}],"curies":[{"name":"wp","href":"https:\/\/api.w.org\/{rel}","templated":true}]}}