{"id":118129,"date":"2026-06-27T12:25:05","date_gmt":"2026-06-27T10:25:05","guid":{"rendered":"https:\/\/www.dolomitiprealpi.it\/event\/dolomiti-arena-tiromancino-im-konzert\/"},"modified":"2026-07-16T14:36:46","modified_gmt":"2026-07-16T12:36:46","slug":"dolomiti-arena-tiromancino-im-konzert","status":"publish","type":"tribe_events","link":"https:\/\/www.dolomitiprealpi.it\/de\/event\/dolomiti-arena-tiromancino-im-konzert\/","title":{"rendered":"Dolomiti Arena &#8211; Tiromancino im Konzert"},"content":{"rendered":"<p>Es wird empfohlen, eine Decke, eine mittelschwere Jacke, M\u00fcckenschutz, Sonnencreme und eine Sonnenm\u00fctze mitzubringen, die in der Zeit vor der Veranstaltung und w\u00e4hrend des Konzerts genutzt werden k\u00f6nnen.<\/p>\n<p><b>Achtung<\/b>: Zelte oder Pavillons zum Sonnenschutz sind nicht erlaubt, aber es ist m\u00f6glich, kleine Regenschirme mitzubringen, die zu Beginn der Auff\u00fchrung zusammengeklappt werden m\u00fcssen.<\/p>\n<p>Am Sonntag, den 2. August um 17:00 Uhr empf\u00e4ngt der Ort Cajada in Longarone die dritte Etappe des <b><a href=\"https:\/\/www.dolomitiprealpi.it\/de\/detail-tosc-5\/?t=e#\/eventi\/TRN\/942e070d-0dc3-4f8b-9690-b06874b9ca25\/dolomiti-arena-slow-mountain-music-festival\">Dolomiti Arena \u2013 Slow Mountain Music Festival<\/a><\/b> mit einem Konzert der <b>TIROMANCINO<\/b>.<\/p>\n<p>Es ist ein Ereignis, das an einem Ort von gro\u00dfem symbolischen Wert stattfindet, wo der Berg auf das Ged\u00e4chtnis trifft, in einem Kontext, der nat\u00fcrlich zur Reflexion und zur langsamen Entdeckung des Gebiets einl\u00e4dt. Der Tag kann die Gelegenheit bieten, die Umgebung durch Routen zu erkunden, die die Erinnerung an die Orte erz\u00e4hlen, Museen und Ausstellungsr\u00e4ume, die die Geschichte des Tals bewahren, sowie Wege, die D\u00f6rfer und Gemeinschaften verbinden, wo sich die lokale Identit\u00e4t durch Traditionen und Gastfreundschaft ausdr\u00fcckt und wo die Dolomiten von Belluno aus noch n\u00e4her zu sehen sind.<\/p>\n<p><b>DAS EREIGNIS IST FREI UND KOSTENLOS. Wenn du kannst, <a href=\"https:\/\/www.dolomitiprealpi.it\/de\/detail-tosc-5\/?t=e#\/esperienze\/TRN\/d0db0222-71d0-43e9-a5be-e07c69cb6f8f\/dolomiti-arena---tiromancino---registrati-qui-\">melde dich an<\/a>: es ist nicht verpflichtend, aber es hilft uns, den Tag besser zu organisieren!&nbsp;<\/b><\/p>\n<p>ZUGANG ZUM KONZERTBEREICH<br \/>Der Konzertbereich ist <b>ausschlie\u00dflich zu Fu\u00df <\/b>erreichbar (kein Shuttleservice vorgesehen).&nbsp;<\/p>\n<p>PARKPL\u00c4TZE<br \/>Der Parkplatz in Cajada ist der n\u00e4chstgelegene zum Konzertbereich (ca. 45 Minuten zu Fu\u00df) und ist <u>mit Reservierung und bis zur Ersch\u00f6pfung der Pl\u00e4tze<\/u> verf\u00fcgbar. Der Weg dorthin ist eine Gebirgsstra\u00dfe, eng und mit Serpentinen, und wird zum Einbahnverkehr in Richtung oben gemacht, um den Zugang f\u00fcr Autos mit Permit zu erm\u00f6glichen. Es wird empfohlen, diesen Parkplatz zu w\u00e4hlen, wenn du Erfahrung mit solchen Stra\u00dfen hast, und bis sp\u00e4testens 15:30 Uhr zu kommen. <br \/><b>BUCHE DEN PARKPLATZ IN CAJADA \u00dcBER DIESEN <\/b><a href=\"https:\/\/docs.google.com\/forms\/d\/e\/1FAIpQLSdiSP0gA5Jf7CSGAm2cBP4R358bvZIs6v5eaWh4knViPM0VzA\/viewform?usp=dialog\"><b>GOOGLE FORMULAR<\/b><\/a>.<br \/>ACHTUNG: Die Reservierung des Parkplatzes in Cajada und die Anmeldung zur Veranstaltung sind nicht dasselbe: Die Anmeldung hilft uns zu wissen, wie viele am Konzert teilnehmen werden, ist jedoch NICHT g\u00fcltig f\u00fcr die Nutzung des Parkplatzes in Cajada. Um den Parkplatz in Cajada zu nutzen, ist es erforderlich, sich \u00fcber das oben genannte Google Formular anzumelden.<\/p>\n<p>Es werden zus\u00e4tzliche Parkpl\u00e4tze im Tal eingerichtet, von wo aus der Konzertbereich mit dem Mountainbike oder zu Fu\u00df (ca. 3 Stunden) erreicht werden kann.<\/p>\n<p><i>Infos werden aktualisiert\u2026<\/i><\/p>\n<p>BEHINDERTENPARKPL\u00c4TZE<br \/>Nur mit Reservierung verf\u00fcgbar (begrenzte Pl\u00e4tze).<br \/>Eine Anfrage per E-Mail an dolomitiarena22@gmail.com ist erforderlich, mit Name, Nummernschild und Details zum Behindertenausweis. Reservierungen schlie\u00dfen am Mittwoch, den 29. Juli um 12:00 Uhr oder bis zur Ersch\u00f6pfung der Pl\u00e4tze.<\/p>\n<p>WANDER- UND FAHRRADWEGE<\/p>\n<p>\u00d6FFNUNGSZEITEN UND EMPFEHLUNGEN<br \/>Es wird empfohlen, den Konzertbereich bis um 15:30 Uhr zu erreichen.<br \/>Folgen Sie stets den Anweisungen des vor Ort anwesenden Personals.<\/p>\n<p>N\u00dcTZLICHE INFOS<br \/>Bereich f\u00fcr die Abstellung von Fahrr\u00e4dern vorhanden.&nbsp;Es wird dringend empfohlen, Bergkleidung zu tragen.<\/p>\n<p>UMWELT UND SICHERHEIT<br \/>Der Veranstaltungsort des Konzerts befindet sich vollst\u00e4ndig innerhalb des <b>Nationalparks der Dolomiten von Belluno<\/b>, einer au\u00dfergew\u00f6hnlichen, aber fragilen Umgebung. Um ihn zu besuchen, ohne sein Naturerbe zu besch\u00e4digen und auch denjenigen, die sp\u00e4ter kommen werden, die M\u00f6glichkeit zu geben, seine Sch\u00f6nheit in vollem Umfang zu bewundern, m\u00fcssen einige Regeln beachtet werden:<br \/>&#8211; es ist verboten, Feuer zu machen, Blumen, Pilze, Pflanzen zu sammeln oder die Vegetation und die Umwelt auf irgendeine Weise zu sch\u00e4digen, Tiere zu st\u00f6ren oder zu f\u00fcttern<br \/>&#8211; es ist verboten zu rauchen und Glasflaschen mitzubringen<br \/>&#8211; Hunde m\u00fcssen immer an der Leine gehalten werden<br \/>&#8211; M\u00fcll darf nicht in die Umwelt entsorgt werden: Werfen Sie ihn in die daf\u00fcr vorgesehenen Beh\u00e4lter vor Ort oder nehmen Sie ihn mit nach Hause.&nbsp;<\/p>\n<p>VERPFLEGUNGSPUNKTE<br \/>Verpflegungspunkt vor Ort mit kalten Sandwiches und Getr\u00e4nken.<\/p>\n<p>Bei schlechtem Wetter wird das Konzert in die Longarone Fiere Dolomiti verlegt.<\/p>\n<p><i>Weitere Infos werden aktualisiert&#8230;<\/i><\/p>\n<p>Freier Eintritt &#8211; Longarone &#8211; 2. August<\/p>\n","protected":false},"excerpt":{"rendered":"<p>Es wird empfohlen, eine Decke, eine mittelschwere Jacke, M\u00fcckenschutz, Sonnencreme und eine Sonnenm\u00fctze mitzubringen, die in der Zeit vor der Veranstaltung und w\u00e4hrend des Konzerts genutzt werden k\u00f6nnen. Achtung: Zelte<\/p>\n","protected":false},"author":0,"featured_media":0,"template":"","meta":{"_acf_changed":false,"inline_featured_image":false,"_tribe_events_status":"","_tribe_events_status_reason":"","footnotes":""},"tags":[259],"tribe_events_cat":[],"class_list":["post-118129","tribe_events","type-tribe_events","status-publish","hentry","tag-eventi-feratel"],"acf":[],"yoast_head":"<!-- This site is optimized with the Yoast SEO plugin v25.7 - https:\/\/yoast.com\/wordpress\/plugins\/seo\/ -->\n<title>Dolomiti Arena - Tiromancino im Konzert - Dolomiti Prealpi<\/title>\n<meta name=\"robots\" content=\"index, follow, max-snippet:-1, max-image-preview:large, max-video-preview:-1\" \/>\n<link rel=\"canonical\" href=\"https:\/\/www.dolomitiprealpi.it\/de\/event\/dolomiti-arena-tiromancino-im-konzert\/\" \/>\n<meta property=\"og:locale\" content=\"de_DE\" \/>\n<meta property=\"og:type\" content=\"article\" \/>\n<meta property=\"og:title\" content=\"Dolomiti Arena - Tiromancino im Konzert - Dolomiti Prealpi\" \/>\n<meta property=\"og:description\" content=\"Es wird empfohlen, eine Decke, eine mittelschwere Jacke, M\u00fcckenschutz, Sonnencreme und eine Sonnenm\u00fctze mitzubringen, die in der Zeit vor der Veranstaltung und w\u00e4hrend des Konzerts genutzt werden k\u00f6nnen. Achtung: Zelte\" \/>\n<meta property=\"og:url\" content=\"https:\/\/www.dolomitiprealpi.it\/de\/event\/dolomiti-arena-tiromancino-im-konzert\/\" \/>\n<meta property=\"og:site_name\" content=\"Dolomiti Prealpi\" \/>\n<meta property=\"article:publisher\" content=\"https:\/\/www.facebook.com\/dolomitiprealpi.it\/\" \/>\n<meta property=\"article:modified_time\" content=\"2026-07-16T12:36:46+00:00\" \/>\n<meta property=\"og:image\" content=\"https:\/\/www.dolomitiprealpi.it\/wp-content\/uploads\/2022\/11\/C.-Timpone-Foto-archivio-Consorzio-turistico-Dolomiti-Prealpi-Nevegal-Belluno-Bike-18-2.jpg\" \/>\n\t<meta property=\"og:image:width\" content=\"2048\" \/>\n\t<meta property=\"og:image:height\" content=\"1888\" \/>\n\t<meta property=\"og:image:type\" content=\"image\/jpeg\" \/>\n<meta name=\"twitter:card\" content=\"summary_large_image\" \/>\n<meta name=\"twitter:label1\" content=\"Est. reading time\" \/>\n\t<meta name=\"twitter:data1\" content=\"3 minutes\" \/>\n<script type=\"application\/ld+json\" class=\"yoast-schema-graph\">{\"@context\":\"https:\/\/schema.org\",\"@graph\":[{\"@type\":\"WebPage\",\"@id\":\"https:\/\/www.dolomitiprealpi.it\/de\/event\/dolomiti-arena-tiromancino-im-konzert\/\",\"url\":\"https:\/\/www.dolomitiprealpi.it\/de\/event\/dolomiti-arena-tiromancino-im-konzert\/\",\"name\":\"Dolomiti Arena - Tiromancino im Konzert - Dolomiti Prealpi\",\"isPartOf\":{\"@id\":\"https:\/\/www.dolomitiprealpi.it\/de\/#website\"},\"datePublished\":\"2026-06-27T10:25:05+00:00\",\"dateModified\":\"2026-07-16T12:36:46+00:00\",\"breadcrumb\":{\"@id\":\"https:\/\/www.dolomitiprealpi.it\/de\/event\/dolomiti-arena-tiromancino-im-konzert\/#breadcrumb\"},\"inLanguage\":\"de-DE\",\"potentialAction\":[{\"@type\":\"ReadAction\",\"target\":[\"https:\/\/www.dolomitiprealpi.it\/de\/event\/dolomiti-arena-tiromancino-im-konzert\/\"]}]},{\"@type\":\"BreadcrumbList\",\"@id\":\"https:\/\/www.dolomitiprealpi.it\/de\/event\/dolomiti-arena-tiromancino-im-konzert\/#breadcrumb\",\"itemListElement\":[{\"@type\":\"ListItem\",\"position\":1,\"name\":\"Home\",\"item\":\"https:\/\/www.dolomitiprealpi.it\/de\/\"},{\"@type\":\"ListItem\",\"position\":2,\"name\":\"Veranstaltungen\",\"item\":\"https:\/\/www.dolomitiprealpi.it\/de\/events\/\"},{\"@type\":\"ListItem\",\"position\":3,\"name\":\"Dolomiti Arena &#8211; Tiromancino im Konzert\"}]},{\"@type\":\"WebSite\",\"@id\":\"https:\/\/www.dolomitiprealpi.it\/de\/#website\",\"url\":\"https:\/\/www.dolomitiprealpi.it\/de\/\",\"name\":\"Dolomiti Prealpi\",\"description\":\"\",\"publisher\":{\"@id\":\"https:\/\/www.dolomitiprealpi.it\/de\/#organization\"},\"potentialAction\":[{\"@type\":\"SearchAction\",\"target\":{\"@type\":\"EntryPoint\",\"urlTemplate\":\"https:\/\/www.dolomitiprealpi.it\/de\/?s={search_term_string}\"},\"query-input\":{\"@type\":\"PropertyValueSpecification\",\"valueRequired\":true,\"valueName\":\"search_term_string\"}}],\"inLanguage\":\"de-DE\"},{\"@type\":\"Organization\",\"@id\":\"https:\/\/www.dolomitiprealpi.it\/de\/#organization\",\"name\":\"Consorzio Dolomiti Prealpi\",\"url\":\"https:\/\/www.dolomitiprealpi.it\/de\/\",\"logo\":{\"@type\":\"ImageObject\",\"inLanguage\":\"de-DE\",\"@id\":\"https:\/\/www.dolomitiprealpi.it\/de\/#\/schema\/logo\/image\/\",\"url\":\"https:\/\/www.dolomitiprealpi.it\/wp-content\/uploads\/2023\/03\/dolomitiprealpi-favicon.jpg\",\"contentUrl\":\"https:\/\/www.dolomitiprealpi.it\/wp-content\/uploads\/2023\/03\/dolomitiprealpi-favicon.jpg\",\"width\":512,\"height\":512,\"caption\":\"Consorzio Dolomiti Prealpi\"},\"image\":{\"@id\":\"https:\/\/www.dolomitiprealpi.it\/de\/#\/schema\/logo\/image\/\"},\"sameAs\":[\"https:\/\/www.facebook.com\/dolomitiprealpi.it\/\",\"https:\/\/www.instagram.com\/dolomitiprealpi\/\"]}]}<\/script>\n<!-- \/ Yoast SEO plugin. -->","yoast_head_json":{"title":"Dolomiti Arena - Tiromancino im Konzert - Dolomiti Prealpi","robots":{"index":"index","follow":"follow","max-snippet":"max-snippet:-1","max-image-preview":"max-image-preview:large","max-video-preview":"max-video-preview:-1"},"canonical":"https:\/\/www.dolomitiprealpi.it\/de\/event\/dolomiti-arena-tiromancino-im-konzert\/","og_locale":"de_DE","og_type":"article","og_title":"Dolomiti Arena - Tiromancino im Konzert - Dolomiti Prealpi","og_description":"Es wird empfohlen, eine Decke, eine mittelschwere Jacke, M\u00fcckenschutz, Sonnencreme und eine Sonnenm\u00fctze mitzubringen, die in der Zeit vor der Veranstaltung und w\u00e4hrend des Konzerts genutzt werden k\u00f6nnen. Achtung: Zelte","og_url":"https:\/\/www.dolomitiprealpi.it\/de\/event\/dolomiti-arena-tiromancino-im-konzert\/","og_site_name":"Dolomiti Prealpi","article_publisher":"https:\/\/www.facebook.com\/dolomitiprealpi.it\/","article_modified_time":"2026-07-16T12:36:46+00:00","og_image":[{"width":2048,"height":1888,"url":"https:\/\/www.dolomitiprealpi.it\/wp-content\/uploads\/2022\/11\/C.-Timpone-Foto-archivio-Consorzio-turistico-Dolomiti-Prealpi-Nevegal-Belluno-Bike-18-2.jpg","type":"image\/jpeg"}],"twitter_card":"summary_large_image","twitter_misc":{"Est. reading time":"3 minutes"},"schema":{"@context":"https:\/\/schema.org","@graph":[{"@type":"WebPage","@id":"https:\/\/www.dolomitiprealpi.it\/de\/event\/dolomiti-arena-tiromancino-im-konzert\/","url":"https:\/\/www.dolomitiprealpi.it\/de\/event\/dolomiti-arena-tiromancino-im-konzert\/","name":"Dolomiti Arena - Tiromancino im Konzert - Dolomiti Prealpi","isPartOf":{"@id":"https:\/\/www.dolomitiprealpi.it\/de\/#website"},"datePublished":"2026-06-27T10:25:05+00:00","dateModified":"2026-07-16T12:36:46+00:00","breadcrumb":{"@id":"https:\/\/www.dolomitiprealpi.it\/de\/event\/dolomiti-arena-tiromancino-im-konzert\/#breadcrumb"},"inLanguage":"de-DE","potentialAction":[{"@type":"ReadAction","target":["https:\/\/www.dolomitiprealpi.it\/de\/event\/dolomiti-arena-tiromancino-im-konzert\/"]}]},{"@type":"BreadcrumbList","@id":"https:\/\/www.dolomitiprealpi.it\/de\/event\/dolomiti-arena-tiromancino-im-konzert\/#breadcrumb","itemListElement":[{"@type":"ListItem","position":1,"name":"Home","item":"https:\/\/www.dolomitiprealpi.it\/de\/"},{"@type":"ListItem","position":2,"name":"Veranstaltungen","item":"https:\/\/www.dolomitiprealpi.it\/de\/events\/"},{"@type":"ListItem","position":3,"name":"Dolomiti Arena &#8211; Tiromancino im Konzert"}]},{"@type":"WebSite","@id":"https:\/\/www.dolomitiprealpi.it\/de\/#website","url":"https:\/\/www.dolomitiprealpi.it\/de\/","name":"Dolomiti Prealpi","description":"","publisher":{"@id":"https:\/\/www.dolomitiprealpi.it\/de\/#organization"},"potentialAction":[{"@type":"SearchAction","target":{"@type":"EntryPoint","urlTemplate":"https:\/\/www.dolomitiprealpi.it\/de\/?s={search_term_string}"},"query-input":{"@type":"PropertyValueSpecification","valueRequired":true,"valueName":"search_term_string"}}],"inLanguage":"de-DE"},{"@type":"Organization","@id":"https:\/\/www.dolomitiprealpi.it\/de\/#organization","name":"Consorzio Dolomiti Prealpi","url":"https:\/\/www.dolomitiprealpi.it\/de\/","logo":{"@type":"ImageObject","inLanguage":"de-DE","@id":"https:\/\/www.dolomitiprealpi.it\/de\/#\/schema\/logo\/image\/","url":"https:\/\/www.dolomitiprealpi.it\/wp-content\/uploads\/2023\/03\/dolomitiprealpi-favicon.jpg","contentUrl":"https:\/\/www.dolomitiprealpi.it\/wp-content\/uploads\/2023\/03\/dolomitiprealpi-favicon.jpg","width":512,"height":512,"caption":"Consorzio Dolomiti Prealpi"},"image":{"@id":"https:\/\/www.dolomitiprealpi.it\/de\/#\/schema\/logo\/image\/"},"sameAs":["https:\/\/www.facebook.com\/dolomitiprealpi.it\/","https:\/\/www.instagram.com\/dolomitiprealpi\/"]}]}},"_links":{"self":[{"href":"https:\/\/www.dolomitiprealpi.it\/de\/wp-json\/wp\/v2\/tribe_events\/118129","targetHints":{"allow":["GET"]}}],"collection":[{"href":"https:\/\/www.dolomitiprealpi.it\/de\/wp-json\/wp\/v2\/tribe_events"}],"about":[{"href":"https:\/\/www.dolomitiprealpi.it\/de\/wp-json\/wp\/v2\/types\/tribe_events"}],"version-history":[{"count":3,"href":"https:\/\/www.dolomitiprealpi.it\/de\/wp-json\/wp\/v2\/tribe_events\/118129\/revisions"}],"predecessor-version":[{"id":128717,"href":"https:\/\/www.dolomitiprealpi.it\/de\/wp-json\/wp\/v2\/tribe_events\/118129\/revisions\/128717"}],"wp:attachment":[{"href":"https:\/\/www.dolomitiprealpi.it\/de\/wp-json\/wp\/v2\/media?parent=118129"}],"wp:term":[{"taxonomy":"post_tag","embeddable":true,"href":"https:\/\/www.dolomitiprealpi.it\/de\/wp-json\/wp\/v2\/tags?post=118129"},{"taxonomy":"tribe_events_cat","embeddable":true,"href":"https:\/\/www.dolomitiprealpi.it\/de\/wp-json\/wp\/v2\/tribe_events_cat?post=118129"}],"curies":[{"name":"wp","href":"https:\/\/api.w.org\/{rel}","templated":true}]}}