{"id":117387,"date":"2026-06-27T12:09:54","date_gmt":"2026-06-27T10:09:54","guid":{"rendered":"https:\/\/www.dolomitiprealpi.it\/event\/dolomiti-arena-francesca-michielin-im-konzert\/"},"modified":"2026-07-16T14:22:09","modified_gmt":"2026-07-16T12:22:09","slug":"dolomiti-arena-francesca-michielin-im-konzert","status":"publish","type":"tribe_events","link":"https:\/\/www.dolomitiprealpi.it\/de\/event\/dolomiti-arena-francesca-michielin-im-konzert\/","title":{"rendered":"Dolomiti Arena &#8211; Francesca Michielin im Konzert"},"content":{"rendered":"<p>Es wird empfohlen, eine Decke, eine mittelschwere Jacke, Insektenschutzmittel, Sonnencreme und eine Sonnenm\u00fctze mitzubringen, die in der Zeit vor der Veranstaltung und w\u00e4hrend des Konzerts genutzt werden k\u00f6nnen.<\/p>\n<p><b>Achtung<\/b>: Zelte oder Pavillons zum Schutz vor der Sonne sind nicht erlaubt, aber es ist m\u00f6glich, kleine Regenschirme mitzubringen, die zu Beginn der Performance geschlossen werden sollten.<\/p>\n<p><\/p>\n<p>Freier Eintritt &#8211; Monte Avena &#8211; 18. Juli<\/p>\n<p>Am 18. Juli um 17:00 Uhr hei\u00dft die Malga Campon in Fonzaso die erste Etappe des <b><a href=\"https:\/\/www.dolomitiprealpi.it\/de\/detail-tosc-5\/?t=e#\/eventi\/TRN\/942e070d-0dc3-4f8b-9690-b06874b9ca25\/dolomiti-arena-slow-mountain-music-festival\">Dolomiti Arena \u2013 Slow Mountain Music Festival<\/a><\/b> mit dem kostenlosen Konzert von <b>FRANCESCA MICHIELIN<\/b> willkommen.<\/p>\n<p>Es ist die perfekte Gelegenheit, einen \u00fcberraschend nahen, weiten und einladenden Berg zu entdecken: den Monte Avena. Ideal f\u00fcr alle, die einen entspannten Tag im Freien suchen, aber mit Panoramen, die pl\u00f6tzlich auftauchen und im Ged\u00e4chtnis bleiben.&nbsp;<\/p>\n<p>Es ist einer dieser Orte, die man nat\u00fcrlich erleben kann: leicht erreichbar und sofort zu einem privilegierten Aussichtspunkt \u00fcber das Valbelluna und die Dolomiten von Belluno wird. Ein paar Schritte gen\u00fcgen, um offene Ausblicke, Panoramen-B\u00e4nke und perfekte Ecken f\u00fcr eine Pause zu entdecken, vielleicht bei einer Erholung mit lokalen Produkten in den H\u00fctten oder Einrichtungen der Gegend.<\/p>\n<p><b>DAS EVENT IST FREI UND KOSTENLOS. Wenn du kannst, <a href=\"https:\/\/www.dolomitiprealpi.it\/de\/detail-tosc-5\/?t=e#\/esperienze\/TRN\/369256ad-9e9b-41a0-b573-11a0642b889c\/dolomiti-arena---francesca-michielin---registrati-qui-\">registriere dich<\/a>: es ist nicht verpflichtend, aber du hilfst uns, den Tag besser zu organisieren!<\/b><\/p>\n<p><u>ZUGANG ZUM KONZERTBEREICH<\/u><br \/>Der Konzertbereich ist <b>nur zu Fu\u00df<\/b> erreichbar (kein Shuttle-Service vorgesehen).<br \/>Der Zugang zu den Parkpl\u00e4tzen ist <b>nur von der Abzweigung Col Melon<\/b> auf der SS473 (Pedavena \u2013 Croce d&#8217;Aune) in Richtung Monte Avena erlaubt, mit Einbahnstra\u00dfe bergauf.<br \/>Es ist nicht m\u00f6glich, die Ortschaft Campon von der Passo Croce d&#8217;Aune aus zu erreichen.<\/p>\n<p><u>\u00d6FFNUNGSZEITEN<\/u><br \/>Es wird empfohlen, die Zeiten im Hinblick auf den m\u00f6glichen Verkehr vor Ort und die Distanz, die man zu Fu\u00df zur\u00fccklegen muss, um den Konzertbereich zu erreichen, zu ber\u00fccksichtigen. Aus Sicherheitsgr\u00fcnden wird empfohlen, <b>den Konzertbereich bis 15:00 Uhr zu erreichen<\/b>.<br \/>Den Anweisungen des anwesenden Personals ist immer zu folgen.<\/p>\n<p><u>PARKPL\u00c4TZE<br \/><\/u>Die Autos werden nacheinander in diesen Bereichen geleitet und geparkt:<br \/><b>Ortschaft Le Buse <\/b>(ca. 1,5 km vom Konzertbereich)<br \/>Weiter in Richtung <b>Casera dei Boschi <\/b>(2 km vom Konzertbereich)<br \/>Weiter in Richtung der Ortschaft <b>Le Laste <\/b>(5 km vom Konzertbereich)<\/p>\n<p><u>ROLLSTUHL PARKPLATZ<\/u><br \/>Nur nach vorheriger Anfrage verf\u00fcgbar (begrenzte Pl\u00e4tze).<br \/>Ben\u00f6tigt wird eine Anfrage per E-Mail an dolomitiarena22@gmail.com mit Angabe des Namens, Nummernschilds und Details des Behindertenausweises. Die Reservierungen schlie\u00dfen am Mittwoch, den 15. Juli, um 12:00 Uhr oder bis zur Ersch\u00f6pfung der Pl\u00e4tze.<\/p>\n<p><u>WANDERWEGE<br \/><\/u>Alle angegebenen Wege f\u00fchren zur Malga Campon, mit <b>einem Spaziergang von 45 bis 75 Minuten<\/b>.<br \/>Vom Chalet Alle Buse: Weg zur Malga Campon (1,5 km und H\u00f6henunterschied +200 m).<br \/>Von der Stra\u00dfe in Richtung Croce d&#8217;Aune: Weg entlang der Gemeindestra\u00dfe, die vom Agriturismo &#8220;Casera dei Boschi&#8221; zu den Almen von Campet und Campon f\u00fchrt (2-3 km und H\u00f6henunterschied +200 m).<\/p>\n<p><u>N\u00dcTZLICHE INFOS<\/u><br \/>F\u00fcr diejenigen, die den Konzertbereich mit dem Fahrrad erreichen m\u00f6chten, wird <b>ein Bereich zur Abstellung der Fahrr\u00e4der<\/b> bereitgestellt.<br \/>F\u00fcr unsere vierbeinigen Freunde ist die <b>Verwendung einer Leine <\/b>obligatorisch, und es wird empfohlen, sie im seitlichen Bereich des Konzerts zu positionieren.<br \/>Es ist dringend empfohlen, <b>geeignete Schuhe und Bergkleidung <\/b>zu tragen und eine Taschenlampe\/Stirnlampe mitzubringen, falls die R\u00fcckkehr nach Einbruch der Dunkelheit erfolgt.<\/p>\n<p><u>UMWELT UND SICHERHEIT<\/u><br \/>Es ist streng <b>verboten zu rauchen <\/b>im Konzertbereich, <b>Glasflaschen einzuf\u00fchren <\/b>und nicht autorisierte Drohnen fliegen zu lassen. Eventuelle Sonnenschirme m\u00fcssen vor Beginn des Konzerts geschlossen werden.&nbsp;<\/p>\n<p><u>VERPFLEGUNGSPUNKTE<\/u><br \/>Vor Ort werden <b>St\u00e4nde mit kalten Sandwiches und Getr\u00e4nken<\/b> eingerichtet. <br \/>Die folgenden Restaurants in der N\u00e4he werden zum Mittagessen ge\u00f6ffnet sein (Reservierung empfohlen): Malga Campon, Malga Campet, Casera dei Boschi, Chalet Alle Buse, Ristorante Croce d&#8217;Aune, Ristorante Al Camoscio.<\/p>\n<p><u>EMPFOHLENE AKTIVIT\u00c4TEN <br \/><\/u>Am Morgen des Konzerts, lass dich von dem Gebiet Fonzaso \u00fcberraschen, entdecke seine Wahrzeichen und Attraktionen dank au\u00dfergew\u00f6hnlicher \u00d6ffnungszeiten, die den Besuchern gewidmet sind:<\/p>\n<p><b><\/b> <\/p>\n<ol>\n<li><b><a href=\"https:\/\/www.dolomitiprealpi.it\/de\/barch-art-percorso-artistico-nella-piana-di-fonzaso\/#\/punti-di-interesse\">Barch Art Spaziergang<\/a><\/b>, ein ruhiger Fu\u00df- und Radweg von verbreiteter Land Art, der zeitgen\u00f6ssische Kunst und l\u00e4ndliche Landschaften verbindet (4 km &#8211; ca. 50 Minuten zu Fu\u00df). F\u00fcr Infos: Dolomiti Hub &#8211;&nbsp;0439 1991946.<\/li>\n<li><b>Kirche von Sant&#8217;Anna&nbsp;<\/b>(ge\u00f6ffnet von 9:00 bis 12:00 durch den Verein La goccia di Fonzaso f\u00fcr Infos und Reservierungen: lagoccia2006@libero.it )<\/li>\n<li><b>Kirche von Santa Giustina <\/b>(ge\u00f6ffnet von 8:30 bis 10:00 durch die <u>Pro Loco Fonzaso<\/u>)&nbsp;bemerkt f\u00fcr ihre wundersch\u00f6nen Fresken von Giovanni di Francia. Infos und Reservierung empfohlen: Pro Loco Fonzaso &#8211; 388 1008670.<\/li>\n<li><b><a href=\"https:\/\/www.dolomitiprealpi.it\/de\/eremo-di-san-micel-fonzaso\/#\/punti-di-interesse\">Eremo&nbsp;di San Micel<\/a><\/b>, gelegen in der Nische in den Felsen des monte Avena, wird f\u00fcr F\u00fchrungen um 9:30, 10:30 und 11:30 durch die <u>Pro Loco Fonzaso<\/u> ge\u00f6ffnet sein, Reservierung empfohlen unter 388 1008670.<\/li>\n<li><b>Fotografische Ausstellung &#8220;Im 20. Jahrhundert mit dem Bus in den Dolomiten&#8221;<\/b>, eine Ausstellung von \u00fcber 150&nbsp; historischen Fotos, die von den Reisen einer anderen Zeit zwischen den Bergen erz\u00e4hlen, in der Sala &#8220;Da Bolpe&#8221; nahe dem Antico Albergo Sant&#8217;Antonio&nbsp;(ge\u00f6ffnet von 9:00 bis 12:00 und von 14:00 bis 18:00 nach telefonischer Voranmeldung unter den Nummern 04395589 oder 3347256611).<\/li>\n<\/ol>\n<p>Die Restaurants in der N\u00e4he werden zum Mittagessen ge\u00f6ffnet sein: Dolomiti Hub, La Fenadora, Antico Albergo Sant\u2019Antonio und Da Toni Oro.<\/p>\n<p>Bei schlechtem Wetter wird das Konzert abgesagt.<\/p>\n<p>Schau dir die interaktive Karte der Parkpl\u00e4tze und Routen unter <a href=\"https:\/\/www.google.com\/maps\/d\/u\/0\/edit?mid=1fdExIBiQOz3HNy1krKCDNOi-Nsw6URo&amp;usp=sharing\">diesem Link<\/a> an.<\/p>\n","protected":false},"excerpt":{"rendered":"<p>Es wird empfohlen, eine Decke, eine mittelschwere Jacke, Insektenschutzmittel, Sonnencreme und eine Sonnenm\u00fctze mitzubringen, die in der Zeit vor der Veranstaltung und w\u00e4hrend des Konzerts genutzt werden k\u00f6nnen. Achtung: Zelte<\/p>\n","protected":false},"author":0,"featured_media":0,"template":"","meta":{"_acf_changed":false,"inline_featured_image":false,"_tribe_events_status":"","_tribe_events_status_reason":"","footnotes":""},"tags":[259],"tribe_events_cat":[],"class_list":["post-117387","tribe_events","type-tribe_events","status-publish","hentry","tag-eventi-feratel"],"acf":[],"yoast_head":"<!-- This site is optimized with the Yoast SEO plugin v25.7 - https:\/\/yoast.com\/wordpress\/plugins\/seo\/ -->\n<title>Dolomiti Arena - Francesca Michielin im Konzert - Dolomiti Prealpi<\/title>\n<meta name=\"robots\" content=\"index, follow, max-snippet:-1, max-image-preview:large, max-video-preview:-1\" \/>\n<link rel=\"canonical\" href=\"https:\/\/www.dolomitiprealpi.it\/de\/event\/dolomiti-arena-francesca-michielin-im-konzert\/\" \/>\n<meta property=\"og:locale\" content=\"de_DE\" \/>\n<meta property=\"og:type\" content=\"article\" \/>\n<meta property=\"og:title\" content=\"Dolomiti Arena - Francesca Michielin im Konzert - Dolomiti Prealpi\" \/>\n<meta property=\"og:description\" content=\"Es wird empfohlen, eine Decke, eine mittelschwere Jacke, Insektenschutzmittel, Sonnencreme und eine Sonnenm\u00fctze mitzubringen, die in der Zeit vor der Veranstaltung und w\u00e4hrend des Konzerts genutzt werden k\u00f6nnen. Achtung: Zelte\" \/>\n<meta property=\"og:url\" content=\"https:\/\/www.dolomitiprealpi.it\/de\/event\/dolomiti-arena-francesca-michielin-im-konzert\/\" \/>\n<meta property=\"og:site_name\" content=\"Dolomiti Prealpi\" \/>\n<meta property=\"article:publisher\" content=\"https:\/\/www.facebook.com\/dolomitiprealpi.it\/\" \/>\n<meta property=\"article:modified_time\" content=\"2026-07-16T12:22:09+00:00\" \/>\n<meta property=\"og:image\" content=\"https:\/\/www.dolomitiprealpi.it\/wp-content\/uploads\/2022\/11\/C.-Timpone-Foto-archivio-Consorzio-turistico-Dolomiti-Prealpi-Nevegal-Belluno-Bike-18-2.jpg\" \/>\n\t<meta property=\"og:image:width\" content=\"2048\" \/>\n\t<meta property=\"og:image:height\" content=\"1888\" \/>\n\t<meta property=\"og:image:type\" content=\"image\/jpeg\" \/>\n<meta name=\"twitter:card\" content=\"summary_large_image\" \/>\n<meta name=\"twitter:label1\" content=\"Est. reading time\" \/>\n\t<meta name=\"twitter:data1\" content=\"4 minutes\" \/>\n<script type=\"application\/ld+json\" class=\"yoast-schema-graph\">{\"@context\":\"https:\/\/schema.org\",\"@graph\":[{\"@type\":\"WebPage\",\"@id\":\"https:\/\/www.dolomitiprealpi.it\/de\/event\/dolomiti-arena-francesca-michielin-im-konzert\/\",\"url\":\"https:\/\/www.dolomitiprealpi.it\/de\/event\/dolomiti-arena-francesca-michielin-im-konzert\/\",\"name\":\"Dolomiti Arena - Francesca Michielin im Konzert - Dolomiti Prealpi\",\"isPartOf\":{\"@id\":\"https:\/\/www.dolomitiprealpi.it\/de\/#website\"},\"datePublished\":\"2026-06-27T10:09:54+00:00\",\"dateModified\":\"2026-07-16T12:22:09+00:00\",\"breadcrumb\":{\"@id\":\"https:\/\/www.dolomitiprealpi.it\/de\/event\/dolomiti-arena-francesca-michielin-im-konzert\/#breadcrumb\"},\"inLanguage\":\"de-DE\",\"potentialAction\":[{\"@type\":\"ReadAction\",\"target\":[\"https:\/\/www.dolomitiprealpi.it\/de\/event\/dolomiti-arena-francesca-michielin-im-konzert\/\"]}]},{\"@type\":\"BreadcrumbList\",\"@id\":\"https:\/\/www.dolomitiprealpi.it\/de\/event\/dolomiti-arena-francesca-michielin-im-konzert\/#breadcrumb\",\"itemListElement\":[{\"@type\":\"ListItem\",\"position\":1,\"name\":\"Home\",\"item\":\"https:\/\/www.dolomitiprealpi.it\/de\/\"},{\"@type\":\"ListItem\",\"position\":2,\"name\":\"Veranstaltungen\",\"item\":\"https:\/\/www.dolomitiprealpi.it\/de\/events\/\"},{\"@type\":\"ListItem\",\"position\":3,\"name\":\"Dolomiti Arena &#8211; Francesca Michielin im Konzert\"}]},{\"@type\":\"WebSite\",\"@id\":\"https:\/\/www.dolomitiprealpi.it\/de\/#website\",\"url\":\"https:\/\/www.dolomitiprealpi.it\/de\/\",\"name\":\"Dolomiti Prealpi\",\"description\":\"\",\"publisher\":{\"@id\":\"https:\/\/www.dolomitiprealpi.it\/de\/#organization\"},\"potentialAction\":[{\"@type\":\"SearchAction\",\"target\":{\"@type\":\"EntryPoint\",\"urlTemplate\":\"https:\/\/www.dolomitiprealpi.it\/de\/?s={search_term_string}\"},\"query-input\":{\"@type\":\"PropertyValueSpecification\",\"valueRequired\":true,\"valueName\":\"search_term_string\"}}],\"inLanguage\":\"de-DE\"},{\"@type\":\"Organization\",\"@id\":\"https:\/\/www.dolomitiprealpi.it\/de\/#organization\",\"name\":\"Consorzio Dolomiti Prealpi\",\"url\":\"https:\/\/www.dolomitiprealpi.it\/de\/\",\"logo\":{\"@type\":\"ImageObject\",\"inLanguage\":\"de-DE\",\"@id\":\"https:\/\/www.dolomitiprealpi.it\/de\/#\/schema\/logo\/image\/\",\"url\":\"https:\/\/www.dolomitiprealpi.it\/wp-content\/uploads\/2023\/03\/dolomitiprealpi-favicon.jpg\",\"contentUrl\":\"https:\/\/www.dolomitiprealpi.it\/wp-content\/uploads\/2023\/03\/dolomitiprealpi-favicon.jpg\",\"width\":512,\"height\":512,\"caption\":\"Consorzio Dolomiti Prealpi\"},\"image\":{\"@id\":\"https:\/\/www.dolomitiprealpi.it\/de\/#\/schema\/logo\/image\/\"},\"sameAs\":[\"https:\/\/www.facebook.com\/dolomitiprealpi.it\/\",\"https:\/\/www.instagram.com\/dolomitiprealpi\/\"]}]}<\/script>\n<!-- \/ Yoast SEO plugin. -->","yoast_head_json":{"title":"Dolomiti Arena - Francesca Michielin im Konzert - Dolomiti Prealpi","robots":{"index":"index","follow":"follow","max-snippet":"max-snippet:-1","max-image-preview":"max-image-preview:large","max-video-preview":"max-video-preview:-1"},"canonical":"https:\/\/www.dolomitiprealpi.it\/de\/event\/dolomiti-arena-francesca-michielin-im-konzert\/","og_locale":"de_DE","og_type":"article","og_title":"Dolomiti Arena - Francesca Michielin im Konzert - Dolomiti Prealpi","og_description":"Es wird empfohlen, eine Decke, eine mittelschwere Jacke, Insektenschutzmittel, Sonnencreme und eine Sonnenm\u00fctze mitzubringen, die in der Zeit vor der Veranstaltung und w\u00e4hrend des Konzerts genutzt werden k\u00f6nnen. Achtung: Zelte","og_url":"https:\/\/www.dolomitiprealpi.it\/de\/event\/dolomiti-arena-francesca-michielin-im-konzert\/","og_site_name":"Dolomiti Prealpi","article_publisher":"https:\/\/www.facebook.com\/dolomitiprealpi.it\/","article_modified_time":"2026-07-16T12:22:09+00:00","og_image":[{"width":2048,"height":1888,"url":"https:\/\/www.dolomitiprealpi.it\/wp-content\/uploads\/2022\/11\/C.-Timpone-Foto-archivio-Consorzio-turistico-Dolomiti-Prealpi-Nevegal-Belluno-Bike-18-2.jpg","type":"image\/jpeg"}],"twitter_card":"summary_large_image","twitter_misc":{"Est. reading time":"4 minutes"},"schema":{"@context":"https:\/\/schema.org","@graph":[{"@type":"WebPage","@id":"https:\/\/www.dolomitiprealpi.it\/de\/event\/dolomiti-arena-francesca-michielin-im-konzert\/","url":"https:\/\/www.dolomitiprealpi.it\/de\/event\/dolomiti-arena-francesca-michielin-im-konzert\/","name":"Dolomiti Arena - Francesca Michielin im Konzert - Dolomiti Prealpi","isPartOf":{"@id":"https:\/\/www.dolomitiprealpi.it\/de\/#website"},"datePublished":"2026-06-27T10:09:54+00:00","dateModified":"2026-07-16T12:22:09+00:00","breadcrumb":{"@id":"https:\/\/www.dolomitiprealpi.it\/de\/event\/dolomiti-arena-francesca-michielin-im-konzert\/#breadcrumb"},"inLanguage":"de-DE","potentialAction":[{"@type":"ReadAction","target":["https:\/\/www.dolomitiprealpi.it\/de\/event\/dolomiti-arena-francesca-michielin-im-konzert\/"]}]},{"@type":"BreadcrumbList","@id":"https:\/\/www.dolomitiprealpi.it\/de\/event\/dolomiti-arena-francesca-michielin-im-konzert\/#breadcrumb","itemListElement":[{"@type":"ListItem","position":1,"name":"Home","item":"https:\/\/www.dolomitiprealpi.it\/de\/"},{"@type":"ListItem","position":2,"name":"Veranstaltungen","item":"https:\/\/www.dolomitiprealpi.it\/de\/events\/"},{"@type":"ListItem","position":3,"name":"Dolomiti Arena &#8211; Francesca Michielin im Konzert"}]},{"@type":"WebSite","@id":"https:\/\/www.dolomitiprealpi.it\/de\/#website","url":"https:\/\/www.dolomitiprealpi.it\/de\/","name":"Dolomiti Prealpi","description":"","publisher":{"@id":"https:\/\/www.dolomitiprealpi.it\/de\/#organization"},"potentialAction":[{"@type":"SearchAction","target":{"@type":"EntryPoint","urlTemplate":"https:\/\/www.dolomitiprealpi.it\/de\/?s={search_term_string}"},"query-input":{"@type":"PropertyValueSpecification","valueRequired":true,"valueName":"search_term_string"}}],"inLanguage":"de-DE"},{"@type":"Organization","@id":"https:\/\/www.dolomitiprealpi.it\/de\/#organization","name":"Consorzio Dolomiti Prealpi","url":"https:\/\/www.dolomitiprealpi.it\/de\/","logo":{"@type":"ImageObject","inLanguage":"de-DE","@id":"https:\/\/www.dolomitiprealpi.it\/de\/#\/schema\/logo\/image\/","url":"https:\/\/www.dolomitiprealpi.it\/wp-content\/uploads\/2023\/03\/dolomitiprealpi-favicon.jpg","contentUrl":"https:\/\/www.dolomitiprealpi.it\/wp-content\/uploads\/2023\/03\/dolomitiprealpi-favicon.jpg","width":512,"height":512,"caption":"Consorzio Dolomiti Prealpi"},"image":{"@id":"https:\/\/www.dolomitiprealpi.it\/de\/#\/schema\/logo\/image\/"},"sameAs":["https:\/\/www.facebook.com\/dolomitiprealpi.it\/","https:\/\/www.instagram.com\/dolomitiprealpi\/"]}]}},"_links":{"self":[{"href":"https:\/\/www.dolomitiprealpi.it\/de\/wp-json\/wp\/v2\/tribe_events\/117387","targetHints":{"allow":["GET"]}}],"collection":[{"href":"https:\/\/www.dolomitiprealpi.it\/de\/wp-json\/wp\/v2\/tribe_events"}],"about":[{"href":"https:\/\/www.dolomitiprealpi.it\/de\/wp-json\/wp\/v2\/types\/tribe_events"}],"version-history":[{"count":3,"href":"https:\/\/www.dolomitiprealpi.it\/de\/wp-json\/wp\/v2\/tribe_events\/117387\/revisions"}],"predecessor-version":[{"id":128206,"href":"https:\/\/www.dolomitiprealpi.it\/de\/wp-json\/wp\/v2\/tribe_events\/117387\/revisions\/128206"}],"wp:attachment":[{"href":"https:\/\/www.dolomitiprealpi.it\/de\/wp-json\/wp\/v2\/media?parent=117387"}],"wp:term":[{"taxonomy":"post_tag","embeddable":true,"href":"https:\/\/www.dolomitiprealpi.it\/de\/wp-json\/wp\/v2\/tags?post=117387"},{"taxonomy":"tribe_events_cat","embeddable":true,"href":"https:\/\/www.dolomitiprealpi.it\/de\/wp-json\/wp\/v2\/tribe_events_cat?post=117387"}],"curies":[{"name":"wp","href":"https:\/\/api.w.org\/{rel}","templated":true}]}}