{"id":116636,"date":"2026-06-27T11:55:11","date_gmt":"2026-06-27T09:55:11","guid":{"rendered":"https:\/\/www.dolomitiprealpi.it\/event\/dolomiti-arena-negrita-im-konzert\/"},"modified":"2026-07-16T14:06:25","modified_gmt":"2026-07-16T12:06:25","slug":"dolomiti-arena-negrita-im-konzert","status":"publish","type":"tribe_events","link":"https:\/\/www.dolomitiprealpi.it\/de\/event\/dolomiti-arena-negrita-im-konzert\/","title":{"rendered":"Dolomiti Arena &#8211; Negrita im Konzert"},"content":{"rendered":"<p>Es wird empfohlen, eine Decke, eine mittelschwere Jacke, M\u00fcckenschutz, Sonnencreme und eine Sonnenm\u00fctze mitzubringen, die in der Zeit vor der Veranstaltung und w\u00e4hrend des Konzerts genutzt werden k\u00f6nnen.<\/p>\n<p><b>Achtung<\/b>: Zelte oder Pavillons zum Sonnenschutz sind nicht erlaubt, aber es ist m\u00f6glich, kleine Regenschirme mitzubringen, die zu Beginn der Auff\u00fchrung zusammengeklappt werden m\u00fcssen.<\/p>\n<p> Schau dir die interaktive Karte der Parkpl\u00e4tze und Wege unter <a href=\"https:\/\/www.google.com\/maps\/d\/u\/0\/edit?mid=1LHg8_KDjKOWhQ249KpsnQMiqdc5I-yI&amp;usp=sharing\">diesem Link<\/a> an.<\/p>\n<p>Am Samstag, den 25. Juli um 17:00 Uhr wird der Lago di Santa Croce in Alpago zur nat\u00fcrlichen B\u00fchne der zweiten Etappe des <b><a href=\"https:\/\/www.dolomitiprealpi.it\/de\/detail-tosc-5\/?t=e#\/eventi\/TRN\/942e070d-0dc3-4f8b-9690-b06874b9ca25\/dolomiti-arena-slow-mountain-music-festival\">Dolomiti Arena \u2013 Slow Mountain Music Festival<\/a><\/b> mit dem kostenlosen Konzert der <b>NEGRITA<\/b>.<\/p>\n<p>Hier trifft Musik auf eine der ikonischsten Landschaften der Dolomiten von Belluno: Der See \u00f6ffnet sich wie ein gro\u00dfes Wassern amphitheater, wo Licht, Wind und Berge eine st\u00e4ndig sich bewegende Umgebung gestalten. Der Lago di Santa Croce ist der perfekte Ort f\u00fcr Wassersport und Outdoor-Aktivit\u00e4ten: Der Wind, der den See pr\u00e4gt, macht ihn ideal f\u00fcr Windsurfen und Kitesurfen, w\u00e4hrend die ausgestatteten Bereiche zu Entspannung und Sonnenbaden mit Blick auf die Berge einladen.<\/p>\n<p>F\u00fcr diejenigen, die erkunden m\u00f6chten, bietet Alpago einfache Wanderwege und Routen, die den See mit seinen D\u00f6rfern verbinden, kleinen Zentren, in denen die Zeit langsamer zu vergehen scheint und wo man anhalten kann, um authentische Geschm\u00e4cker und lokale Produkte zu entdecken, die einen direkten Ausdruck des Territoriums darstellen.<\/p>\n<p><b>DAS EVENT IST KOSTENLOS. Wenn du kannst, <a href=\"https:\/\/www.dolomitiprealpi.it\/de\/detail-tosc-5\/?t=e#\/esperienze\/TRN\/2f1ffe54-f31a-4d27-a771-d6807ee4b684\/dolomiti-arena---negrita---registrati-qui-\">registriere dich hier<\/a>: es ist nicht obligatorisch, aber du hilfst uns, den Tag besser zu organisieren!<\/b><\/p>\n<p>ZUGANG ZUM KONZERTBEREICH<br \/>Der Konzertbereich ist <b>zu Fu\u00df erreichbar <\/b>oder \u00fcber den <b>Shuttleservice<\/b>.<br \/>Die n\u00e4chstgelegenen Parkpl\u00e4tze befinden sich in der N\u00e4he des Sees und sind alle geb\u00fchrenpflichtig. Je nach gew\u00e4hltem Parkplatz variiert der Fu\u00dfweg zwischen 0,5 km und 4 km.<\/p>\n<p>\u00d6FFNUNGSZEITEN UND EMPFEHLUNGEN<br \/>Es wird empfohlen, den <b>Konzertbereich bis 15:00 Uhr<\/b> zu erreichen.<br \/>Folge immer den Anweisungen des Personals vor Ort.<br \/>Bitte komme nicht ausschlie\u00dflich kurz vor Beginn des Konzerts, da wir nicht garantieren k\u00f6nnen, dass alle rechtzeitig im Bereich ankommen.<br \/>Bitte beachte, dass der Lago di Santa Croce ein beliebtes Touristenziel ist, auch f\u00fcr Wassersport und Veranstaltungen, die in der Gegend stattfinden, und dass die Parkpl\u00e4tze nicht ausschlie\u00dflich f\u00fcr die Dolomiti Arena reserviert sind.<\/p>\n<p>PARKPL\u00c4TZE<br \/>Die Autos m\u00fcssen an folgenden Stellen geparkt werden:<br \/>Parkplatz Lago di Santa Croce <b>P2 und P3<\/b><br \/>Parkplatz in <b>Via Turati <\/b><br \/>Parkplatz in <b>Via Venezia <\/b>und in <b>Via Buscole<\/b><br \/>Parkplatz in <b>Viale Alpago <\/b>gegen\u00fcber dem Restaurant Hotel BEIO<br \/>Parkplatz in <b>Richtung des Friedhofs von San V<\/b>igilio<br \/>Parkplatz in der <b>Industriezone Paludi<\/b>, mit Shuttleservice (gegen Geb\u00fchr) bis zum Lago di Santa Croce<\/p>\n<p>BEHINDERTENPARKPLATZ<br \/>Nur nach vorheriger Anfrage verf\u00fcgbar (begrenzte Pl\u00e4tze).<br \/>Eine Anfrage per E-Mail an dolomitiarena22@gmail.com ist erforderlich mit Namen, Nummernschild und Details des Behindertenausweises. Die Reservierungen schlie\u00dfen am Mittwoch, den 22. Juli um 12:00 Uhr oder bis zur Ersch\u00f6pfung der Pl\u00e4tze.<\/p>\n<p>SHUTTLE<br \/>Anl\u00e4sslich des Konzerts wird ein <b>Shuttleservice <\/b>eingef\u00fchrt, mit Abfahrtsort am Bar Stiffelio in Paludi, Industriezone, wo ein weiterer Parkplatz verf\u00fcgbar ist.<br \/>Das Shuttle beginnt um 14:00 Uhr zu fahren und verkehrt alle 30 Minuten. Die letzte Abfahrt zum Konzertbereich ist f\u00fcr 16:00 Uhr vorgesehen.<br \/>Das Shuttle bringt dich bis ins Zentrum von Farra d&#8217;Alpago, von wo aus du die letzten 350 Meter zu Fu\u00df bis zum See gehen musst.<br \/>F\u00fcr die R\u00fcckfahrt nach Paludi kann es zu Wartezeiten kommen. Daher informieren wir dich bereits jetzt \u00fcber m\u00f6gliche Staus und entschuldigen uns f\u00fcr eventuelle Unannehmlichkeiten. Die R\u00fcckfahrt nach Paludi ist bis 20:30 Uhr nach dem Konzert geplant.<\/p>\n<p><b>Die Kosten f\u00fcr das Hin- und R\u00fcckfahrt-Shuttle betragen \u20ac5,00 pro Person.<\/b><\/p>\n<p>ZU FUSS WANDERN<br \/>Von den Parkpl\u00e4tzen aus folge den Schildern zum Lago di Santa Croce und bleibe auf den B\u00fcrgersteigen und Fu\u00dfwegen (Wegzeit variiert je nach Parkplatz, <b>von 10 Minuten bis 1 Stunde Fu\u00dfweg<\/b>).<br \/>F\u00fcr diejenigen, die in Viale Alpago parken, wird empfohlen, die <b>Oasi Naturalistica Lago di Santa Croce <\/b>von etwa 30 Minuten Dauer (2,4 km) zu nehmen.<\/p>\n<p>N\u00dcTZLICHE INFOS<br \/>F\u00fcr diejenigen, die den Konzertbereich mit dem Fahrrad erreichen m\u00f6chten, wird <b>ein Bereich f\u00fcr Fahrradparkpl\u00e4tze eingerichtet<\/b>.<br \/>F\u00fcr unsere vierbeinigen Freunde ist <b>die Nutzung der Leine <\/b>verpflichtend und es wird empfohlen, sie im seitlichen Bereich des Konzerts zu positionieren.<\/p>\n<p>UMWELT UND SICHERHEIT<br \/>Es ist strengstens verboten, im Konzertbereich zu rauchen, Glasflaschen mitzubringen und unbefugte Drohnenfl\u00fcge durchzuf\u00fchren. Eventuelle Sonnenschirme m\u00fcssen vor Beginn des Konzerts geschlossen werden.<\/p>\n<p>VERPFLEGUNGSST\u00c4NDEN<br \/>Vor Ort werden <b>St\u00e4nde f\u00fcr Essen und Getr\u00e4nke<\/b> eingerichtet.<br \/>Die folgenden Restaurants in unmittelbarer N\u00e4he sind zum Mittagessen ge\u00f6ffnet (Reservierung empfohlen): Albergo Alla Spiaggia, Ristorante Bar Pizzeria Sarathei.<\/p>\n<p>EMPFOHLENE ACTIVITIES<br \/>Am Morgen des Konzerts lass dich von der Region Alpago \u00fcberraschen: entdecke ihre Wahrzeichen und Attraktionen dank Sonder\u00f6ffnungen f\u00fcr Besucher:<br \/>1. <a href=\"https:\/\/www.dolomitiprealpi.it\/de\/detail-tosc-5\/?t=e#\/eventi\/TRN\/0c07363c-a4e3-4cfa-a650-244cb3d61efb\/-la-situla-di-pieve-d-alpago--tra-storia-e-comunita\">Ausstellung \u201cDie Situla von Pieve d\u2019Alpago &#8211; Ein Dialog zwischen Geschichte und Gemeinschaft\u201d<\/a>, im Rathaus von Pieve d&#8217;Alpago (Sala Placido Fabris): Ausstellung der Rekonstruktion der wertvollen bronzenen Situla (eine Urne, die vor 2500 Jahren datiert, ein Meisterwerk antiker venetischer Kunst), die 2002 im Gebiet gefunden wurde.<br \/>2. <a href=\"https:\/\/www.dolomitiprealpi.it\/de\/detail-tosc-5\/?t=e#\/eventi\/TRN\/00b49786-df9e-4331-af8e-5ebcae06b7c9\/sagra-di-sant-anna-pieve-d-alpago\">Sagra di Sant\u2019Anna in Pieve d\u2019Alpago<\/a>: das traditionelle Fest ist die ideale Gelegenheit, um zu Mittag oder zu Abend zu essen, mit lokalen gastronomischen Spezialit\u00e4ten, Live-Konzerten, Kunsthandwerksm\u00e4rkten und dem abschlie\u00dfenden Feuerwerk.<br \/>3. <a href=\"https:\/\/www.dolomitiprealpi.it\/de\/ciclabile-lago-di-santa-croce\/#\/punti-di-interesse\">Rundweg um den Lago di Santa Croce<\/a>: ein etwa 10 km langer, \u00fcberwiegend flacher Weg, der f\u00fcr Fahrr\u00e4der und Spazierg\u00e4nge geeignet ist.<\/p>\n<p>Bei schlechtem Wetter wird das Konzert abgesagt.<\/p>\n<p>Freier Eintritt &#8211;&nbsp;Alpago &#8211; 25. Juli<\/p>\n","protected":false},"excerpt":{"rendered":"<p>Es wird empfohlen, eine Decke, eine mittelschwere Jacke, M\u00fcckenschutz, Sonnencreme und eine Sonnenm\u00fctze mitzubringen, die in der Zeit vor der Veranstaltung und w\u00e4hrend des Konzerts genutzt werden k\u00f6nnen. Achtung: Zelte<\/p>\n","protected":false},"author":0,"featured_media":0,"template":"","meta":{"_acf_changed":false,"inline_featured_image":false,"_tribe_events_status":"","_tribe_events_status_reason":"","footnotes":""},"tags":[259],"tribe_events_cat":[],"class_list":["post-116636","tribe_events","type-tribe_events","status-publish","hentry","tag-eventi-feratel"],"acf":[],"yoast_head":"<!-- This site is optimized with the Yoast SEO plugin v25.7 - https:\/\/yoast.com\/wordpress\/plugins\/seo\/ -->\n<title>Dolomiti Arena - Negrita im Konzert - Dolomiti Prealpi<\/title>\n<meta name=\"robots\" content=\"index, follow, max-snippet:-1, max-image-preview:large, max-video-preview:-1\" \/>\n<link rel=\"canonical\" href=\"https:\/\/www.dolomitiprealpi.it\/de\/event\/dolomiti-arena-negrita-im-konzert\/\" \/>\n<meta property=\"og:locale\" content=\"de_DE\" \/>\n<meta property=\"og:type\" content=\"article\" \/>\n<meta property=\"og:title\" content=\"Dolomiti Arena - Negrita im Konzert - Dolomiti Prealpi\" \/>\n<meta property=\"og:description\" content=\"Es wird empfohlen, eine Decke, eine mittelschwere Jacke, M\u00fcckenschutz, Sonnencreme und eine Sonnenm\u00fctze mitzubringen, die in der Zeit vor der Veranstaltung und w\u00e4hrend des Konzerts genutzt werden k\u00f6nnen. Achtung: Zelte\" \/>\n<meta property=\"og:url\" content=\"https:\/\/www.dolomitiprealpi.it\/de\/event\/dolomiti-arena-negrita-im-konzert\/\" \/>\n<meta property=\"og:site_name\" content=\"Dolomiti Prealpi\" \/>\n<meta property=\"article:publisher\" content=\"https:\/\/www.facebook.com\/dolomitiprealpi.it\/\" \/>\n<meta property=\"article:modified_time\" content=\"2026-07-16T12:06:25+00:00\" \/>\n<meta property=\"og:image\" content=\"https:\/\/www.dolomitiprealpi.it\/wp-content\/uploads\/2022\/11\/C.-Timpone-Foto-archivio-Consorzio-turistico-Dolomiti-Prealpi-Nevegal-Belluno-Bike-18-2.jpg\" \/>\n\t<meta property=\"og:image:width\" content=\"2048\" \/>\n\t<meta property=\"og:image:height\" content=\"1888\" \/>\n\t<meta property=\"og:image:type\" content=\"image\/jpeg\" \/>\n<meta name=\"twitter:card\" content=\"summary_large_image\" \/>\n<meta name=\"twitter:label1\" content=\"Est. reading time\" \/>\n\t<meta name=\"twitter:data1\" content=\"5 minutes\" \/>\n<script type=\"application\/ld+json\" class=\"yoast-schema-graph\">{\"@context\":\"https:\/\/schema.org\",\"@graph\":[{\"@type\":\"WebPage\",\"@id\":\"https:\/\/www.dolomitiprealpi.it\/de\/event\/dolomiti-arena-negrita-im-konzert\/\",\"url\":\"https:\/\/www.dolomitiprealpi.it\/de\/event\/dolomiti-arena-negrita-im-konzert\/\",\"name\":\"Dolomiti Arena - Negrita im Konzert - Dolomiti Prealpi\",\"isPartOf\":{\"@id\":\"https:\/\/www.dolomitiprealpi.it\/de\/#website\"},\"datePublished\":\"2026-06-27T09:55:11+00:00\",\"dateModified\":\"2026-07-16T12:06:25+00:00\",\"breadcrumb\":{\"@id\":\"https:\/\/www.dolomitiprealpi.it\/de\/event\/dolomiti-arena-negrita-im-konzert\/#breadcrumb\"},\"inLanguage\":\"de-DE\",\"potentialAction\":[{\"@type\":\"ReadAction\",\"target\":[\"https:\/\/www.dolomitiprealpi.it\/de\/event\/dolomiti-arena-negrita-im-konzert\/\"]}]},{\"@type\":\"BreadcrumbList\",\"@id\":\"https:\/\/www.dolomitiprealpi.it\/de\/event\/dolomiti-arena-negrita-im-konzert\/#breadcrumb\",\"itemListElement\":[{\"@type\":\"ListItem\",\"position\":1,\"name\":\"Home\",\"item\":\"https:\/\/www.dolomitiprealpi.it\/de\/\"},{\"@type\":\"ListItem\",\"position\":2,\"name\":\"Veranstaltungen\",\"item\":\"https:\/\/www.dolomitiprealpi.it\/de\/events\/\"},{\"@type\":\"ListItem\",\"position\":3,\"name\":\"Dolomiti Arena &#8211; Negrita im Konzert\"}]},{\"@type\":\"WebSite\",\"@id\":\"https:\/\/www.dolomitiprealpi.it\/de\/#website\",\"url\":\"https:\/\/www.dolomitiprealpi.it\/de\/\",\"name\":\"Dolomiti Prealpi\",\"description\":\"\",\"publisher\":{\"@id\":\"https:\/\/www.dolomitiprealpi.it\/de\/#organization\"},\"potentialAction\":[{\"@type\":\"SearchAction\",\"target\":{\"@type\":\"EntryPoint\",\"urlTemplate\":\"https:\/\/www.dolomitiprealpi.it\/de\/?s={search_term_string}\"},\"query-input\":{\"@type\":\"PropertyValueSpecification\",\"valueRequired\":true,\"valueName\":\"search_term_string\"}}],\"inLanguage\":\"de-DE\"},{\"@type\":\"Organization\",\"@id\":\"https:\/\/www.dolomitiprealpi.it\/de\/#organization\",\"name\":\"Consorzio Dolomiti Prealpi\",\"url\":\"https:\/\/www.dolomitiprealpi.it\/de\/\",\"logo\":{\"@type\":\"ImageObject\",\"inLanguage\":\"de-DE\",\"@id\":\"https:\/\/www.dolomitiprealpi.it\/de\/#\/schema\/logo\/image\/\",\"url\":\"https:\/\/www.dolomitiprealpi.it\/wp-content\/uploads\/2023\/03\/dolomitiprealpi-favicon.jpg\",\"contentUrl\":\"https:\/\/www.dolomitiprealpi.it\/wp-content\/uploads\/2023\/03\/dolomitiprealpi-favicon.jpg\",\"width\":512,\"height\":512,\"caption\":\"Consorzio Dolomiti Prealpi\"},\"image\":{\"@id\":\"https:\/\/www.dolomitiprealpi.it\/de\/#\/schema\/logo\/image\/\"},\"sameAs\":[\"https:\/\/www.facebook.com\/dolomitiprealpi.it\/\",\"https:\/\/www.instagram.com\/dolomitiprealpi\/\"]}]}<\/script>\n<!-- \/ Yoast SEO plugin. -->","yoast_head_json":{"title":"Dolomiti Arena - Negrita im Konzert - Dolomiti Prealpi","robots":{"index":"index","follow":"follow","max-snippet":"max-snippet:-1","max-image-preview":"max-image-preview:large","max-video-preview":"max-video-preview:-1"},"canonical":"https:\/\/www.dolomitiprealpi.it\/de\/event\/dolomiti-arena-negrita-im-konzert\/","og_locale":"de_DE","og_type":"article","og_title":"Dolomiti Arena - Negrita im Konzert - Dolomiti Prealpi","og_description":"Es wird empfohlen, eine Decke, eine mittelschwere Jacke, M\u00fcckenschutz, Sonnencreme und eine Sonnenm\u00fctze mitzubringen, die in der Zeit vor der Veranstaltung und w\u00e4hrend des Konzerts genutzt werden k\u00f6nnen. Achtung: Zelte","og_url":"https:\/\/www.dolomitiprealpi.it\/de\/event\/dolomiti-arena-negrita-im-konzert\/","og_site_name":"Dolomiti Prealpi","article_publisher":"https:\/\/www.facebook.com\/dolomitiprealpi.it\/","article_modified_time":"2026-07-16T12:06:25+00:00","og_image":[{"width":2048,"height":1888,"url":"https:\/\/www.dolomitiprealpi.it\/wp-content\/uploads\/2022\/11\/C.-Timpone-Foto-archivio-Consorzio-turistico-Dolomiti-Prealpi-Nevegal-Belluno-Bike-18-2.jpg","type":"image\/jpeg"}],"twitter_card":"summary_large_image","twitter_misc":{"Est. reading time":"5 minutes"},"schema":{"@context":"https:\/\/schema.org","@graph":[{"@type":"WebPage","@id":"https:\/\/www.dolomitiprealpi.it\/de\/event\/dolomiti-arena-negrita-im-konzert\/","url":"https:\/\/www.dolomitiprealpi.it\/de\/event\/dolomiti-arena-negrita-im-konzert\/","name":"Dolomiti Arena - Negrita im Konzert - Dolomiti Prealpi","isPartOf":{"@id":"https:\/\/www.dolomitiprealpi.it\/de\/#website"},"datePublished":"2026-06-27T09:55:11+00:00","dateModified":"2026-07-16T12:06:25+00:00","breadcrumb":{"@id":"https:\/\/www.dolomitiprealpi.it\/de\/event\/dolomiti-arena-negrita-im-konzert\/#breadcrumb"},"inLanguage":"de-DE","potentialAction":[{"@type":"ReadAction","target":["https:\/\/www.dolomitiprealpi.it\/de\/event\/dolomiti-arena-negrita-im-konzert\/"]}]},{"@type":"BreadcrumbList","@id":"https:\/\/www.dolomitiprealpi.it\/de\/event\/dolomiti-arena-negrita-im-konzert\/#breadcrumb","itemListElement":[{"@type":"ListItem","position":1,"name":"Home","item":"https:\/\/www.dolomitiprealpi.it\/de\/"},{"@type":"ListItem","position":2,"name":"Veranstaltungen","item":"https:\/\/www.dolomitiprealpi.it\/de\/events\/"},{"@type":"ListItem","position":3,"name":"Dolomiti Arena &#8211; Negrita im Konzert"}]},{"@type":"WebSite","@id":"https:\/\/www.dolomitiprealpi.it\/de\/#website","url":"https:\/\/www.dolomitiprealpi.it\/de\/","name":"Dolomiti Prealpi","description":"","publisher":{"@id":"https:\/\/www.dolomitiprealpi.it\/de\/#organization"},"potentialAction":[{"@type":"SearchAction","target":{"@type":"EntryPoint","urlTemplate":"https:\/\/www.dolomitiprealpi.it\/de\/?s={search_term_string}"},"query-input":{"@type":"PropertyValueSpecification","valueRequired":true,"valueName":"search_term_string"}}],"inLanguage":"de-DE"},{"@type":"Organization","@id":"https:\/\/www.dolomitiprealpi.it\/de\/#organization","name":"Consorzio Dolomiti Prealpi","url":"https:\/\/www.dolomitiprealpi.it\/de\/","logo":{"@type":"ImageObject","inLanguage":"de-DE","@id":"https:\/\/www.dolomitiprealpi.it\/de\/#\/schema\/logo\/image\/","url":"https:\/\/www.dolomitiprealpi.it\/wp-content\/uploads\/2023\/03\/dolomitiprealpi-favicon.jpg","contentUrl":"https:\/\/www.dolomitiprealpi.it\/wp-content\/uploads\/2023\/03\/dolomitiprealpi-favicon.jpg","width":512,"height":512,"caption":"Consorzio Dolomiti Prealpi"},"image":{"@id":"https:\/\/www.dolomitiprealpi.it\/de\/#\/schema\/logo\/image\/"},"sameAs":["https:\/\/www.facebook.com\/dolomitiprealpi.it\/","https:\/\/www.instagram.com\/dolomitiprealpi\/"]}]}},"_links":{"self":[{"href":"https:\/\/www.dolomitiprealpi.it\/de\/wp-json\/wp\/v2\/tribe_events\/116636","targetHints":{"allow":["GET"]}}],"collection":[{"href":"https:\/\/www.dolomitiprealpi.it\/de\/wp-json\/wp\/v2\/tribe_events"}],"about":[{"href":"https:\/\/www.dolomitiprealpi.it\/de\/wp-json\/wp\/v2\/types\/tribe_events"}],"version-history":[{"count":2,"href":"https:\/\/www.dolomitiprealpi.it\/de\/wp-json\/wp\/v2\/tribe_events\/116636\/revisions"}],"predecessor-version":[{"id":127694,"href":"https:\/\/www.dolomitiprealpi.it\/de\/wp-json\/wp\/v2\/tribe_events\/116636\/revisions\/127694"}],"wp:attachment":[{"href":"https:\/\/www.dolomitiprealpi.it\/de\/wp-json\/wp\/v2\/media?parent=116636"}],"wp:term":[{"taxonomy":"post_tag","embeddable":true,"href":"https:\/\/www.dolomitiprealpi.it\/de\/wp-json\/wp\/v2\/tags?post=116636"},{"taxonomy":"tribe_events_cat","embeddable":true,"href":"https:\/\/www.dolomitiprealpi.it\/de\/wp-json\/wp\/v2\/tribe_events_cat?post=116636"}],"curies":[{"name":"wp","href":"https:\/\/api.w.org\/{rel}","templated":true}]}}