{"id":108709,"date":"2026-04-23T17:56:32","date_gmt":"2026-04-23T15:56:32","guid":{"rendered":"https:\/\/www.dolomitiprealpi.it\/event\/franco-fiabane-1937-2015\/"},"modified":"2026-05-02T15:05:07","modified_gmt":"2026-05-02T13:05:07","slug":"franco-fiabane-1937-2015-7","status":"publish","type":"tribe_events","link":"https:\/\/www.dolomitiprealpi.it\/de\/event\/franco-fiabane-1937-2015-7\/","title":{"rendered":"Franco Fiabane 1937-2015"},"content":{"rendered":"<p>Das <b>B\u00fcrgerliche Museum von Belluno&nbsp;feiert 150 Jahre<\/b>: ein wichtiger Meilenstein f\u00fcr eine Institution, die die historische und k\u00fcnstlerische Erinnerung der Stadt und ihrer Region bewahrt!<br \/>Im Jahr 1876 im Palazzo dei Giuristi eingerichtet, in einem Klima des erneuerten b\u00fcrgerschaftlichen Stolzes nach der Angliederung an das K\u00f6nigreich Italien, hat sich das Museum im Laufe der Zeit dank der Gro\u00dfz\u00fcgigkeit von Familien und Sammlern aufgebaut, und&nbsp;heute&nbsp;lebt es dank des Engagements von Fachleuten und vieler leidenschaftlicher Freiwilliger.<\/p>\n<p>Um ihr 150-j\u00e4hriges Bestehen zu feiern, bietet das Museum von&nbsp;April&nbsp;bisseptember&nbsp;2026&nbsp;einen <b>Konferenzzyklus <\/b>im Palazzo Fulcis an, um gemeinsam die Wurzeln, Meisterwerke und Geschichten einer st\u00e4dtischen Institution und ihrer Gemeinschaft neu zu entdecken. Der Konferenzkalender ist auf der Website des Museums verf\u00fcgbar: &nbsp;<a href=\"https:\/\/mubel.comune.belluno.it\/Agenda\/NOTIZIE\/150-anni-del-Museo-Civico-di-Belluno-1876-2026\">www.mubel.comune.belluno.it<\/a><\/p>\n<p>Hier das Programm:<br \/>24. April 2026, 18.00 Uhr: <b>Die Entstehung der B\u00fcrgerlichen Museen in Venetien im 19. Jahrhundert<\/b>;<b> <\/b><i>Gian Maria Varanini, ehemalige Universit\u00e4t Verona<\/i><\/p>\n<p>15. Mai 2026, 18.00 Uhr: <b>Osvaldo Monti und die Gr\u00fcndung des B\u00fcrgerlichen Museums von Belluno; <\/b><i>Orietta Ceiner, Historisches Archiv der Gemeinde Belluno<\/i><br \/><i>Carlo Cavalli, B\u00fcrgerliches Museum von Belluno<\/i><\/p>\n<p>22. Mai 2026, 18.00 Uhr: <b>Auf den Spuren von Bartolomeo Montagna in Venetien; <\/b><i>Francesca Meneghetti, Aufsichtsbeh\u00f6rde f\u00fcr Arch\u00e4ologie, sch\u00f6ne K\u00fcnste und Landschaft f\u00fcr die Provinzen Verona, Rovigo und Vicenza; <\/i><i>Alessandro Martoni, B\u00fcrgerliche Museen von Vicenza; <\/i>Herausgeber des Bandes&nbsp;<i>Bartolomeo Montagna. Werke in Venetien<\/i>, Scripta edizioni, Verona 2025; Einleitung&nbsp;<i>Carlo Cavalli, B\u00fcrgerliches Museum von Belluno<\/i><\/p>\n<p>29. Mai 2026, 18.00 Uhr: <b>Antonio Solario&nbsp;<\/b><i><b>venetus<\/b><\/i><b>: Fragen und Werke eines wandernden Malers; <\/b><i>Emanuele Castoldi, Kunsthistoriker<\/i><\/p>\n<p>12. Juni 2026, 18.00 Uhr: <b>Die Urspr\u00fcnge des Museums: Das Sammeln in Belluno im 19. Jahrhundert; <\/b><i>Aurora Frescura, Kunsthistorikerin<\/i><\/p>\n<p>15. Juli 2026, 18.00 Uhr: <b>Ippolito Caffi und Belluno: von den Sammlungen zum Museum; <\/b><i>Massimo De Grassi, Universit\u00e4t Triest<\/i><\/p>\n<p>11. September, 18.00 Uhr: <b>Das Museum von Belluno und die Gallerien der Accademia in Venedig; <\/b><i>Silvia Salvini, Gallerien der Accademia in Venedig<\/i><br \/><i>Carlo Cavalli, B\u00fcrgerliches Museum von Belluno<\/i><\/p>\n<p>18. September, 18.00 Uhr: <b>Das Museum von Belluno und der Schutz des kulturellen Erbes der Region; <\/b><i>Marta Mazza, Aufsichtsbeh\u00f6rde f\u00fcr Arch\u00e4ologie, sch\u00f6ne K\u00fcnste und Landschaft f\u00fcr die Provinzen Padua, Treviso und Belluno<\/i><\/p>\n<p>25. September 2026, 18.00 Uhr: <b>Die Urspr\u00fcnge des Museums von Belluno: das Interesse an der Vorgeschichte und der Fr\u00fchgeschichte des Gebiets; <\/b><i>Anna Angelini, G. Angelini Stiftung; <\/i><i>Valentina Donadel, B\u00fcrgerliche Museen von Vicenza<\/i><\/p>\n<p>Der Eintritt zu den Konferenzen ist <u>frei bis zur Ersch\u00f6pfung der Pl\u00e4tze<\/u>, aber die <b>Reservierung ist obligatorisch<\/b>.<br \/>F\u00fcr Informationen und Reservierungen:&nbsp;0437 913323;&nbsp;prenotazionimuseo@comune.belluno.it<\/p>\n<p>Vortragsreihe<\/p>\n","protected":false},"excerpt":{"rendered":"<p>Das B\u00fcrgerliche Museum von Belluno&nbsp;feiert 150 Jahre: ein wichtiger Meilenstein f\u00fcr eine Institution, die die historische und k\u00fcnstlerische Erinnerung der Stadt und ihrer Region bewahrt!Im Jahr 1876 im Palazzo dei<\/p>\n","protected":false},"author":0,"featured_media":0,"template":"","meta":{"_acf_changed":false,"inline_featured_image":false,"_tribe_events_status":"","_tribe_events_status_reason":"","footnotes":""},"tags":[259],"tribe_events_cat":[],"class_list":["post-108709","tribe_events","type-tribe_events","status-publish","hentry","tag-eventi-feratel"],"acf":[],"yoast_head":"<!-- This site is optimized with the Yoast SEO plugin v25.7 - https:\/\/yoast.com\/wordpress\/plugins\/seo\/ -->\n<title>Franco Fiabane 1937-2015 - Dolomiti Prealpi<\/title>\n<meta name=\"robots\" content=\"index, follow, max-snippet:-1, max-image-preview:large, max-video-preview:-1\" \/>\n<link rel=\"canonical\" href=\"https:\/\/www.dolomitiprealpi.it\/de\/event\/franco-fiabane-1937-2015-7\/\" \/>\n<meta property=\"og:locale\" content=\"de_DE\" \/>\n<meta property=\"og:type\" content=\"article\" \/>\n<meta property=\"og:title\" content=\"Franco Fiabane 1937-2015 - Dolomiti Prealpi\" \/>\n<meta property=\"og:description\" content=\"Das B\u00fcrgerliche Museum von Belluno&nbsp;feiert 150 Jahre: ein wichtiger Meilenstein f\u00fcr eine Institution, die die historische und k\u00fcnstlerische Erinnerung der Stadt und ihrer Region bewahrt!Im Jahr 1876 im Palazzo dei\" \/>\n<meta property=\"og:url\" content=\"https:\/\/www.dolomitiprealpi.it\/de\/event\/franco-fiabane-1937-2015-7\/\" \/>\n<meta property=\"og:site_name\" content=\"Dolomiti Prealpi\" \/>\n<meta property=\"article:publisher\" content=\"https:\/\/www.facebook.com\/dolomitiprealpi.it\/\" \/>\n<meta property=\"article:modified_time\" content=\"2026-05-02T13:05:07+00:00\" \/>\n<meta property=\"og:image\" content=\"https:\/\/www.dolomitiprealpi.it\/wp-content\/uploads\/2022\/11\/C.-Timpone-Foto-archivio-Consorzio-turistico-Dolomiti-Prealpi-Nevegal-Belluno-Bike-18-2.jpg\" \/>\n\t<meta property=\"og:image:width\" content=\"2048\" \/>\n\t<meta property=\"og:image:height\" content=\"1888\" \/>\n\t<meta property=\"og:image:type\" content=\"image\/jpeg\" \/>\n<meta name=\"twitter:card\" content=\"summary_large_image\" \/>\n<meta name=\"twitter:label1\" content=\"Est. reading time\" \/>\n\t<meta name=\"twitter:data1\" content=\"2 minutes\" \/>\n<script type=\"application\/ld+json\" class=\"yoast-schema-graph\">{\"@context\":\"https:\/\/schema.org\",\"@graph\":[{\"@type\":\"WebPage\",\"@id\":\"https:\/\/www.dolomitiprealpi.it\/de\/event\/franco-fiabane-1937-2015-7\/\",\"url\":\"https:\/\/www.dolomitiprealpi.it\/de\/event\/franco-fiabane-1937-2015-7\/\",\"name\":\"Franco Fiabane 1937-2015 - Dolomiti Prealpi\",\"isPartOf\":{\"@id\":\"https:\/\/www.dolomitiprealpi.it\/de\/#website\"},\"datePublished\":\"2026-04-23T15:56:32+00:00\",\"dateModified\":\"2026-05-02T13:05:07+00:00\",\"breadcrumb\":{\"@id\":\"https:\/\/www.dolomitiprealpi.it\/de\/event\/franco-fiabane-1937-2015-7\/#breadcrumb\"},\"inLanguage\":\"de-DE\",\"potentialAction\":[{\"@type\":\"ReadAction\",\"target\":[\"https:\/\/www.dolomitiprealpi.it\/de\/event\/franco-fiabane-1937-2015-7\/\"]}]},{\"@type\":\"BreadcrumbList\",\"@id\":\"https:\/\/www.dolomitiprealpi.it\/de\/event\/franco-fiabane-1937-2015-7\/#breadcrumb\",\"itemListElement\":[{\"@type\":\"ListItem\",\"position\":1,\"name\":\"Home\",\"item\":\"https:\/\/www.dolomitiprealpi.it\/de\/\"},{\"@type\":\"ListItem\",\"position\":2,\"name\":\"Veranstaltungen\",\"item\":\"https:\/\/www.dolomitiprealpi.it\/de\/events\/\"},{\"@type\":\"ListItem\",\"position\":3,\"name\":\"Franco Fiabane 1937-2015\"}]},{\"@type\":\"WebSite\",\"@id\":\"https:\/\/www.dolomitiprealpi.it\/de\/#website\",\"url\":\"https:\/\/www.dolomitiprealpi.it\/de\/\",\"name\":\"Dolomiti Prealpi\",\"description\":\"\",\"publisher\":{\"@id\":\"https:\/\/www.dolomitiprealpi.it\/de\/#organization\"},\"potentialAction\":[{\"@type\":\"SearchAction\",\"target\":{\"@type\":\"EntryPoint\",\"urlTemplate\":\"https:\/\/www.dolomitiprealpi.it\/de\/?s={search_term_string}\"},\"query-input\":{\"@type\":\"PropertyValueSpecification\",\"valueRequired\":true,\"valueName\":\"search_term_string\"}}],\"inLanguage\":\"de-DE\"},{\"@type\":\"Organization\",\"@id\":\"https:\/\/www.dolomitiprealpi.it\/de\/#organization\",\"name\":\"Consorzio Dolomiti Prealpi\",\"url\":\"https:\/\/www.dolomitiprealpi.it\/de\/\",\"logo\":{\"@type\":\"ImageObject\",\"inLanguage\":\"de-DE\",\"@id\":\"https:\/\/www.dolomitiprealpi.it\/de\/#\/schema\/logo\/image\/\",\"url\":\"https:\/\/www.dolomitiprealpi.it\/wp-content\/uploads\/2023\/03\/dolomitiprealpi-favicon.jpg\",\"contentUrl\":\"https:\/\/www.dolomitiprealpi.it\/wp-content\/uploads\/2023\/03\/dolomitiprealpi-favicon.jpg\",\"width\":512,\"height\":512,\"caption\":\"Consorzio Dolomiti Prealpi\"},\"image\":{\"@id\":\"https:\/\/www.dolomitiprealpi.it\/de\/#\/schema\/logo\/image\/\"},\"sameAs\":[\"https:\/\/www.facebook.com\/dolomitiprealpi.it\/\",\"https:\/\/www.instagram.com\/dolomitiprealpi\/\"]}]}<\/script>\n<!-- \/ Yoast SEO plugin. -->","yoast_head_json":{"title":"Franco Fiabane 1937-2015 - Dolomiti Prealpi","robots":{"index":"index","follow":"follow","max-snippet":"max-snippet:-1","max-image-preview":"max-image-preview:large","max-video-preview":"max-video-preview:-1"},"canonical":"https:\/\/www.dolomitiprealpi.it\/de\/event\/franco-fiabane-1937-2015-7\/","og_locale":"de_DE","og_type":"article","og_title":"Franco Fiabane 1937-2015 - Dolomiti Prealpi","og_description":"Das B\u00fcrgerliche Museum von Belluno&nbsp;feiert 150 Jahre: ein wichtiger Meilenstein f\u00fcr eine Institution, die die historische und k\u00fcnstlerische Erinnerung der Stadt und ihrer Region bewahrt!Im Jahr 1876 im Palazzo dei","og_url":"https:\/\/www.dolomitiprealpi.it\/de\/event\/franco-fiabane-1937-2015-7\/","og_site_name":"Dolomiti Prealpi","article_publisher":"https:\/\/www.facebook.com\/dolomitiprealpi.it\/","article_modified_time":"2026-05-02T13:05:07+00:00","og_image":[{"width":2048,"height":1888,"url":"https:\/\/www.dolomitiprealpi.it\/wp-content\/uploads\/2022\/11\/C.-Timpone-Foto-archivio-Consorzio-turistico-Dolomiti-Prealpi-Nevegal-Belluno-Bike-18-2.jpg","type":"image\/jpeg"}],"twitter_card":"summary_large_image","twitter_misc":{"Est. reading time":"2 minutes"},"schema":{"@context":"https:\/\/schema.org","@graph":[{"@type":"WebPage","@id":"https:\/\/www.dolomitiprealpi.it\/de\/event\/franco-fiabane-1937-2015-7\/","url":"https:\/\/www.dolomitiprealpi.it\/de\/event\/franco-fiabane-1937-2015-7\/","name":"Franco Fiabane 1937-2015 - Dolomiti Prealpi","isPartOf":{"@id":"https:\/\/www.dolomitiprealpi.it\/de\/#website"},"datePublished":"2026-04-23T15:56:32+00:00","dateModified":"2026-05-02T13:05:07+00:00","breadcrumb":{"@id":"https:\/\/www.dolomitiprealpi.it\/de\/event\/franco-fiabane-1937-2015-7\/#breadcrumb"},"inLanguage":"de-DE","potentialAction":[{"@type":"ReadAction","target":["https:\/\/www.dolomitiprealpi.it\/de\/event\/franco-fiabane-1937-2015-7\/"]}]},{"@type":"BreadcrumbList","@id":"https:\/\/www.dolomitiprealpi.it\/de\/event\/franco-fiabane-1937-2015-7\/#breadcrumb","itemListElement":[{"@type":"ListItem","position":1,"name":"Home","item":"https:\/\/www.dolomitiprealpi.it\/de\/"},{"@type":"ListItem","position":2,"name":"Veranstaltungen","item":"https:\/\/www.dolomitiprealpi.it\/de\/events\/"},{"@type":"ListItem","position":3,"name":"Franco Fiabane 1937-2015"}]},{"@type":"WebSite","@id":"https:\/\/www.dolomitiprealpi.it\/de\/#website","url":"https:\/\/www.dolomitiprealpi.it\/de\/","name":"Dolomiti Prealpi","description":"","publisher":{"@id":"https:\/\/www.dolomitiprealpi.it\/de\/#organization"},"potentialAction":[{"@type":"SearchAction","target":{"@type":"EntryPoint","urlTemplate":"https:\/\/www.dolomitiprealpi.it\/de\/?s={search_term_string}"},"query-input":{"@type":"PropertyValueSpecification","valueRequired":true,"valueName":"search_term_string"}}],"inLanguage":"de-DE"},{"@type":"Organization","@id":"https:\/\/www.dolomitiprealpi.it\/de\/#organization","name":"Consorzio Dolomiti Prealpi","url":"https:\/\/www.dolomitiprealpi.it\/de\/","logo":{"@type":"ImageObject","inLanguage":"de-DE","@id":"https:\/\/www.dolomitiprealpi.it\/de\/#\/schema\/logo\/image\/","url":"https:\/\/www.dolomitiprealpi.it\/wp-content\/uploads\/2023\/03\/dolomitiprealpi-favicon.jpg","contentUrl":"https:\/\/www.dolomitiprealpi.it\/wp-content\/uploads\/2023\/03\/dolomitiprealpi-favicon.jpg","width":512,"height":512,"caption":"Consorzio Dolomiti Prealpi"},"image":{"@id":"https:\/\/www.dolomitiprealpi.it\/de\/#\/schema\/logo\/image\/"},"sameAs":["https:\/\/www.facebook.com\/dolomitiprealpi.it\/","https:\/\/www.instagram.com\/dolomitiprealpi\/"]}]}},"_links":{"self":[{"href":"https:\/\/www.dolomitiprealpi.it\/de\/wp-json\/wp\/v2\/tribe_events\/108709","targetHints":{"allow":["GET"]}}],"collection":[{"href":"https:\/\/www.dolomitiprealpi.it\/de\/wp-json\/wp\/v2\/tribe_events"}],"about":[{"href":"https:\/\/www.dolomitiprealpi.it\/de\/wp-json\/wp\/v2\/types\/tribe_events"}],"version-history":[{"count":1,"href":"https:\/\/www.dolomitiprealpi.it\/de\/wp-json\/wp\/v2\/tribe_events\/108709\/revisions"}],"predecessor-version":[{"id":109716,"href":"https:\/\/www.dolomitiprealpi.it\/de\/wp-json\/wp\/v2\/tribe_events\/108709\/revisions\/109716"}],"wp:attachment":[{"href":"https:\/\/www.dolomitiprealpi.it\/de\/wp-json\/wp\/v2\/media?parent=108709"}],"wp:term":[{"taxonomy":"post_tag","embeddable":true,"href":"https:\/\/www.dolomitiprealpi.it\/de\/wp-json\/wp\/v2\/tags?post=108709"},{"taxonomy":"tribe_events_cat","embeddable":true,"href":"https:\/\/www.dolomitiprealpi.it\/de\/wp-json\/wp\/v2\/tribe_events_cat?post=108709"}],"curies":[{"name":"wp","href":"https:\/\/api.w.org\/{rel}","templated":true}]}}